{"id":19379,"date":"2023-09-21T19:26:00","date_gmt":"2023-09-21T19:26:00","guid":{"rendered":"https:\/\/muzeumwspolczesne.pl\/?post_type=edukacja&#038;p=19379"},"modified":"2024-01-09T06:33:22","modified_gmt":"2024-01-09T06:33:22","slug":"wonnosci-wladzy-zapach-sily-aromaty-w-przestrzeni-barwy","status":"publish","type":"edukacja","link":"https:\/\/muzeumwspolczesne.pl\/en\/zapowiedzi\/wonnosci-wladzy-zapach-sily-aromaty-w-przestrzeni-barwy\/","title":{"rendered":"WONNO\u015aCI W\u0141ADZY, ZAPACH SI\u0141Y. AROMATY W PRZESTRZENI BARWY"},"content":{"rendered":"\t\t<div data-elementor-type=\"wp-post\" data-elementor-id=\"19379\" class=\"elementor elementor-19379\" data-elementor-post-type=\"edukacja\">\n\t\t\t\t\t\t<section class=\"elementor-section elementor-top-section elementor-element elementor-element-22635e20 elementor-section-full_width elementor-section-stretched elementor-section-height-default elementor-section-height-default\" data-id=\"22635e20\" data-element_type=\"section\" data-settings=\"{&quot;stretch_section&quot;:&quot;section-stretched&quot;}\">\n\t\t\t\t\t\t<div class=\"elementor-container elementor-column-gap-wide\">\n\t\t\t\t\t<div class=\"elementor-column elementor-col-33 elementor-top-column elementor-element elementor-element-5a84ad6b\" data-id=\"5a84ad6b\" data-element_type=\"column\">\n\t\t\t<div class=\"elementor-widget-wrap\">\n\t\t\t\t\t\t\t<\/div>\n\t\t<\/div>\n\t\t\t\t<div class=\"elementor-column elementor-col-66 elementor-top-column elementor-element elementor-element-3d21b620\" data-id=\"3d21b620\" data-element_type=\"column\">\n\t\t\t<div class=\"elementor-widget-wrap elementor-element-populated\">\n\t\t\t\t\t\t<div class=\"elementor-element elementor-element-31c6d028 elementor-widget elementor-widget-text-editor\" data-id=\"31c6d028\" data-element_type=\"widget\" data-widget_type=\"text-editor.default\">\n\t\t\t\t<div class=\"elementor-widget-container\">\n\t\t\t\t\t\t\t\t\t<p>\u017b\u00f3\u0142ty odnosi nas do r\u00f3\u017cnych skojarze\u0144 z moc\u0105. W kulturze chi\u0144skiej \u017c\u00f3\u0142ty jest kolorem cesarskim, symbolem w\u0142adzy, szacunku i d\u0142ugowieczno\u015bci. W trakcie spotkania zastanowimy si\u0119 jakie oblicza mo\u017ce przyjmowa\u0107 w\u0142adza koloru \u017c\u00f3\u0142tego. Czy jest ona dominuj\u0105ca, wyrozumia\u0142a, \u0142agodna? Rozmowie o sile koloru \u017c\u00f3\u0142tego b\u0119d\u0105 towarzyszy\u0107 doznania olfaktoryczne. Spr\u00f3bujemy prze\u0142o\u017cy\u0107 intensywno\u015b\u0107 tego koloru na sfer\u0119 zapach\u00f3w, jednocze\u015bnie \u0142ami\u0105c stereotypowe po\u0142\u0105czenia na linii zapach-kolor.<\/p>\t\t\t\t\t\t\t\t<\/div>\n\t\t\t\t<\/div>\n\t\t\t\t<div class=\"elementor-element elementor-element-585716ef elementor-widget elementor-widget-gallery\" data-id=\"585716ef\" data-element_type=\"widget\" data-settings=\"{&quot;gallery_layout&quot;:&quot;justified&quot;,&quot;ideal_row_height&quot;:{&quot;unit&quot;:&quot;px&quot;,&quot;size&quot;:284,&quot;sizes&quot;:[]},&quot;lazyload&quot;:&quot;yes&quot;,&quot;ideal_row_height_tablet&quot;:{&quot;unit&quot;:&quot;px&quot;,&quot;size&quot;:150,&quot;sizes&quot;:[]},&quot;ideal_row_height_mobile&quot;:{&quot;unit&quot;:&quot;px&quot;,&quot;size&quot;:150,&quot;sizes&quot;:[]},&quot;gap&quot;:{&quot;unit&quot;:&quot;px&quot;,&quot;size&quot;:10,&quot;sizes&quot;:[]},&quot;gap_tablet&quot;:{&quot;unit&quot;:&quot;px&quot;,&quot;size&quot;:10,&quot;sizes&quot;:[]},&quot;gap_mobile&quot;:{&quot;unit&quot;:&quot;px&quot;,&quot;size&quot;:10,&quot;sizes&quot;:[]},&quot;link_to&quot;:&quot;file&quot;,&quot;overlay_background&quot;:&quot;yes&quot;,&quot;content_hover_animation&quot;:&quot;fade-in&quot;}\" data-widget_type=\"gallery.default\">\n\t\t\t\t<div class=\"elementor-widget-container\">\n\t\t\t\t\t\t\t<div class=\"elementor-gallery__container\">\n\t\t\t\t\t\t\t<a class=\"e-gallery-item elementor-gallery-item elementor-animated-content\" href=\"https:\/\/muzeumwspolczesne.pl\/wp-content\/uploads\/2024\/01\/image-202.jpeg\" data-elementor-open-lightbox=\"yes\" data-elementor-lightbox-slideshow=\"585716ef\" data-elementor-lightbox-title=\"image\" data-e-action-hash=\"#elementor-action%3Aaction%3Dlightbox%26settings%3DeyJpZCI6MTkzODIsInVybCI6Imh0dHBzOlwvXC9tdXpldW13c3BvbGN6ZXNuZS5wbFwvd3AtY29udGVudFwvdXBsb2Fkc1wvMjAyNFwvMDFcL2ltYWdlLTIwMi5qcGVnIiwic2xpZGVzaG93IjoiNTg1NzE2ZWYifQ%3D%3D\">\n\t\t\t\t\t<div class=\"e-gallery-image elementor-gallery-item__image\" data-thumbnail=\"https:\/\/muzeumwspolczesne.pl\/wp-content\/uploads\/2024\/01\/image-202-768x512.jpeg\" data-width=\"768\" data-height=\"512\" aria-label=\"\" role=\"img\" ><\/div>\n\t\t\t\t\t\t\t\t\t\t\t<div class=\"elementor-gallery-item__overlay\"><\/div>\n\t\t\t\t\t\t\t\t\t\t\t\t\t\t<\/a>\n\t\t\t\t\t\t\t<a class=\"e-gallery-item elementor-gallery-item elementor-animated-content\" href=\"https:\/\/muzeumwspolczesne.pl\/wp-content\/uploads\/2024\/01\/image-203.jpeg\" data-elementor-open-lightbox=\"yes\" data-elementor-lightbox-slideshow=\"585716ef\" data-elementor-lightbox-title=\"image\" data-e-action-hash=\"#elementor-action%3Aaction%3Dlightbox%26settings%3DeyJpZCI6MTkzODMsInVybCI6Imh0dHBzOlwvXC9tdXpldW13c3BvbGN6ZXNuZS5wbFwvd3AtY29udGVudFwvdXBsb2Fkc1wvMjAyNFwvMDFcL2ltYWdlLTIwMy5qcGVnIiwic2xpZGVzaG93IjoiNTg1NzE2ZWYifQ%3D%3D\">\n\t\t\t\t\t<div class=\"e-gallery-image elementor-gallery-item__image\" data-thumbnail=\"https:\/\/muzeumwspolczesne.pl\/wp-content\/uploads\/2024\/01\/image-203-768x512.jpeg\" data-width=\"768\" data-height=\"512\" aria-label=\"\" role=\"img\" ><\/div>\n\t\t\t\t\t\t\t\t\t\t\t<div class=\"elementor-gallery-item__overlay\"><\/div>\n\t\t\t\t\t\t\t\t\t\t\t\t\t\t<\/a>\n\t\t\t\t\t\t\t<a class=\"e-gallery-item elementor-gallery-item elementor-animated-content\" href=\"https:\/\/muzeumwspolczesne.pl\/wp-content\/uploads\/2024\/01\/image-204.jpeg\" data-elementor-open-lightbox=\"yes\" data-elementor-lightbox-slideshow=\"585716ef\" data-elementor-lightbox-title=\"image\" data-e-action-hash=\"#elementor-action%3Aaction%3Dlightbox%26settings%3DeyJpZCI6MTkzODQsInVybCI6Imh0dHBzOlwvXC9tdXpldW13c3BvbGN6ZXNuZS5wbFwvd3AtY29udGVudFwvdXBsb2Fkc1wvMjAyNFwvMDFcL2ltYWdlLTIwNC5qcGVnIiwic2xpZGVzaG93IjoiNTg1NzE2ZWYifQ%3D%3D\">\n\t\t\t\t\t<div class=\"e-gallery-image elementor-gallery-item__image\" data-thumbnail=\"https:\/\/muzeumwspolczesne.pl\/wp-content\/uploads\/2024\/01\/image-204-768x512.jpeg\" data-width=\"768\" data-height=\"512\" aria-label=\"\" role=\"img\" ><\/div>\n\t\t\t\t\t\t\t\t\t\t\t<div class=\"elementor-gallery-item__overlay\"><\/div>\n\t\t\t\t\t\t\t\t\t\t\t\t\t\t<\/a>\n\t\t\t\t\t\t\t<a class=\"e-gallery-item elementor-gallery-item elementor-animated-content\" href=\"https:\/\/muzeumwspolczesne.pl\/wp-content\/uploads\/2024\/01\/image-205.jpeg\" data-elementor-open-lightbox=\"yes\" data-elementor-lightbox-slideshow=\"585716ef\" data-elementor-lightbox-title=\"image\" data-e-action-hash=\"#elementor-action%3Aaction%3Dlightbox%26settings%3DeyJpZCI6MTkzODUsInVybCI6Imh0dHBzOlwvXC9tdXpldW13c3BvbGN6ZXNuZS5wbFwvd3AtY29udGVudFwvdXBsb2Fkc1wvMjAyNFwvMDFcL2ltYWdlLTIwNS5qcGVnIiwic2xpZGVzaG93IjoiNTg1NzE2ZWYifQ%3D%3D\">\n\t\t\t\t\t<div class=\"e-gallery-image elementor-gallery-item__image\" data-thumbnail=\"https:\/\/muzeumwspolczesne.pl\/wp-content\/uploads\/2024\/01\/image-205-768x512.jpeg\" data-width=\"768\" data-height=\"512\" aria-label=\"\" role=\"img\" ><\/div>\n\t\t\t\t\t\t\t\t\t\t\t<div class=\"elementor-gallery-item__overlay\"><\/div>\n\t\t\t\t\t\t\t\t\t\t\t\t\t\t<\/a>\n\t\t\t\t\t\t\t<a class=\"e-gallery-item elementor-gallery-item elementor-animated-content\" href=\"https:\/\/muzeumwspolczesne.pl\/wp-content\/uploads\/2024\/01\/image-206.jpeg\" data-elementor-open-lightbox=\"yes\" data-elementor-lightbox-slideshow=\"585716ef\" data-elementor-lightbox-title=\"image\" data-e-action-hash=\"#elementor-action%3Aaction%3Dlightbox%26settings%3DeyJpZCI6MTkzODYsInVybCI6Imh0dHBzOlwvXC9tdXpldW13c3BvbGN6ZXNuZS5wbFwvd3AtY29udGVudFwvdXBsb2Fkc1wvMjAyNFwvMDFcL2ltYWdlLTIwNi5qcGVnIiwic2xpZGVzaG93IjoiNTg1NzE2ZWYifQ%3D%3D\">\n\t\t\t\t\t<div class=\"e-gallery-image elementor-gallery-item__image\" data-thumbnail=\"https:\/\/muzeumwspolczesne.pl\/wp-content\/uploads\/2024\/01\/image-206-768x512.jpeg\" data-width=\"768\" data-height=\"512\" aria-label=\"\" role=\"img\" ><\/div>\n\t\t\t\t\t\t\t\t\t\t\t<div class=\"elementor-gallery-item__overlay\"><\/div>\n\t\t\t\t\t\t\t\t\t\t\t\t\t\t<\/a>\n\t\t\t\t\t<\/div>\n\t\t\t\t\t<\/div>\n\t\t\t\t<\/div>\n\t\t\t\t<section class=\"elementor-section elementor-inner-section elementor-element elementor-element-4d8116ae elementor-section-boxed elementor-section-height-default elementor-section-height-default\" data-id=\"4d8116ae\" data-element_type=\"section\" data-settings=\"{&quot;background_background&quot;:&quot;classic&quot;}\">\n\t\t\t\t\t\t<div class=\"elementor-container elementor-column-gap-default\">\n\t\t\t\t\t<div class=\"elementor-column elementor-col-100 elementor-inner-column elementor-element elementor-element-31dd2510\" data-id=\"31dd2510\" data-element_type=\"column\">\n\t\t\t<div class=\"elementor-widget-wrap elementor-element-populated\">\n\t\t\t\t\t\t<div class=\"elementor-element elementor-element-55c7c1b5 elementor-widget elementor-widget-text-editor\" data-id=\"55c7c1b5\" data-element_type=\"widget\" data-widget_type=\"text-editor.default\">\n\t\t\t\t<div class=\"elementor-widget-container\">\n\t\t\t\t\t\t\t\t\t<p><strong>Prowadzenie:<\/strong><\/p><p><strong>Dr in\u017c. Jacek \u0141yczko<\/strong> \u2013 studia uko\u0144czy\u0142 na Wydziale Biotechnologii i Nauk o \u017bywno\u015bci, Uniwersytetu\u00f3\u0142 Przyrodniczego we Wroc\u0142awiu. Jego zainteresowania naukowe zwi\u0105zane s\u0105 z zagadnieniami analityki chemicznej, w szczeg\u00f3lno\u015bci chromatografii, g\u0142\u00f3wnie w odniesieniu do \u017cywno\u015bci i jej jako\u015bci. Przede wszystkim zajmuje si\u0119 analiz\u0105 olejk\u00f3w eterycznych i profili aromatycznych zi\u00f3\u0142, przypraw oraz ro\u015blin farmakopealnych, a tak\u017ce ocen\u0105 wp\u0142ywu procesu suszenia na jako\u015b\u0107 ro\u015blin. W ramach tych zagadnie\u0144, odby\u0142 kursy dotycz\u0105ce analizy chromatograficznej w Polsce, Niemczech i Japonii.<\/p><p><strong>Agata I\u017cykowska-Uszczyk<\/strong>\u00a0\u2013 absolwentka kulturoznawstwa oraz antropologii literatury, teatru i filmu na Uniwersytecie Wroc\u0142awskim. Cz\u0142onkini naukowego stowarzyszenia Collegium Invisibile. Wsp\u00f3\u0142za\u0142o\u017cycielka fundacji P\u0142ynne Muzeum, zajmuj\u0105cej si\u0119 promowaniem sztuki wsp\u00f3\u0142czesnej w\u015br\u00f3d najm\u0142odszych. Pedagog kulturalna zwi\u0105zana z muzealnictwem od 2015 roku. Obecnie edukatorka Pawilonu Czterech Kopu\u0142.<\/p>\t\t\t\t\t\t\t\t<\/div>\n\t\t\t\t<\/div>\n\t\t\t\t\t<\/div>\n\t\t<\/div>\n\t\t\t\t\t<\/div>\n\t\t<\/section>\n\t\t\t\t<div class=\"elementor-element elementor-element-5c81ffb1 elementor-widget elementor-widget-spacer\" data-id=\"5c81ffb1\" data-element_type=\"widget\" data-widget_type=\"spacer.default\">\n\t\t\t\t<div class=\"elementor-widget-container\">\n\t\t\t\t\t\t\t<div class=\"elementor-spacer\">\n\t\t\t<div class=\"elementor-spacer-inner\"><\/div>\n\t\t<\/div>\n\t\t\t\t\t\t<\/div>\n\t\t\t\t<\/div>\n\t\t\t\t<section class=\"elementor-section elementor-inner-section elementor-element elementor-element-cdf7040 elementor-section-content-middle elementor-section-boxed elementor-section-height-default elementor-section-height-default\" data-id=\"cdf7040\" data-element_type=\"section\">\n\t\t\t\t\t\t<div class=\"elementor-container elementor-column-gap-default\">\n\t\t\t\t\t<div class=\"elementor-column elementor-col-33 elementor-inner-column elementor-element elementor-element-7d65a352\" data-id=\"7d65a352\" data-element_type=\"column\">\n\t\t\t<div class=\"elementor-widget-wrap elementor-element-populated\">\n\t\t\t\t\t\t<div class=\"elementor-element elementor-element-28916ab3 elementor-widget elementor-widget-image\" data-id=\"28916ab3\" data-element_type=\"widget\" data-widget_type=\"image.default\">\n\t\t\t\t<div class=\"elementor-widget-container\">\n\t\t\t\t\t\t\t\t\t\t\t\t\t\t\t<img decoding=\"async\" width=\"300\" height=\"121\" src=\"https:\/\/muzeumwspolczesne.pl\/wp-content\/uploads\/2023\/12\/logo-mkidn-2022-300x121-1.jpg\" class=\"attachment-full size-full wp-image-17514\" alt=\"\" \/>\t\t\t\t\t\t\t\t\t\t\t\t\t\t\t<\/div>\n\t\t\t\t<\/div>\n\t\t\t\t\t<\/div>\n\t\t<\/div>\n\t\t\t\t<div class=\"elementor-column elementor-col-33 elementor-inner-column elementor-element elementor-element-6f0f0a7c\" data-id=\"6f0f0a7c\" data-element_type=\"column\">\n\t\t\t<div class=\"elementor-widget-wrap elementor-element-populated\">\n\t\t\t\t\t\t<div class=\"elementor-element elementor-element-473f34de elementor-widget elementor-widget-text-editor\" data-id=\"473f34de\" data-element_type=\"widget\" data-widget_type=\"text-editor.default\">\n\t\t\t\t<div class=\"elementor-widget-container\">\n\t\t\t\t\t\t\t\t\t<p>Projekt <em>Spektrum \u015bwiat\u0142a<\/em> dofinansowano ze \u015brodk\u00f3w Ministra Kultury i Dziedzictwa Narodowego pochodz\u0105cych z Funduszu Promocji Kultury \u2013 pa\u0144stwowego funduszu celowego.<\/p>\t\t\t\t\t\t\t\t<\/div>\n\t\t\t\t<\/div>\n\t\t\t\t\t<\/div>\n\t\t<\/div>\n\t\t\t\t<div class=\"elementor-column elementor-col-33 elementor-inner-column elementor-element elementor-element-5b3d9836\" data-id=\"5b3d9836\" data-element_type=\"column\">\n\t\t\t<div class=\"elementor-widget-wrap\">\n\t\t\t\t\t\t\t<\/div>\n\t\t<\/div>\n\t\t\t\t\t<\/div>\n\t\t<\/section>\n\t\t\t\t\t<\/div>\n\t\t<\/div>\n\t\t\t\t\t<\/div>\n\t\t<\/section>\n\t\t\t\t<\/div>\n\t\t","protected":false},"excerpt":{"rendered":"<p>\u017b\u00f3\u0142ty odnosi nas do r\u00f3\u017cnych skojarze\u0144 z moc\u0105. W kulturze chi\u0144skiej \u017c\u00f3\u0142ty jest kolorem cesarskim, symbolem w\u0142adzy, szacunku i d\u0142ugowieczno\u015bci. W trakcie spotkania zastanowimy si\u0119 jakie oblicza mo\u017ce przyjmowa\u0107 w\u0142adza koloru \u017c\u00f3\u0142tego. Czy jest ona dominuj\u0105ca, wyrozumia\u0142a, \u0142agodna? Rozmowie o sile koloru \u017c\u00f3\u0142tego b\u0119d\u0105 towarzyszy\u0107 doznania olfaktoryczne. Spr\u00f3bujemy prze\u0142o\u017cy\u0107 intensywno\u015b\u0107 tego koloru na sfer\u0119 zapach\u00f3w, [&hellip;]<\/p>\n","protected":false},"author":6,"featured_media":19380,"parent":0,"template":"","meta":{"footnotes":""},"kategorie-edukacja":[27],"class_list":["post-19379","edukacja","type-edukacja","status-publish","has-post-thumbnail","hentry","kategorie-edukacja-bez-barier"],"_links":{"self":[{"href":"https:\/\/muzeumwspolczesne.pl\/en\/wp-json\/wp\/v2\/edukacja\/19379","targetHints":{"allow":["GET"]}}],"collection":[{"href":"https:\/\/muzeumwspolczesne.pl\/en\/wp-json\/wp\/v2\/edukacja"}],"about":[{"href":"https:\/\/muzeumwspolczesne.pl\/en\/wp-json\/wp\/v2\/types\/edukacja"}],"author":[{"embeddable":true,"href":"https:\/\/muzeumwspolczesne.pl\/en\/wp-json\/wp\/v2\/users\/6"}],"version-history":[{"count":4,"href":"https:\/\/muzeumwspolczesne.pl\/en\/wp-json\/wp\/v2\/edukacja\/19379\/revisions"}],"predecessor-version":[{"id":19389,"href":"https:\/\/muzeumwspolczesne.pl\/en\/wp-json\/wp\/v2\/edukacja\/19379\/revisions\/19389"}],"wp:featuredmedia":[{"embeddable":true,"href":"https:\/\/muzeumwspolczesne.pl\/en\/wp-json\/wp\/v2\/media\/19380"}],"wp:attachment":[{"href":"https:\/\/muzeumwspolczesne.pl\/en\/wp-json\/wp\/v2\/media?parent=19379"}],"wp:term":[{"taxonomy":"kategorie-edukacja","embeddable":true,"href":"https:\/\/muzeumwspolczesne.pl\/en\/wp-json\/wp\/v2\/kategorie-edukacja?post=19379"}],"curies":[{"name":"wp","href":"https:\/\/api.w.org\/{rel}","templated":true}]}}