{"id":19390,"date":"2023-08-23T19:29:00","date_gmt":"2023-08-23T19:29:00","guid":{"rendered":"https:\/\/muzeumwspolczesne.pl\/?post_type=edukacja&#038;p=19390"},"modified":"2024-01-09T06:33:17","modified_gmt":"2024-01-09T06:33:17","slug":"spacer-w-przestrzeni-barwy","status":"publish","type":"edukacja","link":"https:\/\/muzeumwspolczesne.pl\/en\/zapowiedzi\/spacer-w-przestrzeni-barwy\/","title":{"rendered":"SPACER W PRZESTRZENI BARWY"},"content":{"rendered":"\t\t<div data-elementor-type=\"wp-post\" data-elementor-id=\"19390\" class=\"elementor elementor-19390\" data-elementor-post-type=\"edukacja\">\n\t\t\t\t\t\t<section class=\"elementor-section elementor-top-section elementor-element elementor-element-67af9c10 elementor-section-full_width elementor-section-stretched elementor-section-height-default elementor-section-height-default\" data-id=\"67af9c10\" data-element_type=\"section\" data-settings=\"{&quot;stretch_section&quot;:&quot;section-stretched&quot;}\">\n\t\t\t\t\t\t<div class=\"elementor-container elementor-column-gap-wide\">\n\t\t\t\t\t<div class=\"elementor-column elementor-col-33 elementor-top-column elementor-element elementor-element-53c50fd6\" data-id=\"53c50fd6\" data-element_type=\"column\">\n\t\t\t<div class=\"elementor-widget-wrap\">\n\t\t\t\t\t\t\t<\/div>\n\t\t<\/div>\n\t\t\t\t<div class=\"elementor-column elementor-col-66 elementor-top-column elementor-element elementor-element-2080de15\" data-id=\"2080de15\" data-element_type=\"column\">\n\t\t\t<div class=\"elementor-widget-wrap elementor-element-populated\">\n\t\t\t\t\t\t<div class=\"elementor-element elementor-element-1c4b7d75 elementor-widget elementor-widget-text-editor\" data-id=\"1c4b7d75\" data-element_type=\"widget\" data-widget_type=\"text-editor.default\">\n\t\t\t\t<div class=\"elementor-widget-container\">\n\t\t\t\t\t\t\t\t\t<p>Sztuka wykorzystuje kolor jako jeden ze swoich \u015brodk\u00f3w wyrazu. \u0141\u0105cz\u0105c tre\u015b\u0107 z symboliczn\u0105 warstw\u0105 barwy i skojarzeniami jakie ona niesie, buduje narracj\u0119, kt\u00f3ra jednocze\u015bnie analiz\u0119 koloru mo\u017ce ca\u0142kowicie pomija\u0107. Zdarza si\u0119 jednak, \u017ce barwa staje si\u0119 g\u0142\u00f3wnym tematem \u2013 motywem, snuj\u0105cym swoj\u0105 w\u0142asn\u0105, niezale\u017cn\u0105 opowie\u015b\u0107. Tym razem podczas warsztat\u00f3w, poznamy najwa\u017cniejsze filmowe realizacje gdzie kolor stanowi\u0142 punkt odniesienia dla ca\u0142okszta\u0142tu dzie\u0142a. Jego wszechobecno\u015b\u0107 dos\u0142owna lub jako konstrukt tytularny, staje si\u0119 dla nas pryzmatem, przez kt\u00f3ry mo\u017cemy obserwowa\u0107 wykreowany \u015bwiat.<\/p><p>Podczas spotkania wykonamy te\u017c seri\u0119 \u0107wicze\u0144 aktorskich min. metod\u0105 Antoniego Czechowa, aktywizuj\u0105c g\u0142os, cia\u0142o i poszukuj\u0105c koloru w grze aktorskiej.<\/p>\t\t\t\t\t\t\t\t<\/div>\n\t\t\t\t<\/div>\n\t\t\t\t<div class=\"elementor-element elementor-element-12b5832d elementor-widget elementor-widget-gallery\" data-id=\"12b5832d\" data-element_type=\"widget\" data-settings=\"{&quot;gallery_layout&quot;:&quot;justified&quot;,&quot;ideal_row_height&quot;:{&quot;unit&quot;:&quot;px&quot;,&quot;size&quot;:284,&quot;sizes&quot;:[]},&quot;lazyload&quot;:&quot;yes&quot;,&quot;ideal_row_height_tablet&quot;:{&quot;unit&quot;:&quot;px&quot;,&quot;size&quot;:150,&quot;sizes&quot;:[]},&quot;ideal_row_height_mobile&quot;:{&quot;unit&quot;:&quot;px&quot;,&quot;size&quot;:150,&quot;sizes&quot;:[]},&quot;gap&quot;:{&quot;unit&quot;:&quot;px&quot;,&quot;size&quot;:10,&quot;sizes&quot;:[]},&quot;gap_tablet&quot;:{&quot;unit&quot;:&quot;px&quot;,&quot;size&quot;:10,&quot;sizes&quot;:[]},&quot;gap_mobile&quot;:{&quot;unit&quot;:&quot;px&quot;,&quot;size&quot;:10,&quot;sizes&quot;:[]},&quot;link_to&quot;:&quot;file&quot;,&quot;overlay_background&quot;:&quot;yes&quot;,&quot;content_hover_animation&quot;:&quot;fade-in&quot;}\" data-widget_type=\"gallery.default\">\n\t\t\t\t<div class=\"elementor-widget-container\">\n\t\t\t\t\t\t\t<div class=\"elementor-gallery__container\">\n\t\t\t\t\t\t\t<a class=\"e-gallery-item elementor-gallery-item elementor-animated-content\" href=\"https:\/\/muzeumwspolczesne.pl\/wp-content\/uploads\/2024\/01\/image-208.jpeg\" data-elementor-open-lightbox=\"yes\" data-elementor-lightbox-slideshow=\"12b5832d\" data-elementor-lightbox-title=\"image\" data-e-action-hash=\"#elementor-action%3Aaction%3Dlightbox%26settings%3DeyJpZCI6MTkzOTMsInVybCI6Imh0dHBzOlwvXC9tdXpldW13c3BvbGN6ZXNuZS5wbFwvd3AtY29udGVudFwvdXBsb2Fkc1wvMjAyNFwvMDFcL2ltYWdlLTIwOC5qcGVnIiwic2xpZGVzaG93IjoiMTJiNTgzMmQifQ%3D%3D\">\n\t\t\t\t\t<div class=\"e-gallery-image elementor-gallery-item__image\" data-thumbnail=\"https:\/\/muzeumwspolczesne.pl\/wp-content\/uploads\/2024\/01\/image-208-768x512.jpeg\" data-width=\"768\" data-height=\"512\" aria-label=\"\" role=\"img\" ><\/div>\n\t\t\t\t\t\t\t\t\t\t\t<div class=\"elementor-gallery-item__overlay\"><\/div>\n\t\t\t\t\t\t\t\t\t\t\t\t\t\t<\/a>\n\t\t\t\t\t\t\t<a class=\"e-gallery-item elementor-gallery-item elementor-animated-content\" href=\"https:\/\/muzeumwspolczesne.pl\/wp-content\/uploads\/2024\/01\/image-209.jpeg\" data-elementor-open-lightbox=\"yes\" data-elementor-lightbox-slideshow=\"12b5832d\" data-elementor-lightbox-title=\"image\" data-e-action-hash=\"#elementor-action%3Aaction%3Dlightbox%26settings%3DeyJpZCI6MTkzOTQsInVybCI6Imh0dHBzOlwvXC9tdXpldW13c3BvbGN6ZXNuZS5wbFwvd3AtY29udGVudFwvdXBsb2Fkc1wvMjAyNFwvMDFcL2ltYWdlLTIwOS5qcGVnIiwic2xpZGVzaG93IjoiMTJiNTgzMmQifQ%3D%3D\">\n\t\t\t\t\t<div class=\"e-gallery-image elementor-gallery-item__image\" data-thumbnail=\"https:\/\/muzeumwspolczesne.pl\/wp-content\/uploads\/2024\/01\/image-209-768x511.jpeg\" data-width=\"768\" data-height=\"511\" aria-label=\"\" role=\"img\" ><\/div>\n\t\t\t\t\t\t\t\t\t\t\t<div class=\"elementor-gallery-item__overlay\"><\/div>\n\t\t\t\t\t\t\t\t\t\t\t\t\t\t<\/a>\n\t\t\t\t\t\t\t<a class=\"e-gallery-item elementor-gallery-item elementor-animated-content\" href=\"https:\/\/muzeumwspolczesne.pl\/wp-content\/uploads\/2024\/01\/image-210.jpeg\" data-elementor-open-lightbox=\"yes\" data-elementor-lightbox-slideshow=\"12b5832d\" data-elementor-lightbox-title=\"image\" data-e-action-hash=\"#elementor-action%3Aaction%3Dlightbox%26settings%3DeyJpZCI6MTkzOTUsInVybCI6Imh0dHBzOlwvXC9tdXpldW13c3BvbGN6ZXNuZS5wbFwvd3AtY29udGVudFwvdXBsb2Fkc1wvMjAyNFwvMDFcL2ltYWdlLTIxMC5qcGVnIiwic2xpZGVzaG93IjoiMTJiNTgzMmQifQ%3D%3D\">\n\t\t\t\t\t<div class=\"e-gallery-image elementor-gallery-item__image\" data-thumbnail=\"https:\/\/muzeumwspolczesne.pl\/wp-content\/uploads\/2024\/01\/image-210-768x511.jpeg\" data-width=\"768\" data-height=\"511\" aria-label=\"\" role=\"img\" ><\/div>\n\t\t\t\t\t\t\t\t\t\t\t<div class=\"elementor-gallery-item__overlay\"><\/div>\n\t\t\t\t\t\t\t\t\t\t\t\t\t\t<\/a>\n\t\t\t\t\t\t\t<a class=\"e-gallery-item elementor-gallery-item elementor-animated-content\" href=\"https:\/\/muzeumwspolczesne.pl\/wp-content\/uploads\/2024\/01\/image-211.jpeg\" data-elementor-open-lightbox=\"yes\" data-elementor-lightbox-slideshow=\"12b5832d\" data-elementor-lightbox-title=\"image\" data-e-action-hash=\"#elementor-action%3Aaction%3Dlightbox%26settings%3DeyJpZCI6MTkzOTYsInVybCI6Imh0dHBzOlwvXC9tdXpldW13c3BvbGN6ZXNuZS5wbFwvd3AtY29udGVudFwvdXBsb2Fkc1wvMjAyNFwvMDFcL2ltYWdlLTIxMS5qcGVnIiwic2xpZGVzaG93IjoiMTJiNTgzMmQifQ%3D%3D\">\n\t\t\t\t\t<div class=\"e-gallery-image elementor-gallery-item__image\" data-thumbnail=\"https:\/\/muzeumwspolczesne.pl\/wp-content\/uploads\/2024\/01\/image-211-768x511.jpeg\" data-width=\"768\" data-height=\"511\" aria-label=\"\" role=\"img\" ><\/div>\n\t\t\t\t\t\t\t\t\t\t\t<div class=\"elementor-gallery-item__overlay\"><\/div>\n\t\t\t\t\t\t\t\t\t\t\t\t\t\t<\/a>\n\t\t\t\t\t\t\t<a class=\"e-gallery-item elementor-gallery-item elementor-animated-content\" href=\"https:\/\/muzeumwspolczesne.pl\/wp-content\/uploads\/2024\/01\/image-212.jpeg\" data-elementor-open-lightbox=\"yes\" data-elementor-lightbox-slideshow=\"12b5832d\" data-elementor-lightbox-title=\"image\" data-e-action-hash=\"#elementor-action%3Aaction%3Dlightbox%26settings%3DeyJpZCI6MTkzOTcsInVybCI6Imh0dHBzOlwvXC9tdXpldW13c3BvbGN6ZXNuZS5wbFwvd3AtY29udGVudFwvdXBsb2Fkc1wvMjAyNFwvMDFcL2ltYWdlLTIxMi5qcGVnIiwic2xpZGVzaG93IjoiMTJiNTgzMmQifQ%3D%3D\">\n\t\t\t\t\t<div class=\"e-gallery-image elementor-gallery-item__image\" data-thumbnail=\"https:\/\/muzeumwspolczesne.pl\/wp-content\/uploads\/2024\/01\/image-212-768x511.jpeg\" data-width=\"768\" data-height=\"511\" aria-label=\"\" role=\"img\" ><\/div>\n\t\t\t\t\t\t\t\t\t\t\t<div class=\"elementor-gallery-item__overlay\"><\/div>\n\t\t\t\t\t\t\t\t\t\t\t\t\t\t<\/a>\n\t\t\t\t\t<\/div>\n\t\t\t\t\t<\/div>\n\t\t\t\t<\/div>\n\t\t\t\t<section class=\"elementor-section elementor-inner-section elementor-element elementor-element-2c8f5fbf elementor-section-boxed elementor-section-height-default elementor-section-height-default\" data-id=\"2c8f5fbf\" data-element_type=\"section\" data-settings=\"{&quot;background_background&quot;:&quot;classic&quot;}\">\n\t\t\t\t\t\t<div class=\"elementor-container elementor-column-gap-default\">\n\t\t\t\t\t<div class=\"elementor-column elementor-col-100 elementor-inner-column elementor-element elementor-element-13dcb234\" data-id=\"13dcb234\" data-element_type=\"column\">\n\t\t\t<div class=\"elementor-widget-wrap elementor-element-populated\">\n\t\t\t\t\t\t<div class=\"elementor-element elementor-element-1d88cdeb elementor-widget elementor-widget-text-editor\" data-id=\"1d88cdeb\" data-element_type=\"widget\" data-widget_type=\"text-editor.default\">\n\t\t\t\t<div class=\"elementor-widget-container\">\n\t\t\t\t\t\t\t\t\t<p>Prowadzenie:<\/p><p><strong>Robert Gonera<\/strong> \u2013 aktor teatralny i filmowy. Uko\u0144czy\u0142 Wydzia\u0142 Aktorski PWST we Wroc\u0142awiu. Debiutowa\u0142 w musicalu\u00a0Skrzypek na dachu\u00a0Jerry\u2019ego Bocka, w re\u017cyserii\u00a0Jana Szurmieja\u00a0na scenie\u00a0Operetki Wroc\u0142awskiej. Wyst\u0119powa\u0142 w Teatrze Polskim i\u00a0Teatrze Piosenki\u00a0oraz w\u00a0legnickim Teatrze im. Heleny Modrzejewskiej. Gra\u0142 w ponad 80 produkcjach filmowych. Za rol\u0119 w \u201eD\u0142ugu\u201d otrzyma\u0142 Polsk\u0105 Nagrod\u0105 Filmow\u0105 Or\u0142a.<\/p><p><strong>Agata I\u017cykowska-Uszczyk<\/strong> \u2013 absolwentka kulturoznawstwa oraz antropologii literatury, teatru i filmu na Uniwersytecie Wroc\u0142awskim. Cz\u0142onkini naukowego stowarzyszenia Collegium Invisibile. Wsp\u00f3\u0142za\u0142o\u017cycielka fundacji P\u0142ynne Muzeum, zajmuj\u0105cej si\u0119 promowaniem sztuki wsp\u00f3\u0142czesnej w\u015br\u00f3d najm\u0142odszych. Pedagog kulturalna zwi\u0105zana z muzealnictwem od 2015 roku. Obecnie edukatorka Pawilonu Czterech Kopu\u0142.<\/p>\t\t\t\t\t\t\t\t<\/div>\n\t\t\t\t<\/div>\n\t\t\t\t\t<\/div>\n\t\t<\/div>\n\t\t\t\t\t<\/div>\n\t\t<\/section>\n\t\t\t\t<div class=\"elementor-element elementor-element-7e8b2619 elementor-widget elementor-widget-spacer\" data-id=\"7e8b2619\" data-element_type=\"widget\" data-widget_type=\"spacer.default\">\n\t\t\t\t<div class=\"elementor-widget-container\">\n\t\t\t\t\t\t\t<div class=\"elementor-spacer\">\n\t\t\t<div class=\"elementor-spacer-inner\"><\/div>\n\t\t<\/div>\n\t\t\t\t\t\t<\/div>\n\t\t\t\t<\/div>\n\t\t\t\t<section class=\"elementor-section elementor-inner-section elementor-element elementor-element-68970747 elementor-section-content-middle elementor-section-boxed elementor-section-height-default elementor-section-height-default\" data-id=\"68970747\" data-element_type=\"section\">\n\t\t\t\t\t\t<div class=\"elementor-container elementor-column-gap-default\">\n\t\t\t\t\t<div class=\"elementor-column elementor-col-33 elementor-inner-column elementor-element elementor-element-77ca8ed6\" data-id=\"77ca8ed6\" data-element_type=\"column\">\n\t\t\t<div class=\"elementor-widget-wrap elementor-element-populated\">\n\t\t\t\t\t\t<div class=\"elementor-element elementor-element-18b65f03 elementor-widget elementor-widget-image\" data-id=\"18b65f03\" data-element_type=\"widget\" data-widget_type=\"image.default\">\n\t\t\t\t<div class=\"elementor-widget-container\">\n\t\t\t\t\t\t\t\t\t\t\t\t\t\t\t<img decoding=\"async\" width=\"300\" height=\"121\" src=\"https:\/\/muzeumwspolczesne.pl\/wp-content\/uploads\/2023\/12\/logo-mkidn-2022-300x121-1.jpg\" class=\"attachment-full size-full wp-image-17514\" alt=\"\" \/>\t\t\t\t\t\t\t\t\t\t\t\t\t\t\t<\/div>\n\t\t\t\t<\/div>\n\t\t\t\t\t<\/div>\n\t\t<\/div>\n\t\t\t\t<div class=\"elementor-column elementor-col-33 elementor-inner-column elementor-element elementor-element-de8589e\" data-id=\"de8589e\" data-element_type=\"column\">\n\t\t\t<div class=\"elementor-widget-wrap elementor-element-populated\">\n\t\t\t\t\t\t<div class=\"elementor-element elementor-element-49f410f7 elementor-widget elementor-widget-text-editor\" data-id=\"49f410f7\" data-element_type=\"widget\" data-widget_type=\"text-editor.default\">\n\t\t\t\t<div class=\"elementor-widget-container\">\n\t\t\t\t\t\t\t\t\t<p>Projekt Spektrum \u015bwiat\u0142a dofinansowano ze \u015brodk\u00f3w Ministra Kultury i Dziedzictwa Narodowego pochodz\u0105cych z Funduszu Promocji Kultury \u2013 pa\u0144stwowego funduszu celowego.<\/p>\t\t\t\t\t\t\t\t<\/div>\n\t\t\t\t<\/div>\n\t\t\t\t\t<\/div>\n\t\t<\/div>\n\t\t\t\t<div class=\"elementor-column elementor-col-33 elementor-inner-column elementor-element elementor-element-4ab01f38\" data-id=\"4ab01f38\" data-element_type=\"column\">\n\t\t\t<div class=\"elementor-widget-wrap\">\n\t\t\t\t\t\t\t<\/div>\n\t\t<\/div>\n\t\t\t\t\t<\/div>\n\t\t<\/section>\n\t\t\t\t\t<\/div>\n\t\t<\/div>\n\t\t\t\t\t<\/div>\n\t\t<\/section>\n\t\t\t\t<\/div>\n\t\t","protected":false},"excerpt":{"rendered":"<p>Sztuka wykorzystuje kolor jako jeden ze swoich \u015brodk\u00f3w wyrazu. \u0141\u0105cz\u0105c tre\u015b\u0107 z symboliczn\u0105 warstw\u0105 barwy i skojarzeniami jakie ona niesie, buduje narracj\u0119, kt\u00f3ra jednocze\u015bnie analiz\u0119 koloru mo\u017ce ca\u0142kowicie pomija\u0107. Zdarza si\u0119 jednak, \u017ce barwa staje si\u0119 g\u0142\u00f3wnym tematem \u2013 motywem, snuj\u0105cym swoj\u0105 w\u0142asn\u0105, niezale\u017cn\u0105 opowie\u015b\u0107. Tym razem podczas warsztat\u00f3w, poznamy najwa\u017cniejsze filmowe realizacje gdzie kolor [&hellip;]<\/p>\n","protected":false},"author":6,"featured_media":19391,"parent":0,"template":"","meta":{"footnotes":""},"kategorie-edukacja":[27],"class_list":["post-19390","edukacja","type-edukacja","status-publish","has-post-thumbnail","hentry","kategorie-edukacja-bez-barier"],"_links":{"self":[{"href":"https:\/\/muzeumwspolczesne.pl\/en\/wp-json\/wp\/v2\/edukacja\/19390","targetHints":{"allow":["GET"]}}],"collection":[{"href":"https:\/\/muzeumwspolczesne.pl\/en\/wp-json\/wp\/v2\/edukacja"}],"about":[{"href":"https:\/\/muzeumwspolczesne.pl\/en\/wp-json\/wp\/v2\/types\/edukacja"}],"author":[{"embeddable":true,"href":"https:\/\/muzeumwspolczesne.pl\/en\/wp-json\/wp\/v2\/users\/6"}],"version-history":[{"count":4,"href":"https:\/\/muzeumwspolczesne.pl\/en\/wp-json\/wp\/v2\/edukacja\/19390\/revisions"}],"predecessor-version":[{"id":19400,"href":"https:\/\/muzeumwspolczesne.pl\/en\/wp-json\/wp\/v2\/edukacja\/19390\/revisions\/19400"}],"wp:featuredmedia":[{"embeddable":true,"href":"https:\/\/muzeumwspolczesne.pl\/en\/wp-json\/wp\/v2\/media\/19391"}],"wp:attachment":[{"href":"https:\/\/muzeumwspolczesne.pl\/en\/wp-json\/wp\/v2\/media?parent=19390"}],"wp:term":[{"taxonomy":"kategorie-edukacja","embeddable":true,"href":"https:\/\/muzeumwspolczesne.pl\/en\/wp-json\/wp\/v2\/kategorie-edukacja?post=19390"}],"curies":[{"name":"wp","href":"https:\/\/api.w.org\/{rel}","templated":true}]}}