{"id":19401,"date":"2023-07-21T19:31:00","date_gmt":"2023-07-21T19:31:00","guid":{"rendered":"https:\/\/muzeumwspolczesne.pl\/?post_type=edukacja&#038;p=19401"},"modified":"2024-01-09T06:28:42","modified_gmt":"2024-01-09T06:28:42","slug":"__trashed-2","status":"publish","type":"edukacja","link":"https:\/\/muzeumwspolczesne.pl\/en\/zapowiedzi\/__trashed-2\/","title":{"rendered":"DZIE\u0141O SZTUKI I UKRYTE GESTY"},"content":{"rendered":"\t\t<div data-elementor-type=\"wp-post\" data-elementor-id=\"19401\" class=\"elementor elementor-19401\" data-elementor-post-type=\"edukacja\">\n\t\t\t\t\t\t<section class=\"elementor-section elementor-top-section elementor-element elementor-element-2cd078cf elementor-section-full_width elementor-section-stretched elementor-section-height-default elementor-section-height-default\" data-id=\"2cd078cf\" data-element_type=\"section\" data-settings=\"{&quot;stretch_section&quot;:&quot;section-stretched&quot;}\">\n\t\t\t\t\t\t<div class=\"elementor-container elementor-column-gap-wide\">\n\t\t\t\t\t<div class=\"elementor-column elementor-col-33 elementor-top-column elementor-element elementor-element-45986a69\" data-id=\"45986a69\" data-element_type=\"column\">\n\t\t\t<div class=\"elementor-widget-wrap\">\n\t\t\t\t\t\t\t<\/div>\n\t\t<\/div>\n\t\t\t\t<div class=\"elementor-column elementor-col-66 elementor-top-column elementor-element elementor-element-4e7d0199\" data-id=\"4e7d0199\" data-element_type=\"column\">\n\t\t\t<div class=\"elementor-widget-wrap elementor-element-populated\">\n\t\t\t\t\t\t<div class=\"elementor-element elementor-element-727145a0 elementor-widget elementor-widget-text-editor\" data-id=\"727145a0\" data-element_type=\"widget\" data-widget_type=\"text-editor.default\">\n\t\t\t\t<div class=\"elementor-widget-container\">\n\t\t\t\t\t\t\t\t\t<p>Wakacyjne spotkanie bez barier wok\u00f3\u0142 \u017c\u00f3\u0142tej scenografii b\u0119dzie mia\u0142o charakter teatralno-performatywny. S\u0142oneczny kolor daje moc: uczestnicy stworz\u0105 plemi\u0119 o du\u017cej sile ekspresji i oddzia\u0142ywania. Ka\u017cdy b\u0119dzie m\u00f3g\u0142 zasi\u0105\u015b\u0107 na tronie \u201eW glorii i chwale\u201d, by w blasku s\u0142o\u0144ca zarz\u0105dza\u0107 zasobami \u017cycia. \u015awietlistych inspiracji dostarczy nam dzie\u0142o z kolekcji MWW: Kuba B\u0105kowski, <em>Muzeum Wsp\u00f3\u0142czesne Wroc\u0142aw. Interwencja 2019<\/em>.<\/p>\t\t\t\t\t\t\t\t<\/div>\n\t\t\t\t<\/div>\n\t\t\t\t<div class=\"elementor-element elementor-element-295cea59 elementor-widget elementor-widget-gallery\" data-id=\"295cea59\" data-element_type=\"widget\" data-settings=\"{&quot;gallery_layout&quot;:&quot;justified&quot;,&quot;ideal_row_height&quot;:{&quot;unit&quot;:&quot;px&quot;,&quot;size&quot;:284,&quot;sizes&quot;:[]},&quot;lazyload&quot;:&quot;yes&quot;,&quot;ideal_row_height_tablet&quot;:{&quot;unit&quot;:&quot;px&quot;,&quot;size&quot;:150,&quot;sizes&quot;:[]},&quot;ideal_row_height_mobile&quot;:{&quot;unit&quot;:&quot;px&quot;,&quot;size&quot;:150,&quot;sizes&quot;:[]},&quot;gap&quot;:{&quot;unit&quot;:&quot;px&quot;,&quot;size&quot;:10,&quot;sizes&quot;:[]},&quot;gap_tablet&quot;:{&quot;unit&quot;:&quot;px&quot;,&quot;size&quot;:10,&quot;sizes&quot;:[]},&quot;gap_mobile&quot;:{&quot;unit&quot;:&quot;px&quot;,&quot;size&quot;:10,&quot;sizes&quot;:[]},&quot;link_to&quot;:&quot;file&quot;,&quot;overlay_background&quot;:&quot;yes&quot;,&quot;content_hover_animation&quot;:&quot;fade-in&quot;}\" data-widget_type=\"gallery.default\">\n\t\t\t\t<div class=\"elementor-widget-container\">\n\t\t\t\t\t\t\t<div class=\"elementor-gallery__container\">\n\t\t\t\t\t\t\t<a class=\"e-gallery-item elementor-gallery-item elementor-animated-content\" href=\"https:\/\/muzeumwspolczesne.pl\/wp-content\/uploads\/2024\/01\/image-214.jpeg\" data-elementor-open-lightbox=\"yes\" data-elementor-lightbox-slideshow=\"295cea59\" data-elementor-lightbox-title=\"image\" data-e-action-hash=\"#elementor-action%3Aaction%3Dlightbox%26settings%3DeyJpZCI6MTk0MDQsInVybCI6Imh0dHBzOlwvXC9tdXpldW13c3BvbGN6ZXNuZS5wbFwvd3AtY29udGVudFwvdXBsb2Fkc1wvMjAyNFwvMDFcL2ltYWdlLTIxNC5qcGVnIiwic2xpZGVzaG93IjoiMjk1Y2VhNTkifQ%3D%3D\">\n\t\t\t\t\t<div class=\"e-gallery-image elementor-gallery-item__image\" data-thumbnail=\"https:\/\/muzeumwspolczesne.pl\/wp-content\/uploads\/2024\/01\/image-214-768x512.jpeg\" data-width=\"768\" data-height=\"512\" aria-label=\"\" role=\"img\" ><\/div>\n\t\t\t\t\t\t\t\t\t\t\t<div class=\"elementor-gallery-item__overlay\"><\/div>\n\t\t\t\t\t\t\t\t\t\t\t\t\t\t<\/a>\n\t\t\t\t\t\t\t<a class=\"e-gallery-item elementor-gallery-item elementor-animated-content\" href=\"https:\/\/muzeumwspolczesne.pl\/wp-content\/uploads\/2024\/01\/image-215.jpeg\" data-elementor-open-lightbox=\"yes\" data-elementor-lightbox-slideshow=\"295cea59\" data-elementor-lightbox-title=\"image\" data-e-action-hash=\"#elementor-action%3Aaction%3Dlightbox%26settings%3DeyJpZCI6MTk0MDUsInVybCI6Imh0dHBzOlwvXC9tdXpldW13c3BvbGN6ZXNuZS5wbFwvd3AtY29udGVudFwvdXBsb2Fkc1wvMjAyNFwvMDFcL2ltYWdlLTIxNS5qcGVnIiwic2xpZGVzaG93IjoiMjk1Y2VhNTkifQ%3D%3D\">\n\t\t\t\t\t<div class=\"e-gallery-image elementor-gallery-item__image\" data-thumbnail=\"https:\/\/muzeumwspolczesne.pl\/wp-content\/uploads\/2024\/01\/image-215-768x511.jpeg\" data-width=\"768\" data-height=\"511\" aria-label=\"\" role=\"img\" ><\/div>\n\t\t\t\t\t\t\t\t\t\t\t<div class=\"elementor-gallery-item__overlay\"><\/div>\n\t\t\t\t\t\t\t\t\t\t\t\t\t\t<\/a>\n\t\t\t\t\t\t\t<a class=\"e-gallery-item elementor-gallery-item elementor-animated-content\" href=\"https:\/\/muzeumwspolczesne.pl\/wp-content\/uploads\/2024\/01\/image-216.jpeg\" data-elementor-open-lightbox=\"yes\" data-elementor-lightbox-slideshow=\"295cea59\" data-elementor-lightbox-title=\"image\" data-e-action-hash=\"#elementor-action%3Aaction%3Dlightbox%26settings%3DeyJpZCI6MTk0MDYsInVybCI6Imh0dHBzOlwvXC9tdXpldW13c3BvbGN6ZXNuZS5wbFwvd3AtY29udGVudFwvdXBsb2Fkc1wvMjAyNFwvMDFcL2ltYWdlLTIxNi5qcGVnIiwic2xpZGVzaG93IjoiMjk1Y2VhNTkifQ%3D%3D\">\n\t\t\t\t\t<div class=\"e-gallery-image elementor-gallery-item__image\" data-thumbnail=\"https:\/\/muzeumwspolczesne.pl\/wp-content\/uploads\/2024\/01\/image-216-768x511.jpeg\" data-width=\"768\" data-height=\"511\" aria-label=\"\" role=\"img\" ><\/div>\n\t\t\t\t\t\t\t\t\t\t\t<div class=\"elementor-gallery-item__overlay\"><\/div>\n\t\t\t\t\t\t\t\t\t\t\t\t\t\t<\/a>\n\t\t\t\t\t<\/div>\n\t\t\t\t\t<\/div>\n\t\t\t\t<\/div>\n\t\t\t\t<section class=\"elementor-section elementor-inner-section elementor-element elementor-element-6c712802 elementor-section-boxed elementor-section-height-default elementor-section-height-default\" data-id=\"6c712802\" data-element_type=\"section\" data-settings=\"{&quot;background_background&quot;:&quot;classic&quot;}\">\n\t\t\t\t\t\t<div class=\"elementor-container elementor-column-gap-default\">\n\t\t\t\t\t<div class=\"elementor-column elementor-col-100 elementor-inner-column elementor-element elementor-element-3ec52cf2\" data-id=\"3ec52cf2\" data-element_type=\"column\">\n\t\t\t<div class=\"elementor-widget-wrap elementor-element-populated\">\n\t\t\t\t\t\t<div class=\"elementor-element elementor-element-5383d732 elementor-widget elementor-widget-text-editor\" data-id=\"5383d732\" data-element_type=\"widget\" data-widget_type=\"text-editor.default\">\n\t\t\t\t<div class=\"elementor-widget-container\">\n\t\t\t\t\t\t\t\t\t<p><strong>Prowadzenie:<\/strong><\/p><p><strong>Agata Ob\u0142\u0105kowska-Mazurkiewicz<\/strong> \u2013 aktorka dramatyczna oraz pantomimiczno-ruchowa w Teatrze Polskim we Wroc\u0142awiu, re\u017cyser i choreograf w Teatrze Arka. Wyk\u0142adowca przedmiotu \u201eGra aktorska\u201d w Studium Muzycznym Capitol we Wroc\u0142awiu oraz wsp\u00f3\u0142tw\u00f3rca projektu integracyjnego Brave Together we Wroc\u0142awiu i Katowicach. Dyrektor artystyczny teatru Kambak. W 2014 roku zosta\u0142a nominowana do Nagrody Kulturalnej Warto w kategorii Teatr. W 2020 otrzyma\u0142a nagrod\u0119 za pierwszoplanow\u0105 rol\u0119 kobiec\u0105 w filmie \u201eLATO\u201d \u2013 \u201eBest Actress \u2013 Sweden Film Awards\u201d. Prywatnie mama dw\u00f3ch wspania\u0142ych syn\u00f3w i mi\u0142o\u015bniczka pysznego jedzenia.<\/p><p><strong>Joanna Seku\u0142a<\/strong> \u2013 absolwentka wroc\u0142awskiej ASP (Wydzia\u0142 Ceramiki i Szk\u0142a) oraz Akademii Pedagogicznej im. J. D\u0142ugosza w Cz\u0119stochowie, (Wydzia\u0142 Edukacji w Zakresie Sztuk Wizualnych). W 2011 roku uko\u0144czy\u0142a Dolno\u015bl\u0105sk\u0105 Szko\u0142\u0119 Wy\u017csz\u0105 na kierunku Arteterapia. Na co dzie\u0144 prowadzi pracowni\u0119 ceramiki w MDK \u015ar\u00f3dmie\u015bcie. Prac\u0119 dydaktyczn\u0105 opiera na tw\u00f3rczej zabawie ze sztuk\u0105, kszta\u0142tuj\u0105c wra\u017cliwo\u015b\u0107 i rozwijaj\u0105c pasj\u0119 dzieci i m\u0142odzie\u017cy. W 2021r otrzyma\u0142a nagrod\u0119 Prezydenta Wroc\u0142awia za osi\u0105gni\u0119cia w pracy dydaktycznej i wychowawczej.<\/p>\t\t\t\t\t\t\t\t<\/div>\n\t\t\t\t<\/div>\n\t\t\t\t\t<\/div>\n\t\t<\/div>\n\t\t\t\t\t<\/div>\n\t\t<\/section>\n\t\t\t\t<div class=\"elementor-element elementor-element-786cb62 elementor-widget elementor-widget-spacer\" data-id=\"786cb62\" data-element_type=\"widget\" data-widget_type=\"spacer.default\">\n\t\t\t\t<div class=\"elementor-widget-container\">\n\t\t\t\t\t\t\t<div class=\"elementor-spacer\">\n\t\t\t<div class=\"elementor-spacer-inner\"><\/div>\n\t\t<\/div>\n\t\t\t\t\t\t<\/div>\n\t\t\t\t<\/div>\n\t\t\t\t<section class=\"elementor-section elementor-inner-section elementor-element elementor-element-1b729237 elementor-section-content-middle elementor-section-boxed elementor-section-height-default elementor-section-height-default\" data-id=\"1b729237\" data-element_type=\"section\">\n\t\t\t\t\t\t<div class=\"elementor-container elementor-column-gap-default\">\n\t\t\t\t\t<div class=\"elementor-column elementor-col-33 elementor-inner-column elementor-element elementor-element-794497b8\" data-id=\"794497b8\" data-element_type=\"column\">\n\t\t\t<div class=\"elementor-widget-wrap elementor-element-populated\">\n\t\t\t\t\t\t<div class=\"elementor-element elementor-element-544a18f3 elementor-widget elementor-widget-image\" data-id=\"544a18f3\" data-element_type=\"widget\" data-widget_type=\"image.default\">\n\t\t\t\t<div class=\"elementor-widget-container\">\n\t\t\t\t\t\t\t\t\t\t\t\t\t\t\t<img decoding=\"async\" width=\"300\" height=\"121\" src=\"https:\/\/muzeumwspolczesne.pl\/wp-content\/uploads\/2023\/12\/logo-mkidn-2022-300x121-1.jpg\" class=\"attachment-full size-full wp-image-17514\" alt=\"\" \/>\t\t\t\t\t\t\t\t\t\t\t\t\t\t\t<\/div>\n\t\t\t\t<\/div>\n\t\t\t\t\t<\/div>\n\t\t<\/div>\n\t\t\t\t<div class=\"elementor-column elementor-col-33 elementor-inner-column elementor-element elementor-element-12cbedf5\" data-id=\"12cbedf5\" data-element_type=\"column\">\n\t\t\t<div class=\"elementor-widget-wrap elementor-element-populated\">\n\t\t\t\t\t\t<div class=\"elementor-element elementor-element-6df6b34a elementor-widget elementor-widget-text-editor\" data-id=\"6df6b34a\" data-element_type=\"widget\" data-widget_type=\"text-editor.default\">\n\t\t\t\t<div class=\"elementor-widget-container\">\n\t\t\t\t\t\t\t\t\t<p>Projekt <em>Spektrum \u015bwiat\u0142a<\/em> dofinansowano ze \u015brodk\u00f3w Ministra Kultury i Dziedzictwa Narodowego pochodz\u0105cych z Funduszu Promocji Kultury \u2013 Pa\u0144stwowego Funduszu Celowego.<\/p>\t\t\t\t\t\t\t\t<\/div>\n\t\t\t\t<\/div>\n\t\t\t\t\t<\/div>\n\t\t<\/div>\n\t\t\t\t<div class=\"elementor-column elementor-col-33 elementor-inner-column elementor-element elementor-element-261cf471\" data-id=\"261cf471\" data-element_type=\"column\">\n\t\t\t<div class=\"elementor-widget-wrap\">\n\t\t\t\t\t\t\t<\/div>\n\t\t<\/div>\n\t\t\t\t\t<\/div>\n\t\t<\/section>\n\t\t\t\t\t<\/div>\n\t\t<\/div>\n\t\t\t\t\t<\/div>\n\t\t<\/section>\n\t\t\t\t<\/div>\n\t\t","protected":false},"excerpt":{"rendered":"<p>Wakacyjne spotkanie bez barier wok\u00f3\u0142 \u017c\u00f3\u0142tej scenografii b\u0119dzie mia\u0142o charakter teatralno-performatywny. S\u0142oneczny kolor daje moc: uczestnicy stworz\u0105 plemi\u0119 o du\u017cej sile ekspresji i oddzia\u0142ywania. Ka\u017cdy b\u0119dzie m\u00f3g\u0142 zasi\u0105\u015b\u0107 na tronie \u201eW glorii i chwale\u201d, by w blasku s\u0142o\u0144ca zarz\u0105dza\u0107 zasobami \u017cycia. \u015awietlistych inspiracji dostarczy nam dzie\u0142o z kolekcji MWW: Kuba B\u0105kowski, Muzeum Wsp\u00f3\u0142czesne Wroc\u0142aw. Interwencja [&hellip;]<\/p>\n","protected":false},"author":6,"featured_media":19402,"parent":0,"template":"","meta":{"footnotes":""},"kategorie-edukacja":[27],"class_list":["post-19401","edukacja","type-edukacja","status-publish","has-post-thumbnail","hentry","kategorie-edukacja-bez-barier"],"_links":{"self":[{"href":"https:\/\/muzeumwspolczesne.pl\/en\/wp-json\/wp\/v2\/edukacja\/19401","targetHints":{"allow":["GET"]}}],"collection":[{"href":"https:\/\/muzeumwspolczesne.pl\/en\/wp-json\/wp\/v2\/edukacja"}],"about":[{"href":"https:\/\/muzeumwspolczesne.pl\/en\/wp-json\/wp\/v2\/types\/edukacja"}],"author":[{"embeddable":true,"href":"https:\/\/muzeumwspolczesne.pl\/en\/wp-json\/wp\/v2\/users\/6"}],"version-history":[{"count":4,"href":"https:\/\/muzeumwspolczesne.pl\/en\/wp-json\/wp\/v2\/edukacja\/19401\/revisions"}],"predecessor-version":[{"id":19409,"href":"https:\/\/muzeumwspolczesne.pl\/en\/wp-json\/wp\/v2\/edukacja\/19401\/revisions\/19409"}],"wp:featuredmedia":[{"embeddable":true,"href":"https:\/\/muzeumwspolczesne.pl\/en\/wp-json\/wp\/v2\/media\/19402"}],"wp:attachment":[{"href":"https:\/\/muzeumwspolczesne.pl\/en\/wp-json\/wp\/v2\/media?parent=19401"}],"wp:term":[{"taxonomy":"kategorie-edukacja","embeddable":true,"href":"https:\/\/muzeumwspolczesne.pl\/en\/wp-json\/wp\/v2\/kategorie-edukacja?post=19401"}],"curies":[{"name":"wp","href":"https:\/\/api.w.org\/{rel}","templated":true}]}}