{"id":19430,"date":"2023-04-20T19:40:00","date_gmt":"2023-04-20T19:40:00","guid":{"rendered":"https:\/\/muzeumwspolczesne.pl\/?post_type=edukacja&#038;p=19430"},"modified":"2024-01-09T06:28:48","modified_gmt":"2024-01-09T06:28:48","slug":"dzielo-sztuki-i-ukryte-melodie","status":"publish","type":"edukacja","link":"https:\/\/muzeumwspolczesne.pl\/en\/zapowiedzi\/dzielo-sztuki-i-ukryte-melodie\/","title":{"rendered":"DZIE\u0141O SZTUKI I UKRYTE MELODIE"},"content":{"rendered":"\t\t<div data-elementor-type=\"wp-post\" data-elementor-id=\"19430\" class=\"elementor elementor-19430\" data-elementor-post-type=\"edukacja\">\n\t\t\t\t\t\t<section class=\"elementor-section elementor-top-section elementor-element elementor-element-39066dfa elementor-section-full_width elementor-section-stretched elementor-section-height-default elementor-section-height-default\" data-id=\"39066dfa\" data-element_type=\"section\" data-settings=\"{&quot;stretch_section&quot;:&quot;section-stretched&quot;}\">\n\t\t\t\t\t\t<div class=\"elementor-container elementor-column-gap-wide\">\n\t\t\t\t\t<div class=\"elementor-column elementor-col-33 elementor-top-column elementor-element elementor-element-3e2d1a3a\" data-id=\"3e2d1a3a\" data-element_type=\"column\">\n\t\t\t<div class=\"elementor-widget-wrap\">\n\t\t\t\t\t\t\t<\/div>\n\t\t<\/div>\n\t\t\t\t<div class=\"elementor-column elementor-col-66 elementor-top-column elementor-element elementor-element-75051ca4\" data-id=\"75051ca4\" data-element_type=\"column\">\n\t\t\t<div class=\"elementor-widget-wrap elementor-element-populated\">\n\t\t\t\t\t\t<div class=\"elementor-element elementor-element-13a3a9a5 elementor-widget elementor-widget-text-editor\" data-id=\"13a3a9a5\" data-element_type=\"widget\" data-widget_type=\"text-editor.default\">\n\t\t\t\t<div class=\"elementor-widget-container\">\n\t\t\t\t\t\t\t\t\t<p>Spotkaniem muzycznym otwieramy cykl warsztat\u00f3w wok\u00f3\u0142 \u017b\u00f3\u0142tej scenografii, dedykowanych osobom neuror\u00f3\u017cnorodnym.<\/p><p>Podczas warsztat\u00f3w zestawimy ze sob\u0105 malarskie dzia\u0142anie plastyczne: kolor, plam\u0119 i gest z improwizacj\u0105 muzyczn\u0105, w kt\u00f3rej istotn\u0119 b\u0119d\u0105 wysoko\u015b\u0107 d\u017awi\u0119ku, g\u0142o\u015bno\u015b\u0107, brzmienie i wibracja. Nasz go\u015b\u0107, Filip Zakrzewski \u201ezagra dzie\u0142o\u201d z kolekcji MWW. Uczestnicy, obcuj\u0105c jedynie z jego melodi\u0105, spr\u00f3buj\u0105 namalowa\u0107 ten sam obraz \u2013 nie widz\u0105c go wcze\u015bniej. Na ko\u0144cu oficjalnie zaprezentujemy \u201epierwotne\u201d dzie\u0142o i por\u00f3wnamy je z wynikow\u0105 prac\u0105 namalowan\u0105 na warsztatach.<\/p>\t\t\t\t\t\t\t\t<\/div>\n\t\t\t\t<\/div>\n\t\t\t\t<div class=\"elementor-element elementor-element-3ca99c92 elementor-widget elementor-widget-gallery\" data-id=\"3ca99c92\" data-element_type=\"widget\" data-settings=\"{&quot;gallery_layout&quot;:&quot;justified&quot;,&quot;ideal_row_height&quot;:{&quot;unit&quot;:&quot;px&quot;,&quot;size&quot;:284,&quot;sizes&quot;:[]},&quot;lazyload&quot;:&quot;yes&quot;,&quot;ideal_row_height_tablet&quot;:{&quot;unit&quot;:&quot;px&quot;,&quot;size&quot;:150,&quot;sizes&quot;:[]},&quot;ideal_row_height_mobile&quot;:{&quot;unit&quot;:&quot;px&quot;,&quot;size&quot;:150,&quot;sizes&quot;:[]},&quot;gap&quot;:{&quot;unit&quot;:&quot;px&quot;,&quot;size&quot;:10,&quot;sizes&quot;:[]},&quot;gap_tablet&quot;:{&quot;unit&quot;:&quot;px&quot;,&quot;size&quot;:10,&quot;sizes&quot;:[]},&quot;gap_mobile&quot;:{&quot;unit&quot;:&quot;px&quot;,&quot;size&quot;:10,&quot;sizes&quot;:[]},&quot;link_to&quot;:&quot;file&quot;,&quot;overlay_background&quot;:&quot;yes&quot;,&quot;content_hover_animation&quot;:&quot;fade-in&quot;}\" data-widget_type=\"gallery.default\">\n\t\t\t\t<div class=\"elementor-widget-container\">\n\t\t\t\t\t\t\t<div class=\"elementor-gallery__container\">\n\t\t\t\t\t\t\t<a class=\"e-gallery-item elementor-gallery-item elementor-animated-content\" href=\"https:\/\/muzeumwspolczesne.pl\/wp-content\/uploads\/2024\/01\/image-225.jpeg\" data-elementor-open-lightbox=\"yes\" data-elementor-lightbox-slideshow=\"3ca99c92\" data-elementor-lightbox-title=\"image\" data-e-action-hash=\"#elementor-action%3Aaction%3Dlightbox%26settings%3DeyJpZCI6MTk0MzMsInVybCI6Imh0dHBzOlwvXC9tdXpldW13c3BvbGN6ZXNuZS5wbFwvd3AtY29udGVudFwvdXBsb2Fkc1wvMjAyNFwvMDFcL2ltYWdlLTIyNS5qcGVnIiwic2xpZGVzaG93IjoiM2NhOTljOTIifQ%3D%3D\">\n\t\t\t\t\t<div class=\"e-gallery-image elementor-gallery-item__image\" data-thumbnail=\"https:\/\/muzeumwspolczesne.pl\/wp-content\/uploads\/2024\/01\/image-225-768x512.jpeg\" data-width=\"768\" data-height=\"512\" aria-label=\"\" role=\"img\" ><\/div>\n\t\t\t\t\t\t\t\t\t\t\t<div class=\"elementor-gallery-item__overlay\"><\/div>\n\t\t\t\t\t\t\t\t\t\t\t\t\t\t<\/a>\n\t\t\t\t\t\t\t<a class=\"e-gallery-item elementor-gallery-item elementor-animated-content\" href=\"https:\/\/muzeumwspolczesne.pl\/wp-content\/uploads\/2024\/01\/image-226.jpeg\" data-elementor-open-lightbox=\"yes\" data-elementor-lightbox-slideshow=\"3ca99c92\" data-elementor-lightbox-title=\"image\" data-e-action-hash=\"#elementor-action%3Aaction%3Dlightbox%26settings%3DeyJpZCI6MTk0MzQsInVybCI6Imh0dHBzOlwvXC9tdXpldW13c3BvbGN6ZXNuZS5wbFwvd3AtY29udGVudFwvdXBsb2Fkc1wvMjAyNFwvMDFcL2ltYWdlLTIyNi5qcGVnIiwic2xpZGVzaG93IjoiM2NhOTljOTIifQ%3D%3D\">\n\t\t\t\t\t<div class=\"e-gallery-image elementor-gallery-item__image\" data-thumbnail=\"https:\/\/muzeumwspolczesne.pl\/wp-content\/uploads\/2024\/01\/image-226-768x1152.jpeg\" data-width=\"768\" data-height=\"1152\" aria-label=\"\" role=\"img\" ><\/div>\n\t\t\t\t\t\t\t\t\t\t\t<div class=\"elementor-gallery-item__overlay\"><\/div>\n\t\t\t\t\t\t\t\t\t\t\t\t\t\t<\/a>\n\t\t\t\t\t\t\t<a class=\"e-gallery-item elementor-gallery-item elementor-animated-content\" href=\"https:\/\/muzeumwspolczesne.pl\/wp-content\/uploads\/2024\/01\/image-227.jpeg\" data-elementor-open-lightbox=\"yes\" data-elementor-lightbox-slideshow=\"3ca99c92\" data-elementor-lightbox-title=\"image\" data-e-action-hash=\"#elementor-action%3Aaction%3Dlightbox%26settings%3DeyJpZCI6MTk0MzUsInVybCI6Imh0dHBzOlwvXC9tdXpldW13c3BvbGN6ZXNuZS5wbFwvd3AtY29udGVudFwvdXBsb2Fkc1wvMjAyNFwvMDFcL2ltYWdlLTIyNy5qcGVnIiwic2xpZGVzaG93IjoiM2NhOTljOTIifQ%3D%3D\">\n\t\t\t\t\t<div class=\"e-gallery-image elementor-gallery-item__image\" data-thumbnail=\"https:\/\/muzeumwspolczesne.pl\/wp-content\/uploads\/2024\/01\/image-227-768x512.jpeg\" data-width=\"768\" data-height=\"512\" aria-label=\"\" role=\"img\" ><\/div>\n\t\t\t\t\t\t\t\t\t\t\t<div class=\"elementor-gallery-item__overlay\"><\/div>\n\t\t\t\t\t\t\t\t\t\t\t\t\t\t<\/a>\n\t\t\t\t\t<\/div>\n\t\t\t\t\t<\/div>\n\t\t\t\t<\/div>\n\t\t\t\t<section class=\"elementor-section elementor-inner-section elementor-element elementor-element-611a45ac elementor-section-boxed elementor-section-height-default elementor-section-height-default\" data-id=\"611a45ac\" data-element_type=\"section\" data-settings=\"{&quot;background_background&quot;:&quot;classic&quot;}\">\n\t\t\t\t\t\t<div class=\"elementor-container elementor-column-gap-default\">\n\t\t\t\t\t<div class=\"elementor-column elementor-col-100 elementor-inner-column elementor-element elementor-element-7bf26490\" data-id=\"7bf26490\" data-element_type=\"column\">\n\t\t\t<div class=\"elementor-widget-wrap elementor-element-populated\">\n\t\t\t\t\t\t<div class=\"elementor-element elementor-element-10096209 elementor-widget elementor-widget-text-editor\" data-id=\"10096209\" data-element_type=\"widget\" data-widget_type=\"text-editor.default\">\n\t\t\t\t<div class=\"elementor-widget-container\">\n\t\t\t\t\t\t\t\t\t<p>Prowadzenie:<\/p><p><strong>Filip Zakrzewski<\/strong> \u2013 gitarzysta\/instrumentalista, realizator d\u017awi\u0119ku, organizator koncert\u00f3w i promotor\/animator podziemnej sceny muzycznej we Wroc\u0142awiu. Porusza si\u0119 g\u0142\u00f3wnie w rejonach muzyki improwizowanej, funku, ambientu, hip-hopu, psych-rocka. Uko\u0144czy\u0142 szko\u0142\u0119 produkcji muzycznej Point Blank w Londynie. Wsp\u00f3\u0142tw\u00f3rca kolektywu Klub Szalonych i Wroc\u0142awskiej Orkiestry Improwizowanej.<strong>\u00a0<\/strong><\/p><p><strong>Joanna Seku\u0142a<\/strong> \u2013 uko\u0144czy\u0142a wroc\u0142awsk\u0105 ASP na wydziale ceramiki, sztuki wizualne na UJD w Cz\u0119stochowie oraz arteterapi\u0119 w Dolno\u015bl\u0105skiej Szko\u0142y Wy\u017cszej. Prowadzi pracowni\u0119 ceramiki w MDK \u015ar\u00f3dmie\u015bcie, a w MWW realizuje dzia\u0142ania z cyklu \u201eRozrusznik bez barier\u201d.<\/p><p>W pracy tw\u00f3rczej eksperymentuje z materi\u0105 ceramiczn\u0105 w obszarach rze\u017aby figuratywnej.<\/p><p>Tworzy obiekty estetyczne, inspirowane wielowymiarowo\u015bci\u0105 i niejednoznaczno\u015bci\u0105 rzeczywisto\u015bci. Zafascynowana tw\u00f3rczo\u015bci\u0105 dziecka, jog\u0105 i magicznym realizmem.<\/p>\t\t\t\t\t\t\t\t<\/div>\n\t\t\t\t<\/div>\n\t\t\t\t\t<\/div>\n\t\t<\/div>\n\t\t\t\t\t<\/div>\n\t\t<\/section>\n\t\t\t\t<div class=\"elementor-element elementor-element-7cb51553 elementor-widget elementor-widget-spacer\" data-id=\"7cb51553\" data-element_type=\"widget\" data-widget_type=\"spacer.default\">\n\t\t\t\t<div class=\"elementor-widget-container\">\n\t\t\t\t\t\t\t<div class=\"elementor-spacer\">\n\t\t\t<div class=\"elementor-spacer-inner\"><\/div>\n\t\t<\/div>\n\t\t\t\t\t\t<\/div>\n\t\t\t\t<\/div>\n\t\t\t\t<section class=\"elementor-section elementor-inner-section elementor-element elementor-element-32134df5 elementor-section-content-middle elementor-section-boxed elementor-section-height-default elementor-section-height-default\" data-id=\"32134df5\" data-element_type=\"section\">\n\t\t\t\t\t\t<div class=\"elementor-container elementor-column-gap-default\">\n\t\t\t\t\t<div class=\"elementor-column elementor-col-33 elementor-inner-column elementor-element elementor-element-13b8a6e2\" data-id=\"13b8a6e2\" data-element_type=\"column\">\n\t\t\t<div class=\"elementor-widget-wrap elementor-element-populated\">\n\t\t\t\t\t\t<div class=\"elementor-element elementor-element-609040ac elementor-widget elementor-widget-image\" data-id=\"609040ac\" data-element_type=\"widget\" data-widget_type=\"image.default\">\n\t\t\t\t<div class=\"elementor-widget-container\">\n\t\t\t\t\t\t\t\t\t\t\t\t\t\t\t<img decoding=\"async\" width=\"300\" height=\"121\" src=\"https:\/\/muzeumwspolczesne.pl\/wp-content\/uploads\/2023\/12\/logo-mkidn-2022-300x121-1.jpg\" class=\"attachment-full size-full wp-image-17514\" alt=\"\" \/>\t\t\t\t\t\t\t\t\t\t\t\t\t\t\t<\/div>\n\t\t\t\t<\/div>\n\t\t\t\t\t<\/div>\n\t\t<\/div>\n\t\t\t\t<div class=\"elementor-column elementor-col-33 elementor-inner-column elementor-element elementor-element-b05d81d\" data-id=\"b05d81d\" data-element_type=\"column\">\n\t\t\t<div class=\"elementor-widget-wrap elementor-element-populated\">\n\t\t\t\t\t\t<div class=\"elementor-element elementor-element-1ff21eb3 elementor-widget elementor-widget-text-editor\" data-id=\"1ff21eb3\" data-element_type=\"widget\" data-widget_type=\"text-editor.default\">\n\t\t\t\t<div class=\"elementor-widget-container\">\n\t\t\t\t\t\t\t\t\t<p>Projekt\u00a0<em>Spektrum \u015bwiat\u0142a<\/em>\u00a0dofinansowano ze \u015brodk\u00f3w Ministra Kultury i Dziedzictwa Narodowego pochodz\u0105cych z Funduszu Promocji Kultury \u2013 pa\u0144stwowego funduszu celowego.<\/p>\t\t\t\t\t\t\t\t<\/div>\n\t\t\t\t<\/div>\n\t\t\t\t\t<\/div>\n\t\t<\/div>\n\t\t\t\t<div class=\"elementor-column elementor-col-33 elementor-inner-column elementor-element elementor-element-2cabeed2\" data-id=\"2cabeed2\" data-element_type=\"column\">\n\t\t\t<div class=\"elementor-widget-wrap\">\n\t\t\t\t\t\t\t<\/div>\n\t\t<\/div>\n\t\t\t\t\t<\/div>\n\t\t<\/section>\n\t\t\t\t\t<\/div>\n\t\t<\/div>\n\t\t\t\t\t<\/div>\n\t\t<\/section>\n\t\t\t\t<\/div>\n\t\t","protected":false},"excerpt":{"rendered":"<p>Spotkaniem muzycznym otwieramy cykl warsztat\u00f3w wok\u00f3\u0142 \u017b\u00f3\u0142tej scenografii, dedykowanych osobom neuror\u00f3\u017cnorodnym. Podczas warsztat\u00f3w zestawimy ze sob\u0105 malarskie dzia\u0142anie plastyczne: kolor, plam\u0119 i gest z improwizacj\u0105 muzyczn\u0105, w kt\u00f3rej istotn\u0119 b\u0119d\u0105 wysoko\u015b\u0107 d\u017awi\u0119ku, g\u0142o\u015bno\u015b\u0107, brzmienie i wibracja. Nasz go\u015b\u0107, Filip Zakrzewski \u201ezagra dzie\u0142o\u201d z kolekcji MWW. Uczestnicy, obcuj\u0105c jedynie z jego melodi\u0105, spr\u00f3buj\u0105 namalowa\u0107 ten sam [&hellip;]<\/p>\n","protected":false},"author":6,"featured_media":19431,"parent":0,"template":"","meta":{"footnotes":""},"kategorie-edukacja":[27],"class_list":["post-19430","edukacja","type-edukacja","status-publish","has-post-thumbnail","hentry","kategorie-edukacja-bez-barier"],"_links":{"self":[{"href":"https:\/\/muzeumwspolczesne.pl\/en\/wp-json\/wp\/v2\/edukacja\/19430","targetHints":{"allow":["GET"]}}],"collection":[{"href":"https:\/\/muzeumwspolczesne.pl\/en\/wp-json\/wp\/v2\/edukacja"}],"about":[{"href":"https:\/\/muzeumwspolczesne.pl\/en\/wp-json\/wp\/v2\/types\/edukacja"}],"author":[{"embeddable":true,"href":"https:\/\/muzeumwspolczesne.pl\/en\/wp-json\/wp\/v2\/users\/6"}],"version-history":[{"count":7,"href":"https:\/\/muzeumwspolczesne.pl\/en\/wp-json\/wp\/v2\/edukacja\/19430\/revisions"}],"predecessor-version":[{"id":19441,"href":"https:\/\/muzeumwspolczesne.pl\/en\/wp-json\/wp\/v2\/edukacja\/19430\/revisions\/19441"}],"wp:featuredmedia":[{"embeddable":true,"href":"https:\/\/muzeumwspolczesne.pl\/en\/wp-json\/wp\/v2\/media\/19431"}],"wp:attachment":[{"href":"https:\/\/muzeumwspolczesne.pl\/en\/wp-json\/wp\/v2\/media?parent=19430"}],"wp:term":[{"taxonomy":"kategorie-edukacja","embeddable":true,"href":"https:\/\/muzeumwspolczesne.pl\/en\/wp-json\/wp\/v2\/kategorie-edukacja?post=19430"}],"curies":[{"name":"wp","href":"https:\/\/api.w.org\/{rel}","templated":true}]}}