{"id":19515,"date":"2023-07-20T20:17:00","date_gmt":"2023-07-20T20:17:00","guid":{"rendered":"https:\/\/muzeumwspolczesne.pl\/?post_type=edukacja&#038;p=19515"},"modified":"2024-01-09T06:28:28","modified_gmt":"2024-01-09T06:28:28","slug":"dialog-zmyslow-czyli-synestezja","status":"publish","type":"edukacja","link":"https:\/\/muzeumwspolczesne.pl\/en\/zapowiedzi\/dialog-zmyslow-czyli-synestezja\/","title":{"rendered":"DIALOG ZMYS\u0141\u00d3W CZYLI SYNESTEZJA"},"content":{"rendered":"\t\t<div data-elementor-type=\"wp-post\" data-elementor-id=\"19515\" class=\"elementor elementor-19515\" data-elementor-post-type=\"edukacja\">\n\t\t\t\t\t\t<section class=\"elementor-section elementor-top-section elementor-element elementor-element-18a39bbd elementor-section-full_width elementor-section-stretched elementor-section-height-default elementor-section-height-default\" data-id=\"18a39bbd\" data-element_type=\"section\" data-settings=\"{&quot;stretch_section&quot;:&quot;section-stretched&quot;}\">\n\t\t\t\t\t\t<div class=\"elementor-container elementor-column-gap-wide\">\n\t\t\t\t\t<div class=\"elementor-column elementor-col-33 elementor-top-column elementor-element elementor-element-518420ff\" data-id=\"518420ff\" data-element_type=\"column\">\n\t\t\t<div class=\"elementor-widget-wrap\">\n\t\t\t\t\t\t\t<\/div>\n\t\t<\/div>\n\t\t\t\t<div class=\"elementor-column elementor-col-66 elementor-top-column elementor-element elementor-element-19e95460\" data-id=\"19e95460\" data-element_type=\"column\">\n\t\t\t<div class=\"elementor-widget-wrap elementor-element-populated\">\n\t\t\t\t\t\t<div class=\"elementor-element elementor-element-1e75bf69 elementor-widget elementor-widget-text-editor\" data-id=\"1e75bf69\" data-element_type=\"widget\" data-widget_type=\"text-editor.default\">\n\t\t\t\t<div class=\"elementor-widget-container\">\n\t\t\t\t\t\t\t\t\t<p>Podczas spotkania spr\u00f3bujemy odnale\u017a\u0107 analogi\u0119 do wystawy <a href=\"https:\/\/wambox.muzeum.pl\/home\/wambox\/domains\/wambox.pl\/public_html\/kopiamuzeum\/wystawy\/swiatlo-cien-informacja\/\">\u201eJan Chwa\u0142czyk. \u015awiat\u0142o <strong>\u2013<\/strong> cie\u0144 <strong>\u2013<\/strong>informacja\u201d<\/a> za pomoc\u0105 \u015brodk\u00f3w dost\u0119pnych dla os\u00f3b z niepe\u0142nosprawno\u015bci\u0105 wzroku. B\u0119dziemy bazowa\u0107 na ostatnim cz\u0142onie tytu\u0142u wystawy, czyli informacji, kt\u00f3r\u0105 Jan Chwa\u0142czyk jako badacz nie tylko prezentowa\u0142 w swoich pracach, ale te\u017c omawia\u0142, t\u0142umaczy\u0142.<\/p><p>Skupiaj\u0105c si\u0119 na j\u0119zyku, d\u017awi\u0119ku i dotyku odkryjemy i zbudujemy charakter poj\u0119\u0107 \u015bwiat\u0142a, cienia i kolor\u00f3w za pomoc\u0105 dialogu zmys\u0142\u00f3w, czyli synestezji. W oparciu o literatur\u0119, wplataj\u0105c tembr g\u0142osu, gesty cia\u0142a stworzymy now\u0105 (inn\u0105) map\u0119 odczytu zjawisk, kt\u00f3rym zajmowa\u0142 si\u0119 Chwa\u0142czyk. Za pomoc\u0105 skojarze\u0144 nadamy emocjonalny wyraz kolorom. J\u0119zyk polski jest bardzo plastyczny, samo wypowiedziane s\u0142owo \u201eczerwony\u201d, przez swoj\u0105 \u201etwardo\u015b\u0107\u201d wymowy informuje nas o cechach tego koloru, s\u0142owo \u201e\u015bwiat\u0142o\u201d jest mi\u0119kkie.<\/p><p>Warsztaty b\u0119d\u0105 mia\u0142y charakter pracy z cia\u0142em, g\u0142osem, j\u0119zykiem. Zach\u0119camy do za\u0142o\u017cenia swobodnych ubra\u0144, niekr\u0119puj\u0105cych ruchu.<\/p>\t\t\t\t\t\t\t\t<\/div>\n\t\t\t\t<\/div>\n\t\t\t\t<div class=\"elementor-element elementor-element-25d7756b elementor-widget elementor-widget-gallery\" data-id=\"25d7756b\" data-element_type=\"widget\" data-settings=\"{&quot;gallery_layout&quot;:&quot;justified&quot;,&quot;ideal_row_height&quot;:{&quot;unit&quot;:&quot;px&quot;,&quot;size&quot;:284,&quot;sizes&quot;:[]},&quot;lazyload&quot;:&quot;yes&quot;,&quot;ideal_row_height_tablet&quot;:{&quot;unit&quot;:&quot;px&quot;,&quot;size&quot;:150,&quot;sizes&quot;:[]},&quot;ideal_row_height_mobile&quot;:{&quot;unit&quot;:&quot;px&quot;,&quot;size&quot;:150,&quot;sizes&quot;:[]},&quot;gap&quot;:{&quot;unit&quot;:&quot;px&quot;,&quot;size&quot;:10,&quot;sizes&quot;:[]},&quot;gap_tablet&quot;:{&quot;unit&quot;:&quot;px&quot;,&quot;size&quot;:10,&quot;sizes&quot;:[]},&quot;gap_mobile&quot;:{&quot;unit&quot;:&quot;px&quot;,&quot;size&quot;:10,&quot;sizes&quot;:[]},&quot;link_to&quot;:&quot;file&quot;,&quot;overlay_background&quot;:&quot;yes&quot;,&quot;content_hover_animation&quot;:&quot;fade-in&quot;}\" data-widget_type=\"gallery.default\">\n\t\t\t\t<div class=\"elementor-widget-container\">\n\t\t\t\t\t\t\t<div class=\"elementor-gallery__container\">\n\t\t\t\t\t\t\t<a class=\"e-gallery-item elementor-gallery-item elementor-animated-content\" href=\"https:\/\/muzeumwspolczesne.pl\/wp-content\/uploads\/2024\/01\/image-257.jpeg\" data-elementor-open-lightbox=\"yes\" data-elementor-lightbox-slideshow=\"25d7756b\" data-elementor-lightbox-title=\"image\" data-e-action-hash=\"#elementor-action%3Aaction%3Dlightbox%26settings%3DeyJpZCI6MTk1MTgsInVybCI6Imh0dHBzOlwvXC9tdXpldW13c3BvbGN6ZXNuZS5wbFwvd3AtY29udGVudFwvdXBsb2Fkc1wvMjAyNFwvMDFcL2ltYWdlLTI1Ny5qcGVnIiwic2xpZGVzaG93IjoiMjVkNzc1NmIifQ%3D%3D\">\n\t\t\t\t\t<div class=\"e-gallery-image elementor-gallery-item__image\" data-thumbnail=\"https:\/\/muzeumwspolczesne.pl\/wp-content\/uploads\/2024\/01\/image-257-768x512.jpeg\" data-width=\"768\" data-height=\"512\" aria-label=\"\" role=\"img\" ><\/div>\n\t\t\t\t\t\t\t\t\t\t\t<div class=\"elementor-gallery-item__overlay\"><\/div>\n\t\t\t\t\t\t\t\t\t\t\t\t\t\t<\/a>\n\t\t\t\t\t\t\t<a class=\"e-gallery-item elementor-gallery-item elementor-animated-content\" href=\"https:\/\/muzeumwspolczesne.pl\/wp-content\/uploads\/2024\/01\/image-258.jpeg\" data-elementor-open-lightbox=\"yes\" data-elementor-lightbox-slideshow=\"25d7756b\" data-elementor-lightbox-title=\"image\" data-e-action-hash=\"#elementor-action%3Aaction%3Dlightbox%26settings%3DeyJpZCI6MTk1MTksInVybCI6Imh0dHBzOlwvXC9tdXpldW13c3BvbGN6ZXNuZS5wbFwvd3AtY29udGVudFwvdXBsb2Fkc1wvMjAyNFwvMDFcL2ltYWdlLTI1OC5qcGVnIiwic2xpZGVzaG93IjoiMjVkNzc1NmIifQ%3D%3D\">\n\t\t\t\t\t<div class=\"e-gallery-image elementor-gallery-item__image\" data-thumbnail=\"https:\/\/muzeumwspolczesne.pl\/wp-content\/uploads\/2024\/01\/image-258-768x512.jpeg\" data-width=\"768\" data-height=\"512\" aria-label=\"\" role=\"img\" ><\/div>\n\t\t\t\t\t\t\t\t\t\t\t<div class=\"elementor-gallery-item__overlay\"><\/div>\n\t\t\t\t\t\t\t\t\t\t\t\t\t\t<\/a>\n\t\t\t\t\t\t\t<a class=\"e-gallery-item elementor-gallery-item elementor-animated-content\" href=\"https:\/\/muzeumwspolczesne.pl\/wp-content\/uploads\/2024\/01\/image-259.jpeg\" data-elementor-open-lightbox=\"yes\" data-elementor-lightbox-slideshow=\"25d7756b\" data-elementor-lightbox-title=\"image\" data-e-action-hash=\"#elementor-action%3Aaction%3Dlightbox%26settings%3DeyJpZCI6MTk1MjAsInVybCI6Imh0dHBzOlwvXC9tdXpldW13c3BvbGN6ZXNuZS5wbFwvd3AtY29udGVudFwvdXBsb2Fkc1wvMjAyNFwvMDFcL2ltYWdlLTI1OS5qcGVnIiwic2xpZGVzaG93IjoiMjVkNzc1NmIifQ%3D%3D\">\n\t\t\t\t\t<div class=\"e-gallery-image elementor-gallery-item__image\" data-thumbnail=\"https:\/\/muzeumwspolczesne.pl\/wp-content\/uploads\/2024\/01\/image-259-768x512.jpeg\" data-width=\"768\" data-height=\"512\" aria-label=\"\" role=\"img\" ><\/div>\n\t\t\t\t\t\t\t\t\t\t\t<div class=\"elementor-gallery-item__overlay\"><\/div>\n\t\t\t\t\t\t\t\t\t\t\t\t\t\t<\/a>\n\t\t\t\t\t\t\t<a class=\"e-gallery-item elementor-gallery-item elementor-animated-content\" href=\"https:\/\/muzeumwspolczesne.pl\/wp-content\/uploads\/2024\/01\/image-260.jpeg\" data-elementor-open-lightbox=\"yes\" data-elementor-lightbox-slideshow=\"25d7756b\" data-elementor-lightbox-title=\"image\" data-e-action-hash=\"#elementor-action%3Aaction%3Dlightbox%26settings%3DeyJpZCI6MTk1MjEsInVybCI6Imh0dHBzOlwvXC9tdXpldW13c3BvbGN6ZXNuZS5wbFwvd3AtY29udGVudFwvdXBsb2Fkc1wvMjAyNFwvMDFcL2ltYWdlLTI2MC5qcGVnIiwic2xpZGVzaG93IjoiMjVkNzc1NmIifQ%3D%3D\">\n\t\t\t\t\t<div class=\"e-gallery-image elementor-gallery-item__image\" data-thumbnail=\"https:\/\/muzeumwspolczesne.pl\/wp-content\/uploads\/2024\/01\/image-260-768x512.jpeg\" data-width=\"768\" data-height=\"512\" aria-label=\"\" role=\"img\" ><\/div>\n\t\t\t\t\t\t\t\t\t\t\t<div class=\"elementor-gallery-item__overlay\"><\/div>\n\t\t\t\t\t\t\t\t\t\t\t\t\t\t<\/a>\n\t\t\t\t\t<\/div>\n\t\t\t\t\t<\/div>\n\t\t\t\t<\/div>\n\t\t\t\t<section class=\"elementor-section elementor-inner-section elementor-element elementor-element-1e5c00cb elementor-section-boxed elementor-section-height-default elementor-section-height-default\" data-id=\"1e5c00cb\" data-element_type=\"section\" data-settings=\"{&quot;background_background&quot;:&quot;classic&quot;}\">\n\t\t\t\t\t\t<div class=\"elementor-container elementor-column-gap-default\">\n\t\t\t\t\t<div class=\"elementor-column elementor-col-100 elementor-inner-column elementor-element elementor-element-73a779fc\" data-id=\"73a779fc\" data-element_type=\"column\">\n\t\t\t<div class=\"elementor-widget-wrap elementor-element-populated\">\n\t\t\t\t\t\t<div class=\"elementor-element elementor-element-1a0e6476 elementor-widget elementor-widget-text-editor\" data-id=\"1a0e6476\" data-element_type=\"widget\" data-widget_type=\"text-editor.default\">\n\t\t\t\t<div class=\"elementor-widget-container\">\n\t\t\t\t\t\t\t\t\t<p><strong>Prowadzenie:<\/strong><\/p><p><strong>Katarzyna Frankowska<\/strong> \u2013 uko\u0144czy\u0142a studia na kierunku Malarstwo i Rze\u017aba na wroc\u0142awskiej ASP, doktorantka macierzystej uczelni. Prowadzi warsztaty artystyczne z dzie\u0107mi i doros\u0142ymi w \u201ePracowni Otwartej\u201d we Wroc\u0142awiu.<\/p>\t\t\t\t\t\t\t\t<\/div>\n\t\t\t\t<\/div>\n\t\t\t\t\t<\/div>\n\t\t<\/div>\n\t\t\t\t\t<\/div>\n\t\t<\/section>\n\t\t\t\t<div class=\"elementor-element elementor-element-62b3cd48 elementor-widget elementor-widget-spacer\" data-id=\"62b3cd48\" data-element_type=\"widget\" data-widget_type=\"spacer.default\">\n\t\t\t\t<div class=\"elementor-widget-container\">\n\t\t\t\t\t\t\t<div class=\"elementor-spacer\">\n\t\t\t<div class=\"elementor-spacer-inner\"><\/div>\n\t\t<\/div>\n\t\t\t\t\t\t<\/div>\n\t\t\t\t<\/div>\n\t\t\t\t<section class=\"elementor-section elementor-inner-section elementor-element elementor-element-c568aca elementor-section-content-middle elementor-section-boxed elementor-section-height-default elementor-section-height-default\" data-id=\"c568aca\" data-element_type=\"section\">\n\t\t\t\t\t\t<div class=\"elementor-container elementor-column-gap-default\">\n\t\t\t\t\t<div class=\"elementor-column elementor-col-33 elementor-inner-column elementor-element elementor-element-27ff4d21\" data-id=\"27ff4d21\" data-element_type=\"column\">\n\t\t\t<div class=\"elementor-widget-wrap elementor-element-populated\">\n\t\t\t\t\t\t<div class=\"elementor-element elementor-element-6b6b21a4 elementor-widget elementor-widget-image\" data-id=\"6b6b21a4\" data-element_type=\"widget\" data-widget_type=\"image.default\">\n\t\t\t\t<div class=\"elementor-widget-container\">\n\t\t\t\t\t\t\t\t\t\t\t\t\t\t\t<img decoding=\"async\" width=\"300\" height=\"121\" src=\"https:\/\/muzeumwspolczesne.pl\/wp-content\/uploads\/2023\/12\/logo-mkidn-2022-300x121-1.jpg\" class=\"attachment-full size-full wp-image-17514\" alt=\"\" \/>\t\t\t\t\t\t\t\t\t\t\t\t\t\t\t<\/div>\n\t\t\t\t<\/div>\n\t\t\t\t\t<\/div>\n\t\t<\/div>\n\t\t\t\t<div class=\"elementor-column elementor-col-33 elementor-inner-column elementor-element elementor-element-5660bde6\" data-id=\"5660bde6\" data-element_type=\"column\">\n\t\t\t<div class=\"elementor-widget-wrap elementor-element-populated\">\n\t\t\t\t\t\t<div class=\"elementor-element elementor-element-39a31e7a elementor-widget elementor-widget-text-editor\" data-id=\"39a31e7a\" data-element_type=\"widget\" data-widget_type=\"text-editor.default\">\n\t\t\t\t<div class=\"elementor-widget-container\">\n\t\t\t\t\t\t\t\t\t<h5>Projekt dofinansowany ze \u015brodk\u00f3w Ministra Kultury i Dziedzictwa Narodowego pochodz\u0105cych z Funduszu Promocji Kultury \u2013 Pa\u0144stwowego Funduszu Celowego.<\/h5>\t\t\t\t\t\t\t\t<\/div>\n\t\t\t\t<\/div>\n\t\t\t\t\t<\/div>\n\t\t<\/div>\n\t\t\t\t<div class=\"elementor-column elementor-col-33 elementor-inner-column elementor-element elementor-element-34e44f97\" data-id=\"34e44f97\" data-element_type=\"column\">\n\t\t\t<div class=\"elementor-widget-wrap\">\n\t\t\t\t\t\t\t<\/div>\n\t\t<\/div>\n\t\t\t\t\t<\/div>\n\t\t<\/section>\n\t\t\t\t\t<\/div>\n\t\t<\/div>\n\t\t\t\t\t<\/div>\n\t\t<\/section>\n\t\t\t\t<\/div>\n\t\t","protected":false},"excerpt":{"rendered":"<p>Podczas spotkania spr\u00f3bujemy odnale\u017a\u0107 analogi\u0119 do wystawy \u201eJan Chwa\u0142czyk. \u015awiat\u0142o \u2013 cie\u0144 \u2013informacja\u201d za pomoc\u0105 \u015brodk\u00f3w dost\u0119pnych dla os\u00f3b z niepe\u0142nosprawno\u015bci\u0105 wzroku. B\u0119dziemy bazowa\u0107 na ostatnim cz\u0142onie tytu\u0142u wystawy, czyli informacji, kt\u00f3r\u0105 Jan Chwa\u0142czyk jako badacz nie tylko prezentowa\u0142 w swoich pracach, ale te\u017c omawia\u0142, t\u0142umaczy\u0142. Skupiaj\u0105c si\u0119 na j\u0119zyku, d\u017awi\u0119ku i dotyku odkryjemy i [&hellip;]<\/p>\n","protected":false},"author":6,"featured_media":19516,"parent":0,"template":"","meta":{"footnotes":""},"kategorie-edukacja":[27],"class_list":["post-19515","edukacja","type-edukacja","status-publish","has-post-thumbnail","hentry","kategorie-edukacja-bez-barier"],"_links":{"self":[{"href":"https:\/\/muzeumwspolczesne.pl\/en\/wp-json\/wp\/v2\/edukacja\/19515","targetHints":{"allow":["GET"]}}],"collection":[{"href":"https:\/\/muzeumwspolczesne.pl\/en\/wp-json\/wp\/v2\/edukacja"}],"about":[{"href":"https:\/\/muzeumwspolczesne.pl\/en\/wp-json\/wp\/v2\/types\/edukacja"}],"author":[{"embeddable":true,"href":"https:\/\/muzeumwspolczesne.pl\/en\/wp-json\/wp\/v2\/users\/6"}],"version-history":[{"count":4,"href":"https:\/\/muzeumwspolczesne.pl\/en\/wp-json\/wp\/v2\/edukacja\/19515\/revisions"}],"predecessor-version":[{"id":19524,"href":"https:\/\/muzeumwspolczesne.pl\/en\/wp-json\/wp\/v2\/edukacja\/19515\/revisions\/19524"}],"wp:featuredmedia":[{"embeddable":true,"href":"https:\/\/muzeumwspolczesne.pl\/en\/wp-json\/wp\/v2\/media\/19516"}],"wp:attachment":[{"href":"https:\/\/muzeumwspolczesne.pl\/en\/wp-json\/wp\/v2\/media?parent=19515"}],"wp:term":[{"taxonomy":"kategorie-edukacja","embeddable":true,"href":"https:\/\/muzeumwspolczesne.pl\/en\/wp-json\/wp\/v2\/kategorie-edukacja?post=19515"}],"curies":[{"name":"wp","href":"https:\/\/api.w.org\/{rel}","templated":true}]}}