{"id":26077,"date":"2022-12-15T09:33:00","date_gmt":"2022-12-15T09:33:00","guid":{"rendered":"https:\/\/muzeumwspolczesne.pl\/?post_type=edukacja&#038;p=26077"},"modified":"2024-01-27T09:33:44","modified_gmt":"2024-01-27T09:33:44","slug":"oprowadzanie-kuratorskie-po-wystawie-jerzego-rosolowicza","status":"publish","type":"edukacja","link":"https:\/\/muzeumwspolczesne.pl\/en\/zapowiedzi\/oprowadzanie-kuratorskie-po-wystawie-jerzego-rosolowicza\/","title":{"rendered":"OPROWADZANIE KURATORSKIE PO WYSTAWIE JERZEGO ROSO\u0141OWICZA"},"content":{"rendered":"\t\t<div data-elementor-type=\"wp-post\" data-elementor-id=\"26077\" class=\"elementor elementor-26077\" data-elementor-post-type=\"edukacja\">\n\t\t\t\t\t\t<section class=\"elementor-section elementor-top-section elementor-element elementor-element-89a7f2c elementor-section-boxed elementor-section-height-default elementor-section-height-default\" data-id=\"89a7f2c\" data-element_type=\"section\">\n\t\t\t\t\t\t<div class=\"elementor-container elementor-column-gap-default\">\n\t\t\t\t\t<div class=\"elementor-column elementor-col-100 elementor-top-column elementor-element elementor-element-e539364\" data-id=\"e539364\" data-element_type=\"column\">\n\t\t\t<div class=\"elementor-widget-wrap elementor-element-populated\">\n\t\t\t\t\t\t<div class=\"elementor-element elementor-element-3b0a7be elementor-widget elementor-widget-text-editor\" data-id=\"3b0a7be\" data-element_type=\"widget\" data-widget_type=\"text-editor.default\">\n\t\t\t\t<div class=\"elementor-widget-container\">\n\t\t\t\t\t\t\t\t\t<p>odwr\u00f3ci\u0107 szkodliwe funkcjonowanie cz\u0142owieka?<\/p><p>Jerzy Roso\u0142owicz nale\u017ca\u0142 do sceptyk\u00f3w post\u0119pu, celem jego sztuki by\u0142o odkrycie sprzeczno\u015bci, jakie towarzysz\u0105 destruktywnym dzia\u0142aniom ludzko\u015bci. Mimo trudnych prze\u017cy\u0107, Roso\u0142owicz zapisa\u0142 si\u0119 jako cz\u0142owiek, kt\u00f3ry pragn\u0105\u0142 nie\u015b\u0107 pomoc. Bra\u0142 udzia\u0142 w istotnych wydarzeniach dla polskiej sztuki powojennej: od 1961 r. by\u0142 cz\u0142onkiem Grupy Wroc\u0142awskiej, bra\u0142 udzia\u0142 w Sympozjum Z\u0142otego Grona w Zielonej G\u00f3rze, plenerach w Osiekach (od 1964), Biennale Form Przestrzennych (od 1965) i w Sympozjum Plastycznym Wroc\u0142aw \u201970. W 1972 r. przyst\u0105pi\u0142 do akcji NET Jaros\u0142awa Koz\u0142owskiego i Andrzeja Kosto\u0142owskiego. 15 grudnia o tw\u00f3rczo\u015bci Jerzego Roso\u0142owicza opowie kuratorka wystawy dr Marika Ku\u017amicz.<\/p><p><strong>\u00a0dr Marika Ku\u017amicz<\/strong> \u2013 historyczka sztuki, kuratorka, wyk\u0142adowczyni, dziekana Wydzia\u0142u Bada\u0144 Artystycznych i Studi\u00f3w Kuratorskich ASP w Warszawie, wyk\u0142adowczyni Collegium Civitas. Prezeska Fundacji Arton (od 2011 r.), organizacji zajmuj\u0105cej si\u0119 opracowywaniem archiw\u00f3w artystek i artyst\u00f3w lat 70. oraz Fundacji im. Edwarda Hartwiga od 2017). Dwukrotna stypendystka MKiDN, stypendystka Miasta St. Warszawy. Autorka i redaktorka licznych ksi\u0105\u017cek o sztuce, w ostatnim czasie m.in. Ludmi\u0142a Popiel i Jerzy Fedorowicz (2019), Edward Hartwig. Fotografiki (2019), Jan Dobkowski (2020), Barbara Koz\u0142owska (2020), Pawe\u0142 Kwiek. Zrobi\u0107 niemo\u017cliwe \u015bwiat\u0142o (2021), Tapta (2021). Pomys\u0142odawczyni i koordynatorka bazy\u00a0www.forgottenheritage.eu\u00a0Organizatorka mi\u0119dzynarodowych konferencji po\u015bwi\u0119conych archiwom artystek i artyst\u00f3w \u201eRevisiting Heritage\u201d (2018) oraz sztuce artystek z Europy \u015arodkowo-Wschodniej\u00a0 \u201eNot Yet Written Stories. Women Artists in CEE\u201d (2021).<\/p><p><a href=\"https:\/\/wambox.muzeum.pl\/home\/wambox\/domains\/wambox.pl\/public_html\/kopiamuzeum\/wystawy\/jerzy-rosolowicz-alchemik\/\"><strong>Wi\u0119cej o wystawie o linku<\/strong><\/a><\/p><p><strong>UWAGA:<\/strong><\/p><p><strong>Na oprowadzanie obowi\u0105zuj\u0105 zapisy:<\/strong><\/p><p><b>mww.zapisy@gmail.com<\/b><\/p><p><strong>tel. 71 3564253<\/strong><\/p><p>_____________________________<\/p><p>Prace prezentowane na wystawie pochodz\u0105 ze zbior\u00f3w Muzeum Sztuki w \u0141odzi, Muzeum Narodowego we Wroc\u0142awiu, Muzeum Narodowego w Poznaniu, Muzeum Architektury we Wroc\u0142awiu, Muzeum Wsp\u00f3\u0142czesnego Wroc\u0142aw, Zak\u0142adu Narodowego im. Ossoli\u0144skich we Wroc\u0142awiu i kolekcji prywatnych.<\/p><p>Dofinansowano ze \u015brodk\u00f3w Ministra Kultury i Dziedzictwa Narodowego pochodz\u0105cych z Funduszu Promocji Kultury, uzyskanych z dop\u0142at ustanowionych w grach obj\u0119tych monopolem pa\u0144stwa, zgodnie z art. 80 ust. 1 ustawy z dnia 19 listopada 2009 r. o grach hazardowych oraz z bud\u017cetu Wojew\u00f3dztwa Dolno\u015bl\u0105skiego.<\/p><p>Patronat honorowy:\u00a0Cezary Przybylski \u2013 Marsza\u0142ek Wojew\u00f3dztwa Dolno\u015bl\u0105skiego<\/p>\t\t\t\t\t\t\t\t<\/div>\n\t\t\t\t<\/div>\n\t\t\t\t\t<\/div>\n\t\t<\/div>\n\t\t\t\t\t<\/div>\n\t\t<\/section>\n\t\t\t\t<\/div>\n\t\t","protected":false},"excerpt":{"rendered":"<p>odwr\u00f3ci\u0107 szkodliwe funkcjonowanie cz\u0142owieka? Jerzy Roso\u0142owicz nale\u017ca\u0142 do sceptyk\u00f3w post\u0119pu, celem jego sztuki by\u0142o odkrycie sprzeczno\u015bci, jakie towarzysz\u0105 destruktywnym dzia\u0142aniom ludzko\u015bci. Mimo trudnych prze\u017cy\u0107, Roso\u0142owicz zapisa\u0142 si\u0119 jako cz\u0142owiek, kt\u00f3ry pragn\u0105\u0142 nie\u015b\u0107 pomoc. Bra\u0142 udzia\u0142 w istotnych wydarzeniach dla polskiej sztuki powojennej: od 1961 r. by\u0142 cz\u0142onkiem Grupy Wroc\u0142awskiej, bra\u0142 udzia\u0142 w Sympozjum Z\u0142otego Grona [&hellip;]<\/p>\n","protected":false},"author":6,"featured_media":0,"parent":0,"template":"","meta":{"footnotes":""},"kategorie-edukacja":[24],"class_list":["post-26077","edukacja","type-edukacja","status-publish","hentry","kategorie-edukacja-mlodziez"],"_links":{"self":[{"href":"https:\/\/muzeumwspolczesne.pl\/en\/wp-json\/wp\/v2\/edukacja\/26077","targetHints":{"allow":["GET"]}}],"collection":[{"href":"https:\/\/muzeumwspolczesne.pl\/en\/wp-json\/wp\/v2\/edukacja"}],"about":[{"href":"https:\/\/muzeumwspolczesne.pl\/en\/wp-json\/wp\/v2\/types\/edukacja"}],"author":[{"embeddable":true,"href":"https:\/\/muzeumwspolczesne.pl\/en\/wp-json\/wp\/v2\/users\/6"}],"version-history":[{"count":4,"href":"https:\/\/muzeumwspolczesne.pl\/en\/wp-json\/wp\/v2\/edukacja\/26077\/revisions"}],"predecessor-version":[{"id":26081,"href":"https:\/\/muzeumwspolczesne.pl\/en\/wp-json\/wp\/v2\/edukacja\/26077\/revisions\/26081"}],"wp:attachment":[{"href":"https:\/\/muzeumwspolczesne.pl\/en\/wp-json\/wp\/v2\/media?parent=26077"}],"wp:term":[{"taxonomy":"kategorie-edukacja","embeddable":true,"href":"https:\/\/muzeumwspolczesne.pl\/en\/wp-json\/wp\/v2\/kategorie-edukacja?post=26077"}],"curies":[{"name":"wp","href":"https:\/\/api.w.org\/{rel}","templated":true}]}}