{"id":26132,"date":"2022-05-05T09:40:00","date_gmt":"2022-05-05T09:40:00","guid":{"rendered":"https:\/\/muzeumwspolczesne.pl\/?post_type=edukacja&#038;p=26132"},"modified":"2024-01-27T09:41:03","modified_gmt":"2024-01-27T09:41:03","slug":"wystawa-dla-ciebie-franciszka-themerson-a-person-i-know-2","status":"publish","type":"edukacja","link":"https:\/\/muzeumwspolczesne.pl\/en\/zapowiedzi\/wystawa-dla-ciebie-franciszka-themerson-a-person-i-know-2\/","title":{"rendered":"WYSTAWA DLA CIEBIE: FRANCISZKA THEMERSON\u00a0A PERSON I KNOW"},"content":{"rendered":"\t\t<div data-elementor-type=\"wp-post\" data-elementor-id=\"26132\" class=\"elementor elementor-26132\" data-elementor-post-type=\"edukacja\">\n\t\t\t\t\t\t<section class=\"elementor-section elementor-top-section elementor-element elementor-element-64196e2 elementor-section-boxed elementor-section-height-default elementor-section-height-default\" data-id=\"64196e2\" data-element_type=\"section\">\n\t\t\t\t\t\t<div class=\"elementor-container elementor-column-gap-default\">\n\t\t\t\t\t<div class=\"elementor-column elementor-col-100 elementor-top-column elementor-element elementor-element-e42c07d\" data-id=\"e42c07d\" data-element_type=\"column\">\n\t\t\t<div class=\"elementor-widget-wrap elementor-element-populated\">\n\t\t\t\t\t\t<div class=\"elementor-element elementor-element-cc3a509 elementor-widget elementor-widget-text-editor\" data-id=\"cc3a509\" data-element_type=\"widget\" data-widget_type=\"text-editor.default\">\n\t\t\t\t<div class=\"elementor-widget-container\">\n\t\t\t\t\t\t\t\t\t<div class=\"post-content\"><p>Wystawa dla Ciebie to miejsce bliskiego kontaktu ze sztuk\u0105. Ka\u017cda z pi\u0119ciu ekspozycji, kt\u00f3re zaplanowali\u015bmy w najbli\u017cszych miesi\u0105cach, pozwoli Ci spotka\u0107 si\u0119 z innym dzie\u0142em sztuki z mi\u0119dzynarodowej kolekcji sztuki wsp\u00f3\u0142czesnej Muzeum Wsp\u00f3\u0142czesnego Wroc\u0142aw oraz z kolekcji Dolno\u015bl\u0105skiego Towarzystwa Zach\u0119ty Sztuk Pi\u0119knych.<\/p><p>Zapraszamy Ci\u0119 do do\u015bwiadczania i zabawy sztuk\u0105, niezale\u017cnie od Twojego wieku, poziomu wiedzy czy nastroju. Zr\u00f3b to, na co masz ochot\u0119: mo\u017cesz skorzysta\u0107 z ulotki i dowiedzie\u0107 si\u0119 wi\u0119cej o pracy, mo\u017cesz pozostawi\u0107 po sobie \u015blad w postaci w\u0142asnej tw\u00f3rczo\u015bci w przestrzeni wystawy, mo\u017cesz sp\u0119dzi\u0107 czas na rozmowie lub po prostu wpatrywaniu si\u0119 w prac\u0119. Nie musisz si\u0119 \u015bpieszy\u0107, przed Tob\u0105 tylko jedno dzie\u0142o!<\/p><p>Cykl rozpoczynamy od prezentacji obrazu <em>A person I know<\/em> Franciszki Themerson z 1972 roku. Franciszka Themerson \u017cy\u0142a w latach 1907\u20131988. Tworzy\u0142a zar\u00f3wno ilustracje, obrazy, jak i filmy. Przez lata pracowa\u0142a w duecie z m\u0119\u017cem Stefanem. Wsp\u00f3lnie tworzyli filmy, a p\u00f3\u017aniej za\u0142o\u017cyli pierwsze awangardowe wydawnictwo. Wi\u0119kszo\u015b\u0107 \u017cycia sp\u0119dzili w Wielkiej Brytanii.<\/p><p>Franciszka by\u0142a znana z tego, \u017ce za pomoc\u0105 jednej linii potrafi\u0142a zilustrowa\u0107 ludzkie relacje i uczucia. Charakterystyczny, skr\u00f3towy styl jej rysunk\u00f3w odnajdujemy tak\u017ce w pracach malarskich.<\/p><p>Obraz <em>A person I know<\/em> (w wolnym t\u0142umaczeniu oznaczaj\u0105cy <em>Osoba, kt\u00f3r\u0105 znam<\/em>) tworz\u0105 kr\u0119te i nak\u0142adaj\u0105ce si\u0119 na siebie linie. Czy dostrzegasz w nich kszta\u0142ty ludzkich twarzy? Ile takich twarzy widzisz? Co wyra\u017caj\u0105? Czego do\u015bwiadczy\u0142y? Artystka dzia\u0142a\u0142a spontanicznie, pod wp\u0142ywem chwili, przywo\u0142ywa\u0142a uczucia, kt\u00f3re na co dzie\u0144 s\u0105 g\u0142\u0119boko ukryte. Sprawd\u017a jakie emocje obudzi w Tobie obraz<em> A person I know<\/em>?<\/p><hr \/><p>Kolejne Wystawy dla Ciebie:<br \/>\u2013 Joanna Pawlik, <em>Piosenka<\/em><br \/>\u2013 Zofia Kulik, <em>Ambasadorowie przesz\u0142o\u015bci<\/em><br \/>\u2013 Kama Sokolnicka, <em>Relations\/ Microstatics<\/em><br \/>\u2013 Wystawa publiczno\u015bci.<\/p><p>Chcesz zaanga\u017cowa\u0107 si\u0119 w stworzenie jednej z Wystaw dla Ciebie? Do\u0142\u0105cz do zespo\u0142u wsp\u00f3\u0142tworz\u0105cego wystaw\u0119 publiczno\u015bci! Napisz do nas na adres <a href=\"mailto:a.krukowska@muzeumwspolczesne.pl\">a.krukowska@muzeumwspolczesne.pl<\/a><\/p><hr \/><p>Identyfikacja wizualna: Karolina Pietrzyk<\/p><p>\u00a0<\/p><\/div><div class=\"post-files\"><div class=\"post-files-header\">Materia\u0142y do pobrania<\/div><div class=\"post-single-file\"><a href=\"https:\/\/kopiamuzeum.wambox.pl\/wp-content\/uploads\/2022\/04\/wystawa-dla-ciebie.pdf\" target=\"_blank\" rel=\"noopener\">Wystawa dla Ciebie \/ ulotka do wydrukowania<\/a><\/div><\/div>\t\t\t\t\t\t\t\t<\/div>\n\t\t\t\t<\/div>\n\t\t\t\t\t<\/div>\n\t\t<\/div>\n\t\t\t\t\t<\/div>\n\t\t<\/section>\n\t\t\t\t<section class=\"elementor-section elementor-top-section elementor-element elementor-element-0769323 elementor-section-boxed elementor-section-height-default elementor-section-height-default\" data-id=\"0769323\" data-element_type=\"section\">\n\t\t\t\t\t\t<div class=\"elementor-container elementor-column-gap-default\">\n\t\t\t\t\t<div class=\"elementor-column elementor-col-100 elementor-top-column elementor-element elementor-element-8b35bfb\" data-id=\"8b35bfb\" data-element_type=\"column\">\n\t\t\t<div class=\"elementor-widget-wrap elementor-element-populated\">\n\t\t\t\t\t\t<div class=\"elementor-element elementor-element-84f852f elementor-widget elementor-widget-image\" data-id=\"84f852f\" data-element_type=\"widget\" data-widget_type=\"image.default\">\n\t\t\t\t<div class=\"elementor-widget-container\">\n\t\t\t\t\t\t\t\t\t\t\t\t\t\t\t<img fetchpriority=\"high\" decoding=\"async\" width=\"800\" height=\"955\" src=\"https:\/\/muzeumwspolczesne.pl\/wp-content\/uploads\/2022\/05\/image-858x1024.jpeg\" class=\"attachment-large size-large wp-image-26135\" alt=\"\" srcset=\"https:\/\/muzeumwspolczesne.pl\/wp-content\/uploads\/2022\/05\/image-858x1024.jpeg 858w, https:\/\/muzeumwspolczesne.pl\/wp-content\/uploads\/2022\/05\/image-251x300.jpeg 251w, https:\/\/muzeumwspolczesne.pl\/wp-content\/uploads\/2022\/05\/image-768x917.jpeg 768w, https:\/\/muzeumwspolczesne.pl\/wp-content\/uploads\/2022\/05\/image-10x12.jpeg 10w, https:\/\/muzeumwspolczesne.pl\/wp-content\/uploads\/2022\/05\/image.jpeg 1075w\" sizes=\"(max-width: 800px) 100vw, 800px\" \/>\t\t\t\t\t\t\t\t\t\t\t\t\t\t\t<\/div>\n\t\t\t\t<\/div>\n\t\t\t\t\t<\/div>\n\t\t<\/div>\n\t\t\t\t\t<\/div>\n\t\t<\/section>\n\t\t\t\t<\/div>\n\t\t","protected":false},"excerpt":{"rendered":"<p>Wystawa dla Ciebie to miejsce bliskiego kontaktu ze sztuk\u0105. Ka\u017cda z pi\u0119ciu ekspozycji, kt\u00f3re zaplanowali\u015bmy w najbli\u017cszych miesi\u0105cach, pozwoli Ci spotka\u0107 si\u0119 z innym dzie\u0142em sztuki z mi\u0119dzynarodowej kolekcji sztuki wsp\u00f3\u0142czesnej Muzeum Wsp\u00f3\u0142czesnego Wroc\u0142aw oraz z kolekcji Dolno\u015bl\u0105skiego Towarzystwa Zach\u0119ty Sztuk Pi\u0119knych. Zapraszamy Ci\u0119 do do\u015bwiadczania i zabawy sztuk\u0105, niezale\u017cnie od Twojego wieku, poziomu wiedzy [&hellip;]<\/p>\n","protected":false},"author":6,"featured_media":26133,"parent":0,"template":"","meta":{"footnotes":""},"kategorie-edukacja":[24],"class_list":["post-26132","edukacja","type-edukacja","status-publish","has-post-thumbnail","hentry","kategorie-edukacja-mlodziez"],"_links":{"self":[{"href":"https:\/\/muzeumwspolczesne.pl\/en\/wp-json\/wp\/v2\/edukacja\/26132","targetHints":{"allow":["GET"]}}],"collection":[{"href":"https:\/\/muzeumwspolczesne.pl\/en\/wp-json\/wp\/v2\/edukacja"}],"about":[{"href":"https:\/\/muzeumwspolczesne.pl\/en\/wp-json\/wp\/v2\/types\/edukacja"}],"author":[{"embeddable":true,"href":"https:\/\/muzeumwspolczesne.pl\/en\/wp-json\/wp\/v2\/users\/6"}],"version-history":[{"count":4,"href":"https:\/\/muzeumwspolczesne.pl\/en\/wp-json\/wp\/v2\/edukacja\/26132\/revisions"}],"predecessor-version":[{"id":26138,"href":"https:\/\/muzeumwspolczesne.pl\/en\/wp-json\/wp\/v2\/edukacja\/26132\/revisions\/26138"}],"wp:featuredmedia":[{"embeddable":true,"href":"https:\/\/muzeumwspolczesne.pl\/en\/wp-json\/wp\/v2\/media\/26133"}],"wp:attachment":[{"href":"https:\/\/muzeumwspolczesne.pl\/en\/wp-json\/wp\/v2\/media?parent=26132"}],"wp:term":[{"taxonomy":"kategorie-edukacja","embeddable":true,"href":"https:\/\/muzeumwspolczesne.pl\/en\/wp-json\/wp\/v2\/kategorie-edukacja?post=26132"}],"curies":[{"name":"wp","href":"https:\/\/api.w.org\/{rel}","templated":true}]}}