{"id":26769,"date":"2020-09-01T15:57:00","date_gmt":"2020-09-01T15:57:00","guid":{"rendered":"https:\/\/muzeumwspolczesne.pl\/?post_type=edukacja&#038;p=26769"},"modified":"2024-01-29T15:58:48","modified_gmt":"2024-01-29T15:58:48","slug":"rozrusznik-bez-barier-warsztaty-integracyjne-jesien-zima","status":"publish","type":"edukacja","link":"https:\/\/muzeumwspolczesne.pl\/en\/zapowiedzi\/rozrusznik-bez-barier-warsztaty-integracyjne-jesien-zima\/","title":{"rendered":"ROZRUSZNIK BEZ BARIER \u2014 WARSZTATY INTEGRACYJNE (JESIE\u0143\/ZIMA)"},"content":{"rendered":"\t\t<div data-elementor-type=\"wp-post\" data-elementor-id=\"26769\" class=\"elementor elementor-26769\" data-elementor-post-type=\"edukacja\">\n\t\t\t\t\t\t<section class=\"elementor-section elementor-top-section elementor-element elementor-element-9381cec elementor-section-boxed elementor-section-height-default elementor-section-height-default\" data-id=\"9381cec\" data-element_type=\"section\">\n\t\t\t\t\t\t<div class=\"elementor-container elementor-column-gap-default\">\n\t\t\t\t\t<div class=\"elementor-column elementor-col-100 elementor-top-column elementor-element elementor-element-61b3e42\" data-id=\"61b3e42\" data-element_type=\"column\">\n\t\t\t<div class=\"elementor-widget-wrap elementor-element-populated\">\n\t\t\t\t\t\t<div class=\"elementor-element elementor-element-06f5e12 elementor-widget elementor-widget-text-editor\" data-id=\"06f5e12\" data-element_type=\"widget\" data-widget_type=\"text-editor.default\">\n\t\t\t\t<div class=\"elementor-widget-container\">\n\t\t\t\t\t\t\t\t\t<p>Muzeum Wsp\u00f3\u0142czesne Wroc\u0142aw zaprasza na kolejn\u0105 ods\u0142on\u0119 warsztat\u00f3w Rozrusznika bez barier. Zaj\u0119cia skierowane s\u0105 do os\u00f3b z niepe\u0142nosprawno\u015bci\u0105 intelektualn\u0105 i ruchow\u0105 w ka\u017cdym wieku: zorganizowanych grup szkolnych oraz pacjent\u00f3w o\u015brodk\u00f3w terapeutycznych.<\/p><p>Podczas edycji jesie\u0144\/zima we\u017amiemy pod lup\u0119 dzie\u0142a prezentowane na wystawach czasowych oraz sta\u0142ych. Ka\u017cde spotkanie b\u0119dzie dotyczy\u0107 wybranego obiektu artystycznego. Po przeprowadzeniu dok\u0142adnej sekcji dzie\u0142a sztuki, przyst\u0105pimy do w\u0142asnego dzia\u0142ania plastycznego. Postaramy si\u0119 stworzy\u0107 dzie\u0142o mimetyczne, aby przej\u015b\u0107 drog\u0119 procesu tworzenia zbli\u017con\u0105 do tej, kt\u00f3r\u0105 przechodzi autor dzie\u0142a. Powsta\u0142e w ten spos\u00f3b prace, przetworzone przez nasz\u0105 wra\u017cliwo\u015b\u0107 i indywidualizm \u2013 zestawimy z pierwowzorem.<\/p><p>W zwi\u0105zku z wystaw\u0105 sta\u0142\u0105 <em>Prywatne mitologie. Urodziny Marty<\/em>, przedstawiaj\u0105c\u0105 dzie\u0142a z mi\u0119dzynarodowej kolekcji sztuki wsp\u00f3\u0142czesnej MWW, zaplanowali\u015bmy w ramach Rozrusznika bez barier seri\u0119 spotka\u0144 po\u015bwi\u0119conych metodom i technikom, w jakich prezentowane prace wykonali ich autorzy \u2013 cykl: <strong>Tworzywo kolekcji<\/strong>. W ten spos\u00f3b wybrane dzie\u0142a poznamy w kontek\u015bcie r\u00f3\u017cnych sposob\u00f3w realizowania artystycznej koncepcji.<br \/>\u00a0<br \/>\u00a0<br \/><strong>Prowadz\u0105ca: Joanna Seku\u0142a<\/strong><br \/>Absolwentka wroc\u0142awskiej ASP (Wydzia\u0142 Ceramiki i Szk\u0142a), Akademii Pedagogicznej im. J. D\u0142ugosza w Cz\u0119stochowie oraz Dolno\u015bl\u0105skiej Szko\u0142y Wy\u017cszej (Arteterapia). Na co dzie\u0144 prowadzi pracowni\u0119 ceramiki w MDK \u015ar\u00f3dmie\u015bcie \u2013 Wroc\u0142aw oraz warsztaty w Muzeum Wsp\u00f3\u0142czesnym Wroc\u0142aw. Prac\u0119 dydaktyczn\u0105 opiera na tw\u00f3rczej zabawie ze sztuk\u0105, kszta\u0142tuj\u0105c wra\u017cliwo\u015b\u0107 i rozwijaj\u0105c pasj\u0119 dzieci i m\u0142odzie\u017cy. W pracy artystycznej eksperymentuje z materi\u0105 ceramiczn\u0105. Tworzy obiekty estetyczne, inspirowane wielowymiarowo\u015bci\u0105 i niejednoznaczno\u015bci\u0105 rzeczywisto\u015bci. Zafascynowana tw\u00f3rczo\u015bci\u0105 dziecka, jog\u0105 i magicznym realizmem. Uczestniczka wielu konkurs\u00f3w, wystaw i wydarze\u0144 artystycznych.<br \/>\u00a0<br \/>\u00a0<br \/><strong># \u201eTERYTORIUM\u201d, CZYLI CZ\u0141OWIEK W KR\u00d3LESTWIE ZWIERZ\u0104T<\/strong><\/p><p>Wyj\u0105tkowa wystawa pt. <em>Terytorium<\/em>, kt\u00f3r\u0105 mo\u017cna obejrze\u0107 jeszcze tylko do 8 marca \u2013 zabierze nas w podr\u00f3\u017c do \u015bwiata zwierz\u0105t, kt\u00f3ry wsp\u00f3\u0142tworzymy, b\u0119d\u0105c jego cz\u0119\u015bci\u0105. W czasie warsztatu porozmawiamy o kreowanych habitatach dla zwierz\u0105t w ogrodach zoologicznych, kt\u00f3rych zadaniem jest ochrona gatunk\u00f3w. Czy sztuczne \u015brodowiska na pewno zapewniaj\u0105 tym istotom dobrostan? Czy te\u017c w rzeczywisto\u015bci pozostaj\u0105 pozbawione wolno\u015bci i swojego miejsca? Z drugiej strony przyjrzymy si\u0119 egzystencji zwierz\u0105t ponad granicami i konfliktami, kt\u00f3re stwarza cz\u0142owiek.<\/p><p>Dialog dzie\u0142 artyst\u00f3w: Netty Laufer (artystki z Izraela) i Toma Swobody (Polska) wprowadzi nas w obszar problem\u00f3w wsp\u00f3\u0142istnienia r\u00f3\u017cnych gatunk\u00f3w na naszej planecie.<\/p><p>Podczas warsztat\u00f3w pofantazjujemy i spr\u00f3bujemy stworzy\u0107 artystyczn\u0105, prozwierz\u0119c\u0105 utopi\u0119.<br \/>\u00a0<br \/>\u00a0<br \/><strong>ARCHIWUM<\/strong><\/p><p><strong># TWORZYWO KOLEKCJI 3, CZYLI PERCEPCJA OD PODSZEWKI<\/strong><\/p><p>S\u0142owa klucze: to\u017csamo\u015b\u0107 \/ pami\u0119\u0107 i historia \/ cia\u0142o \/ ubi\u00f3r<\/p><p>Podczas pa\u017adziernikowego spotkania przyjrzymy si\u0119 dzie\u0142om wsp\u00f3\u0142czesnego fotografa \u2013 Paw\u0142a Bownika, kt\u00f3ry za po\u015brednictwem swojej tw\u00f3rczo\u015bci podzieli si\u0119 z nami alternatywnym sposobem postrzegania rzeczywisto\u015bci \u2013 od drugiej, tak zwanej \u201elewej strony\u201d.<\/p><p>Str\u00f3j, ubi\u00f3r, kostium \u2013 jakie ma dla nas znaczenie? Jak wygl\u0105da\u0142by garnitur prezydencki odwr\u00f3cony na lew\u0105 stron\u0119? Co to znaczy \u201epozna\u0107 kogo\u015b\/co\u015b od podszewki\u201d?<\/p><p>W czasie warsztat\u00f3w przestudiujemy ukryte sensy i znaczenia prezentowanych na fotografiach przedmiot\u00f3w-ubior\u00f3w, sk\u0142adaj\u0105cych si\u0119 na cykl <em>Rewersy<\/em>. Spr\u00f3bujemy wyobrazi\u0107 sobie osobowo\u015bci os\u00f3b, kt\u00f3re nosi\u0142y stroje sfotografowane przez artyst\u0119. Wykorzystamy nietypow\u0105 metod\u0119 artysty \u2013 poprzez tw\u00f3rcze dzia\u0142anie sprawdzimy, co kryje si\u0119 \u201ena odwrocie\u201d, \u201ewewn\u0105trz\u201d ka\u017cdego z nas.<\/p><p>Wystaw\u0119 <em>Prywatne mitologie. Urodziny Marty<\/em> dofinansowano ze \u015brodk\u00f3w Ministra Kultury i Dziedzictwa Narodowego. Zakupy prac dofinansowano ze \u015brodk\u00f3w Ministra Kultury i Dziedzictwa Narodowego pochodz\u0105cych z Funduszu Promocji Kultury w ramach programu Narodowe kolekcje sztuki wsp\u00f3\u0142czesnej.<br \/><img decoding=\"async\" src=\"https:\/\/kopiamuzeum.wambox.pl\/home\/wambox\/domains\/wambox.pl\/public_html\/kopiamuzeum\/wp-content\/uploads\/2018\/08\/MKiDN-PL.jpg\" alt=\"https:\/\/kopiamuzeum.wambox.pl\/home\/wambox\/domains\/wambox.pl\/public_html\/kopiamuzeum\/wp-content\/uploads\/2018\/08\/MKiDN-PL.jpg\" \/><br \/>\u00a0<br \/>\u00a0<br \/><strong># \u201eZASOBY NATURALNE\u201d, CZYLI ODKRYWANIE TEGO CO JEST<\/strong><\/p><p>Jesie\u0144 to wyj\u0105tkowy czas przemian. Naturalny proces obumierania cz\u0119\u015bci przyrody, kt\u00f3remu towarzysz\u0105 malarskie efekty wizualne, stanowi dobry punkt wyj\u015bcia dla refleksji, zw\u0142aszcza w sytuacji, w kt\u00f3rej si\u0119 znajdujemy.<\/p><p>Ograniczenia zwi\u0105zane z pandemi\u0105 konfrontuj\u0105 nas z tym co najwa\u017cniejsze, z istot\u0105 w\u0142asnej egzystencji. To czas treningu uwa\u017cno\u015bci \u201etu i teraz\u201d.<\/p><p>Wizyta na wystawie, prezentuj\u0105cej wybrane dzie\u0142a z kolekcji DTZSP, pozwoli nam zobaczy\u0107 obiekty przechowywane na co dzie\u0144 w muzealnych magazynach. To one stanowi\u0105 \u201enaturalne zasoby\u201d kultury, r\u00f3wnie\u017c tej dost\u0119pnej on-line.<\/p><p>Podczas spotkania warsztatowego przyjrzymy si\u0119 naszym w\u0142asnym zasobom, z kt\u00f3rych warto korzysta\u0107 ze \u015bwiadomo\u015bci\u0105, i\u017c najwa\u017cniejsze jest ju\u017c w naszym zasi\u0119gu.<\/p>\t\t\t\t\t\t\t\t<\/div>\n\t\t\t\t<\/div>\n\t\t\t\t\t<\/div>\n\t\t<\/div>\n\t\t\t\t\t<\/div>\n\t\t<\/section>\n\t\t\t\t<section class=\"elementor-section elementor-top-section elementor-element elementor-element-5acdf3d elementor-section-boxed elementor-section-height-default elementor-section-height-default\" data-id=\"5acdf3d\" data-element_type=\"section\">\n\t\t\t\t\t\t<div class=\"elementor-container elementor-column-gap-default\">\n\t\t\t\t\t<div class=\"elementor-column elementor-col-100 elementor-top-column elementor-element elementor-element-eabcef5\" data-id=\"eabcef5\" data-element_type=\"column\">\n\t\t\t<div class=\"elementor-widget-wrap elementor-element-populated\">\n\t\t\t\t\t\t<div class=\"elementor-element elementor-element-975c7a7 elementor-widget elementor-widget-gallery\" data-id=\"975c7a7\" data-element_type=\"widget\" data-settings=\"{&quot;lazyload&quot;:&quot;yes&quot;,&quot;gallery_layout&quot;:&quot;grid&quot;,&quot;columns&quot;:4,&quot;columns_tablet&quot;:2,&quot;columns_mobile&quot;:1,&quot;gap&quot;:{&quot;unit&quot;:&quot;px&quot;,&quot;size&quot;:10,&quot;sizes&quot;:[]},&quot;gap_tablet&quot;:{&quot;unit&quot;:&quot;px&quot;,&quot;size&quot;:10,&quot;sizes&quot;:[]},&quot;gap_mobile&quot;:{&quot;unit&quot;:&quot;px&quot;,&quot;size&quot;:10,&quot;sizes&quot;:[]},&quot;link_to&quot;:&quot;file&quot;,&quot;aspect_ratio&quot;:&quot;3:2&quot;,&quot;overlay_background&quot;:&quot;yes&quot;,&quot;content_hover_animation&quot;:&quot;fade-in&quot;}\" data-widget_type=\"gallery.default\">\n\t\t\t\t<div class=\"elementor-widget-container\">\n\t\t\t\t\t\t\t<div class=\"elementor-gallery__container\">\n\t\t\t\t\t\t\t<a class=\"e-gallery-item elementor-gallery-item elementor-animated-content\" href=\"https:\/\/muzeumwspolczesne.pl\/wp-content\/uploads\/2024\/01\/image-1505.jpeg\" data-elementor-open-lightbox=\"yes\" data-elementor-lightbox-slideshow=\"975c7a7\" data-elementor-lightbox-title=\"image\" data-e-action-hash=\"#elementor-action%3Aaction%3Dlightbox%26settings%3DeyJpZCI6MjY3NzIsInVybCI6Imh0dHBzOlwvXC9tdXpldW13c3BvbGN6ZXNuZS5wbFwvd3AtY29udGVudFwvdXBsb2Fkc1wvMjAyNFwvMDFcL2ltYWdlLTE1MDUuanBlZyIsInNsaWRlc2hvdyI6Ijk3NWM3YTcifQ%3D%3D\">\n\t\t\t\t\t<div class=\"e-gallery-image elementor-gallery-item__image\" data-thumbnail=\"https:\/\/muzeumwspolczesne.pl\/wp-content\/uploads\/2024\/01\/image-1505-300x300.jpeg\" data-width=\"300\" data-height=\"300\" aria-label=\"\" role=\"img\" ><\/div>\n\t\t\t\t\t\t\t\t\t\t\t<div class=\"elementor-gallery-item__overlay\"><\/div>\n\t\t\t\t\t\t\t\t\t\t\t\t\t\t<\/a>\n\t\t\t\t\t\t\t<a class=\"e-gallery-item elementor-gallery-item elementor-animated-content\" href=\"https:\/\/muzeumwspolczesne.pl\/wp-content\/uploads\/2024\/01\/image-1506.jpeg\" data-elementor-open-lightbox=\"yes\" data-elementor-lightbox-slideshow=\"975c7a7\" data-elementor-lightbox-title=\"SONY DSC\" data-e-action-hash=\"#elementor-action%3Aaction%3Dlightbox%26settings%3DeyJpZCI6MjY3NzMsInVybCI6Imh0dHBzOlwvXC9tdXpldW13c3BvbGN6ZXNuZS5wbFwvd3AtY29udGVudFwvdXBsb2Fkc1wvMjAyNFwvMDFcL2ltYWdlLTE1MDYuanBlZyIsInNsaWRlc2hvdyI6Ijk3NWM3YTcifQ%3D%3D\">\n\t\t\t\t\t<div class=\"e-gallery-image elementor-gallery-item__image\" data-thumbnail=\"https:\/\/muzeumwspolczesne.pl\/wp-content\/uploads\/2024\/01\/image-1506-199x300.jpeg\" data-width=\"199\" data-height=\"300\" aria-label=\"\" role=\"img\" ><\/div>\n\t\t\t\t\t\t\t\t\t\t\t<div class=\"elementor-gallery-item__overlay\"><\/div>\n\t\t\t\t\t\t\t\t\t\t\t\t\t\t<\/a>\n\t\t\t\t\t\t\t<a class=\"e-gallery-item elementor-gallery-item elementor-animated-content\" href=\"https:\/\/muzeumwspolczesne.pl\/wp-content\/uploads\/2024\/01\/image-1507.jpeg\" data-elementor-open-lightbox=\"yes\" data-elementor-lightbox-slideshow=\"975c7a7\" data-elementor-lightbox-title=\"SONY DSC\" data-e-action-hash=\"#elementor-action%3Aaction%3Dlightbox%26settings%3DeyJpZCI6MjY3NzQsInVybCI6Imh0dHBzOlwvXC9tdXpldW13c3BvbGN6ZXNuZS5wbFwvd3AtY29udGVudFwvdXBsb2Fkc1wvMjAyNFwvMDFcL2ltYWdlLTE1MDcuanBlZyIsInNsaWRlc2hvdyI6Ijk3NWM3YTcifQ%3D%3D\">\n\t\t\t\t\t<div class=\"e-gallery-image elementor-gallery-item__image\" data-thumbnail=\"https:\/\/muzeumwspolczesne.pl\/wp-content\/uploads\/2024\/01\/image-1507-300x206.jpeg\" data-width=\"300\" data-height=\"206\" aria-label=\"\" role=\"img\" ><\/div>\n\t\t\t\t\t\t\t\t\t\t\t<div class=\"elementor-gallery-item__overlay\"><\/div>\n\t\t\t\t\t\t\t\t\t\t\t\t\t\t<\/a>\n\t\t\t\t\t\t\t<a class=\"e-gallery-item elementor-gallery-item elementor-animated-content\" href=\"https:\/\/muzeumwspolczesne.pl\/wp-content\/uploads\/2024\/01\/image-1508.jpeg\" data-elementor-open-lightbox=\"yes\" data-elementor-lightbox-slideshow=\"975c7a7\" data-elementor-lightbox-title=\"SONY DSC\" data-e-action-hash=\"#elementor-action%3Aaction%3Dlightbox%26settings%3DeyJpZCI6MjY3NzUsInVybCI6Imh0dHBzOlwvXC9tdXpldW13c3BvbGN6ZXNuZS5wbFwvd3AtY29udGVudFwvdXBsb2Fkc1wvMjAyNFwvMDFcL2ltYWdlLTE1MDguanBlZyIsInNsaWRlc2hvdyI6Ijk3NWM3YTcifQ%3D%3D\">\n\t\t\t\t\t<div class=\"e-gallery-image elementor-gallery-item__image\" data-thumbnail=\"https:\/\/muzeumwspolczesne.pl\/wp-content\/uploads\/2024\/01\/image-1508-300x191.jpeg\" data-width=\"300\" data-height=\"191\" aria-label=\"\" role=\"img\" ><\/div>\n\t\t\t\t\t\t\t\t\t\t\t<div class=\"elementor-gallery-item__overlay\"><\/div>\n\t\t\t\t\t\t\t\t\t\t\t\t\t\t<\/a>\n\t\t\t\t\t\t\t<a class=\"e-gallery-item elementor-gallery-item elementor-animated-content\" href=\"https:\/\/muzeumwspolczesne.pl\/wp-content\/uploads\/2024\/01\/image-1509.jpeg\" data-elementor-open-lightbox=\"yes\" data-elementor-lightbox-slideshow=\"975c7a7\" data-elementor-lightbox-title=\"SONY DSC\" data-e-action-hash=\"#elementor-action%3Aaction%3Dlightbox%26settings%3DeyJpZCI6MjY3NzYsInVybCI6Imh0dHBzOlwvXC9tdXpldW13c3BvbGN6ZXNuZS5wbFwvd3AtY29udGVudFwvdXBsb2Fkc1wvMjAyNFwvMDFcL2ltYWdlLTE1MDkuanBlZyIsInNsaWRlc2hvdyI6Ijk3NWM3YTcifQ%3D%3D\">\n\t\t\t\t\t<div class=\"e-gallery-image elementor-gallery-item__image\" data-thumbnail=\"https:\/\/muzeumwspolczesne.pl\/wp-content\/uploads\/2024\/01\/image-1509-300x177.jpeg\" data-width=\"300\" data-height=\"177\" aria-label=\"\" role=\"img\" ><\/div>\n\t\t\t\t\t\t\t\t\t\t\t<div class=\"elementor-gallery-item__overlay\"><\/div>\n\t\t\t\t\t\t\t\t\t\t\t\t\t\t<\/a>\n\t\t\t\t\t<\/div>\n\t\t\t\t\t<\/div>\n\t\t\t\t<\/div>\n\t\t\t\t\t<\/div>\n\t\t<\/div>\n\t\t\t\t\t<\/div>\n\t\t<\/section>\n\t\t\t\t<section class=\"elementor-section elementor-top-section elementor-element elementor-element-d8eadd5 elementor-section-boxed elementor-section-height-default elementor-section-height-default\" data-id=\"d8eadd5\" data-element_type=\"section\">\n\t\t\t\t\t\t<div class=\"elementor-container elementor-column-gap-default\">\n\t\t\t\t\t<div class=\"elementor-column elementor-col-100 elementor-top-column elementor-element elementor-element-569d1a2\" data-id=\"569d1a2\" data-element_type=\"column\">\n\t\t\t<div class=\"elementor-widget-wrap elementor-element-populated\">\n\t\t\t\t\t\t<div class=\"elementor-element elementor-element-3e291d4 elementor-widget elementor-widget-text-editor\" data-id=\"3e291d4\" data-element_type=\"widget\" data-widget_type=\"text-editor.default\">\n\t\t\t\t<div class=\"elementor-widget-container\">\n\t\t\t\t\t\t\t\t\t<p><span style=\"letter-spacing: normal; font-family: BauPLRegular, sans-serif; font-size: 11px; background-color: rgb(251, 251, 251);\">Prowadzenie warsztat\u00f3w:<\/span><br style=\"letter-spacing: normal; font-family: BauPLRegular, sans-serif; font-size: 11px;\"><span style=\"letter-spacing: normal; font-family: BauPLRegular, sans-serif; font-size: 11px; background-color: rgb(251, 251, 251);\">Joanna Seku\u0142a<\/span><br style=\"letter-spacing: normal; font-family: BauPLRegular, sans-serif; font-size: 11px;\"><br style=\"letter-spacing: normal; font-family: BauPLRegular, sans-serif; font-size: 11px;\"><span style=\"letter-spacing: normal; font-family: BauPLRegular, sans-serif; font-size: 11px; background-color: rgb(251, 251, 251);\">Spotkania s\u0105 bezp\u0142atne,&nbsp;<\/span><br style=\"letter-spacing: normal; font-family: BauPLRegular, sans-serif; font-size: 11px;\"><span style=\"letter-spacing: normal; font-family: BauPLRegular, sans-serif; font-size: 11px; background-color: rgb(251, 251, 251);\">ale obowi\u0105zuje&nbsp;<\/span><br style=\"letter-spacing: normal; font-family: BauPLRegular, sans-serif; font-size: 11px;\"><span style=\"letter-spacing: normal; font-family: BauPLRegular, sans-serif; font-size: 11px; background-color: rgb(251, 251, 251);\">rezerwacja telefoniczna:&nbsp;<\/span><br style=\"letter-spacing: normal; font-family: BauPLRegular, sans-serif; font-size: 11px;\"><span style=\"letter-spacing: normal; font-family: BauPLRegular, sans-serif; font-size: 11px; background-color: rgb(251, 251, 251);\">501 466 319<\/span><br><\/p>\t\t\t\t\t\t\t\t<\/div>\n\t\t\t\t<\/div>\n\t\t\t\t\t<\/div>\n\t\t<\/div>\n\t\t\t\t\t<\/div>\n\t\t<\/section>\n\t\t\t\t<\/div>\n\t\t","protected":false},"excerpt":{"rendered":"<p>Muzeum Wsp\u00f3\u0142czesne Wroc\u0142aw zaprasza na kolejn\u0105 ods\u0142on\u0119 warsztat\u00f3w Rozrusznika bez barier. Zaj\u0119cia skierowane s\u0105 do os\u00f3b z niepe\u0142nosprawno\u015bci\u0105 intelektualn\u0105 i ruchow\u0105 w ka\u017cdym wieku: zorganizowanych grup szkolnych oraz pacjent\u00f3w o\u015brodk\u00f3w terapeutycznych. Podczas edycji jesie\u0144\/zima we\u017amiemy pod lup\u0119 dzie\u0142a prezentowane na wystawach czasowych oraz sta\u0142ych. Ka\u017cde spotkanie b\u0119dzie dotyczy\u0107 wybranego obiektu artystycznego. Po przeprowadzeniu dok\u0142adnej sekcji [&hellip;]<\/p>\n","protected":false},"author":6,"featured_media":26770,"parent":0,"template":"","meta":{"footnotes":""},"kategorie-edukacja":[27],"class_list":["post-26769","edukacja","type-edukacja","status-publish","has-post-thumbnail","hentry","kategorie-edukacja-bez-barier"],"_links":{"self":[{"href":"https:\/\/muzeumwspolczesne.pl\/en\/wp-json\/wp\/v2\/edukacja\/26769","targetHints":{"allow":["GET"]}}],"collection":[{"href":"https:\/\/muzeumwspolczesne.pl\/en\/wp-json\/wp\/v2\/edukacja"}],"about":[{"href":"https:\/\/muzeumwspolczesne.pl\/en\/wp-json\/wp\/v2\/types\/edukacja"}],"author":[{"embeddable":true,"href":"https:\/\/muzeumwspolczesne.pl\/en\/wp-json\/wp\/v2\/users\/6"}],"version-history":[{"count":4,"href":"https:\/\/muzeumwspolczesne.pl\/en\/wp-json\/wp\/v2\/edukacja\/26769\/revisions"}],"predecessor-version":[{"id":26779,"href":"https:\/\/muzeumwspolczesne.pl\/en\/wp-json\/wp\/v2\/edukacja\/26769\/revisions\/26779"}],"wp:featuredmedia":[{"embeddable":true,"href":"https:\/\/muzeumwspolczesne.pl\/en\/wp-json\/wp\/v2\/media\/26770"}],"wp:attachment":[{"href":"https:\/\/muzeumwspolczesne.pl\/en\/wp-json\/wp\/v2\/media?parent=26769"}],"wp:term":[{"taxonomy":"kategorie-edukacja","embeddable":true,"href":"https:\/\/muzeumwspolczesne.pl\/en\/wp-json\/wp\/v2\/kategorie-edukacja?post=26769"}],"curies":[{"name":"wp","href":"https:\/\/api.w.org\/{rel}","templated":true}]}}