{"id":26780,"date":"2020-09-05T15:59:00","date_gmt":"2020-09-05T15:59:00","guid":{"rendered":"https:\/\/muzeumwspolczesne.pl\/?post_type=edukacja&#038;p=26780"},"modified":"2024-01-29T15:59:43","modified_gmt":"2024-01-29T15:59:43","slug":"niewidzialny-manhattan-alternatywna-topografia-osiedla-plac-grunwaldzki","status":"publish","type":"edukacja","link":"https:\/\/muzeumwspolczesne.pl\/en\/zapowiedzi\/niewidzialny-manhattan-alternatywna-topografia-osiedla-plac-grunwaldzki\/","title":{"rendered":"NIEWIDZIALNY MANHATTAN. ALTERNATYWNA TOPOGRAFIA OSIEDLA PLAC GRUNWALDZKI"},"content":{"rendered":"\t\t<div data-elementor-type=\"wp-post\" data-elementor-id=\"26780\" class=\"elementor elementor-26780\" data-elementor-post-type=\"edukacja\">\n\t\t\t\t\t\t<section class=\"elementor-section elementor-top-section elementor-element elementor-element-39fbaee elementor-section-boxed elementor-section-height-default elementor-section-height-default\" data-id=\"39fbaee\" data-element_type=\"section\">\n\t\t\t\t\t\t<div class=\"elementor-container elementor-column-gap-default\">\n\t\t\t\t\t<div class=\"elementor-column elementor-col-100 elementor-top-column elementor-element elementor-element-a30883e\" data-id=\"a30883e\" data-element_type=\"column\">\n\t\t\t<div class=\"elementor-widget-wrap elementor-element-populated\">\n\t\t\t\t\t\t<div class=\"elementor-element elementor-element-a106c18 elementor-widget elementor-widget-text-editor\" data-id=\"a106c18\" data-element_type=\"widget\" data-widget_type=\"text-editor.default\">\n\t\t\t\t<div class=\"elementor-widget-container\">\n\t\t\t\t\t\t\t\t\t<div class=\"post-content\"><p><strong>Terminy spacer\u00f3w:<\/strong><br \/>\u2014 5 wrze\u015bnia 2020 (sobota), godz.13.00\u201316.00<br \/>\u2014 19 wrze\u015bnia 2020 (sobota), godz. 10.00\u201313.00<br \/>\u2014 26 wrze\u015bnia 2020 (sobota), godz. 10.00\u201313.00<br \/>\u2014 3 pa\u017adziernika 2020 (sobota), godz. 13.00\u201316.00<br \/>\u00a0<\/p><hr \/><p>\u00a0<br \/><audio id=\"audio-12211-1\" class=\"wp-audio-shortcode\" preload=\"none\" controls=\"controls\" data-mce-fragment=\"1\"><\/audio><\/p><p>Maciej B\u0105czyk. Podsumowanie cyklu Niewidzialny Manhattan<br \/>\u00a0<\/p><hr \/><p>Czy wiesz, \u017ce ka\u017cdy z nas postrzega otoczenie w zupe\u0142nie inny spos\u00f3b? Dlaczego wobec jednych miejsc przechodzimy oboj\u0119tnie, podczas gdy inne wywo\u0142uj\u0105 w nas emocje? Co w architekturze jest szczeg\u00f3lnie istotne?<\/p><p>Zapraszamy do udzia\u0142u w cyklu spacer\u00f3w, podczas kt\u00f3rych zbadamy architektur\u0119 osiedla Plac Grunwaldzki, zwracaj\u0105c uwag\u0119 na te do\u015bwiadczenia, kt\u00f3re tylko z pozoru nie maj\u0105 \u017cadnego znaczenia.<\/p><p>Szczeg\u00f3lnie zach\u0119camy do wzi\u0119cia udzia\u0142u w warsztatach osoby niewidome i s\u0142abowidz\u0105ce. Wasza perspektywa ma tu kluczowe znaczenie! Liczymy, \u017ce wsp\u00f3lnie odkryjemy t\u0119 warstw\u0119 architektury, kt\u00f3ra cz\u0119sto bywa ignorowana, ze wzgl\u0119du na to, i\u017c przywykli\u015bmy kierowa\u0107 si\u0119 wzrokiem, a przez to docenia\u0107 jedynie to, co wizualne.<\/p><p>Co wi\u0119cej, w czasie spacer\u00f3w spotkamy si\u0119 z osobami, kt\u00f3re przybli\u017c\u0105 nam histori\u0119 osiedla, skomentuj\u0105 architektoniczne detale lub te\u017c opowiedz\u0105 nam jak mieszka si\u0119 w tym wyj\u0105tkowym miejscu!<\/p><p>Jak du\u017ce s\u0105 przestrzenie wewn\u0105trz \u201eSedesowc\u00f3w\u201d? Jak d\u0142ugo trzeba jecha\u0107 wind\u0105 na ostatnie pi\u0119tra wie\u017cowc\u00f3w? Wsp\u00f3lnie sprawdzimy, co znajduje si\u0119 wzd\u0142u\u017c chodnik\u00f3w i na \u201ezapleczach\u201d Manhattanu! Podczas poszczeg\u00f3lnych spotka\u0144 b\u0119dziemy odwiedza\u0107 inne rejony osiedla, a na koniec ka\u017cdego z nich, korzystaj\u0105c z go\u015bcinno\u015bci FANDOMu, w komfortowych warunkach porozmawiamy o naszych wra\u017ceniach.<\/p><p>Prowadz\u0105cy: <strong>Maciej B\u0105czyk<\/strong> \u2013 mieszka i pracuje we Wroc\u0142awiu. Uko\u0144czy\u0142 Kulturoznawstwo na Uniwersytecie Wroc\u0142awskim oraz studia doktoranckie na Akademii Sztuk Pi\u0119knych im. E. Gepperta we Wroc\u0142awiu. Zajmuje si\u0119 d\u017awi\u0119kiem i obrazem, zar\u00f3wno w praktyce, jak i w teorii. W 2006 roku wystaw\u0105 Niewidzialna mapa Wroc\u0142awia debiutowa\u0142 w galerii Awangarda BWA Wroc\u0142aw. Efektem projektu by\u0142a publikacja przewodnika po Wroc\u0142awiu w ca\u0142o\u015bci opartego na refleksji i wiedzy niewidomych mieszka\u0144c\u00f3w.<\/p><p><strong>INFORMACJE O ZAPISACH:<\/strong><\/p><p>W ka\u017cdych zaj\u0119ciach mo\u017ce wzi\u0105\u0107 udzia\u0142 maksymalnie 5 os\u00f3b. Pierwsze\u0144stwo maj\u0105 osoby z dysfunkcjami wzroku.<\/p><p>Zg\u0142oszenia na dany warsztat przyjmujemy najp\u00f3\u017aniej do czwartku poprzedzaj\u0105cego wybrany termin spotkania (do godz. 16.00).<\/p><p><strong>Na warsztaty mo\u017cna zg\u0142osi\u0107 si\u0119:<br \/>\u2014 telefonicznie (71 356 42 53) lub<br \/>\u2014 <a href=\"https:\/\/docs.google.com\/forms\/d\/1RxF_sQEdvfBjnor34c2qU47eEWPoQWMbn_TVdf48NP0\/\">przez formularz zg\u0142oszeniowy &gt;&gt;&gt; <\/a><\/strong><\/p><p>Bardzo prosimy o informowanie z minimum trzydniowym wyprzedzeniem o rezygnacji z udzia\u0142u w warsztacie, tylko w ten spos\u00f3b uczestnicy wpisani na listy rezerwowe b\u0119d\u0105 mogli skorzysta\u0107 z zaj\u0119\u0107.<\/p><p>W czasie spaceru prosimy o zachowanie bezpiecznej odleg\u0142o\u015bci mi\u0119dzy uczestnikami, a podczas przebywania w przestrzeni zamkni\u0119tej o zakrywanie ust i nosa.<\/p><p>Zbi\u00f3rka uczestnik\u00f3w przed budynkiem Fandomu, adres: plac Grunwaldzki 6 [<a href=\"https:\/\/goo.gl\/maps\/Sr2YuvbRx3CdZ2Bx5\">zobacz na mapie &gt;&gt;&gt;<\/a>].<\/p><p>Zaj\u0119cia s\u0105 cz\u0119\u015bci\u0105 cyklu spacer\u00f3w architektoniczno-urbanistycznych realizowanych w ramach <a href=\"https:\/\/www.sympozjum7020.pl\/\">Sympozjum Wroc\u0142aw 70\/20<\/a> \u2013 oddolnego programu obchod\u00f3w 50. rocznicy Sympozjum Plastycznego Wroc\u0142aw \u201970.<br \/><img decoding=\"async\" src=\"https:\/\/kopiamuzeum.wambox.pl\/home\/wambox\/domains\/wambox.pl\/public_html\/kopiamuzeum\/wp-content\/uploads\/2020\/05\/logo_www_sympozjum_70_20.jpg\" alt=\"https:\/\/kopiamuzeum.wambox.pl\/home\/wambox\/domains\/wambox.pl\/public_html\/kopiamuzeum\/wp-content\/uploads\/2020\/05\/logo_www_sympozjum_70_20.jpg\" width=\"200\" height=\"75\" \/><\/p><p>Dofinansowano ze \u015brodk\u00f3w Ministra Kultury i Dziedzictwa Narodowego pochodz\u0105cych z Funduszu Promocji Kultury, uzyskanych z dop\u0142at ustanowionych w grach obj\u0119tych monopolem pa\u0144stwa, zgodnie z art. 80 ust. 1 ustawy z dnia 19 listopada 2009 r. o grach hazardowych.<br \/><img decoding=\"async\" src=\"https:\/\/kopiamuzeum.wambox.pl\/home\/wambox\/domains\/wambox.pl\/public_html\/kopiamuzeum\/wp-content\/uploads\/2018\/08\/MKiDN-PL.jpg\" alt=\"https:\/\/kopiamuzeum.wambox.pl\/home\/wambox\/domains\/wambox.pl\/public_html\/kopiamuzeum\/wp-content\/uploads\/2018\/08\/MKiDN-PL.jpg\" \/><\/p><p>\u00a0<\/p><\/div><div class=\"post-files\"><div class=\"post-files-header\">Materia\u0142y do pobrania<\/div><div class=\"post-single-file\"><a href=\"https:\/\/kopiamuzeum.wambox.pl\/wp-content\/uploads\/2021\/01\/Niewidzialny-Manhattan-mapa.pdf\" target=\"_blank\" rel=\"noopener\"># Niewidzialny Manhattan. Mapa<\/a><\/div><\/div>\t\t\t\t\t\t\t\t<\/div>\n\t\t\t\t<\/div>\n\t\t\t\t\t<\/div>\n\t\t<\/div>\n\t\t\t\t\t<\/div>\n\t\t<\/section>\n\t\t\t\t<\/div>\n\t\t","protected":false},"excerpt":{"rendered":"<p>Terminy spacer\u00f3w:\u2014 5 wrze\u015bnia 2020 (sobota), godz.13.00\u201316.00\u2014 19 wrze\u015bnia 2020 (sobota), godz. 10.00\u201313.00\u2014 26 wrze\u015bnia 2020 (sobota), godz. 10.00\u201313.00\u2014 3 pa\u017adziernika 2020 (sobota), godz. 13.00\u201316.00\u00a0 \u00a0 Maciej B\u0105czyk. Podsumowanie cyklu Niewidzialny Manhattan\u00a0 Czy wiesz, \u017ce ka\u017cdy z nas postrzega otoczenie w zupe\u0142nie inny spos\u00f3b? Dlaczego wobec jednych miejsc przechodzimy oboj\u0119tnie, podczas gdy inne wywo\u0142uj\u0105 w [&hellip;]<\/p>\n","protected":false},"author":6,"featured_media":26781,"parent":0,"template":"","meta":{"footnotes":""},"kategorie-edukacja":[27],"class_list":["post-26780","edukacja","type-edukacja","status-publish","has-post-thumbnail","hentry","kategorie-edukacja-bez-barier"],"_links":{"self":[{"href":"https:\/\/muzeumwspolczesne.pl\/en\/wp-json\/wp\/v2\/edukacja\/26780","targetHints":{"allow":["GET"]}}],"collection":[{"href":"https:\/\/muzeumwspolczesne.pl\/en\/wp-json\/wp\/v2\/edukacja"}],"about":[{"href":"https:\/\/muzeumwspolczesne.pl\/en\/wp-json\/wp\/v2\/types\/edukacja"}],"author":[{"embeddable":true,"href":"https:\/\/muzeumwspolczesne.pl\/en\/wp-json\/wp\/v2\/users\/6"}],"version-history":[{"count":4,"href":"https:\/\/muzeumwspolczesne.pl\/en\/wp-json\/wp\/v2\/edukacja\/26780\/revisions"}],"predecessor-version":[{"id":26785,"href":"https:\/\/muzeumwspolczesne.pl\/en\/wp-json\/wp\/v2\/edukacja\/26780\/revisions\/26785"}],"wp:featuredmedia":[{"embeddable":true,"href":"https:\/\/muzeumwspolczesne.pl\/en\/wp-json\/wp\/v2\/media\/26781"}],"wp:attachment":[{"href":"https:\/\/muzeumwspolczesne.pl\/en\/wp-json\/wp\/v2\/media?parent=26780"}],"wp:term":[{"taxonomy":"kategorie-edukacja","embeddable":true,"href":"https:\/\/muzeumwspolczesne.pl\/en\/wp-json\/wp\/v2\/kategorie-edukacja?post=26780"}],"curies":[{"name":"wp","href":"https:\/\/api.w.org\/{rel}","templated":true}]}}