{"id":26792,"date":"2019-09-27T16:01:00","date_gmt":"2019-09-27T16:01:00","guid":{"rendered":"https:\/\/muzeumwspolczesne.pl\/?post_type=edukacja&#038;p=26792"},"modified":"2024-01-29T16:01:59","modified_gmt":"2024-01-29T16:01:59","slug":"rozrusznik-bez-barier-warsztaty-integracyjne-jesien-zima-2","status":"publish","type":"edukacja","link":"https:\/\/muzeumwspolczesne.pl\/en\/zapowiedzi\/rozrusznik-bez-barier-warsztaty-integracyjne-jesien-zima-2\/","title":{"rendered":"ROZRUSZNIK BEZ BARIER \u2014 WARSZTATY INTEGRACYJNE (JESIE\u0143\/ZIMA)"},"content":{"rendered":"\t\t<div data-elementor-type=\"wp-post\" data-elementor-id=\"26792\" class=\"elementor elementor-26792\" data-elementor-post-type=\"edukacja\">\n\t\t\t\t\t\t<section class=\"elementor-section elementor-top-section elementor-element elementor-element-c5bacde elementor-section-boxed elementor-section-height-default elementor-section-height-default\" data-id=\"c5bacde\" data-element_type=\"section\">\n\t\t\t\t\t\t<div class=\"elementor-container elementor-column-gap-default\">\n\t\t\t\t\t<div class=\"elementor-column elementor-col-100 elementor-top-column elementor-element elementor-element-f883a41\" data-id=\"f883a41\" data-element_type=\"column\">\n\t\t\t<div class=\"elementor-widget-wrap elementor-element-populated\">\n\t\t\t\t\t\t<div class=\"elementor-element elementor-element-e8c9d7e elementor-widget elementor-widget-text-editor\" data-id=\"e8c9d7e\" data-element_type=\"widget\" data-widget_type=\"text-editor.default\">\n\t\t\t\t<div class=\"elementor-widget-container\">\n\t\t\t\t\t\t\t\t\t<p>Muzeum Wsp\u00f3\u0142czesne Wroc\u0142aw zaprasza na kolejn\u0105 ods\u0142on\u0119 warsztat\u00f3w Rozrusznik bez barier. Zaj\u0119cia skierowane s\u0105 do os\u00f3b z niepe\u0142nosprawno\u015bci\u0105 intelektualn\u0105 i ruchow\u0105 w ka\u017cdym wieku: zorganizowanych grup szkolnych oraz pacjent\u00f3w o\u015brodk\u00f3w terapeutycznych.<\/p><p>Podczas edycji jesie\u0144\/zima we\u017amiemy pod lup\u0119 dzie\u0142a prezentowane na wystawach czasowych oraz sta\u0142ych. Spotkania b\u0119d\u0105 odbywa\u0107 si\u0119 w comiesi\u0119cznych odst\u0119pach, a ka\u017cde dotyczy\u0107 b\u0119dzie wybranego obiektu artystycznego. Po przeprowadzeniu dok\u0142adnej sekcji dzie\u0142a sztuki, przyst\u0105pimy do w\u0142asnego dzia\u0142ania plastycznego. Postaramy si\u0119 stworzy\u0107 dzie\u0142o mimetyczne, aby przej\u015b\u0107 drog\u0119 procesu tworzenia zbli\u017con\u0105 do tej, kt\u00f3r\u0105 przechodzi autor dzie\u0142a. Powsta\u0142e w ten spos\u00f3b prace, przetworzone przez nasz\u0105 wra\u017cliwo\u015b\u0107 i indywidualizm, zestawimy z pierwowzorem.<\/p><p>W zwi\u0105zku z wystaw\u0105 sta\u0142\u0105 <em><a href=\"https:\/\/wambox.muzeum.pl\/home\/wambox\/domains\/wambox.pl\/public_html\/kopiamuzeum\/wystawy\/wystawa-stala-prywatne-mitologie-urodziny-marty\/\">Prywatne mitologie. Urodziny Marty<\/a><\/em>, przedstawiaj\u0105c\u0105 dzie\u0142a z mi\u0119dzynarodowej kolekcji sztuki wsp\u00f3\u0142czesnej MWW, zaplanowali\u015bmy w ramach <strong>Rozrusznika bez barier<\/strong>seri\u0119 spotka\u0144 po\u015bwi\u0119conych metodom i technikom, w jakich prezentowane prace wykonali ich autorzy \u2013 cykl: <strong>Tworzywo kolekcji<\/strong>. W ten spos\u00f3b wybrane dzie\u0142a poznamy w kontek\u015bcie r\u00f3\u017cnych sposob\u00f3w realizowania artystycznej koncepcji.<br \/>\u00a0<br \/>\u00a0<br \/><strong>Prowadz\u0105ca: Joanna Seku\u0142a <\/strong><br \/>Absolwentka wroc\u0142awskiej ASP (Wydzia\u0142 Ceramiki i Szk\u0142a), Akademii Pedagogicznej im. J. D\u0142ugosza w Cz\u0119stochowie oraz Dolno\u015bl\u0105skiej Szko\u0142y Wy\u017cszej (Arteterapia). Na co dzie\u0144 prowadzi pracowni\u0119 ceramiki w MDK \u015ar\u00f3dmie\u015bcie \u2013 Wroc\u0142aw oraz warsztaty w Muzeum Wsp\u00f3\u0142czesnym Wroc\u0142aw. Prac\u0119 dydaktyczn\u0105 opiera na tw\u00f3rczej zabawie ze sztuk\u0105, kszta\u0142tuj\u0105c wra\u017cliwo\u015b\u0107 i rozwijaj\u0105c pasj\u0119 dzieci i m\u0142odzie\u017cy. W pracy artystycznej eksperymentuje z materi\u0105 ceramiczn\u0105. Tworzy obiekty estetyczne, inspirowane wielowymiarowo\u015bci\u0105 i niejednoznaczno\u015bci\u0105 rzeczywisto\u015bci. Zafascynowana tw\u00f3rczo\u015bci\u0105 dziecka, jog\u0105 i magicznym realizmem. Uczestniczka wielu konkurs\u00f3w, wystaw i wydarze\u0144 artystycznych.<br \/>\u00a0<br \/>\u00a0<br \/><strong>ARCHIWUM<\/strong><br \/>\u00a0<br \/>\u00a0<br \/><strong>#1 MROKI WSP\u00d3\u0141CZESNO\u015aCI, czyli <em>Nieuzasadniona przemoc i inne przypad\u0142o\u015bci wsp\u00f3\u0142czesnego \u015bwiata<\/em><\/strong><\/p><p>Podczas wrze\u015bniowych warsztat\u00f3w, w ramach Rozrusznika bez barier, zwiedzimy wystaw\u0119 dzie\u0142 z kolekcji DTZSP, prezentowan\u0105 w MWW w dniach 13.09\u201314.10.2019. Przyjrzymy si\u0119 pracom, w kt\u00f3rych arty\u015bci komentuj\u0105 wsp\u00f3\u0142czesne nam problemy. Opresja kulturowa, okupacja prywatno\u015bci, absurdy rzeczywisto\u015bci \u2013 to tylko niekt\u00f3re z zagadnie\u0144, kt\u00f3rych dotyka ekspozycja. Wielu dzie\u0142om towarzyszy humor, co pozwoli nam zachowa\u0107 dystans do poruszanych na wystawie kwestii. W tym szczeg\u00f3lnym czasie, przed wyborami parlamentarnymi, przyjrzymy si\u0119 uwa\u017cnie ponadczasowej instalacji Krzysztofa Wa\u0142aszka, kt\u00f3r\u0105 b\u0119dziemy konfrontowa\u0107 z naszymi dzia\u0142aniami w przestrzeni wystawy.<\/p><p>Wydarzenie towarzysz\u0105ce wystawie <em>Nieuzasadniona przemoc i inne przypad\u0142o\u015bci wsp\u00f3\u0142czesnego \u015bwiata<\/em>.<\/p><p>Wystawa jest zadaniem publicznym wsp\u00f3\u0142finansowanym ze \u015brodk\u00f3w otrzymanych od Gminy Wroc\u0142aw. Dofinansowano ze \u015brodk\u00f3w Ministra Kultury i Dziedzictwa Narodowego pochodz\u0105cych z Funduszu Promocji Kultury.<br \/>\u00a0<br \/>\u00a0<br \/><strong>#2 FAKTURA I KOLOR, czyli w poszukiwaniu porz\u0105dku \u015bwiata<\/strong><\/p><p>Rozrusznik pa\u017adziernikowy, kt\u00f3remu towarzyszy ju\u017c jesienna aura, b\u0119dzie pe\u0142en zadumy i nostalgii, ale r\u00f3wnie\u017c humoru, kt\u00f3rego nie brakowa\u0142o bohaterowi naszego spotkania. Wspomnimy wyj\u0105tkowego malarza i wroc\u0142awskiego pedagoga \u2013 Alfonsa Mazurkiewicza. Ten niezwyk\u0142y artysta w swojej tw\u00f3rczo\u015bci przechodzi\u0142 r\u00f3\u017cne etapy: od postimpresjonistycznych przedstawie\u0144 rzeczywisto\u015bci, przez surrealizm, poszukiwania r\u00f3wnowagi pomi\u0119dzy duchem i materi\u0105, po dzia\u0142ania konceptualne, inspirowane tw\u00f3rczo\u015bci\u0105 Josepha Beuysa.<\/p><p>Artystyczn\u0105 r\u00f3\u017cnorodno\u015b\u0107 dorobku malarza b\u0119dziemy mieli okazj\u0119 doceni\u0107, zwiedzaj\u0105c aktualn\u0105 wystaw\u0119 <em>Ja i moja sztuka to sztuka. Alfons Mazurkiewicz \u2013 malarz i nauczyciel<\/em>.<\/p><p>Podczas tw\u00f3rczego dzia\u0142ania stworzymy fakturalne kompozycje, b\u0119d\u0105ce pr\u00f3b\u0105 odtworzenia malarskiego \u015bwiata artysty. Nasze realizacje skonfrontujemy w przestrzeni wystawy z orygina\u0142ami. Powsta\u0142e dzie\u0142a pos\u0142u\u017c\u0105 uczestnikom warsztat\u00f3w sensualnych do haptycznego kontaktu ze sztuk\u0105.<br \/>\u00a0<br \/>\u00a0<br \/><strong>#3 POLSKA GO\u015aCINNO\u015a\u0106, czyli mity kontra rzeczywisto\u015b\u0107<\/strong><\/p><p>Listopadowe warsztaty w ramach Rozrusznika bez barier b\u0119d\u0105 dla nas wyzwaniem wobec has\u0142a: polska go\u015bcinno\u015b\u0107. Zmierzymy si\u0119 z naszym narodowym mitem w kontek\u015bcie problem\u00f3w poruszanych przez artyst\u00f3w na wystawie <em>Polska go\u015bcinno\u015b\u0107<\/em>. Zastanowimy si\u0119, z czego wynika l\u0119k, czy nawet wrogo\u015b\u0107 wobec tego, co odmienne i nieznane? Dla kogo szykujemy puste miejsce przy stole podczas najbardziej rodzinnych \u015bwi\u0105t w naszej chrze\u015bcija\u0144skiej tradycji? Czy potrafiliby\u015bmy ugo\u015bci\u0107 obc\u0105 nam osob\u0119? W trakcie warsztat\u00f3w manualnych stworzymy oryginaln\u0105, autorsk\u0105 wersj\u0119 neonowej <em>Go\u015b\u0107 inno\u015bci<\/em> Marty Frej i Tomasza Kosi\u0144skiego.<br \/>\u00a0<br \/>\u00a0<br \/><strong>TWORZYWO KOLEKCJI #1, CZYLI SPOTKANIE Z WENUS Z WILLENDORFU<\/strong><\/p><p>S\u0142owa klucze: Piotr Kurka\/ Wenus z Willendorfu \/ idea\u0142 pi\u0119kna \/ posta\u0107 \/ rze\u017aba \/ ceramika<\/p><p>W ramach ostatniego w tym roku Rozrusznika bez barier zach\u0119camy do kontemplacji dzie\u0142a <em>Ceremonie<\/em>Piotra Kurki. Spotkaniem tym rozpoczniemy cykl warsztat\u00f3w wok\u00f3\u0142 nowo otwartej wystawy sta\u0142ej w MWW, prezentuj\u0105cej dzie\u0142a z mi\u0119dzynarodowej kolekcji sztuki wsp\u00f3\u0142czesnej. \u201eUrodzi\u0142em si\u0119 w roku Psa. Nazywam si\u0119 Kurka. Mieszkam na Lipowej\u201d \u2013 tymi s\u0142owami artysta wprowadza nas w \u015bwiat <em>Ceremonii<\/em>. Podczas warsztatu przeniesiemy si\u0119 w czasy Wenus z Willendorfu, a podr\u00f3\u017c rozpoczniemy w Pary\u017cu\u2026 W trakcie zaj\u0119\u0107 manualnych zmierzymy si\u0119 z prehistorycznym idea\u0142em pi\u0119kna. Wsp\u00f3lnie zastanowimy si\u0119 jakimi technikami i metodami mog\u0142a zosta\u0107 wykonana rze\u017aba, w jakim celu zosta\u0142a stworzona i na czym polega jej fenomen.<\/p><p>Wystaw\u0119 <em>Prywatne mitologie. Urodziny Marty<\/em> dofinansowano ze \u015brodk\u00f3w Ministra Kultury i Dziedzictwa Narodowego. Zakupy prac dofinansowano ze \u015brodk\u00f3w Ministra Kultury i Dziedzictwa Narodowego pochodz\u0105cych z Funduszu Promocji Kultury w ramach programu Narodowe kolekcje sztuki wsp\u00f3\u0142czesnej.<br \/><img decoding=\"async\" src=\"https:\/\/kopiamuzeum.wambox.pl\/home\/wambox\/domains\/wambox.pl\/public_html\/kopiamuzeum\/wp-content\/uploads\/2018\/08\/MKiDN-PL.jpg\" alt=\"https:\/\/kopiamuzeum.wambox.pl\/home\/wambox\/domains\/wambox.pl\/public_html\/kopiamuzeum\/wp-content\/uploads\/2018\/08\/MKiDN-PL.jpg\" \/><br \/>\u00a0<br \/>\u00a0<br \/><strong>TWORZYWO KOLEKCJI #2, CZYLI ZMAGANIA RZE\u0179BIARZA<\/strong><\/p><p>S\u0142owa klucze: Olaf Brzeski \/ serce \/ rze\u017aba \/ glina \/ dzia\u0142anie<\/p><p>Proces powstawania pracy Olafa Brzeskiego <em>Samo serce<\/em>, prezentowanej na wystawie <em><a href=\"https:\/\/wambox.muzeum.pl\/home\/wambox\/domains\/wambox.pl\/public_html\/kopiamuzeum\/wystawy\/wystawa-stala-prywatne-mitologie-urodziny-marty\/\">Prywatne mitologie. Urodziny Marty<\/a><\/em>, stanowi\u0142 zmaganie artysty z tward\u0105 materi\u0105 litej belki stalowej o wadze 800 kg, przekroju 26 cm i wysoko\u015bci 187 cm (wzrost rze\u017abiarza). Podczas lutowego Rozrusznika bez barier r\u00f3wnie\u017c podejmiemy si\u0119 rze\u017abiarskiego wyzwania \u201ena otwartym sercu\u201d.<\/p><p>\u015alady po u\u017cytych narz\u0119dziach oraz faktura wyrze\u017abionego organu stanowi\u0105 pozosta\u0142o\u015b\u0107 po trudzie wydobywania organicznego kszta\u0142tu z geometrii stalowego walca.<br \/>Wyczuleni na charakterystyczne \u015blady rytu, podejmiemy pr\u00f3b\u0119 stworzenia w\u0142asnych serc, ukrytych w g\u0142\u0119bi geometrycznych bry\u0142. Efekty prac zestawimy w przestrzeni wystawy <em>Prywatne mitologie. Urodziny Marty<\/em> z rze\u017ab\u0105 artysty, tworz\u0105c now\u0105 jako\u015b\u0107 \u2013 instalacj\u0119 zmultiplikowanych obiekt\u00f3w.<\/p><p>Wystaw\u0119 <em>Prywatne mitologie. Urodziny Marty<\/em> dofinansowano ze \u015brodk\u00f3w Ministra Kultury i Dziedzictwa Narodowego. Zakupy prac dofinansowano ze \u015brodk\u00f3w Ministra Kultury i Dziedzictwa Narodowego pochodz\u0105cych z Funduszu Promocji Kultury w ramach programu Narodowe kolekcje sztuki wsp\u00f3\u0142czesnej.<br \/><img decoding=\"async\" src=\"https:\/\/kopiamuzeum.wambox.pl\/home\/wambox\/domains\/wambox.pl\/public_html\/kopiamuzeum\/wp-content\/uploads\/2018\/08\/MKiDN-PL.jpg\" alt=\"https:\/\/kopiamuzeum.wambox.pl\/home\/wambox\/domains\/wambox.pl\/public_html\/kopiamuzeum\/wp-content\/uploads\/2018\/08\/MKiDN-PL.jpg\" \/><\/p>\t\t\t\t\t\t\t\t<\/div>\n\t\t\t\t<\/div>\n\t\t\t\t\t<\/div>\n\t\t<\/div>\n\t\t\t\t\t<\/div>\n\t\t<\/section>\n\t\t\t\t<section class=\"elementor-section elementor-top-section elementor-element elementor-element-c0e695c elementor-section-boxed elementor-section-height-default elementor-section-height-default\" data-id=\"c0e695c\" data-element_type=\"section\">\n\t\t\t\t\t\t<div class=\"elementor-container elementor-column-gap-default\">\n\t\t\t\t\t<div class=\"elementor-column elementor-col-100 elementor-top-column elementor-element elementor-element-63b2318\" data-id=\"63b2318\" data-element_type=\"column\">\n\t\t\t<div class=\"elementor-widget-wrap elementor-element-populated\">\n\t\t\t\t\t\t<div class=\"elementor-element elementor-element-6166708 elementor-widget elementor-widget-image\" data-id=\"6166708\" data-element_type=\"widget\" data-widget_type=\"image.default\">\n\t\t\t\t<div class=\"elementor-widget-container\">\n\t\t\t\t\t\t\t\t\t\t\t\t\t\t\t<img fetchpriority=\"high\" decoding=\"async\" width=\"800\" height=\"800\" src=\"https:\/\/muzeumwspolczesne.pl\/wp-content\/uploads\/2019\/09\/image-4.jpeg\" class=\"attachment-large size-large wp-image-26795\" alt=\"\" srcset=\"https:\/\/muzeumwspolczesne.pl\/wp-content\/uploads\/2019\/09\/image-4.jpeg 1000w, https:\/\/muzeumwspolczesne.pl\/wp-content\/uploads\/2019\/09\/image-4-300x300.jpeg 300w, https:\/\/muzeumwspolczesne.pl\/wp-content\/uploads\/2019\/09\/image-4-150x150.jpeg 150w, https:\/\/muzeumwspolczesne.pl\/wp-content\/uploads\/2019\/09\/image-4-768x768.jpeg 768w, https:\/\/muzeumwspolczesne.pl\/wp-content\/uploads\/2019\/09\/image-4-12x12.jpeg 12w\" sizes=\"(max-width: 800px) 100vw, 800px\" \/>\t\t\t\t\t\t\t\t\t\t\t\t\t\t\t<\/div>\n\t\t\t\t<\/div>\n\t\t\t\t\t<\/div>\n\t\t<\/div>\n\t\t\t\t\t<\/div>\n\t\t<\/section>\n\t\t\t\t<section class=\"elementor-section elementor-top-section elementor-element elementor-element-ac23c03 elementor-section-boxed elementor-section-height-default elementor-section-height-default\" data-id=\"ac23c03\" data-element_type=\"section\">\n\t\t\t\t\t\t<div class=\"elementor-container elementor-column-gap-default\">\n\t\t\t\t\t<div class=\"elementor-column elementor-col-100 elementor-top-column elementor-element elementor-element-36f319f\" data-id=\"36f319f\" data-element_type=\"column\">\n\t\t\t<div class=\"elementor-widget-wrap elementor-element-populated\">\n\t\t\t\t\t\t<div class=\"elementor-element elementor-element-c84df5d elementor-widget elementor-widget-text-editor\" data-id=\"c84df5d\" data-element_type=\"widget\" data-widget_type=\"text-editor.default\">\n\t\t\t\t<div class=\"elementor-widget-container\">\n\t\t\t\t\t\t\t\t\t<p><span style=\"letter-spacing: normal; font-family: BauPLRegular, sans-serif; font-size: 11px; background-color: rgb(251, 251, 251);\">Prowadzenie warsztat\u00f3w:<\/span><br style=\"letter-spacing: normal; font-family: BauPLRegular, sans-serif; font-size: 11px;\"><span style=\"letter-spacing: normal; font-family: BauPLRegular, sans-serif; font-size: 11px; background-color: rgb(251, 251, 251);\">Joanna Seku\u0142a<\/span><br style=\"letter-spacing: normal; font-family: BauPLRegular, sans-serif; font-size: 11px;\"><br style=\"letter-spacing: normal; font-family: BauPLRegular, sans-serif; font-size: 11px;\"><span style=\"letter-spacing: normal; font-family: BauPLRegular, sans-serif; font-size: 11px; background-color: rgb(251, 251, 251);\">Spotkania s\u0105 bezp\u0142atne,&nbsp;<\/span><br style=\"letter-spacing: normal; font-family: BauPLRegular, sans-serif; font-size: 11px;\"><span style=\"letter-spacing: normal; font-family: BauPLRegular, sans-serif; font-size: 11px; background-color: rgb(251, 251, 251);\">ale obowi\u0105zuje&nbsp;<\/span><br style=\"letter-spacing: normal; font-family: BauPLRegular, sans-serif; font-size: 11px;\"><span style=\"letter-spacing: normal; font-family: BauPLRegular, sans-serif; font-size: 11px; background-color: rgb(251, 251, 251);\">rezerwacja telefoniczna:&nbsp;<\/span><br style=\"letter-spacing: normal; font-family: BauPLRegular, sans-serif; font-size: 11px;\"><span style=\"letter-spacing: normal; font-family: BauPLRegular, sans-serif; font-size: 11px; background-color: rgb(251, 251, 251);\">501 466 319<\/span><br style=\"letter-spacing: normal; font-family: BauPLRegular, sans-serif; font-size: 11px;\"><br style=\"letter-spacing: normal; font-family: BauPLRegular, sans-serif; font-size: 11px;\"><span style=\"letter-spacing: normal; font-family: BauPLRegular, sans-serif; font-size: 11px; background-color: rgb(251, 251, 251);\">Czas trwania 1,5 godz.<\/span><br style=\"letter-spacing: normal; font-family: BauPLRegular, sans-serif; font-size: 11px;\"><br style=\"letter-spacing: normal; font-family: BauPLRegular, sans-serif; font-size: 11px;\"><span style=\"letter-spacing: normal; font-family: BauPLRegular, sans-serif; font-size: 11px; background-color: rgb(251, 251, 251);\">Terminy do uzgodnienia<\/span><br><\/p>\t\t\t\t\t\t\t\t<\/div>\n\t\t\t\t<\/div>\n\t\t\t\t\t<\/div>\n\t\t<\/div>\n\t\t\t\t\t<\/div>\n\t\t<\/section>\n\t\t\t\t<\/div>\n\t\t","protected":false},"excerpt":{"rendered":"<p>Muzeum Wsp\u00f3\u0142czesne Wroc\u0142aw zaprasza na kolejn\u0105 ods\u0142on\u0119 warsztat\u00f3w Rozrusznik bez barier. Zaj\u0119cia skierowane s\u0105 do os\u00f3b z niepe\u0142nosprawno\u015bci\u0105 intelektualn\u0105 i ruchow\u0105 w ka\u017cdym wieku: zorganizowanych grup szkolnych oraz pacjent\u00f3w o\u015brodk\u00f3w terapeutycznych. Podczas edycji jesie\u0144\/zima we\u017amiemy pod lup\u0119 dzie\u0142a prezentowane na wystawach czasowych oraz sta\u0142ych. Spotkania b\u0119d\u0105 odbywa\u0107 si\u0119 w comiesi\u0119cznych odst\u0119pach, a ka\u017cde dotyczy\u0107 b\u0119dzie [&hellip;]<\/p>\n","protected":false},"author":6,"featured_media":26793,"parent":0,"template":"","meta":{"footnotes":""},"kategorie-edukacja":[27],"class_list":["post-26792","edukacja","type-edukacja","status-publish","has-post-thumbnail","hentry","kategorie-edukacja-bez-barier"],"_links":{"self":[{"href":"https:\/\/muzeumwspolczesne.pl\/en\/wp-json\/wp\/v2\/edukacja\/26792","targetHints":{"allow":["GET"]}}],"collection":[{"href":"https:\/\/muzeumwspolczesne.pl\/en\/wp-json\/wp\/v2\/edukacja"}],"about":[{"href":"https:\/\/muzeumwspolczesne.pl\/en\/wp-json\/wp\/v2\/types\/edukacja"}],"author":[{"embeddable":true,"href":"https:\/\/muzeumwspolczesne.pl\/en\/wp-json\/wp\/v2\/users\/6"}],"version-history":[{"count":4,"href":"https:\/\/muzeumwspolczesne.pl\/en\/wp-json\/wp\/v2\/edukacja\/26792\/revisions"}],"predecessor-version":[{"id":26798,"href":"https:\/\/muzeumwspolczesne.pl\/en\/wp-json\/wp\/v2\/edukacja\/26792\/revisions\/26798"}],"wp:featuredmedia":[{"embeddable":true,"href":"https:\/\/muzeumwspolczesne.pl\/en\/wp-json\/wp\/v2\/media\/26793"}],"wp:attachment":[{"href":"https:\/\/muzeumwspolczesne.pl\/en\/wp-json\/wp\/v2\/media?parent=26792"}],"wp:term":[{"taxonomy":"kategorie-edukacja","embeddable":true,"href":"https:\/\/muzeumwspolczesne.pl\/en\/wp-json\/wp\/v2\/kategorie-edukacja?post=26792"}],"curies":[{"name":"wp","href":"https:\/\/api.w.org\/{rel}","templated":true}]}}