{"id":26799,"date":"2020-02-26T16:02:00","date_gmt":"2020-02-26T16:02:00","guid":{"rendered":"https:\/\/muzeumwspolczesne.pl\/?post_type=edukacja&#038;p=26799"},"modified":"2024-01-29T16:04:08","modified_gmt":"2024-01-29T16:04:08","slug":"poruszyc-wyobraznie-integracyjne-warsztaty-sensualne","status":"publish","type":"edukacja","link":"https:\/\/muzeumwspolczesne.pl\/en\/zapowiedzi\/poruszyc-wyobraznie-integracyjne-warsztaty-sensualne\/","title":{"rendered":"PORUSZY\u0106 WYOBRA\u0179NI\u0118. INTEGRACYJNE WARSZTATY SENSUALNE"},"content":{"rendered":"\t\t<div data-elementor-type=\"wp-post\" data-elementor-id=\"26799\" class=\"elementor elementor-26799\" data-elementor-post-type=\"edukacja\">\n\t\t\t\t\t\t<section class=\"elementor-section elementor-top-section elementor-element elementor-element-07c68a9 elementor-section-boxed elementor-section-height-default elementor-section-height-default\" data-id=\"07c68a9\" data-element_type=\"section\">\n\t\t\t\t\t\t<div class=\"elementor-container elementor-column-gap-default\">\n\t\t\t\t\t<div class=\"elementor-column elementor-col-100 elementor-top-column elementor-element elementor-element-fe1243f\" data-id=\"fe1243f\" data-element_type=\"column\">\n\t\t\t<div class=\"elementor-widget-wrap elementor-element-populated\">\n\t\t\t\t\t\t<div class=\"elementor-element elementor-element-02e8cb3 elementor-widget elementor-widget-text-editor\" data-id=\"02e8cb3\" data-element_type=\"widget\" data-widget_type=\"text-editor.default\">\n\t\t\t\t<div class=\"elementor-widget-container\">\n\t\t\t\t\t\t\t\t\t<p>Warsztat po\u015bwi\u0119cimy tw\u00f3rczo\u015bci Karoliny Szymanowskiej, kt\u00f3rej wystaw\u0119 <em>Fala<\/em> prezentujemy aktualnie w MWW. Skoncentrujemy si\u0119 na pracy zatytu\u0142owanej <em>Czu\u0142y punkt<\/em>. Fascynacja cz\u0142owiekiem i jego rol\u0105 w strukturze spo\u0142ecznej wybrzmiewa w wielu dzie\u0142ach tej artystki. Czy ten motyw odnajdziemy tak\u017ce w wymienionej wy\u017cej pracy?<\/p><p>Dzie\u0142o poddamy analizie, wykorzystuj\u0105c r\u00f3\u017cne mo\u017cliwo\u015bci poznawcze naszych zmys\u0142\u00f3w. Bez u\u017cywania wzroku spr\u00f3bujemy odkry\u0107 na czym polega wyj\u0105tkowo\u015b\u0107 tej, jak i innych prac Szymanowskiej. Artystka bawi si\u0119 minimalistyczn\u0105 form\u0105, wykorzystuje proste, lecz zaskakuj\u0105ce metody, po to, by poruszy\u0107 umys\u0142 widza. Pozwolimy ponie\u015b\u0107 si\u0119 wyobra\u017ani, przeniesiemy si\u0119 w \u015bwiat absurdu i dziwnych zestawie\u0144, czego rezultatem b\u0119dzie tw\u00f3rcze dzia\u0142anie \u2013 spr\u00f3bujemy zastosowa\u0107 nonsens jako \u015bwiadomy zabieg artystyczny w naszych autorskich kreacjach.<\/p><p>Prowadz\u0105ce: Anna Krukowska i Ma\u0142gorzata Rzerzycha-My\u015bliwy<\/p><p>Na zaj\u0119cia zapraszamy szczeg\u00f3lnie osoby z niepe\u0142nosprawno\u015bci\u0105 wzroku.<\/p><p>Liczba miejsc ograniczona. Obowi\u0105zuj\u0105 zapisy (do 24.02).<\/p><p><strong><a href=\"https:\/\/docs.google.com\/forms\/d\/1y8lMv2NBtpnrCyIE_wNRk29V7CjDXZGUllgkOGsHfoA\/edit\">&gt;&gt;&gt; Zapisy przez formularz zg\u0142oszeniowy &lt;&lt;&lt;<\/a><\/strong><\/p><p>Kontakt: tel. 71 356 42 53<\/p><p>Zapewniamy asyst\u0119 w dotarciu do budynku z najbli\u017cszego otoczenia.<\/p><p>Zbi\u00f3rka przy kasie (poziom 0).<\/p>\t\t\t\t\t\t\t\t<\/div>\n\t\t\t\t<\/div>\n\t\t\t\t\t<\/div>\n\t\t<\/div>\n\t\t\t\t\t<\/div>\n\t\t<\/section>\n\t\t\t\t<section class=\"elementor-section elementor-top-section elementor-element elementor-element-ac254fd elementor-section-boxed elementor-section-height-default elementor-section-height-default\" data-id=\"ac254fd\" data-element_type=\"section\">\n\t\t\t\t\t\t<div class=\"elementor-container elementor-column-gap-default\">\n\t\t\t\t\t<div class=\"elementor-column elementor-col-100 elementor-top-column elementor-element elementor-element-42d40fb\" data-id=\"42d40fb\" data-element_type=\"column\">\n\t\t\t<div class=\"elementor-widget-wrap elementor-element-populated\">\n\t\t\t\t\t\t<div class=\"elementor-element elementor-element-4126ddd elementor-widget elementor-widget-image\" data-id=\"4126ddd\" data-element_type=\"widget\" data-widget_type=\"image.default\">\n\t\t\t\t<div class=\"elementor-widget-container\">\n\t\t\t\t\t\t\t\t\t\t\t\t\t\t\t<img decoding=\"async\" width=\"300\" height=\"92\" src=\"https:\/\/muzeumwspolczesne.pl\/wp-content\/uploads\/2020\/02\/image-3.jpeg\" class=\"attachment-large size-large wp-image-26802\" alt=\"\" srcset=\"https:\/\/muzeumwspolczesne.pl\/wp-content\/uploads\/2020\/02\/image-3.jpeg 300w, https:\/\/muzeumwspolczesne.pl\/wp-content\/uploads\/2020\/02\/image-3-18x6.jpeg 18w\" sizes=\"(max-width: 300px) 100vw, 300px\" \/>\t\t\t\t\t\t\t\t\t\t\t\t\t\t\t<\/div>\n\t\t\t\t<\/div>\n\t\t\t\t\t<\/div>\n\t\t<\/div>\n\t\t\t\t\t<\/div>\n\t\t<\/section>\n\t\t\t\t<section class=\"elementor-section elementor-top-section elementor-element elementor-element-40db1dc elementor-section-boxed elementor-section-height-default elementor-section-height-default\" data-id=\"40db1dc\" data-element_type=\"section\">\n\t\t\t\t\t\t<div class=\"elementor-container elementor-column-gap-default\">\n\t\t\t\t\t<div class=\"elementor-column elementor-col-100 elementor-top-column elementor-element elementor-element-3ace43b\" data-id=\"3ace43b\" data-element_type=\"column\">\n\t\t\t<div class=\"elementor-widget-wrap elementor-element-populated\">\n\t\t\t\t\t\t<div class=\"elementor-element elementor-element-968881e elementor-widget elementor-widget-text-editor\" data-id=\"968881e\" data-element_type=\"widget\" data-widget_type=\"text-editor.default\">\n\t\t\t\t<div class=\"elementor-widget-container\">\n\t\t\t\t\t\t\t\t\t<p><span style=\"letter-spacing: normal; font-family: BauPLRegular, sans-serif; font-size: 11px; background-color: rgb(251, 251, 251);\">Na zaj\u0119cia zapraszamy szczeg\u00f3lnie osoby z niepe\u0142nosprawno\u015bci\u0105 wzroku.<\/span><br style=\"letter-spacing: normal; font-family: BauPLRegular, sans-serif; font-size: 11px;\"><br style=\"letter-spacing: normal; font-family: BauPLRegular, sans-serif; font-size: 11px;\"><span style=\"letter-spacing: normal; font-family: BauPLRegular, sans-serif; font-size: 11px; background-color: rgb(251, 251, 251);\">Liczba miejsc ograniczona.<\/span><br style=\"letter-spacing: normal; font-family: BauPLRegular, sans-serif; font-size: 11px;\"><br style=\"letter-spacing: normal; font-family: BauPLRegular, sans-serif; font-size: 11px;\"><span style=\"letter-spacing: normal; font-family: BauPLRegular, sans-serif; font-size: 11px; background-color: rgb(251, 251, 251);\">Obowi\u0105zuj\u0105 zapisy (do 17.02).<\/span><br><\/p>\t\t\t\t\t\t\t\t<\/div>\n\t\t\t\t<\/div>\n\t\t\t\t\t<\/div>\n\t\t<\/div>\n\t\t\t\t\t<\/div>\n\t\t<\/section>\n\t\t\t\t<\/div>\n\t\t","protected":false},"excerpt":{"rendered":"<p>Warsztat po\u015bwi\u0119cimy tw\u00f3rczo\u015bci Karoliny Szymanowskiej, kt\u00f3rej wystaw\u0119 Fala prezentujemy aktualnie w MWW. Skoncentrujemy si\u0119 na pracy zatytu\u0142owanej Czu\u0142y punkt. Fascynacja cz\u0142owiekiem i jego rol\u0105 w strukturze spo\u0142ecznej wybrzmiewa w wielu dzie\u0142ach tej artystki. Czy ten motyw odnajdziemy tak\u017ce w wymienionej wy\u017cej pracy? Dzie\u0142o poddamy analizie, wykorzystuj\u0105c r\u00f3\u017cne mo\u017cliwo\u015bci poznawcze naszych zmys\u0142\u00f3w. Bez u\u017cywania wzroku spr\u00f3bujemy [&hellip;]<\/p>\n","protected":false},"author":6,"featured_media":26800,"parent":0,"template":"","meta":{"footnotes":""},"kategorie-edukacja":[27],"class_list":["post-26799","edukacja","type-edukacja","status-publish","has-post-thumbnail","hentry","kategorie-edukacja-bez-barier"],"_links":{"self":[{"href":"https:\/\/muzeumwspolczesne.pl\/en\/wp-json\/wp\/v2\/edukacja\/26799","targetHints":{"allow":["GET"]}}],"collection":[{"href":"https:\/\/muzeumwspolczesne.pl\/en\/wp-json\/wp\/v2\/edukacja"}],"about":[{"href":"https:\/\/muzeumwspolczesne.pl\/en\/wp-json\/wp\/v2\/types\/edukacja"}],"author":[{"embeddable":true,"href":"https:\/\/muzeumwspolczesne.pl\/en\/wp-json\/wp\/v2\/users\/6"}],"version-history":[{"count":4,"href":"https:\/\/muzeumwspolczesne.pl\/en\/wp-json\/wp\/v2\/edukacja\/26799\/revisions"}],"predecessor-version":[{"id":26805,"href":"https:\/\/muzeumwspolczesne.pl\/en\/wp-json\/wp\/v2\/edukacja\/26799\/revisions\/26805"}],"wp:featuredmedia":[{"embeddable":true,"href":"https:\/\/muzeumwspolczesne.pl\/en\/wp-json\/wp\/v2\/media\/26800"}],"wp:attachment":[{"href":"https:\/\/muzeumwspolczesne.pl\/en\/wp-json\/wp\/v2\/media?parent=26799"}],"wp:term":[{"taxonomy":"kategorie-edukacja","embeddable":true,"href":"https:\/\/muzeumwspolczesne.pl\/en\/wp-json\/wp\/v2\/kategorie-edukacja?post=26799"}],"curies":[{"name":"wp","href":"https:\/\/api.w.org\/{rel}","templated":true}]}}