{"id":26822,"date":"2019-10-23T16:06:00","date_gmt":"2019-10-23T16:06:00","guid":{"rendered":"https:\/\/muzeumwspolczesne.pl\/?post_type=edukacja&#038;p=26822"},"modified":"2024-01-29T16:07:13","modified_gmt":"2024-01-29T16:07:13","slug":"zapach-snu-integracyjne-warsztaty-sensualne","status":"publish","type":"edukacja","link":"https:\/\/muzeumwspolczesne.pl\/en\/zapowiedzi\/zapach-snu-integracyjne-warsztaty-sensualne\/","title":{"rendered":"ZAPACH SNU. INTEGRACYJNE WARSZTATY SENSUALNE"},"content":{"rendered":"\t\t<div data-elementor-type=\"wp-post\" data-elementor-id=\"26822\" class=\"elementor elementor-26822\" data-elementor-post-type=\"edukacja\">\n\t\t\t\t\t\t<section class=\"elementor-section elementor-top-section elementor-element elementor-element-e3e6944 elementor-section-boxed elementor-section-height-default elementor-section-height-default\" data-id=\"e3e6944\" data-element_type=\"section\">\n\t\t\t\t\t\t<div class=\"elementor-container elementor-column-gap-default\">\n\t\t\t\t\t<div class=\"elementor-column elementor-col-100 elementor-top-column elementor-element elementor-element-7ed342f\" data-id=\"7ed342f\" data-element_type=\"column\">\n\t\t\t<div class=\"elementor-widget-wrap elementor-element-populated\">\n\t\t\t\t\t\t<div class=\"elementor-element elementor-element-69d6814 elementor-widget elementor-widget-text-editor\" data-id=\"69d6814\" data-element_type=\"widget\" data-widget_type=\"text-editor.default\">\n\t\t\t\t<div class=\"elementor-widget-container\">\n\t\t\t\t\t\t\t\t\t<p><strong>Uwaga, nie ma ju\u017c wolnych miejsc na warsztaty.<\/strong><br \/>\u00a0<br \/>Zwykle, zbyt zaj\u0119ci \u201erealno\u015bci\u0105\u201d, przeoczamy to, co dla nas naprawd\u0119 istotne. Sen podsuwa nam te doznania pod postaci\u0105 pozornie niezrozumia\u0142ych abstrakcyjnych wizji. W nich wyra\u017caj\u0105 si\u0119 m.in. nagromadzone podczas dnia niepokoje, dokonuje synteza my\u015bli, a tak\u017ce generowane s\u0105 nowe pomys\u0142y i pot\u0119\u017cne wgl\u0105dy.<br \/>\u00a0<br \/>W jaki spos\u00f3b prze\u017cywasz swoje sny? Co z nich rozumiesz? Czy pr\u00f3bowa\u0142e\u015b kiedy\u015b opowiedzie\u0107 sw\u00f3j sen zapachem, d\u017awi\u0119kiem lub dotykiem? Podczas warsztat\u00f3w sensualnych spr\u00f3bujemy dotrze\u0107 do pod\u015bwiadomo\u015bci za pomoc\u0105 pozawzrokowych zmys\u0142\u00f3w. Zainspirowani onirycznym pejza\u017cem wystawy <em>Obrazo\u015bnienie<\/em> oraz jej intryguj\u0105c\u0105 warstw\u0105 d\u017awi\u0119kow\u0105, stworzymy w\u0142asny, unikalny alfabet snu. A wszystko to bez u\u017cycia wzroku\u2026<br \/>\u00a0<br \/>\u00a0<br \/>Prowadzenie:<br \/>Anna Krukowska i Ma\u0142gorzata Rzerzycha-My\u015bliwy<br \/>\u00a0<br \/>\u00a0<br \/>Wydarzenie towarzysz\u0105ce wystawie interaktywnej <em>Obrazo\u015bnienie<\/em>, kt\u00f3rej autorkami s\u0105 Patrycja Mastej i Magdalena Skowro\u0144ska. <a href=\"https:\/\/wambox.muzeum.pl\/home\/wambox\/domains\/wambox.pl\/public_html\/kopiamuzeum\/wystawy\/wystawa-interaktywna-obrazosnienie\/\">Wi\u0119cej informacji o wystawie &gt;&gt;&gt;<\/a><br \/>\u00a0<br \/>\u00a0<br \/><span style=\"font-size: xx-small;\">Informujemy, \u017ce podczas warsztat\u00f3w mog\u0105 by\u0107 wykonywane zdj\u0119cia na potrzeby Muzeum Wsp\u00f3\u0142czesnego Wroc\u0142aw, kt\u00f3re mog\u0105 zawiera\u0107 wizerunki os\u00f3b bior\u0105cych udzia\u0142 w zaj\u0119ciach oraz wizerunki prac wykonanych podczas zaj\u0119\u0107. Zdj\u0119cia b\u0119d\u0105 przechowywane w wewn\u0119trznym archiwum dokumentuj\u0105cym dzia\u0142alno\u015b\u0107 MWW, mog\u0105 r\u00f3wnie\u017c zosta\u0107 wykorzystane w celach promocyjnych na stronie internetowej www.muzeumwspolczesne.pl oraz w social mediach (na stronach facebook.com\/muzeumwspolczesne, instagram.com\/muzeumwspolczesne i youtube.com\/muzeumwspolczesne). Je\u017celi nie wyra\u017caj\u0105 Pa\u0144stwo zgody na wykonywanie zdj\u0119\u0107, prosimy poinformowa\u0107 o tym osob\u0119 prowadz\u0105c\u0105 warsztaty przed ich rozpocz\u0119ciem. Brak informacji przekazanej przed rozpocz\u0119ciem zaj\u0119\u0107 jest r\u00f3wnoznaczny ze zgod\u0105 na korzystanie przez Muzeum Wsp\u00f3\u0142czesne Wroc\u0142aw ze zdj\u0119\u0107, o kt\u00f3rych mowa powy\u017cej.<\/span><\/p>\t\t\t\t\t\t\t\t<\/div>\n\t\t\t\t<\/div>\n\t\t\t\t\t<\/div>\n\t\t<\/div>\n\t\t\t\t\t<\/div>\n\t\t<\/section>\n\t\t\t\t<section class=\"elementor-section elementor-top-section elementor-element elementor-element-eba2aef elementor-section-boxed elementor-section-height-default elementor-section-height-default\" data-id=\"eba2aef\" data-element_type=\"section\">\n\t\t\t\t\t\t<div class=\"elementor-container elementor-column-gap-default\">\n\t\t\t\t\t<div class=\"elementor-column elementor-col-100 elementor-top-column elementor-element elementor-element-08db4c9\" data-id=\"08db4c9\" data-element_type=\"column\">\n\t\t\t<div class=\"elementor-widget-wrap elementor-element-populated\">\n\t\t\t\t\t\t<div class=\"elementor-element elementor-element-fde1079 elementor-widget elementor-widget-image\" data-id=\"fde1079\" data-element_type=\"widget\" data-widget_type=\"image.default\">\n\t\t\t\t<div class=\"elementor-widget-container\">\n\t\t\t\t\t\t\t\t\t\t\t\t\t\t\t<img decoding=\"async\" width=\"300\" height=\"92\" src=\"https:\/\/muzeumwspolczesne.pl\/wp-content\/uploads\/2019\/10\/image-1.jpeg\" class=\"attachment-large size-large wp-image-26825\" alt=\"\" srcset=\"https:\/\/muzeumwspolczesne.pl\/wp-content\/uploads\/2019\/10\/image-1.jpeg 300w, https:\/\/muzeumwspolczesne.pl\/wp-content\/uploads\/2019\/10\/image-1-18x6.jpeg 18w\" sizes=\"(max-width: 300px) 100vw, 300px\" \/>\t\t\t\t\t\t\t\t\t\t\t\t\t\t\t<\/div>\n\t\t\t\t<\/div>\n\t\t\t\t\t<\/div>\n\t\t<\/div>\n\t\t\t\t\t<\/div>\n\t\t<\/section>\n\t\t\t\t<section class=\"elementor-section elementor-top-section elementor-element elementor-element-16dea77 elementor-section-boxed elementor-section-height-default elementor-section-height-default\" data-id=\"16dea77\" data-element_type=\"section\">\n\t\t\t\t\t\t<div class=\"elementor-container elementor-column-gap-default\">\n\t\t\t\t\t<div class=\"elementor-column elementor-col-100 elementor-top-column elementor-element elementor-element-2ece96f\" data-id=\"2ece96f\" data-element_type=\"column\">\n\t\t\t<div class=\"elementor-widget-wrap elementor-element-populated\">\n\t\t\t\t\t\t<div class=\"elementor-element elementor-element-7ee96e0 elementor-widget elementor-widget-text-editor\" data-id=\"7ee96e0\" data-element_type=\"widget\" data-widget_type=\"text-editor.default\">\n\t\t\t\t<div class=\"elementor-widget-container\">\n\t\t\t\t\t\t\t\t\t<p><span style=\"letter-spacing: normal; font-family: BauPLRegular, sans-serif; font-size: 11px; background-color: rgb(251, 251, 251);\">Na warsztaty zapraszamy szczeg\u00f3lnie&nbsp;<\/span><br style=\"letter-spacing: normal; font-family: BauPLRegular, sans-serif; font-size: 11px;\"><span style=\"letter-spacing: normal; font-family: BauPLRegular, sans-serif; font-size: 11px; background-color: rgb(251, 251, 251);\">osoby z niepe\u0142nosprawno\u015bci\u0105 wzroku<\/span><br style=\"letter-spacing: normal; font-family: BauPLRegular, sans-serif; font-size: 11px;\"><br style=\"letter-spacing: normal; font-family: BauPLRegular, sans-serif; font-size: 11px;\"><span style=\"letter-spacing: normal; font-family: BauPLRegular, sans-serif; font-size: 11px; background-color: rgb(251, 251, 251);\">Liczba miejsc ograniczona<\/span><br style=\"letter-spacing: normal; font-family: BauPLRegular, sans-serif; font-size: 11px;\"><br style=\"letter-spacing: normal; font-family: BauPLRegular, sans-serif; font-size: 11px;\"><span style=\"letter-spacing: normal; font-family: BauPLRegular, sans-serif; font-size: 11px; background-color: rgb(251, 251, 251);\">Zapisy (do 21.10):&nbsp;<\/span><br style=\"letter-spacing: normal; font-family: BauPLRegular, sans-serif; font-size: 11px;\"><span style=\"letter-spacing: normal; font-family: BauPLRegular, sans-serif; font-size: 11px; background-color: rgb(251, 251, 251);\">a.krukowska@muzeumwspolczesne.pl&nbsp;<\/span><br style=\"letter-spacing: normal; font-family: BauPLRegular, sans-serif; font-size: 11px;\"><br style=\"letter-spacing: normal; font-family: BauPLRegular, sans-serif; font-size: 11px;\"><span style=\"letter-spacing: normal; font-family: BauPLRegular, sans-serif; font-size: 11px; background-color: rgb(251, 251, 251);\">Zapewniamy asyst\u0119&nbsp;<\/span><br style=\"letter-spacing: normal; font-family: BauPLRegular, sans-serif; font-size: 11px;\"><span style=\"letter-spacing: normal; font-family: BauPLRegular, sans-serif; font-size: 11px; background-color: rgb(251, 251, 251);\">w dotarciu do budynku<\/span><br style=\"letter-spacing: normal; font-family: BauPLRegular, sans-serif; font-size: 11px;\"><span style=\"letter-spacing: normal; font-family: BauPLRegular, sans-serif; font-size: 11px; background-color: rgb(251, 251, 251);\">z najbli\u017cszego otoczenia<\/span><br><\/p>\t\t\t\t\t\t\t\t<\/div>\n\t\t\t\t<\/div>\n\t\t\t\t\t<\/div>\n\t\t<\/div>\n\t\t\t\t\t<\/div>\n\t\t<\/section>\n\t\t\t\t<\/div>\n\t\t","protected":false},"excerpt":{"rendered":"<p>Uwaga, nie ma ju\u017c wolnych miejsc na warsztaty.\u00a0Zwykle, zbyt zaj\u0119ci \u201erealno\u015bci\u0105\u201d, przeoczamy to, co dla nas naprawd\u0119 istotne. Sen podsuwa nam te doznania pod postaci\u0105 pozornie niezrozumia\u0142ych abstrakcyjnych wizji. W nich wyra\u017caj\u0105 si\u0119 m.in. nagromadzone podczas dnia niepokoje, dokonuje synteza my\u015bli, a tak\u017ce generowane s\u0105 nowe pomys\u0142y i pot\u0119\u017cne wgl\u0105dy.\u00a0W jaki spos\u00f3b prze\u017cywasz swoje sny? [&hellip;]<\/p>\n","protected":false},"author":6,"featured_media":26823,"parent":0,"template":"","meta":{"footnotes":""},"kategorie-edukacja":[27],"class_list":["post-26822","edukacja","type-edukacja","status-publish","has-post-thumbnail","hentry","kategorie-edukacja-bez-barier"],"_links":{"self":[{"href":"https:\/\/muzeumwspolczesne.pl\/en\/wp-json\/wp\/v2\/edukacja\/26822","targetHints":{"allow":["GET"]}}],"collection":[{"href":"https:\/\/muzeumwspolczesne.pl\/en\/wp-json\/wp\/v2\/edukacja"}],"about":[{"href":"https:\/\/muzeumwspolczesne.pl\/en\/wp-json\/wp\/v2\/types\/edukacja"}],"author":[{"embeddable":true,"href":"https:\/\/muzeumwspolczesne.pl\/en\/wp-json\/wp\/v2\/users\/6"}],"version-history":[{"count":4,"href":"https:\/\/muzeumwspolczesne.pl\/en\/wp-json\/wp\/v2\/edukacja\/26822\/revisions"}],"predecessor-version":[{"id":26828,"href":"https:\/\/muzeumwspolczesne.pl\/en\/wp-json\/wp\/v2\/edukacja\/26822\/revisions\/26828"}],"wp:featuredmedia":[{"embeddable":true,"href":"https:\/\/muzeumwspolczesne.pl\/en\/wp-json\/wp\/v2\/media\/26823"}],"wp:attachment":[{"href":"https:\/\/muzeumwspolczesne.pl\/en\/wp-json\/wp\/v2\/media?parent=26822"}],"wp:term":[{"taxonomy":"kategorie-edukacja","embeddable":true,"href":"https:\/\/muzeumwspolczesne.pl\/en\/wp-json\/wp\/v2\/kategorie-edukacja?post=26822"}],"curies":[{"name":"wp","href":"https:\/\/api.w.org\/{rel}","templated":true}]}}