{"id":26829,"date":"2019-03-01T16:07:00","date_gmt":"2019-03-01T16:07:00","guid":{"rendered":"https:\/\/muzeumwspolczesne.pl\/?post_type=edukacja&#038;p=26829"},"modified":"2024-01-29T16:08:43","modified_gmt":"2024-01-29T16:08:43","slug":"rozrusznik-bez-barier-warsztaty-integracyjne-wiosna-lato-2","status":"publish","type":"edukacja","link":"https:\/\/muzeumwspolczesne.pl\/en\/zapowiedzi\/rozrusznik-bez-barier-warsztaty-integracyjne-wiosna-lato-2\/","title":{"rendered":"ROZRUSZNIK BEZ BARIER \u2014 WARSZTATY INTEGRACYJNE (WIOSNA\/LATO)"},"content":{"rendered":"\t\t<div data-elementor-type=\"wp-post\" data-elementor-id=\"26829\" class=\"elementor elementor-26829\" data-elementor-post-type=\"edukacja\">\n\t\t\t\t\t\t<section class=\"elementor-section elementor-top-section elementor-element elementor-element-70b920f elementor-section-boxed elementor-section-height-default elementor-section-height-default\" data-id=\"70b920f\" data-element_type=\"section\">\n\t\t\t\t\t\t<div class=\"elementor-container elementor-column-gap-default\">\n\t\t\t\t\t<div class=\"elementor-column elementor-col-100 elementor-top-column elementor-element elementor-element-7548b19\" data-id=\"7548b19\" data-element_type=\"column\">\n\t\t\t<div class=\"elementor-widget-wrap elementor-element-populated\">\n\t\t\t\t\t\t<div class=\"elementor-element elementor-element-3d33f6c elementor-widget elementor-widget-text-editor\" data-id=\"3d33f6c\" data-element_type=\"widget\" data-widget_type=\"text-editor.default\">\n\t\t\t\t<div class=\"elementor-widget-container\">\n\t\t\t\t\t\t\t\t\t<p>Muzeum Wsp\u00f3\u0142czesne Wroc\u0142aw zaprasza na kolejn\u0105 ods\u0142on\u0119 warsztat\u00f3w Rozrusznik bez barier. Zaj\u0119cia skierowane s\u0105 do os\u00f3b z niepe\u0142nosprawno\u015bci\u0105 intelektualn\u0105 i ruchow\u0105 w ka\u017cdym wieku: zorganizowanych grup szkolnych oraz pacjent\u00f3w o\u015brodk\u00f3w terapeutycznych.<\/p><p>Podczas tegorocznej edycji warsztat\u00f3w we\u017amiemy pod lup\u0119 dzie\u0142a prezentowane na wystawach czasowych. Spotkania b\u0119d\u0105 odbywa\u0107 si\u0119 w comiesi\u0119cznych odst\u0119pach, a ka\u017cde dotyczy\u0107 b\u0119dzie wybranego obiektu artystycznego. Po przeprowadzeniu dok\u0142adnej sekcji dzie\u0142a sztuki, przyst\u0105pimy do w\u0142asnego dzia\u0142ania plastycznego. Postaramy si\u0119 stworzy\u0107 dzie\u0142o mimetyczne, aby przej\u015b\u0107 drog\u0119 procesu tworzenia zbli\u017con\u0105 do tej, kt\u00f3r\u0105 przechodzi autor dzie\u0142a. Powsta\u0142e w ten spos\u00f3b prace \u2013 kopie orygina\u0142u, przetworzone przez nasz\u0105 wra\u017cliwo\u015b\u0107 i indywidualizm \u2013 zestawimy z pierwowzorem, aby przyjrze\u0107 si\u0119 relacji obydwu prac.<\/p><p><strong>ARCHIWUM<\/strong><\/p><p><strong>#6 Podr\u00f3\u017c<\/strong><\/p><p>Podczas drugiego warsztatu wybierzemy si\u0119 w dalek\u0105 podr\u00f3\u017c \u2013 do Ameryki.<\/p><p>Dzi\u0119ki wystawie Krzy\u015bka Or\u0142owskiego <em>North America<\/em>obejrzymy zdj\u0119cia miejsc, ju\u017c nie tak jak kiedy\u015b, odleg\u0142ego i nieosi\u0105galnego \u015bwiata.<\/p><p>B\u0119dziemy mieli okazj\u0119 przyjrze\u0107 si\u0119 fotograficznym i literackim formom dokumentu z tej podr\u00f3\u017cy. Zaobserwujemy, w jaki spos\u00f3b przekaz ten koresponduje z nasz\u0105 wiedz\u0105 i wyobra\u017ceniem o Ameryce.<\/p><p>Mimo \u017ce nasza podr\u00f3\u017c b\u0119dzie tylko mentalna, to postaramy si\u0119 odtworzy\u0107 wybrane dzie\u0142a z wystawy, aby nast\u0119pnie skonfrontowa\u0107 je z orygina\u0142ami.<\/p><p><strong>#5 Borderline \u2013 granice rysunku<\/strong><\/p><p>Pierwszy warsztat dotyczy\u0107 b\u0119dzie wystawy <em>Borderline. Triennale Rysunku 2019<\/em>, ekspozycji kt\u00f3ra prezentuje szerokie spektrum dziedziny towarzysz\u0105cej nam od momentu uzyskania zdolno\u015bci pochwycenia narz\u0119dzia pozostawiaj\u0105cego \u015blad.<\/p><p>Podczas zwiedzania wystawy przyjrzymy si\u0119 mo\u017cliwo\u015bciom jednej z najstarszych dziedzin sztuk wizualnych. Zastanowimy si\u0119, czy mo\u017cna narysowa\u0107 co\u015b pisz\u0105c tekst, zaobserwujemy graficzne zmagania z przestrzeni\u0105. Nasze dzie\u0142a mimetyczne w stosunku do wybranego obiektu z wystawy, zestawimy z orygina\u0142em, tworz\u0105c now\u0105 jako\u015b\u0107 ekspozycji w dokumentacji fotograficznej.<\/p><p><strong>#4 (nie)agresywny chuligan<\/strong><\/p><p>Dzi\u0119ki arty\u015bcie \u2013 Marcinowi Dudkowi w czerwcu wybierzemy si\u0119 na stadion.<\/p><p>B\u0119dzie to podr\u00f3\u017c wirtualna w przestrze\u0144 psychologii t\u0142umu, wspomnie\u0144 i do\u015bwiadcze\u0144 autora, ale r\u00f3wnie\u017c uczestnik\u00f3w Rozrusznika. Analizuj\u0105c wybrane obiekty na wystawie, spr\u00f3bujemy odszyfrowa\u0107 ich ukryte znaczenie, przy jednoczesnym prze\u017cywaniu estetycznym zaskakuj\u0105cych realizacji w r\u00f3\u017cnych technikach plastycznych. Przyjrzymy si\u0119, w jaki spos\u00f3b artysta mo\u017ce porusza\u0107 trudne spo\u0142ecznie tematy, pr\u00f3buj\u0105c znale\u017a\u0107 odpowiedzi na nurtuj\u0105ce go pytania.<\/p><p>Podczas naszego tw\u00f3rczego dzia\u0142ania postaramy si\u0119 odczarowa\u0107 zamaskowanych chuligan\u00f3w, a efekty naszej pracy zestawimy z orygina\u0142em, kt\u00f3ry nas zainspirowa\u0142.<\/p><p>Zakupy prac do kolekcji Muzeum Wsp\u00f3\u0142czesnego Wroc\u0142aw dofinansowano ze \u015brodk\u00f3w Ministra Kultury i Dziedzictwa Narodowego pochodz\u0105cych z Funduszu Promocji Kultury w ramach programu Narodowe kolekcje sztuki wsp\u00f3\u0142czesnej.<\/p><p><img decoding=\"async\" src=\"https:\/\/kopiamuzeum.wambox.pl\/home\/wambox\/domains\/wambox.pl\/public_html\/kopiamuzeum\/wp-content\/uploads\/2018\/08\/MKiDN-PL.jpg\" alt=\"https:\/\/kopiamuzeum.wambox.pl\/home\/wambox\/domains\/wambox.pl\/public_html\/kopiamuzeum\/wp-content\/uploads\/2018\/08\/MKiDN-PL.jpg\" \/><\/p><p><strong># 3 G\u0142os kobiet<\/strong><\/p><p>Majowy Rozrusznik bez barier b\u0119dzie nietypowy pod kilkoma wzgl\u0119dami; wystaw\u0119 zaprezentujemy na ekranie, a mimetyczny charakter naszego dzia\u0142ania wobec wybranych prac tym razem wywo\u0142a zdumienie, rado\u015b\u0107, a by\u0107 mo\u017ce oburzenie.<\/p><p>Spotkanie wok\u00f3\u0142 obszernej w dzie\u0142a i tre\u015bci wystawy <em>Stany skupienia<\/em> rozpoczniemy od prezentacji wybitnej polskiej artystki Natalii LL. Mogli\u015bmy ostatnio wiele us\u0142ysze\u0107 w mediach na temat jej <em>Sztuki konsumpcyjnej<\/em>. Wybrane prace spo\u015br\u00f3d 50-letniego dorobku artystki prezentowane s\u0105 w kontek\u015bcie tw\u00f3rczo\u015bci innych kobiet, poruszaj\u0105cych w\u0105tki feministyczne. Skupimy si\u0119 w szczeg\u00f3lno\u015bci na tematyce postrzegania i roli kobiety w spo\u0142ecze\u0144stwie. Zaobserwujemy, w jaki spos\u00f3b sztuka porusza wa\u017cne tematy i zastanowimy si\u0119, czy dzie\u0142o musi by\u0107 efektowne, aby wzbudza\u0107 emocje.<\/p><p>Zakupy prac do kolekcji Muzeum Wsp\u00f3\u0142czesnego Wroc\u0142aw dofinansowano ze \u015brodk\u00f3w Ministra Kultury i Dziedzictwa Narodowego pochodz\u0105cych z Funduszu Promocji Kultury w ramach programu Narodowe kolekcje sztuki wsp\u00f3\u0142czesnej.<\/p><p><img decoding=\"async\" src=\"https:\/\/kopiamuzeum.wambox.pl\/home\/wambox\/domains\/wambox.pl\/public_html\/kopiamuzeum\/wp-content\/uploads\/2018\/08\/MKiDN-PL.jpg\" alt=\"https:\/\/kopiamuzeum.wambox.pl\/home\/wambox\/domains\/wambox.pl\/public_html\/kopiamuzeum\/wp-content\/uploads\/2018\/08\/MKiDN-PL.jpg\" \/><\/p><p><strong># 2 Geometria odr\u0119czna<\/strong><\/p><p>Kwietniowe spotkanie po\u015bwi\u0119cimy wystawie malarstwa Ignacego Czwartosa <em>Malarz Polski<\/em>. Prezentowane w MWW dzie\u0142a zaskakuj\u0105 swoj\u0105 wielow\u0105tkowo\u015bci\u0105 i dobrym rzemios\u0142em. Zwiedzaj\u0105c wystaw\u0119, poznamy inspiracje malarskie artysty, a podczas warsztat\u00f3w postaramy si\u0119 odtworzy\u0107 jego geometryczne fascynacje, aby nast\u0119pnie zaprezentowa\u0107 je i skonfrontowa\u0107 w przestrzeni wystawy z pracami malarza.<\/p><p><strong># 1 Szklane serce<\/strong><\/p><p>Podczas marcowych warsztat\u00f3w skupimy si\u0119 na pracy <em>Serce<\/em> \u2013 interaktywnej rze\u017abie prezentowanej na indywidualnej wystawie <a href=\"https:\/\/kopiamuzeum.wambox.pl\/home\/wambox\/domains\/wambox.pl\/public_html\/kopiamuzeum\/wystawy\/beata-stankiewicz-szczerbik-superpozycje\/\">Beaty Stankiewicz-Szczerbik <em>Superpozycje<\/em><\/a>. Podczas zaj\u0119\u0107 porozmawiamy o dos\u0142ownym i symbolicznym znaczeniu serca. Zastanowimy si\u0119 nad wyj\u0105tkowo\u015bci\u0105 tego organu i mo\u017cliwo\u015bci\u0105 zapanowania nad t\u0105 niezwyk\u0142\u0105 pomp\u0105 t\u0142ocz\u0105c\u0105 \u017cyciodajn\u0105 krew i uczucia. Nie pominiemy tak\u017ce emocji i wra\u017ce\u0144 z naszego cia\u0142a \u2013 zwr\u00f3cimy uwag\u0119 na to, gdzie powstaj\u0105, kt\u00f3r\u0119dy si\u0119 wydostaj\u0105 lub w kt\u00f3rych miejscach pozostaj\u0105 sk\u0142\u0119bione. W cz\u0119\u015bci warsztatowej zaj\u0119\u0107 stworzymy na\u015bladuj\u0105ce prac\u0119 artystki dzie\u0142o w jego kolorystyce, znaczeniu i wra\u017ceniu wizualnym, a nast\u0119pnie zestawimy je z orygina\u0142em i przyjrzymy si\u0119 ich wsp\u00f3lnej obecno\u015b\u0107 w przestrzeni wystawy.<\/p>\t\t\t\t\t\t\t\t<\/div>\n\t\t\t\t<\/div>\n\t\t\t\t\t<\/div>\n\t\t<\/div>\n\t\t\t\t\t<\/div>\n\t\t<\/section>\n\t\t\t\t<section class=\"elementor-section elementor-top-section elementor-element elementor-element-c535239 elementor-section-boxed elementor-section-height-default elementor-section-height-default\" data-id=\"c535239\" data-element_type=\"section\">\n\t\t\t\t\t\t<div class=\"elementor-container elementor-column-gap-default\">\n\t\t\t\t\t<div class=\"elementor-column elementor-col-100 elementor-top-column elementor-element elementor-element-90ebb55\" data-id=\"90ebb55\" data-element_type=\"column\">\n\t\t\t<div class=\"elementor-widget-wrap elementor-element-populated\">\n\t\t\t\t\t\t<div class=\"elementor-element elementor-element-f6a87e6 elementor-widget elementor-widget-gallery\" data-id=\"f6a87e6\" data-element_type=\"widget\" data-settings=\"{&quot;lazyload&quot;:&quot;yes&quot;,&quot;gallery_layout&quot;:&quot;grid&quot;,&quot;columns&quot;:4,&quot;columns_tablet&quot;:2,&quot;columns_mobile&quot;:1,&quot;gap&quot;:{&quot;unit&quot;:&quot;px&quot;,&quot;size&quot;:10,&quot;sizes&quot;:[]},&quot;gap_tablet&quot;:{&quot;unit&quot;:&quot;px&quot;,&quot;size&quot;:10,&quot;sizes&quot;:[]},&quot;gap_mobile&quot;:{&quot;unit&quot;:&quot;px&quot;,&quot;size&quot;:10,&quot;sizes&quot;:[]},&quot;link_to&quot;:&quot;file&quot;,&quot;aspect_ratio&quot;:&quot;3:2&quot;,&quot;overlay_background&quot;:&quot;yes&quot;,&quot;content_hover_animation&quot;:&quot;fade-in&quot;}\" data-widget_type=\"gallery.default\">\n\t\t\t\t<div class=\"elementor-widget-container\">\n\t\t\t\t\t\t\t<div class=\"elementor-gallery__container\">\n\t\t\t\t\t\t\t<a class=\"e-gallery-item elementor-gallery-item elementor-animated-content\" href=\"https:\/\/muzeumwspolczesne.pl\/wp-content\/uploads\/2024\/01\/image-1517.jpeg\" data-elementor-open-lightbox=\"yes\" data-elementor-lightbox-slideshow=\"f6a87e6\" data-elementor-lightbox-title=\"SONY DSC\" data-e-action-hash=\"#elementor-action%3Aaction%3Dlightbox%26settings%3DeyJpZCI6MjY4MzIsInVybCI6Imh0dHBzOlwvXC9tdXpldW13c3BvbGN6ZXNuZS5wbFwvd3AtY29udGVudFwvdXBsb2Fkc1wvMjAyNFwvMDFcL2ltYWdlLTE1MTcuanBlZyIsInNsaWRlc2hvdyI6ImY2YTg3ZTYifQ%3D%3D\">\n\t\t\t\t\t<div class=\"e-gallery-image elementor-gallery-item__image\" data-thumbnail=\"https:\/\/muzeumwspolczesne.pl\/wp-content\/uploads\/2024\/01\/image-1517-300x215.jpeg\" data-width=\"300\" data-height=\"215\" aria-label=\"\" role=\"img\" ><\/div>\n\t\t\t\t\t\t\t\t\t\t\t<div class=\"elementor-gallery-item__overlay\"><\/div>\n\t\t\t\t\t\t\t\t\t\t\t\t\t\t<\/a>\n\t\t\t\t\t\t\t<a class=\"e-gallery-item elementor-gallery-item elementor-animated-content\" href=\"https:\/\/muzeumwspolczesne.pl\/wp-content\/uploads\/2024\/01\/image-1518.jpeg\" data-elementor-open-lightbox=\"yes\" data-elementor-lightbox-slideshow=\"f6a87e6\" data-elementor-lightbox-title=\"SONY DSC\" data-e-action-hash=\"#elementor-action%3Aaction%3Dlightbox%26settings%3DeyJpZCI6MjY4MzMsInVybCI6Imh0dHBzOlwvXC9tdXpldW13c3BvbGN6ZXNuZS5wbFwvd3AtY29udGVudFwvdXBsb2Fkc1wvMjAyNFwvMDFcL2ltYWdlLTE1MTguanBlZyIsInNsaWRlc2hvdyI6ImY2YTg3ZTYifQ%3D%3D\">\n\t\t\t\t\t<div class=\"e-gallery-image elementor-gallery-item__image\" data-thumbnail=\"https:\/\/muzeumwspolczesne.pl\/wp-content\/uploads\/2024\/01\/image-1518-300x200.jpeg\" data-width=\"300\" data-height=\"200\" aria-label=\"\" role=\"img\" ><\/div>\n\t\t\t\t\t\t\t\t\t\t\t<div class=\"elementor-gallery-item__overlay\"><\/div>\n\t\t\t\t\t\t\t\t\t\t\t\t\t\t<\/a>\n\t\t\t\t\t\t\t<a class=\"e-gallery-item elementor-gallery-item elementor-animated-content\" href=\"https:\/\/muzeumwspolczesne.pl\/wp-content\/uploads\/2024\/01\/image-1519.jpeg\" data-elementor-open-lightbox=\"yes\" data-elementor-lightbox-slideshow=\"f6a87e6\" data-elementor-lightbox-title=\"image\" data-e-action-hash=\"#elementor-action%3Aaction%3Dlightbox%26settings%3DeyJpZCI6MjY4MzQsInVybCI6Imh0dHBzOlwvXC9tdXpldW13c3BvbGN6ZXNuZS5wbFwvd3AtY29udGVudFwvdXBsb2Fkc1wvMjAyNFwvMDFcL2ltYWdlLTE1MTkuanBlZyIsInNsaWRlc2hvdyI6ImY2YTg3ZTYifQ%3D%3D\">\n\t\t\t\t\t<div class=\"e-gallery-image elementor-gallery-item__image\" data-thumbnail=\"https:\/\/muzeumwspolczesne.pl\/wp-content\/uploads\/2024\/01\/image-1519-300x206.jpeg\" data-width=\"300\" data-height=\"206\" aria-label=\"\" role=\"img\" ><\/div>\n\t\t\t\t\t\t\t\t\t\t\t<div class=\"elementor-gallery-item__overlay\"><\/div>\n\t\t\t\t\t\t\t\t\t\t\t\t\t\t<\/a>\n\t\t\t\t\t\t\t<a class=\"e-gallery-item elementor-gallery-item elementor-animated-content\" href=\"https:\/\/muzeumwspolczesne.pl\/wp-content\/uploads\/2024\/01\/image-1520.jpeg\" data-elementor-open-lightbox=\"yes\" data-elementor-lightbox-slideshow=\"f6a87e6\" data-elementor-lightbox-title=\"SONY DSC\" data-e-action-hash=\"#elementor-action%3Aaction%3Dlightbox%26settings%3DeyJpZCI6MjY4MzUsInVybCI6Imh0dHBzOlwvXC9tdXpldW13c3BvbGN6ZXNuZS5wbFwvd3AtY29udGVudFwvdXBsb2Fkc1wvMjAyNFwvMDFcL2ltYWdlLTE1MjAuanBlZyIsInNsaWRlc2hvdyI6ImY2YTg3ZTYifQ%3D%3D\">\n\t\t\t\t\t<div class=\"e-gallery-image elementor-gallery-item__image\" data-thumbnail=\"https:\/\/muzeumwspolczesne.pl\/wp-content\/uploads\/2024\/01\/image-1520-300x200.jpeg\" data-width=\"300\" data-height=\"200\" aria-label=\"\" role=\"img\" ><\/div>\n\t\t\t\t\t\t\t\t\t\t\t<div class=\"elementor-gallery-item__overlay\"><\/div>\n\t\t\t\t\t\t\t\t\t\t\t\t\t\t<\/a>\n\t\t\t\t\t\t\t<a class=\"e-gallery-item elementor-gallery-item elementor-animated-content\" href=\"https:\/\/muzeumwspolczesne.pl\/wp-content\/uploads\/2024\/01\/image-1521.jpeg\" data-elementor-open-lightbox=\"yes\" data-elementor-lightbox-slideshow=\"f6a87e6\" data-elementor-lightbox-title=\"SONY DSC\" data-e-action-hash=\"#elementor-action%3Aaction%3Dlightbox%26settings%3DeyJpZCI6MjY4MzYsInVybCI6Imh0dHBzOlwvXC9tdXpldW13c3BvbGN6ZXNuZS5wbFwvd3AtY29udGVudFwvdXBsb2Fkc1wvMjAyNFwvMDFcL2ltYWdlLTE1MjEuanBlZyIsInNsaWRlc2hvdyI6ImY2YTg3ZTYifQ%3D%3D\">\n\t\t\t\t\t<div class=\"e-gallery-image elementor-gallery-item__image\" data-thumbnail=\"https:\/\/muzeumwspolczesne.pl\/wp-content\/uploads\/2024\/01\/image-1521-300x201.jpeg\" data-width=\"300\" data-height=\"201\" aria-label=\"\" role=\"img\" ><\/div>\n\t\t\t\t\t\t\t\t\t\t\t<div class=\"elementor-gallery-item__overlay\"><\/div>\n\t\t\t\t\t\t\t\t\t\t\t\t\t\t<\/a>\n\t\t\t\t\t\t\t<a class=\"e-gallery-item elementor-gallery-item elementor-animated-content\" href=\"https:\/\/muzeumwspolczesne.pl\/wp-content\/uploads\/2024\/01\/image-1522.jpeg\" data-elementor-open-lightbox=\"yes\" data-elementor-lightbox-slideshow=\"f6a87e6\" data-elementor-lightbox-title=\"SONY DSC\" data-e-action-hash=\"#elementor-action%3Aaction%3Dlightbox%26settings%3DeyJpZCI6MjY4MzcsInVybCI6Imh0dHBzOlwvXC9tdXpldW13c3BvbGN6ZXNuZS5wbFwvd3AtY29udGVudFwvdXBsb2Fkc1wvMjAyNFwvMDFcL2ltYWdlLTE1MjIuanBlZyIsInNsaWRlc2hvdyI6ImY2YTg3ZTYifQ%3D%3D\">\n\t\t\t\t\t<div class=\"e-gallery-image elementor-gallery-item__image\" data-thumbnail=\"https:\/\/muzeumwspolczesne.pl\/wp-content\/uploads\/2024\/01\/image-1522-300x183.jpeg\" data-width=\"300\" data-height=\"183\" aria-label=\"\" role=\"img\" ><\/div>\n\t\t\t\t\t\t\t\t\t\t\t<div class=\"elementor-gallery-item__overlay\"><\/div>\n\t\t\t\t\t\t\t\t\t\t\t\t\t\t<\/a>\n\t\t\t\t\t\t\t<a class=\"e-gallery-item elementor-gallery-item elementor-animated-content\" href=\"https:\/\/muzeumwspolczesne.pl\/wp-content\/uploads\/2024\/01\/image-1523.jpeg\" data-elementor-open-lightbox=\"yes\" data-elementor-lightbox-slideshow=\"f6a87e6\" data-elementor-lightbox-title=\"image\" data-e-action-hash=\"#elementor-action%3Aaction%3Dlightbox%26settings%3DeyJpZCI6MjY4MzgsInVybCI6Imh0dHBzOlwvXC9tdXpldW13c3BvbGN6ZXNuZS5wbFwvd3AtY29udGVudFwvdXBsb2Fkc1wvMjAyNFwvMDFcL2ltYWdlLTE1MjMuanBlZyIsInNsaWRlc2hvdyI6ImY2YTg3ZTYifQ%3D%3D\">\n\t\t\t\t\t<div class=\"e-gallery-image elementor-gallery-item__image\" data-thumbnail=\"https:\/\/muzeumwspolczesne.pl\/wp-content\/uploads\/2024\/01\/image-1523-300x300.jpeg\" data-width=\"300\" data-height=\"300\" aria-label=\"\" role=\"img\" ><\/div>\n\t\t\t\t\t\t\t\t\t\t\t<div class=\"elementor-gallery-item__overlay\"><\/div>\n\t\t\t\t\t\t\t\t\t\t\t\t\t\t<\/a>\n\t\t\t\t\t<\/div>\n\t\t\t\t\t<\/div>\n\t\t\t\t<\/div>\n\t\t\t\t\t<\/div>\n\t\t<\/div>\n\t\t\t\t\t<\/div>\n\t\t<\/section>\n\t\t\t\t<section class=\"elementor-section elementor-top-section elementor-element elementor-element-c4be91e elementor-section-boxed elementor-section-height-default elementor-section-height-default\" data-id=\"c4be91e\" data-element_type=\"section\">\n\t\t\t\t\t\t<div class=\"elementor-container elementor-column-gap-default\">\n\t\t\t\t\t<div class=\"elementor-column elementor-col-100 elementor-top-column elementor-element elementor-element-3166d13\" data-id=\"3166d13\" data-element_type=\"column\">\n\t\t\t<div class=\"elementor-widget-wrap elementor-element-populated\">\n\t\t\t\t\t\t<div class=\"elementor-element elementor-element-e02f6ee elementor-widget elementor-widget-text-editor\" data-id=\"e02f6ee\" data-element_type=\"widget\" data-widget_type=\"text-editor.default\">\n\t\t\t\t<div class=\"elementor-widget-container\">\n\t\t\t\t\t\t\t\t\t<p><span style=\"letter-spacing: normal; font-family: BauPLRegular, sans-serif; font-size: 11px; background-color: rgb(251, 251, 251);\">Prowadzenie warsztat\u00f3w:<\/span><br style=\"letter-spacing: normal; font-family: BauPLRegular, sans-serif; font-size: 11px;\"><span style=\"letter-spacing: normal; font-family: BauPLRegular, sans-serif; font-size: 11px; background-color: rgb(251, 251, 251);\">Joanna Seku\u0142a<\/span><br style=\"letter-spacing: normal; font-family: BauPLRegular, sans-serif; font-size: 11px;\"><br style=\"letter-spacing: normal; font-family: BauPLRegular, sans-serif; font-size: 11px;\"><span style=\"letter-spacing: normal; font-family: BauPLRegular, sans-serif; font-size: 11px; background-color: rgb(251, 251, 251);\">Spotkania s\u0105 bezp\u0142atne,&nbsp;<\/span><br style=\"letter-spacing: normal; font-family: BauPLRegular, sans-serif; font-size: 11px;\"><span style=\"letter-spacing: normal; font-family: BauPLRegular, sans-serif; font-size: 11px; background-color: rgb(251, 251, 251);\">ale obowi\u0105zuje&nbsp;<\/span><br style=\"letter-spacing: normal; font-family: BauPLRegular, sans-serif; font-size: 11px;\"><span style=\"letter-spacing: normal; font-family: BauPLRegular, sans-serif; font-size: 11px; background-color: rgb(251, 251, 251);\">rezerwacja telefoniczna:&nbsp;<\/span><br style=\"letter-spacing: normal; font-family: BauPLRegular, sans-serif; font-size: 11px;\"><span style=\"letter-spacing: normal; font-family: BauPLRegular, sans-serif; font-size: 11px; background-color: rgb(251, 251, 251);\">501 466 319<\/span><br style=\"letter-spacing: normal; font-family: BauPLRegular, sans-serif; font-size: 11px;\"><br style=\"letter-spacing: normal; font-family: BauPLRegular, sans-serif; font-size: 11px;\"><span style=\"letter-spacing: normal; font-family: BauPLRegular, sans-serif; font-size: 11px; background-color: rgb(251, 251, 251);\">Czas trwania 1,5 h<\/span><br style=\"letter-spacing: normal; font-family: BauPLRegular, sans-serif; font-size: 11px;\"><br style=\"letter-spacing: normal; font-family: BauPLRegular, sans-serif; font-size: 11px;\"><span style=\"letter-spacing: normal; font-family: BauPLRegular, sans-serif; font-size: 11px; background-color: rgb(251, 251, 251);\">Terminy do uzgodnienia<\/span><br><\/p>\t\t\t\t\t\t\t\t<\/div>\n\t\t\t\t<\/div>\n\t\t\t\t\t<\/div>\n\t\t<\/div>\n\t\t\t\t\t<\/div>\n\t\t<\/section>\n\t\t\t\t<\/div>\n\t\t","protected":false},"excerpt":{"rendered":"<p>Muzeum Wsp\u00f3\u0142czesne Wroc\u0142aw zaprasza na kolejn\u0105 ods\u0142on\u0119 warsztat\u00f3w Rozrusznik bez barier. Zaj\u0119cia skierowane s\u0105 do os\u00f3b z niepe\u0142nosprawno\u015bci\u0105 intelektualn\u0105 i ruchow\u0105 w ka\u017cdym wieku: zorganizowanych grup szkolnych oraz pacjent\u00f3w o\u015brodk\u00f3w terapeutycznych. Podczas tegorocznej edycji warsztat\u00f3w we\u017amiemy pod lup\u0119 dzie\u0142a prezentowane na wystawach czasowych. Spotkania b\u0119d\u0105 odbywa\u0107 si\u0119 w comiesi\u0119cznych odst\u0119pach, a ka\u017cde dotyczy\u0107 b\u0119dzie wybranego [&hellip;]<\/p>\n","protected":false},"author":6,"featured_media":26830,"parent":0,"template":"","meta":{"footnotes":""},"kategorie-edukacja":[27],"class_list":["post-26829","edukacja","type-edukacja","status-publish","has-post-thumbnail","hentry","kategorie-edukacja-bez-barier"],"_links":{"self":[{"href":"https:\/\/muzeumwspolczesne.pl\/en\/wp-json\/wp\/v2\/edukacja\/26829","targetHints":{"allow":["GET"]}}],"collection":[{"href":"https:\/\/muzeumwspolczesne.pl\/en\/wp-json\/wp\/v2\/edukacja"}],"about":[{"href":"https:\/\/muzeumwspolczesne.pl\/en\/wp-json\/wp\/v2\/types\/edukacja"}],"author":[{"embeddable":true,"href":"https:\/\/muzeumwspolczesne.pl\/en\/wp-json\/wp\/v2\/users\/6"}],"version-history":[{"count":4,"href":"https:\/\/muzeumwspolczesne.pl\/en\/wp-json\/wp\/v2\/edukacja\/26829\/revisions"}],"predecessor-version":[{"id":26841,"href":"https:\/\/muzeumwspolczesne.pl\/en\/wp-json\/wp\/v2\/edukacja\/26829\/revisions\/26841"}],"wp:featuredmedia":[{"embeddable":true,"href":"https:\/\/muzeumwspolczesne.pl\/en\/wp-json\/wp\/v2\/media\/26830"}],"wp:attachment":[{"href":"https:\/\/muzeumwspolczesne.pl\/en\/wp-json\/wp\/v2\/media?parent=26829"}],"wp:term":[{"taxonomy":"kategorie-edukacja","embeddable":true,"href":"https:\/\/muzeumwspolczesne.pl\/en\/wp-json\/wp\/v2\/kategorie-edukacja?post=26829"}],"curies":[{"name":"wp","href":"https:\/\/api.w.org\/{rel}","templated":true}]}}