{"id":26848,"date":"2017-10-04T16:09:00","date_gmt":"2017-10-04T16:09:00","guid":{"rendered":"https:\/\/muzeumwspolczesne.pl\/?post_type=edukacja&#038;p=26848"},"modified":"2024-01-29T16:10:28","modified_gmt":"2024-01-29T16:10:28","slug":"rozrusznik-bez-barier-warsztaty-integracyjne-3","status":"publish","type":"edukacja","link":"https:\/\/muzeumwspolczesne.pl\/en\/zapowiedzi\/rozrusznik-bez-barier-warsztaty-integracyjne-3\/","title":{"rendered":"ROZRUSZNIK BEZ BARIER \u2013 WARSZTATY INTEGRACYJNE"},"content":{"rendered":"\t\t<div data-elementor-type=\"wp-post\" data-elementor-id=\"26848\" class=\"elementor elementor-26848\" data-elementor-post-type=\"edukacja\">\n\t\t\t\t\t\t<section class=\"elementor-section elementor-top-section elementor-element elementor-element-f48fa38 elementor-section-boxed elementor-section-height-default elementor-section-height-default\" data-id=\"f48fa38\" data-element_type=\"section\">\n\t\t\t\t\t\t<div class=\"elementor-container elementor-column-gap-default\">\n\t\t\t\t\t<div class=\"elementor-column elementor-col-100 elementor-top-column elementor-element elementor-element-11997a9\" data-id=\"11997a9\" data-element_type=\"column\">\n\t\t\t<div class=\"elementor-widget-wrap elementor-element-populated\">\n\t\t\t\t\t\t<div class=\"elementor-element elementor-element-158dd8f elementor-widget elementor-widget-text-editor\" data-id=\"158dd8f\" data-element_type=\"widget\" data-widget_type=\"text-editor.default\">\n\t\t\t\t<div class=\"elementor-widget-container\">\n\t\t\t\t\t\t\t\t\t<p>Warsztaty Rozrusznika bez barier skierowane s\u0105 do os\u00f3b o szczeg\u00f3lnych potrzebach edukacyjnych: grup szkolnych oraz os\u00f3b doros\u0142ych, dla kt\u00f3rych ekspresja plastyczna stanowi naturalny proces terapeutyczny.<br \/>Podczas tegorocznej edycji warsztat\u00f3w dzia\u0142a\u0107 b\u0119dziemy z fotografi\u0105 \u2013 wykonuj\u0105c oryginalne portrety, a tak\u017ce si\u0119ga\u0107 do \u017ar\u00f3de\u0142 fotografii pracuj\u0105c z ca\u0142ym cia\u0142em. Przeanalizujemy r\u00f3wnie\u017c inne formy zapisywania rzeczywisto\u015bci, kt\u00f3re w mniej oczywisty spos\u00f3b b\u0119d\u0105 ingerowa\u0107 w moment, kt\u00f3ry pr\u00f3bowa\u0107 b\u0119dziemy uchwyci\u0107. Zaj\u0119cia realizujemy w formie dyptyku warsztatowego (dw\u00f3ch powi\u0105zanych tematycznie warsztat\u00f3w) lub jednego warsztatu (temat do wyboru).<\/p><p><strong>PORTRET WIELOKROTNY<\/strong><\/p><p>Tytu\u0142 spotkania nawi\u0105zuje do pracy autorstwa Stanis\u0142awa Ignacego Witkiewicza (Witkacego), kt\u00f3ra sta\u0142a si\u0119 inspiracj\u0105 dla kolejnych pokole\u0144 fotografik\u00f3w, b\u0119d\u0105c wyrazem fascynacji technicznymi<br \/>mo\u017cliwo\u015bciami zapisu rzeczywisto\u015bci oraz z\u0142o\u017cono\u015bci naszej percepcji. Podczas warsztat\u00f3w przyjrzymy si\u0119 r\u00f3\u017cnorodno\u015bci portret\u00f3w fotograficznych: dokumentacyjnych, psychologicznych, artystycznych, autoterapeutycznych. Zaobserwujemy, jak bardzo jeste\u015bmy w stanie bawi\u0107 si\u0119 nasz\u0105 mimik\u0105, a na ile nasza powaga lub introwertyczno\u015b\u0107 nie pozwala na \u201eskradzenie\u201d wizerunku, poprzez zamkni\u0119cie go w kadrze fotograficznym.<\/p><p><strong>FOTOGRAFIA \u2013 AUTObodyART<\/strong><\/p><p>Podczas warsztat\u00f3w przyjrzymy si\u0119 r\u00f3\u017cnym funkcjom obrazu fotograficznego. Zastanowimy si\u0119 nad sposobami patrzenia na rzeczywisto\u015b\u0107 oraz zapoznamy si\u0119 z r\u00f3\u017cnymi metodami jej utrwalania.<br \/>Podczas dzia\u0142a\u0144 plastycznych wykorzystamy technik\u0119 fotograficzn\u0105, kt\u00f3ra bez u\u017cywania profesjonalnego sprz\u0119tu, w prosty i nietypowy spos\u00f3b, pozwoli nam na stworzenie niepowtarzalnych autoportret\u00f3w. Rezultatem tego dzia\u0142ania b\u0119d\u0105 bardziej lub mniej oczywiste obrazy rzeczywisto\u015bci, kt\u00f3re uczestnicy b\u0119d\u0105 mogli zachowa\u0107 jako pami\u0105tk\u0119\/ zapis konkretnego wydarzenia (czasu i miejsca). Warsztatom b\u0119dzie towarzyszy\u0107 zwiedzanie aktualnych wystaw.<\/p><p>Podczas pracy tw\u00f3rczej stawiamy na jako\u015b\u0107 procesu artystycznego. Ubieg\u0142oroczne dzia\u0142ania ROZRUSZNIK BEZ BARIER: KINETYKA I D\u0179WI\u0118K podsumowali\u015bmy organizuj\u0105c wystaw\u0119 prezentuj\u0105c\u0105 tw\u00f3rczo\u015b\u0107 uczestnik\u00f3w w niecodzienny, efektowny spos\u00f3b.<\/p><p>Terminy warsztat\u00f3w (obowi\u0105zuj\u0105 wcze\u015bniejsze zapisy): mo\u017cliwo\u015b\u0107 rezerwacji terminu po wcze\u015bniejszym ustaleniu telefonicznym<\/p><p>Zapisy:<br \/>Joanna Seku\u0142a tel. 501 466 319<\/p><p>Udzia\u0142 w warsztatach jest bezp\u0142atny.<\/p>\t\t\t\t\t\t\t\t<\/div>\n\t\t\t\t<\/div>\n\t\t\t\t\t<\/div>\n\t\t<\/div>\n\t\t\t\t\t<\/div>\n\t\t<\/section>\n\t\t\t\t<section class=\"elementor-section elementor-top-section elementor-element elementor-element-db06b5f elementor-section-boxed elementor-section-height-default elementor-section-height-default\" data-id=\"db06b5f\" data-element_type=\"section\">\n\t\t\t\t\t\t<div class=\"elementor-container elementor-column-gap-default\">\n\t\t\t\t\t<div class=\"elementor-column elementor-col-100 elementor-top-column elementor-element elementor-element-cd6e766\" data-id=\"cd6e766\" data-element_type=\"column\">\n\t\t\t<div class=\"elementor-widget-wrap elementor-element-populated\">\n\t\t\t\t\t\t<div class=\"elementor-element elementor-element-fa62ad5 elementor-widget elementor-widget-text-editor\" data-id=\"fa62ad5\" data-element_type=\"widget\" data-widget_type=\"text-editor.default\">\n\t\t\t\t<div class=\"elementor-widget-container\">\n\t\t\t\t\t\t\t\t\t<p><span style=\"letter-spacing: normal; font-family: BauPLRegular, sans-serif; font-size: 11px; background-color: rgb(251, 251, 251);\">Prowadzenie warsztat\u00f3w:&nbsp;<\/span><br style=\"letter-spacing: normal; font-family: BauPLRegular, sans-serif; font-size: 11px;\"><span style=\"letter-spacing: normal; font-family: BauPLRegular, sans-serif; font-size: 11px; background-color: rgb(251, 251, 251);\">Joanna Seku\u0142a<\/span><br style=\"letter-spacing: normal; font-family: BauPLRegular, sans-serif; font-size: 11px;\"><br style=\"letter-spacing: normal; font-family: BauPLRegular, sans-serif; font-size: 11px;\"><span style=\"letter-spacing: normal; font-family: BauPLRegular, sans-serif; font-size: 11px; background-color: rgb(251, 251, 251);\">Kuratorka programu edukacyjnego:<\/span><br style=\"letter-spacing: normal; font-family: BauPLRegular, sans-serif; font-size: 11px;\"><span style=\"letter-spacing: normal; font-family: BauPLRegular, sans-serif; font-size: 11px; background-color: rgb(251, 251, 251);\">Magdalena Skowro\u0144ska<\/span><br><\/p>\t\t\t\t\t\t\t\t<\/div>\n\t\t\t\t<\/div>\n\t\t\t\t\t<\/div>\n\t\t<\/div>\n\t\t\t\t\t<\/div>\n\t\t<\/section>\n\t\t\t\t<\/div>\n\t\t","protected":false},"excerpt":{"rendered":"<p>Warsztaty Rozrusznika bez barier skierowane s\u0105 do os\u00f3b o szczeg\u00f3lnych potrzebach edukacyjnych: grup szkolnych oraz os\u00f3b doros\u0142ych, dla kt\u00f3rych ekspresja plastyczna stanowi naturalny proces terapeutyczny.Podczas tegorocznej edycji warsztat\u00f3w dzia\u0142a\u0107 b\u0119dziemy z fotografi\u0105 \u2013 wykonuj\u0105c oryginalne portrety, a tak\u017ce si\u0119ga\u0107 do \u017ar\u00f3de\u0142 fotografii pracuj\u0105c z ca\u0142ym cia\u0142em. Przeanalizujemy r\u00f3wnie\u017c inne formy zapisywania rzeczywisto\u015bci, kt\u00f3re w mniej [&hellip;]<\/p>\n","protected":false},"author":6,"featured_media":26849,"parent":0,"template":"","meta":{"footnotes":""},"kategorie-edukacja":[27],"class_list":["post-26848","edukacja","type-edukacja","status-publish","has-post-thumbnail","hentry","kategorie-edukacja-bez-barier"],"_links":{"self":[{"href":"https:\/\/muzeumwspolczesne.pl\/en\/wp-json\/wp\/v2\/edukacja\/26848","targetHints":{"allow":["GET"]}}],"collection":[{"href":"https:\/\/muzeumwspolczesne.pl\/en\/wp-json\/wp\/v2\/edukacja"}],"about":[{"href":"https:\/\/muzeumwspolczesne.pl\/en\/wp-json\/wp\/v2\/types\/edukacja"}],"author":[{"embeddable":true,"href":"https:\/\/muzeumwspolczesne.pl\/en\/wp-json\/wp\/v2\/users\/6"}],"version-history":[{"count":4,"href":"https:\/\/muzeumwspolczesne.pl\/en\/wp-json\/wp\/v2\/edukacja\/26848\/revisions"}],"predecessor-version":[{"id":26853,"href":"https:\/\/muzeumwspolczesne.pl\/en\/wp-json\/wp\/v2\/edukacja\/26848\/revisions\/26853"}],"wp:featuredmedia":[{"embeddable":true,"href":"https:\/\/muzeumwspolczesne.pl\/en\/wp-json\/wp\/v2\/media\/26849"}],"wp:attachment":[{"href":"https:\/\/muzeumwspolczesne.pl\/en\/wp-json\/wp\/v2\/media?parent=26848"}],"wp:term":[{"taxonomy":"kategorie-edukacja","embeddable":true,"href":"https:\/\/muzeumwspolczesne.pl\/en\/wp-json\/wp\/v2\/kategorie-edukacja?post=26848"}],"curies":[{"name":"wp","href":"https:\/\/api.w.org\/{rel}","templated":true}]}}