{"id":26855,"date":"2017-10-11T16:10:00","date_gmt":"2017-10-11T16:10:00","guid":{"rendered":"https:\/\/muzeumwspolczesne.pl\/?post_type=edukacja&#038;p=26855"},"modified":"2024-01-29T16:13:00","modified_gmt":"2024-01-29T16:13:00","slug":"tekst-integracyjne-warsztaty-sensualne","status":"publish","type":"edukacja","link":"https:\/\/muzeumwspolczesne.pl\/en\/zapowiedzi\/tekst-integracyjne-warsztaty-sensualne\/","title":{"rendered":".::::..::..::..::::\u2026. TEKST. INTEGRACYJNE WARSZTATY SENSUALNE"},"content":{"rendered":"\t\t<div data-elementor-type=\"wp-post\" data-elementor-id=\"26855\" class=\"elementor elementor-26855\" data-elementor-post-type=\"edukacja\">\n\t\t\t\t\t\t<section class=\"elementor-section elementor-top-section elementor-element elementor-element-a439e45 elementor-section-boxed elementor-section-height-default elementor-section-height-default\" data-id=\"a439e45\" data-element_type=\"section\">\n\t\t\t\t\t\t<div class=\"elementor-container elementor-column-gap-default\">\n\t\t\t\t\t<div class=\"elementor-column elementor-col-100 elementor-top-column elementor-element elementor-element-54b15b7\" data-id=\"54b15b7\" data-element_type=\"column\">\n\t\t\t<div class=\"elementor-widget-wrap elementor-element-populated\">\n\t\t\t\t\t\t<div class=\"elementor-element elementor-element-008242c elementor-widget elementor-widget-text-editor\" data-id=\"008242c\" data-element_type=\"widget\" data-widget_type=\"text-editor.default\">\n\t\t\t\t<div class=\"elementor-widget-container\">\n\t\t\t\t\t\t\t\t\t<p>Podczas kolejnych sensualnych warsztat\u00f3w integracyjnych ruszymy we wsp\u00f3ln\u0105 podr\u00f3\u017c po nieoczywistych kszta\u0142tach tekstu, dla kt\u00f3rej punktem wyj\u015bcia b\u0119dzie wystawa Stanis\u0142awa Dr\u00f3\u017cd\u017ca zatytu\u0142owana \u201cPoj\u0119ciokszta\u0142ty\u201d.<br \/>\u00a0<br \/>Tradycyjnie na integracyjne warsztaty sensualne zapraszamy szczeg\u00f3lnie osoby z niepe\u0142nosprawno\u015bci\u0105 wzroku, a tak\u017ce osoby widz\u0105ce.<br \/>\u00a0<br \/>Liczba miejsc ograniczona.<br \/>Zapisy:<br \/>b.lis@muzeumwspolczesne.pl (do 9.10.17, do godz. 12:00).<br \/>\u00a0<br \/><strong>Stanis\u0142aw Dr\u00f3\u017cd\u017c (1939\u20132009)<\/strong> \u2013 oryginalny tw\u00f3rca poezji konkretnej-poj\u0119ciokszta\u0142t\u00f3w, autor Pawilonu Polskiego na Biennale Weneckim w 2003 roku, jest autorem muralu \u201eKlepsydra\u201d na fasadzie Muzeum Wsp\u00f3\u0142czesnego Wroc\u0142aw. Artysta studiowa\u0142 i mieszka\u0142 we Wroc\u0142awiu. W ostatnich latach \u017cycia nieopodal obecnego budynku-siedziby tymczasowej Muzeum Wsp\u00f3\u0142czesnego Wroc\u0142aw. By\u0142 artyst\u0105 szczeg\u00f3lnie zas\u0142u\u017conym dla kultury Wroc\u0142awia.<\/p>\t\t\t\t\t\t\t\t<\/div>\n\t\t\t\t<\/div>\n\t\t\t\t\t<\/div>\n\t\t<\/div>\n\t\t\t\t\t<\/div>\n\t\t<\/section>\n\t\t\t\t<section class=\"elementor-section elementor-top-section elementor-element elementor-element-5aed55c elementor-section-boxed elementor-section-height-default elementor-section-height-default\" data-id=\"5aed55c\" data-element_type=\"section\">\n\t\t\t\t\t\t<div class=\"elementor-container elementor-column-gap-default\">\n\t\t\t\t\t<div class=\"elementor-column elementor-col-100 elementor-top-column elementor-element elementor-element-317d5cd\" data-id=\"317d5cd\" data-element_type=\"column\">\n\t\t\t<div class=\"elementor-widget-wrap elementor-element-populated\">\n\t\t\t\t\t\t<div class=\"elementor-element elementor-element-f47c17b elementor-widget elementor-widget-gallery\" data-id=\"f47c17b\" data-element_type=\"widget\" data-settings=\"{&quot;lazyload&quot;:&quot;yes&quot;,&quot;gallery_layout&quot;:&quot;grid&quot;,&quot;columns&quot;:4,&quot;columns_tablet&quot;:2,&quot;columns_mobile&quot;:1,&quot;gap&quot;:{&quot;unit&quot;:&quot;px&quot;,&quot;size&quot;:10,&quot;sizes&quot;:[]},&quot;gap_tablet&quot;:{&quot;unit&quot;:&quot;px&quot;,&quot;size&quot;:10,&quot;sizes&quot;:[]},&quot;gap_mobile&quot;:{&quot;unit&quot;:&quot;px&quot;,&quot;size&quot;:10,&quot;sizes&quot;:[]},&quot;link_to&quot;:&quot;file&quot;,&quot;aspect_ratio&quot;:&quot;3:2&quot;,&quot;overlay_background&quot;:&quot;yes&quot;,&quot;content_hover_animation&quot;:&quot;fade-in&quot;}\" data-widget_type=\"gallery.default\">\n\t\t\t\t<div class=\"elementor-widget-container\">\n\t\t\t\t\t\t\t<div class=\"elementor-gallery__container\">\n\t\t\t\t\t\t\t<a class=\"e-gallery-item elementor-gallery-item elementor-animated-content\" href=\"https:\/\/muzeumwspolczesne.pl\/wp-content\/uploads\/2024\/01\/image-34.png\" data-elementor-open-lightbox=\"yes\" data-elementor-lightbox-slideshow=\"f47c17b\" data-elementor-lightbox-title=\"image\" data-e-action-hash=\"#elementor-action%3Aaction%3Dlightbox%26settings%3DeyJpZCI6MjY4NTgsInVybCI6Imh0dHBzOlwvXC9tdXpldW13c3BvbGN6ZXNuZS5wbFwvd3AtY29udGVudFwvdXBsb2Fkc1wvMjAyNFwvMDFcL2ltYWdlLTM0LnBuZyIsInNsaWRlc2hvdyI6ImY0N2MxN2IifQ%3D%3D\">\n\t\t\t\t\t<div class=\"e-gallery-image elementor-gallery-item__image\" data-thumbnail=\"https:\/\/muzeumwspolczesne.pl\/wp-content\/uploads\/2024\/01\/image-34-300x208.png\" data-width=\"300\" data-height=\"208\" aria-label=\"\" role=\"img\" ><\/div>\n\t\t\t\t\t\t\t\t\t\t\t<div class=\"elementor-gallery-item__overlay\"><\/div>\n\t\t\t\t\t\t\t\t\t\t\t\t\t\t<\/a>\n\t\t\t\t\t\t\t<a class=\"e-gallery-item elementor-gallery-item elementor-animated-content\" href=\"https:\/\/muzeumwspolczesne.pl\/wp-content\/uploads\/2024\/01\/image-8.gif\" data-elementor-open-lightbox=\"yes\" data-elementor-lightbox-slideshow=\"f47c17b\" data-elementor-lightbox-title=\"image\" data-e-action-hash=\"#elementor-action%3Aaction%3Dlightbox%26settings%3DeyJpZCI6MjY4NTksInVybCI6Imh0dHBzOlwvXC9tdXpldW13c3BvbGN6ZXNuZS5wbFwvd3AtY29udGVudFwvdXBsb2Fkc1wvMjAyNFwvMDFcL2ltYWdlLTguZ2lmIiwic2xpZGVzaG93IjoiZjQ3YzE3YiJ9\">\n\t\t\t\t\t<div class=\"e-gallery-image elementor-gallery-item__image\" data-thumbnail=\"https:\/\/muzeumwspolczesne.pl\/wp-content\/uploads\/2024\/01\/image-8-300x143.gif\" data-width=\"300\" data-height=\"143\" aria-label=\"\" role=\"img\" ><\/div>\n\t\t\t\t\t\t\t\t\t\t\t<div class=\"elementor-gallery-item__overlay\"><\/div>\n\t\t\t\t\t\t\t\t\t\t\t\t\t\t<\/a>\n\t\t\t\t\t\t\t<a class=\"e-gallery-item elementor-gallery-item elementor-animated-content\" href=\"https:\/\/muzeumwspolczesne.pl\/wp-content\/uploads\/2024\/01\/image-1526.jpeg\" data-elementor-open-lightbox=\"yes\" data-elementor-lightbox-slideshow=\"f47c17b\" data-elementor-lightbox-title=\"image\" data-e-action-hash=\"#elementor-action%3Aaction%3Dlightbox%26settings%3DeyJpZCI6MjY4NjAsInVybCI6Imh0dHBzOlwvXC9tdXpldW13c3BvbGN6ZXNuZS5wbFwvd3AtY29udGVudFwvdXBsb2Fkc1wvMjAyNFwvMDFcL2ltYWdlLTE1MjYuanBlZyIsInNsaWRlc2hvdyI6ImY0N2MxN2IifQ%3D%3D\">\n\t\t\t\t\t<div class=\"e-gallery-image elementor-gallery-item__image\" data-thumbnail=\"https:\/\/muzeumwspolczesne.pl\/wp-content\/uploads\/2024\/01\/image-1526-300x300.jpeg\" data-width=\"300\" data-height=\"300\" aria-label=\"\" role=\"img\" ><\/div>\n\t\t\t\t\t\t\t\t\t\t\t<div class=\"elementor-gallery-item__overlay\"><\/div>\n\t\t\t\t\t\t\t\t\t\t\t\t\t\t<\/a>\n\t\t\t\t\t<\/div>\n\t\t\t\t\t<\/div>\n\t\t\t\t<\/div>\n\t\t\t\t\t<\/div>\n\t\t<\/div>\n\t\t\t\t\t<\/div>\n\t\t<\/section>\n\t\t\t\t<section class=\"elementor-section elementor-top-section elementor-element elementor-element-a67aee0 elementor-section-boxed elementor-section-height-default elementor-section-height-default\" data-id=\"a67aee0\" data-element_type=\"section\">\n\t\t\t\t\t\t<div class=\"elementor-container elementor-column-gap-default\">\n\t\t\t\t\t<div class=\"elementor-column elementor-col-100 elementor-top-column elementor-element elementor-element-6fa359d\" data-id=\"6fa359d\" data-element_type=\"column\">\n\t\t\t<div class=\"elementor-widget-wrap elementor-element-populated\">\n\t\t\t\t\t\t<div class=\"elementor-element elementor-element-97849fb elementor-widget elementor-widget-text-editor\" data-id=\"97849fb\" data-element_type=\"widget\" data-widget_type=\"text-editor.default\">\n\t\t\t\t<div class=\"elementor-widget-container\">\n\t\t\t\t\t\t\t\t\t<p><span style=\"letter-spacing: normal; font-family: BauPLRegular, sans-serif; font-size: 11px; background-color: rgb(251, 251, 251);\">Prowadzenie:&nbsp;<\/span><br style=\"letter-spacing: normal; font-family: BauPLRegular, sans-serif; font-size: 11px;\"><span style=\"letter-spacing: normal; font-family: BauPLRegular, sans-serif; font-size: 11px; background-color: rgb(251, 251, 251);\">Magdalena Skowro\u0144ska, Bartek Lis<\/span><br style=\"letter-spacing: normal; font-family: BauPLRegular, sans-serif; font-size: 11px;\"><br style=\"letter-spacing: normal; font-family: BauPLRegular, sans-serif; font-size: 11px;\"><span style=\"letter-spacing: normal; font-family: BauPLRegular, sans-serif; font-size: 11px; background-color: rgb(251, 251, 251);\">Wydarzenie towarzysz\u0105ce wystawie:&nbsp;<\/span><br style=\"letter-spacing: normal; font-family: BauPLRegular, sans-serif; font-size: 11px;\"><span style=\"letter-spacing: normal; font-family: BauPLRegular, sans-serif; font-size: 11px; background-color: rgb(251, 251, 251);\">&#8222;Stanis\u0142aw Dr\u00f3\u017cd\u017c. Poj\u0119ciokszta\u0142ty&#8221;<\/span><br style=\"letter-spacing: normal; font-family: BauPLRegular, sans-serif; font-size: 11px;\"><br style=\"letter-spacing: normal; font-family: BauPLRegular, sans-serif; font-size: 11px;\"><br style=\"letter-spacing: normal; font-family: BauPLRegular, sans-serif; font-size: 11px;\"><span style=\"letter-spacing: normal; font-family: BauPLRegular, sans-serif; font-size: 11px; background-color: rgb(251, 251, 251);\">Warsztaty odbywaj\u0105 si\u0119 we wsp\u00f3\u0142pracy z WARSZAWSKIM FESTIWALEM KULTURY BEZ BARIER. Festiwal odb\u0119dzie si\u0119 w dniach: 29 wrze\u015bnia do 15 pa\u017adziernika (Mi\u0119dzynarodowy Dzie\u0144 Bia\u0142ej Laski)<\/span><br><\/p>\t\t\t\t\t\t\t\t<\/div>\n\t\t\t\t<\/div>\n\t\t\t\t\t<\/div>\n\t\t<\/div>\n\t\t\t\t\t<\/div>\n\t\t<\/section>\n\t\t\t\t<\/div>\n\t\t","protected":false},"excerpt":{"rendered":"<p>Podczas kolejnych sensualnych warsztat\u00f3w integracyjnych ruszymy we wsp\u00f3ln\u0105 podr\u00f3\u017c po nieoczywistych kszta\u0142tach tekstu, dla kt\u00f3rej punktem wyj\u015bcia b\u0119dzie wystawa Stanis\u0142awa Dr\u00f3\u017cd\u017ca zatytu\u0142owana \u201cPoj\u0119ciokszta\u0142ty\u201d.\u00a0Tradycyjnie na integracyjne warsztaty sensualne zapraszamy szczeg\u00f3lnie osoby z niepe\u0142nosprawno\u015bci\u0105 wzroku, a tak\u017ce osoby widz\u0105ce.\u00a0Liczba miejsc ograniczona.Zapisy:b.lis@muzeumwspolczesne.pl (do 9.10.17, do godz. 12:00).\u00a0Stanis\u0142aw Dr\u00f3\u017cd\u017c (1939\u20132009) \u2013 oryginalny tw\u00f3rca poezji konkretnej-poj\u0119ciokszta\u0142t\u00f3w, autor Pawilonu Polskiego na [&hellip;]<\/p>\n","protected":false},"author":6,"featured_media":26856,"parent":0,"template":"","meta":{"footnotes":""},"kategorie-edukacja":[27],"class_list":["post-26855","edukacja","type-edukacja","status-publish","has-post-thumbnail","hentry","kategorie-edukacja-bez-barier"],"_links":{"self":[{"href":"https:\/\/muzeumwspolczesne.pl\/en\/wp-json\/wp\/v2\/edukacja\/26855","targetHints":{"allow":["GET"]}}],"collection":[{"href":"https:\/\/muzeumwspolczesne.pl\/en\/wp-json\/wp\/v2\/edukacja"}],"about":[{"href":"https:\/\/muzeumwspolczesne.pl\/en\/wp-json\/wp\/v2\/types\/edukacja"}],"author":[{"embeddable":true,"href":"https:\/\/muzeumwspolczesne.pl\/en\/wp-json\/wp\/v2\/users\/6"}],"version-history":[{"count":4,"href":"https:\/\/muzeumwspolczesne.pl\/en\/wp-json\/wp\/v2\/edukacja\/26855\/revisions"}],"predecessor-version":[{"id":26863,"href":"https:\/\/muzeumwspolczesne.pl\/en\/wp-json\/wp\/v2\/edukacja\/26855\/revisions\/26863"}],"wp:featuredmedia":[{"embeddable":true,"href":"https:\/\/muzeumwspolczesne.pl\/en\/wp-json\/wp\/v2\/media\/26856"}],"wp:attachment":[{"href":"https:\/\/muzeumwspolczesne.pl\/en\/wp-json\/wp\/v2\/media?parent=26855"}],"wp:term":[{"taxonomy":"kategorie-edukacja","embeddable":true,"href":"https:\/\/muzeumwspolczesne.pl\/en\/wp-json\/wp\/v2\/kategorie-edukacja?post=26855"}],"curies":[{"name":"wp","href":"https:\/\/api.w.org\/{rel}","templated":true}]}}