{"id":26877,"date":"2017-05-31T16:18:00","date_gmt":"2017-05-31T16:18:00","guid":{"rendered":"https:\/\/muzeumwspolczesne.pl\/?post_type=edukacja&#038;p=26877"},"modified":"2024-01-29T16:19:11","modified_gmt":"2024-01-29T16:19:11","slug":"halasy-symfonie-emocje-warsztaty-sensualne","status":"publish","type":"edukacja","link":"https:\/\/muzeumwspolczesne.pl\/en\/zapowiedzi\/halasy-symfonie-emocje-warsztaty-sensualne\/","title":{"rendered":"HA\u0141ASY, SYMFONIE, EMOCJE. WARSZTATY SENSUALNE"},"content":{"rendered":"\t\t<div data-elementor-type=\"wp-post\" data-elementor-id=\"26877\" class=\"elementor elementor-26877\" data-elementor-post-type=\"edukacja\">\n\t\t\t\t\t\t<section class=\"elementor-section elementor-top-section elementor-element elementor-element-766a610 elementor-section-boxed elementor-section-height-default elementor-section-height-default\" data-id=\"766a610\" data-element_type=\"section\">\n\t\t\t\t\t\t<div class=\"elementor-container elementor-column-gap-default\">\n\t\t\t\t\t<div class=\"elementor-column elementor-col-100 elementor-top-column elementor-element elementor-element-c2616ae\" data-id=\"c2616ae\" data-element_type=\"column\">\n\t\t\t<div class=\"elementor-widget-wrap elementor-element-populated\">\n\t\t\t\t\t\t<div class=\"elementor-element elementor-element-7b10293 elementor-widget elementor-widget-text-editor\" data-id=\"7b10293\" data-element_type=\"widget\" data-widget_type=\"text-editor.default\">\n\t\t\t\t<div class=\"elementor-widget-container\">\n\t\t\t\t\t\t\t\t\t<p>\u201eCzarna wiosna\u201d to nie tylko tytu\u0142 jednego z wierszy Antoniego S\u0142onimskiego, to tak\u017ce tytu\u0142 najnowszej wystawy, kt\u00f3r\u0105 mo\u017cna ogl\u0105da\u0107 w Muzeum Wsp\u00f3\u0142czesnym Wroc\u0142aw. Ekspozycja po\u015bwi\u0119cona jest fenomenowi wroc\u0142awskiej niezale\u017cnej sceny muzycznej. Opowiada o niezwyk\u0142ym zjawisku kulturowym i spo\u0142ecznym. Podczas naszych sensualnych warsztat\u00f3w szerzej przyjrzymy si\u0119 muzyce i d\u017awi\u0119kom, jako elementom, kt\u00f3rymi operuje si\u0119 w sztuce wsp\u00f3\u0142czesnej.<\/p><p>Zapraszamy w audialn\u0105 podr\u00f3\u017c po wystawie. Opr\u00f3cz \u0107wicze\u0144 i opowie\u015bci z zakresu \u201esound artu\u201d, porozmawiamy tak\u017ce o subkulturach, najnowszej historii nadwi\u015bla\u0144skiego kraju i o tym, co to wszystko ma wsp\u00f3lnego z punkiem i rockiem.<\/p><p>Tradycyjnie na integracyjne warsztaty sensualne zapraszamy szczeg\u00f3lnie osoby z niepe\u0142nosprawno\u015bci\u0105 wzroku.<\/p><p>Liczba miejsc ograniczona. Zapisy: b.lis@muzeumwspolczesne.pl (do 30.05.17, do godz. 12:00).<\/p>\t\t\t\t\t\t\t\t<\/div>\n\t\t\t\t<\/div>\n\t\t\t\t\t<\/div>\n\t\t<\/div>\n\t\t\t\t\t<\/div>\n\t\t<\/section>\n\t\t\t\t<section class=\"elementor-section elementor-top-section elementor-element elementor-element-4e97441 elementor-section-boxed elementor-section-height-default elementor-section-height-default\" data-id=\"4e97441\" data-element_type=\"section\">\n\t\t\t\t\t\t<div class=\"elementor-container elementor-column-gap-default\">\n\t\t\t\t\t<div class=\"elementor-column elementor-col-100 elementor-top-column elementor-element elementor-element-6622f40\" data-id=\"6622f40\" data-element_type=\"column\">\n\t\t\t<div class=\"elementor-widget-wrap elementor-element-populated\">\n\t\t\t\t\t\t<div class=\"elementor-element elementor-element-9a16c1a elementor-widget elementor-widget-image\" data-id=\"9a16c1a\" data-element_type=\"widget\" data-widget_type=\"image.default\">\n\t\t\t\t<div class=\"elementor-widget-container\">\n\t\t\t\t\t\t\t\t\t\t\t\t\t\t\t<img fetchpriority=\"high\" decoding=\"async\" width=\"664\" height=\"663\" src=\"https:\/\/muzeumwspolczesne.pl\/wp-content\/uploads\/2017\/05\/image.jpeg\" class=\"attachment-large size-large wp-image-26880\" alt=\"\" srcset=\"https:\/\/muzeumwspolczesne.pl\/wp-content\/uploads\/2017\/05\/image.jpeg 664w, https:\/\/muzeumwspolczesne.pl\/wp-content\/uploads\/2017\/05\/image-300x300.jpeg 300w, https:\/\/muzeumwspolczesne.pl\/wp-content\/uploads\/2017\/05\/image-150x150.jpeg 150w, https:\/\/muzeumwspolczesne.pl\/wp-content\/uploads\/2017\/05\/image-12x12.jpeg 12w\" sizes=\"(max-width: 664px) 100vw, 664px\" \/>\t\t\t\t\t\t\t\t\t\t\t\t\t\t\t<\/div>\n\t\t\t\t<\/div>\n\t\t\t\t\t<\/div>\n\t\t<\/div>\n\t\t\t\t\t<\/div>\n\t\t<\/section>\n\t\t\t\t<section class=\"elementor-section elementor-top-section elementor-element elementor-element-f3a7e1a elementor-section-boxed elementor-section-height-default elementor-section-height-default\" data-id=\"f3a7e1a\" data-element_type=\"section\">\n\t\t\t\t\t\t<div class=\"elementor-container elementor-column-gap-default\">\n\t\t\t\t\t<div class=\"elementor-column elementor-col-100 elementor-top-column elementor-element elementor-element-174388a\" data-id=\"174388a\" data-element_type=\"column\">\n\t\t\t<div class=\"elementor-widget-wrap elementor-element-populated\">\n\t\t\t\t\t\t<div class=\"elementor-element elementor-element-4d7b37d elementor-widget elementor-widget-text-editor\" data-id=\"4d7b37d\" data-element_type=\"widget\" data-widget_type=\"text-editor.default\">\n\t\t\t\t<div class=\"elementor-widget-container\">\n\t\t\t\t\t\t\t\t\t<p><span style=\"letter-spacing: normal; font-family: BauPLRegular, sans-serif; font-size: 11px; background-color: rgb(251, 251, 251);\">Prowadzenie:<\/span><br style=\"letter-spacing: normal; font-family: BauPLRegular, sans-serif; font-size: 11px;\"><span style=\"letter-spacing: normal; font-family: BauPLRegular, sans-serif; font-size: 11px; background-color: rgb(251, 251, 251);\">Magdalena Skowro\u0144ska<\/span><br style=\"letter-spacing: normal; font-family: BauPLRegular, sans-serif; font-size: 11px;\"><span style=\"letter-spacing: normal; font-family: BauPLRegular, sans-serif; font-size: 11px; background-color: rgb(251, 251, 251);\">Bartek Lis<\/span><br style=\"letter-spacing: normal; font-family: BauPLRegular, sans-serif; font-size: 11px;\"><br style=\"letter-spacing: normal; font-family: BauPLRegular, sans-serif; font-size: 11px;\"><span style=\"letter-spacing: normal; font-family: BauPLRegular, sans-serif; font-size: 11px; background-color: rgb(251, 251, 251);\">Wydarzenie towarzysz\u0105ce wystawie &#8222;Czarna wiosna. Wok\u00f3\u0142 wroc\u0142awskiej niezale\u017cnej sceny muzycznej lat 80.&#8221;<\/span><br><\/p>\t\t\t\t\t\t\t\t<\/div>\n\t\t\t\t<\/div>\n\t\t\t\t\t<\/div>\n\t\t<\/div>\n\t\t\t\t\t<\/div>\n\t\t<\/section>\n\t\t\t\t<\/div>\n\t\t","protected":false},"excerpt":{"rendered":"<p>\u201eCzarna wiosna\u201d to nie tylko tytu\u0142 jednego z wierszy Antoniego S\u0142onimskiego, to tak\u017ce tytu\u0142 najnowszej wystawy, kt\u00f3r\u0105 mo\u017cna ogl\u0105da\u0107 w Muzeum Wsp\u00f3\u0142czesnym Wroc\u0142aw. Ekspozycja po\u015bwi\u0119cona jest fenomenowi wroc\u0142awskiej niezale\u017cnej sceny muzycznej. Opowiada o niezwyk\u0142ym zjawisku kulturowym i spo\u0142ecznym. Podczas naszych sensualnych warsztat\u00f3w szerzej przyjrzymy si\u0119 muzyce i d\u017awi\u0119kom, jako elementom, kt\u00f3rymi operuje si\u0119 w sztuce [&hellip;]<\/p>\n","protected":false},"author":6,"featured_media":26878,"parent":0,"template":"","meta":{"footnotes":""},"kategorie-edukacja":[27],"class_list":["post-26877","edukacja","type-edukacja","status-publish","has-post-thumbnail","hentry","kategorie-edukacja-bez-barier"],"_links":{"self":[{"href":"https:\/\/muzeumwspolczesne.pl\/en\/wp-json\/wp\/v2\/edukacja\/26877","targetHints":{"allow":["GET"]}}],"collection":[{"href":"https:\/\/muzeumwspolczesne.pl\/en\/wp-json\/wp\/v2\/edukacja"}],"about":[{"href":"https:\/\/muzeumwspolczesne.pl\/en\/wp-json\/wp\/v2\/types\/edukacja"}],"author":[{"embeddable":true,"href":"https:\/\/muzeumwspolczesne.pl\/en\/wp-json\/wp\/v2\/users\/6"}],"version-history":[{"count":4,"href":"https:\/\/muzeumwspolczesne.pl\/en\/wp-json\/wp\/v2\/edukacja\/26877\/revisions"}],"predecessor-version":[{"id":26883,"href":"https:\/\/muzeumwspolczesne.pl\/en\/wp-json\/wp\/v2\/edukacja\/26877\/revisions\/26883"}],"wp:featuredmedia":[{"embeddable":true,"href":"https:\/\/muzeumwspolczesne.pl\/en\/wp-json\/wp\/v2\/media\/26878"}],"wp:attachment":[{"href":"https:\/\/muzeumwspolczesne.pl\/en\/wp-json\/wp\/v2\/media?parent=26877"}],"wp:term":[{"taxonomy":"kategorie-edukacja","embeddable":true,"href":"https:\/\/muzeumwspolczesne.pl\/en\/wp-json\/wp\/v2\/kategorie-edukacja?post=26877"}],"curies":[{"name":"wp","href":"https:\/\/api.w.org\/{rel}","templated":true}]}}