{"id":26939,"date":"2015-04-13T16:27:00","date_gmt":"2015-04-13T16:27:00","guid":{"rendered":"https:\/\/muzeumwspolczesne.pl\/?post_type=edukacja&#038;p=26939"},"modified":"2024-01-29T16:28:36","modified_gmt":"2024-01-29T16:28:36","slug":"obrazy-autyzmu-pytania-na-wszystkie-odpowiedzi","status":"publish","type":"edukacja","link":"https:\/\/muzeumwspolczesne.pl\/en\/zapowiedzi\/obrazy-autyzmu-pytania-na-wszystkie-odpowiedzi\/","title":{"rendered":"OBRAZY AUTYZMU. PYTANIA NA WSZYSTKIE ODPOWIEDZI"},"content":{"rendered":"\t\t<div data-elementor-type=\"wp-post\" data-elementor-id=\"26939\" class=\"elementor elementor-26939\" data-elementor-post-type=\"edukacja\">\n\t\t\t\t\t\t<section class=\"elementor-section elementor-top-section elementor-element elementor-element-eb05c4e elementor-section-boxed elementor-section-height-default elementor-section-height-default\" data-id=\"eb05c4e\" data-element_type=\"section\">\n\t\t\t\t\t\t<div class=\"elementor-container elementor-column-gap-default\">\n\t\t\t\t\t<div class=\"elementor-column elementor-col-100 elementor-top-column elementor-element elementor-element-dcd05a5\" data-id=\"dcd05a5\" data-element_type=\"column\">\n\t\t\t<div class=\"elementor-widget-wrap elementor-element-populated\">\n\t\t\t\t\t\t<div class=\"elementor-element elementor-element-2add879 elementor-widget elementor-widget-text-editor\" data-id=\"2add879\" data-element_type=\"widget\" data-widget_type=\"text-editor.default\">\n\t\t\t\t<div class=\"elementor-widget-container\">\n\t\t\t\t\t\t\t\t\t<p>Zapraszamy na uroczyst\u0105 inauguracj\u0119 obchod\u00f3w \u201dmiesi\u0105ca wiedzy na temat autyzmu\u201d podczas kt\u00f3rej zaprezentowana zostanie instalacja \u201cObrazy Autyzmu\u201d Aleksandry Trojanowskiej. Odb\u0119dzie si\u0119 r\u00f3wnie\u017c spotkanie z autorami prac plastycznych,<br \/>czyli \u201e Rozmowy niekontrolowane\u201d, oraz panel ekspercki \u201c Nie Rain Many i Sheldony\u201d, a tak\u017ce projekcja reporta\u017cu \u201ePo drodze\u201d.<\/p><p>Wydarzenie organizowane jest przez Dolno\u015bl\u0105skie Stowarzyszenie na rzecz Autyzmu w partnerstwie<br \/>z Muzeum Wsp\u00f3\u0142czesnym Wroc\u0142aw i Zespo\u0142em Plac\u00f3wek O\u015bwiatowych Nr.2 we Wroc\u0142awiu<\/p><p>Instalacja \u201cObrazy Autyzmu\u201d dost\u0119pna b\u0119dzie nieodp\u0142atnie dla wszystkich zwiedzaj\u0105cych do 20.04.2015 w godzinach otwarcia muzeum.<\/p><p>\u2014\u2014\u2014\u2014\u2014\u2014\u2014\u2014\u2014\u2014\u2014\u2014\u2014\u2014\u2014\u2014\u2014\u2014-<br \/>Autyzm to jedno z najg\u0142\u0119bszych zaburze\u0144 rozwoju. Dotyka wszystkich obszar\u00f3w funkcjonowania dziecka i mo\u017ce by\u0107 przyczyn\u0105 ci\u0119\u017ckiej postaci niepe\u0142nosprawno\u015bci. Wczesna diagnoza i terapia mo\u017ce temu zapobiec. Liczba os\u00f3b z autyzmem na \u015bwiecie i w Polsce wci\u0105\u017c ro\u015bnie. Obecnie 1\/300 dzieci diagnozowane ma ca\u0142o\u015bciowe zaburzenie rozwoju. Zaburzenie to przejawia si\u0119 w sferach komunikowania, relacji spo\u0142ecznych, zachowania. Wymaga zindywidualizowanego podej\u015bcia oraz stosowania specyficznych sposob\u00f3w oddzia\u0142ywa\u0144 terapeutycznych. Wi\u0119kszo\u015b\u0107 os\u00f3b autystycznych b\u0119dzie potrzebowa\u0107 wsparcia innych os\u00f3b praktycznie przez ca\u0142e \u017cycie. ONZ uzna\u0142a oficjalnie zaburzenie ze spektrum autyzmu za jeden z najpowa\u017cniejszych problem\u00f3w \u015bwiata obok cukrzycy, raka czy AIDS.<br \/>\u00a0<\/p>\t\t\t\t\t\t\t\t<\/div>\n\t\t\t\t<\/div>\n\t\t\t\t\t<\/div>\n\t\t<\/div>\n\t\t\t\t\t<\/div>\n\t\t<\/section>\n\t\t\t\t<section class=\"elementor-section elementor-top-section elementor-element elementor-element-c701ed1 elementor-section-boxed elementor-section-height-default elementor-section-height-default\" data-id=\"c701ed1\" data-element_type=\"section\">\n\t\t\t\t\t\t<div class=\"elementor-container elementor-column-gap-default\">\n\t\t\t\t\t<div class=\"elementor-column elementor-col-100 elementor-top-column elementor-element elementor-element-5438355\" data-id=\"5438355\" data-element_type=\"column\">\n\t\t\t<div class=\"elementor-widget-wrap elementor-element-populated\">\n\t\t\t\t\t\t<div class=\"elementor-element elementor-element-f691e82 elementor-widget elementor-widget-text-editor\" data-id=\"f691e82\" data-element_type=\"widget\" data-widget_type=\"text-editor.default\">\n\t\t\t\t<div class=\"elementor-widget-container\">\n\t\t\t\t\t\t\t\t\t<div class=\"post-additional-information\" style=\"letter-spacing: normal; margin: 0px; padding: 0px 35px 60px 0px; border: 0px; outline: currentcolor; float: left; width: 155px; font-family: BauPLRegular, sans-serif; font-size: 11px; line-height: 14.3px;\"><div class=\"post-single-add-info\" style=\"margin: 0px 0px 30px; padding: 0px; border: 0px; outline: currentcolor; float: left; width: 155px;\"><p class=\"post-single-add-info-txt\" style=\"margin: 15px 0px 0px; padding: 0px; border: 0px; outline: currentcolor; float: left; width: 155px;\">2 kwietnia ka\u017cdego roku obchodzony jest \u015awiatowy Dzie\u0144 Wiedzy na Temat Autyzmu, ustanowiony w 2008r. przez Zgromadzenie Og\u00f3lne ONZ. Dzie\u0144 ten w Polsce pod Honorowym Patronatem Ma\u0142\u017conki Prezydenta RP Pani Anny Komorowskiej rozpoczyna Miesi\u0105c Wiedzy na Temat Autyzmu, kt\u00f3ry ma zwr\u00f3ci\u0107 uwag\u0119 spo\u0142ecze\u0144stwa na problemy i potrzeby os\u00f3b z autyzmem.&nbsp;<\/p><\/div><\/div><div class=\"post-media\" style=\"letter-spacing: normal; margin: 0px; padding: 0px 0px 60px; border: 0px; outline: currentcolor; float: right; width: 270px;\"><div class=\"post-media-image\" style=\"margin: 0px 0px 15px; padding: 0px; border: 0px; outline: currentcolor; width: 270px; font-family: Arial, sans-serif; font-size: 16px;\"><\/div><\/div><p><br class=\"Apple-interchange-newline\" style=\"letter-spacing: normal;\"><\/p>\t\t\t\t\t\t\t\t<\/div>\n\t\t\t\t<\/div>\n\t\t\t\t\t<\/div>\n\t\t<\/div>\n\t\t\t\t\t<\/div>\n\t\t<\/section>\n\t\t\t\t<\/div>\n\t\t","protected":false},"excerpt":{"rendered":"<p>Zapraszamy na uroczyst\u0105 inauguracj\u0119 obchod\u00f3w \u201dmiesi\u0105ca wiedzy na temat autyzmu\u201d podczas kt\u00f3rej zaprezentowana zostanie instalacja \u201cObrazy Autyzmu\u201d Aleksandry Trojanowskiej. Odb\u0119dzie si\u0119 r\u00f3wnie\u017c spotkanie z autorami prac plastycznych,czyli \u201e Rozmowy niekontrolowane\u201d, oraz panel ekspercki \u201c Nie Rain Many i Sheldony\u201d, a tak\u017ce projekcja reporta\u017cu \u201ePo drodze\u201d. Wydarzenie organizowane jest przez Dolno\u015bl\u0105skie Stowarzyszenie na rzecz Autyzmu w [&hellip;]<\/p>\n","protected":false},"author":6,"featured_media":26940,"parent":0,"template":"","meta":{"footnotes":""},"kategorie-edukacja":[27],"class_list":["post-26939","edukacja","type-edukacja","status-publish","has-post-thumbnail","hentry","kategorie-edukacja-bez-barier"],"_links":{"self":[{"href":"https:\/\/muzeumwspolczesne.pl\/en\/wp-json\/wp\/v2\/edukacja\/26939","targetHints":{"allow":["GET"]}}],"collection":[{"href":"https:\/\/muzeumwspolczesne.pl\/en\/wp-json\/wp\/v2\/edukacja"}],"about":[{"href":"https:\/\/muzeumwspolczesne.pl\/en\/wp-json\/wp\/v2\/types\/edukacja"}],"author":[{"embeddable":true,"href":"https:\/\/muzeumwspolczesne.pl\/en\/wp-json\/wp\/v2\/users\/6"}],"version-history":[{"count":4,"href":"https:\/\/muzeumwspolczesne.pl\/en\/wp-json\/wp\/v2\/edukacja\/26939\/revisions"}],"predecessor-version":[{"id":26944,"href":"https:\/\/muzeumwspolczesne.pl\/en\/wp-json\/wp\/v2\/edukacja\/26939\/revisions\/26944"}],"wp:featuredmedia":[{"embeddable":true,"href":"https:\/\/muzeumwspolczesne.pl\/en\/wp-json\/wp\/v2\/media\/26940"}],"wp:attachment":[{"href":"https:\/\/muzeumwspolczesne.pl\/en\/wp-json\/wp\/v2\/media?parent=26939"}],"wp:term":[{"taxonomy":"kategorie-edukacja","embeddable":true,"href":"https:\/\/muzeumwspolczesne.pl\/en\/wp-json\/wp\/v2\/kategorie-edukacja?post=26939"}],"curies":[{"name":"wp","href":"https:\/\/api.w.org\/{rel}","templated":true}]}}