{"id":27012,"date":"2016-09-28T14:08:00","date_gmt":"2016-09-28T14:08:00","guid":{"rendered":"https:\/\/muzeumwspolczesne.pl\/?post_type=edukacja&#038;p=27012"},"modified":"2024-01-30T14:08:39","modified_gmt":"2024-01-30T14:08:39","slug":"przestrzen-do-warsztaty-dla-dzieci","status":"publish","type":"edukacja","link":"https:\/\/muzeumwspolczesne.pl\/en\/zapowiedzi\/przestrzen-do-warsztaty-dla-dzieci\/","title":{"rendered":"PRZESTRZE\u0143 DO. WARSZTATY DLA DZIECI"},"content":{"rendered":"\t\t<div data-elementor-type=\"wp-post\" data-elementor-id=\"27012\" class=\"elementor elementor-27012\" data-elementor-post-type=\"edukacja\">\n\t\t\t\t\t\t<section class=\"elementor-section elementor-top-section elementor-element elementor-element-41f3114 elementor-section-boxed elementor-section-height-default elementor-section-height-default\" data-id=\"41f3114\" data-element_type=\"section\">\n\t\t\t\t\t\t<div class=\"elementor-container elementor-column-gap-default\">\n\t\t\t\t\t<div class=\"elementor-column elementor-col-100 elementor-top-column elementor-element elementor-element-f3ad740\" data-id=\"f3ad740\" data-element_type=\"column\">\n\t\t\t<div class=\"elementor-widget-wrap elementor-element-populated\">\n\t\t\t\t\t\t<div class=\"elementor-element elementor-element-4418073 elementor-widget elementor-widget-text-editor\" data-id=\"4418073\" data-element_type=\"widget\" data-widget_type=\"text-editor.default\">\n\t\t\t\t<div class=\"elementor-widget-container\">\n\t\t\t\t\t\t\t\t\t<p>Czym jest przestrze\u0144? Do czego s\u0142u\u017cy i jak si\u0119 j\u0105 wykorzystuje? Jak zmieni\u0107 jej wygl\u0105d, tak by pozostawi\u0107 funkcj\u0119? Podczas warsztat\u00f3w poznamy prace wsp\u00f3\u0142czesnych artyst\u00f3w i architekt\u00f3w, kt\u00f3rzy pracuj\u0105 ze zmian\u0105 znaczenia przestrzeni i miejsca. Odwiedzimy tak\u017ce ciemne wn\u0119trze instalacji interaktywnej \u201eW Ziemi\u201d, wejdziemy na ekspozycj\u0119 wystawy \u201eStosunki pracy\u201d i poznamy r\u00f3\u017cne zakamarki schronu. Nast\u0119pnie zakomponujemy warsztatow\u0105 przestrze\u0144 na nowo, tak by nada\u0107 jej wymy\u015blon\u0105 przez nas funkcj\u0119.<\/p><p>Warsztat stanowi przygotowanie do pa\u017adziernikowych zaj\u0119\u0107 z projektantami z grupy Witamina D, odbywaj\u0105cych si\u0119 w ramach projektu <a href=\"http:\/\/kidsdesignspace.pl\/kids-design-space\/o-projekcie\/\" target=\"_blank\" rel=\"noopener\">\u201eKIDS DESIGN SPACE \u2013 dzieci projektuj\u0105 przestrze\u0144\u201d<\/a>.<\/p><p>Prowadz\u0105ca:<br \/>Magdalena Skowro\u0144ska \u2013 trenerka sztuki, kuratorka Programu Edukacyjnego Muzeum Wsp\u00f3\u0142czesnego Wroc\u0142aw.<\/p><p>Udzia\u0142 w warsztatach jest bezp\u0142atny.<br \/><strong><a href=\"http:\/\/www.krzywykomin.pl\/wydarzenia\/przestrzen-do-warsztaty-dla-dzieci\/\" target=\"_blank\" rel=\"noopener\">Formularz zg\u0142oszeniowy &gt;&gt;&gt;<\/a><\/strong><\/p><p>Projekt \u201eKIDS DESIGN SPACE \u2013 dzieci projektuj\u0105 przestrze\u0144\u201d jest wsp\u00f3\u0142finansowany ze \u015brodk\u00f3w Ministerstwa Kultury i Dziedzictwa Narodowego.<\/p>\t\t\t\t\t\t\t\t<\/div>\n\t\t\t\t<\/div>\n\t\t\t\t\t<\/div>\n\t\t<\/div>\n\t\t\t\t\t<\/div>\n\t\t<\/section>\n\t\t\t\t<section class=\"elementor-section elementor-top-section elementor-element elementor-element-b6c3e5f elementor-section-boxed elementor-section-height-default elementor-section-height-default\" data-id=\"b6c3e5f\" data-element_type=\"section\">\n\t\t\t\t\t\t<div class=\"elementor-container elementor-column-gap-default\">\n\t\t\t\t\t<div class=\"elementor-column elementor-col-100 elementor-top-column elementor-element elementor-element-d37083f\" data-id=\"d37083f\" data-element_type=\"column\">\n\t\t\t<div class=\"elementor-widget-wrap elementor-element-populated\">\n\t\t\t\t\t\t<div class=\"elementor-element elementor-element-4a0c3d0 elementor-widget elementor-widget-text-editor\" data-id=\"4a0c3d0\" data-element_type=\"widget\" data-widget_type=\"text-editor.default\">\n\t\t\t\t<div class=\"elementor-widget-container\">\n\t\t\t\t\t\t\t\t\t<p><span style=\"letter-spacing: normal; font-family: BauPLRegular, sans-serif; font-size: 11px; background-color: rgb(251, 251, 251);\">Termin:&nbsp;<\/span><br style=\"letter-spacing: normal; font-family: BauPLRegular, sans-serif; font-size: 11px;\"><span style=\"letter-spacing: normal; font-family: BauPLRegular, sans-serif; font-size: 11px; background-color: rgb(251, 251, 251);\">28 wrze\u015bnia 2016 (\u015broda)<\/span><br style=\"letter-spacing: normal; font-family: BauPLRegular, sans-serif; font-size: 11px;\"><br style=\"letter-spacing: normal; font-family: BauPLRegular, sans-serif; font-size: 11px;\"><span style=\"letter-spacing: normal; font-family: BauPLRegular, sans-serif; font-size: 11px; background-color: rgb(251, 251, 251);\">Godzina:&nbsp;<\/span><br style=\"letter-spacing: normal; font-family: BauPLRegular, sans-serif; font-size: 11px;\"><span style=\"letter-spacing: normal; font-family: BauPLRegular, sans-serif; font-size: 11px; background-color: rgb(251, 251, 251);\">16:00\u201317:30<\/span><br style=\"letter-spacing: normal; font-family: BauPLRegular, sans-serif; font-size: 11px;\"><br style=\"letter-spacing: normal; font-family: BauPLRegular, sans-serif; font-size: 11px;\"><span style=\"letter-spacing: normal; font-family: BauPLRegular, sans-serif; font-size: 11px; background-color: rgb(251, 251, 251);\">Etap:&nbsp;<\/span><br style=\"letter-spacing: normal; font-family: BauPLRegular, sans-serif; font-size: 11px;\"><span style=\"letter-spacing: normal; font-family: BauPLRegular, sans-serif; font-size: 11px; background-color: rgb(251, 251, 251);\">DO\u015aWIADCZANIE<\/span><br style=\"letter-spacing: normal; font-family: BauPLRegular, sans-serif; font-size: 11px;\"><br style=\"letter-spacing: normal; font-family: BauPLRegular, sans-serif; font-size: 11px;\"><span style=\"letter-spacing: normal; font-family: BauPLRegular, sans-serif; font-size: 11px; background-color: rgb(251, 251, 251);\">Grupa tematyczna:&nbsp;<\/span><br style=\"letter-spacing: normal; font-family: BauPLRegular, sans-serif; font-size: 11px;\"><span style=\"letter-spacing: normal; font-family: BauPLRegular, sans-serif; font-size: 11px; background-color: rgb(251, 251, 251);\">DESIGN<\/span><br style=\"letter-spacing: normal; font-family: BauPLRegular, sans-serif; font-size: 11px;\"><br style=\"letter-spacing: normal; font-family: BauPLRegular, sans-serif; font-size: 11px;\"><span style=\"letter-spacing: normal; font-family: BauPLRegular, sans-serif; font-size: 11px; background-color: rgb(251, 251, 251);\">Wiek dzieci:&nbsp;<\/span><br style=\"letter-spacing: normal; font-family: BauPLRegular, sans-serif; font-size: 11px;\"><span style=\"letter-spacing: normal; font-family: BauPLRegular, sans-serif; font-size: 11px; background-color: rgb(251, 251, 251);\">7\u201310 lat<\/span><br style=\"letter-spacing: normal; font-family: BauPLRegular, sans-serif; font-size: 11px;\"><br style=\"letter-spacing: normal; font-family: BauPLRegular, sans-serif; font-size: 11px;\"><span style=\"letter-spacing: normal; font-family: BauPLRegular, sans-serif; font-size: 11px; background-color: rgb(251, 251, 251);\">Miejsce:&nbsp;<\/span><br style=\"letter-spacing: normal; font-family: BauPLRegular, sans-serif; font-size: 11px;\"><span style=\"letter-spacing: normal; font-family: BauPLRegular, sans-serif; font-size: 11px; background-color: rgb(251, 251, 251);\">Muzeum Wsp\u00f3\u0142czesne Wroc\u0142aw&nbsp;<\/span><br style=\"letter-spacing: normal; font-family: BauPLRegular, sans-serif; font-size: 11px;\"><span style=\"letter-spacing: normal; font-family: BauPLRegular, sans-serif; font-size: 11px; background-color: rgb(251, 251, 251);\">(pl. Strzegomski 2a)<\/span><br style=\"letter-spacing: normal; font-family: BauPLRegular, sans-serif; font-size: 11px;\"><br style=\"letter-spacing: normal; font-family: BauPLRegular, sans-serif; font-size: 11px;\"><span style=\"letter-spacing: normal; font-family: BauPLRegular, sans-serif; font-size: 11px; background-color: rgb(251, 251, 251);\">Organizator:&nbsp;<\/span><br style=\"letter-spacing: normal; font-family: BauPLRegular, sans-serif; font-size: 11px;\"><span style=\"letter-spacing: normal; font-family: BauPLRegular, sans-serif; font-size: 11px; background-color: rgb(251, 251, 251);\">Fundacja Open Mind<\/span><br style=\"letter-spacing: normal; font-family: BauPLRegular, sans-serif; font-size: 11px;\"><br style=\"letter-spacing: normal; font-family: BauPLRegular, sans-serif; font-size: 11px;\"><span style=\"letter-spacing: normal; font-family: BauPLRegular, sans-serif; font-size: 11px; background-color: rgb(251, 251, 251);\">Wst\u0119p bezp\u0142atny!<\/span><br><\/p>\t\t\t\t\t\t\t\t<\/div>\n\t\t\t\t<\/div>\n\t\t\t\t\t<\/div>\n\t\t<\/div>\n\t\t\t\t\t<\/div>\n\t\t<\/section>\n\t\t\t\t<\/div>\n\t\t","protected":false},"excerpt":{"rendered":"<p>Czym jest przestrze\u0144? Do czego s\u0142u\u017cy i jak si\u0119 j\u0105 wykorzystuje? Jak zmieni\u0107 jej wygl\u0105d, tak by pozostawi\u0107 funkcj\u0119? Podczas warsztat\u00f3w poznamy prace wsp\u00f3\u0142czesnych artyst\u00f3w i architekt\u00f3w, kt\u00f3rzy pracuj\u0105 ze zmian\u0105 znaczenia przestrzeni i miejsca. Odwiedzimy tak\u017ce ciemne wn\u0119trze instalacji interaktywnej \u201eW Ziemi\u201d, wejdziemy na ekspozycj\u0119 wystawy \u201eStosunki pracy\u201d i poznamy r\u00f3\u017cne zakamarki schronu. Nast\u0119pnie [&hellip;]<\/p>\n","protected":false},"author":6,"featured_media":27013,"parent":0,"template":"","meta":{"footnotes":""},"kategorie-edukacja":[22],"class_list":["post-27012","edukacja","type-edukacja","status-publish","has-post-thumbnail","hentry","kategorie-edukacja-dzieci"],"_links":{"self":[{"href":"https:\/\/muzeumwspolczesne.pl\/en\/wp-json\/wp\/v2\/edukacja\/27012","targetHints":{"allow":["GET"]}}],"collection":[{"href":"https:\/\/muzeumwspolczesne.pl\/en\/wp-json\/wp\/v2\/edukacja"}],"about":[{"href":"https:\/\/muzeumwspolczesne.pl\/en\/wp-json\/wp\/v2\/types\/edukacja"}],"author":[{"embeddable":true,"href":"https:\/\/muzeumwspolczesne.pl\/en\/wp-json\/wp\/v2\/users\/6"}],"version-history":[{"count":4,"href":"https:\/\/muzeumwspolczesne.pl\/en\/wp-json\/wp\/v2\/edukacja\/27012\/revisions"}],"predecessor-version":[{"id":27017,"href":"https:\/\/muzeumwspolczesne.pl\/en\/wp-json\/wp\/v2\/edukacja\/27012\/revisions\/27017"}],"wp:featuredmedia":[{"embeddable":true,"href":"https:\/\/muzeumwspolczesne.pl\/en\/wp-json\/wp\/v2\/media\/27013"}],"wp:attachment":[{"href":"https:\/\/muzeumwspolczesne.pl\/en\/wp-json\/wp\/v2\/media?parent=27012"}],"wp:term":[{"taxonomy":"kategorie-edukacja","embeddable":true,"href":"https:\/\/muzeumwspolczesne.pl\/en\/wp-json\/wp\/v2\/kategorie-edukacja?post=27012"}],"curies":[{"name":"wp","href":"https:\/\/api.w.org\/{rel}","templated":true}]}}