{"id":27537,"date":"2012-08-13T12:15:00","date_gmt":"2012-08-13T12:15:00","guid":{"rendered":"https:\/\/muzeumwspolczesne.pl\/?post_type=edukacja&#038;p=27537"},"modified":"2024-01-31T12:16:34","modified_gmt":"2024-01-31T12:16:34","slug":"co-kryje-schron-wakacje-w-mww","status":"publish","type":"edukacja","link":"https:\/\/muzeumwspolczesne.pl\/en\/zapowiedzi\/co-kryje-schron-wakacje-w-mww\/","title":{"rendered":"CO KRYJE SCHRON? WAKACJE W MWW"},"content":{"rendered":"\t\t<div data-elementor-type=\"wp-post\" data-elementor-id=\"27537\" class=\"elementor elementor-27537\" data-elementor-post-type=\"edukacja\">\n\t\t\t\t\t\t<section class=\"elementor-section elementor-top-section elementor-element elementor-element-e08d6a0 elementor-section-boxed elementor-section-height-default elementor-section-height-default\" data-id=\"e08d6a0\" data-element_type=\"section\">\n\t\t\t\t\t\t<div class=\"elementor-container elementor-column-gap-default\">\n\t\t\t\t\t<div class=\"elementor-column elementor-col-100 elementor-top-column elementor-element elementor-element-6ff434e\" data-id=\"6ff434e\" data-element_type=\"column\">\n\t\t\t<div class=\"elementor-widget-wrap elementor-element-populated\">\n\t\t\t\t\t\t<div class=\"elementor-element elementor-element-9eabb44 elementor-widget elementor-widget-text-editor\" data-id=\"9eabb44\" data-element_type=\"widget\" data-widget_type=\"text-editor.default\">\n\t\t\t\t<div class=\"elementor-widget-container\">\n\t\t\t\t\t\t\t\t\t<div class=\"post-content\"><p>W trzecim tygodniu sierpnia zapraszamy na wakacyjn\u0105 przygod\u0119 w MWW. \u201cCo kryje Schron?\u201d to cykl adresowanych do dzieci w wieku szkolnym zaj\u0119\u0107, kt\u00f3re b\u0119d\u0105 dla nich okazj\u0105 do tw\u00f3rczego i odkrywczego sp\u0119dzenia wolnego czasu w mie\u015bcie.<\/p><p>Od poniedzia\u0142ku do pi\u0105tku w godzinach 11-17 b\u0119dziemy wsp\u00f3lnie rozwi\u0105zywa\u0107 zagadki zwi\u0105zane z eksponowanymi na wystawie \u201cPe\u0142nia sztuczna\u201d pracami z kolekcji Dolno\u015bl\u0105skiego Towarzystwa Zach\u0119ty Sztuk Pi\u0119knych, eksplorowa\u0107 zakamarki tymczasowej siedziby Muzeum i poszukiwa\u0107 ukrytego w niej skarbu. Natomiast w sobot\u0119 w godzinach 11-14 zapraszamy dzieci i rodzic\u00f3w na wsp\u00f3lny piknik, a w niedziel\u0119 mi\u0119dzy 13:30 a 17:30 do wzi\u0119cia udzia\u0142u w Rozruszniku Wystawy.<\/p><p>Zaj\u0119cia b\u0119d\u0105 si\u0119 sk\u0142ada\u0107 z szeregu zabaw, \u0107wicze\u0144 i zada\u0144, kt\u00f3re uwra\u017cliwi\u0105 dzieci na odbieranie bod\u017ac\u00f3w wizualnych i s\u0142uchowych. B\u0119d\u0105 r\u00f3wnie\u017c inspiracj\u0105 do samodzielnych poszukiwa\u0144 w sferze obrazu i d\u017awi\u0119ku, tw\u00f3rczego interpretowania sztuki i korzystania z niej we w\u0142asnych pracach.<\/p><p>Opr\u00f3cz poznania szeregu zagadnie\u0144 zwi\u0105zanych z percepcj\u0105 zmys\u0142ow\u0105, tworzeniem sztuki i jej histori\u0105, dzieci b\u0119d\u0105 mia\u0142y r\u00f3wnie\u017c okazj\u0119 pozna\u0107 lepiej samo MWW, dowiedzie\u0107 si\u0119 jak\u0105 pe\u0142ni funkcj\u0119 i jaka jest jego rola.<br \/>Mamy nadziej\u0119, \u017ce dzi\u0119ki takim zaj\u0119ciom zar\u00f3wno sztuka wsp\u00f3\u0142czesna jak i instytucja kultury stan\u0105 si\u0119 dla dzieci bardziej dost\u0119pne.<\/p><p>Przygotowanie i prowadzenie zaj\u0119\u0107: Anna Rymarz, Beata Rojek, Kamil Radek i Wojtek Furmaniak.<\/p><p>Zaj\u0119cia s\u0105 przeznaczone dla dzieci w wieku 7-12 lat i s\u0105 bezp\u0142atne. W zwi\u0105zku z ograniczon\u0105 liczb\u0105 miejsc obowi\u0105zuj\u0105 zapisy, kt\u00f3re potrwaj\u0105 do ko\u0144ca czerwca.<\/p><p>Kontakt: Zo\u015bka Reznik, tel. 889 290 540, <a href=\"mailto:edukacja@muzeumwspolczesne.pl\">edukacja@muzeumwspolczesne.pl<\/a><\/p><p>Projekt jest finansowany przez Ministerstwo Kultury i Dziedzictwa Narodowego.<\/p><p>\u00a0<\/p><\/div><div class=\"post-files\"><div class=\"post-files-header\">Materia\u0142y do pobrania<\/div><div class=\"post-single-file\"><a href=\"https:\/\/kopiamuzeum.wambox.pl\/wp-content\/uploads\/2012\/07\/aCKS_program-1.pdf\" target=\"_blank\" rel=\"noopener\">Program<\/a><\/div><div class=\"post-single-file\"><a href=\"https:\/\/kopiamuzeum.wambox.pl\/wp-content\/uploads\/2012\/07\/aCKS_regulamin-1.pdf\" target=\"_blank\" rel=\"noopener\">Regulamin<\/a><\/div><\/div>\t\t\t\t\t\t\t\t<\/div>\n\t\t\t\t<\/div>\n\t\t\t\t\t<\/div>\n\t\t<\/div>\n\t\t\t\t\t<\/div>\n\t\t<\/section>\n\t\t\t\t<\/div>\n\t\t","protected":false},"excerpt":{"rendered":"<p>W trzecim tygodniu sierpnia zapraszamy na wakacyjn\u0105 przygod\u0119 w MWW. \u201cCo kryje Schron?\u201d to cykl adresowanych do dzieci w wieku szkolnym zaj\u0119\u0107, kt\u00f3re b\u0119d\u0105 dla nich okazj\u0105 do tw\u00f3rczego i odkrywczego sp\u0119dzenia wolnego czasu w mie\u015bcie. Od poniedzia\u0142ku do pi\u0105tku w godzinach 11-17 b\u0119dziemy wsp\u00f3lnie rozwi\u0105zywa\u0107 zagadki zwi\u0105zane z eksponowanymi na wystawie \u201cPe\u0142nia sztuczna\u201d pracami [&hellip;]<\/p>\n","protected":false},"author":6,"featured_media":27538,"parent":0,"template":"","meta":{"footnotes":""},"kategorie-edukacja":[22],"class_list":["post-27537","edukacja","type-edukacja","status-publish","has-post-thumbnail","hentry","kategorie-edukacja-dzieci"],"_links":{"self":[{"href":"https:\/\/muzeumwspolczesne.pl\/en\/wp-json\/wp\/v2\/edukacja\/27537","targetHints":{"allow":["GET"]}}],"collection":[{"href":"https:\/\/muzeumwspolczesne.pl\/en\/wp-json\/wp\/v2\/edukacja"}],"about":[{"href":"https:\/\/muzeumwspolczesne.pl\/en\/wp-json\/wp\/v2\/types\/edukacja"}],"author":[{"embeddable":true,"href":"https:\/\/muzeumwspolczesne.pl\/en\/wp-json\/wp\/v2\/users\/6"}],"version-history":[{"count":4,"href":"https:\/\/muzeumwspolczesne.pl\/en\/wp-json\/wp\/v2\/edukacja\/27537\/revisions"}],"predecessor-version":[{"id":27542,"href":"https:\/\/muzeumwspolczesne.pl\/en\/wp-json\/wp\/v2\/edukacja\/27537\/revisions\/27542"}],"wp:featuredmedia":[{"embeddable":true,"href":"https:\/\/muzeumwspolczesne.pl\/en\/wp-json\/wp\/v2\/media\/27538"}],"wp:attachment":[{"href":"https:\/\/muzeumwspolczesne.pl\/en\/wp-json\/wp\/v2\/media?parent=27537"}],"wp:term":[{"taxonomy":"kategorie-edukacja","embeddable":true,"href":"https:\/\/muzeumwspolczesne.pl\/en\/wp-json\/wp\/v2\/kategorie-edukacja?post=27537"}],"curies":[{"name":"wp","href":"https:\/\/api.w.org\/{rel}","templated":true}]}}