{"id":31048,"date":"2024-07-25T08:10:13","date_gmt":"2024-07-25T08:10:13","guid":{"rendered":"https:\/\/muzeumwspolczesne.pl\/?post_type=edukacja&#038;p=31048"},"modified":"2024-09-19T14:00:39","modified_gmt":"2024-09-19T14:00:39","slug":"rozrusznik-bez-barier","status":"publish","type":"edukacja","link":"https:\/\/muzeumwspolczesne.pl\/en\/zapowiedzi\/rozrusznik-bez-barier\/","title":{"rendered":"ROZRUSZNIK BEZ BARIER"},"content":{"rendered":"<div data-elementor-type=\"wp-post\" data-elementor-id=\"31048\" class=\"elementor elementor-31048\" data-elementor-post-type=\"edukacja\">\n\t\t\t\t\t\t<section class=\"elementor-section elementor-top-section elementor-element elementor-element-3968e895 elementor-section-full_width elementor-section-stretched elementor-section-height-default elementor-section-height-default\" data-id=\"3968e895\" data-element_type=\"section\" data-e-type=\"section\" data-settings=\"{&quot;stretch_section&quot;:&quot;section-stretched&quot;}\">\n\t\t\t\t\t\t<div class=\"elementor-container elementor-column-gap-wide\">\n\t\t\t\t\t<div class=\"elementor-column elementor-col-100 elementor-top-column elementor-element elementor-element-2beaa844\" data-id=\"2beaa844\" data-element_type=\"column\" data-e-type=\"column\">\n\t\t\t<div class=\"elementor-widget-wrap elementor-element-populated\">\n\t\t\t\t\t\t<div class=\"elementor-element elementor-element-5d6280f2 elementor-widget elementor-widget-text-editor\" data-id=\"5d6280f2\" data-element_type=\"widget\" data-e-type=\"widget\" data-widget_type=\"text-editor.default\">\n\t\t\t\t<div class=\"elementor-widget-container\">\n\t\t\t\t\t\t\t\t\t<p>W Muzeum Wsp\u00f3\u0142czesnym Wroc\u0142aw \u017cyje projekt, kt\u00f3ry sta\u0142 si\u0119 symbolem prawdziwej integracji i odkrywania potencja\u0142u sztuki. \u201eRozruszniku bez barier\u201d to opowie\u015b\u0107 o sztuce, kt\u00f3ra przesuwa granice, otwiera nowe perspektywy i odkrywa, jak ograniczenia mog\u0105 wzbogaca\u0107 do\u015bwiadczenie.<\/p><p>W sercu tego projektu le\u017cy niezwyk\u0142a idea: sztuka nie powinna by\u0107 zarezerwowana tylko dla wybranych. MWW od lat anga\u017cuje si\u0119 w dzia\u0142ania promuj\u0105ce r\u00f3\u017cnorodno\u015b\u0107, ale tegoroczna edycja \u201eRozrusznika\u201d wyznacza nowe standardy. W obecnej ods\u0142onie projektu istotnym krokiem jest zatrudnienie os\u00f3b z niepe\u0142nosprawno\u015bciami, kt\u00f3re maj\u0105 szans\u0119 nie tylko bra\u0107 udzia\u0142, ale tak\u017ce wp\u0142ywa\u0107 na jego kierunek. To oni staj\u0105 si\u0119 przewodnikami, wsp\u00f3\u0142tw\u00f3rcami i artystami, kt\u00f3rych g\u0142osy maj\u0105 bezpo\u015bredni wp\u0142yw na to, jak sztuka jest prezentowana i odbierana.<\/p><p>\u201eRozrusznik bez barier\u201d to wi\u0119cej ni\u017c projekt \u2013 to platforma, kt\u00f3ra umo\u017cliwia osobom neuroatypowym oraz z r\u00f3\u017cnymi niepe\u0142nosprawno\u015bciami do\u015bwiadczenie sztuki w spos\u00f3b, kt\u00f3ry dostosowuje si\u0119 do ich indywidualnych potrzeb. Pomys\u0142y, kt\u00f3re wcze\u015bniej mog\u0142yby wydawa\u0107 si\u0119 niedost\u0119pne, teraz zyskuj\u0105 nowe \u017cycie dzi\u0119ki aktywnemu udzia\u0142owi os\u00f3b z grupy docelowej.\u00a0<\/p><p>Ka\u017cdy aspekt dzia\u0142alno\u015bci jest konsultowany z terapeutami, specjalistami od audiodeskrypcji, t\u0142umaczk\u0105 PJM oraz osobami sojuszniczymi, aby zapewni\u0107 najwy\u017csz\u0105 jako\u015b\u0107 i dost\u0119pno\u015b\u0107. Dzi\u0119ki temu sztuka staje si\u0119 bardziej zrozumia\u0142a, a komunikacja z odbiorcami prostsza, ale nadal szanuj\u0105ca artystyczny wymiar wystaw.<\/p><p>W ramach projektu powstaje tak\u017ce tematyczny alfabet \u2013 narz\u0119dzie, kt\u00f3re pozwala osobom z r\u00f3\u017cnymi rodzajami niepe\u0142nosprawno\u015bci oraz w spektrum autyzmu nie tylko czyta\u0107, ale i g\u0142\u0119boko rozumie\u0107 sztuk\u0119 wsp\u00f3\u0142czesn\u0105. To innowacyjne podej\u015bcie umo\u017cliwia stworzenie mostu mi\u0119dzy artystami a odbiorcami, zapewniaj\u0105c dost\u0119pno\u015b\u0107 i zrozumienie, kt\u00f3re by\u0142y wcze\u015bniej poza zasi\u0119giem.<\/p><p>Specjalnie dostosowane spacery wyciszaj\u0105ce, spacery z tyflografikami, warsztaty, spotkania ze specjalistami, audiodeskrypcje oraz publikacje s\u0105 elementem, kt\u00f3ry tworzy unikalne do\u015bwiadczenie.<\/p><p>Wizualna to\u017csamo\u015b\u0107 projektu, stworzona we wsp\u00f3\u0142pracy z graficzk\u0105 i tw\u00f3rc\u0105 art brut, nadaje ca\u0142ej inicjatywie unikalnego i artystycznego charakteru. \u201eRozrusznik bez barier\u201d jest inicjatyw\u0105 zmieniaj\u0105c\u0105 oblicze muzealnej dost\u0119pno\u015bci i integracji.<\/p>\t\t\t\t\t\t\t\t<\/div>\n\t\t\t\t<\/div>\n\t\t\t\t<section class=\"elementor-section elementor-inner-section elementor-element elementor-element-d2e54e4 elementor-section-boxed elementor-section-height-default elementor-section-height-default\" data-id=\"d2e54e4\" data-element_type=\"section\" data-e-type=\"section\">\n\t\t\t\t\t\t<div class=\"elementor-container elementor-column-gap-default\">\n\t\t\t\t\t<div class=\"elementor-column elementor-col-100 elementor-inner-column elementor-element elementor-element-91e6df8\" data-id=\"91e6df8\" data-element_type=\"column\" data-e-type=\"column\" data-settings=\"{&quot;background_background&quot;:&quot;classic&quot;}\">\n\t\t\t<div class=\"elementor-widget-wrap elementor-element-populated\">\n\t\t\t\t\t\t<div class=\"elementor-element elementor-element-6b64d7b elementor-widget elementor-widget-text-editor\" data-id=\"6b64d7b\" data-element_type=\"widget\" data-e-type=\"widget\" data-widget_type=\"text-editor.default\">\n\t\t\t\t<div class=\"elementor-widget-container\">\n\t\t\t\t\t\t\t\t\t<p><span style=\"font-family: var( --e-global-typography-text-font-family ), Sans-serif; font-size: var( --e-global-typography-text-font-size ); letter-spacing: var( --e-global-typography-text-letter-spacing );\"><strong>Adrian Bargiel<\/strong> &#8211;\u00a0<\/span>artysta art. brut. Tworzy w ceramice, g\u0142\u00f3wnie postacie ludzi i zwierz\u0105t, rzadziej krajobrazy. Inspiruj\u0105 go arty\u015bci Edgar Degas, Joan Mir\u00f3\u00a0 i Marc Chagall.\u00a0Za prace po\u015bwi\u0119cone ich tw\u00f3rczo\u015bci zdoby\u0142 nagrod\u0119 g\u0142\u00f3wn\u0105 i dwa wyr\u00f3\u017cnienia w og\u00f3lnopolskim konkursie \u201eSp\u00f3jrz okiem artysty\u201d organizowanym przez MDK \u015ar\u00f3dmie\u015bcie we Wroc\u0142awiu.<\/p><p>Za prace inspirowane ich tw\u00f3rczo\u015bci\u0105 zdoby\u0142 nagrod\u0119 g\u0142\u00f3wn\u0105 i dwa wyr\u00f3\u017cnienia w og\u00f3lnopolskim konkursie \u201eSp\u00f3jrz okiem artysty\u201d. Kolejne wyr\u00f3\u017cnienia uzyska\u0142 w konkursach z okazji 100lecia urodzin Wis\u0142awy Szymborskiej oraz w Og\u00f3lnopolskim Konkursie Plastycznym organizowanym przez CEKDiM. Matur\u0119 zda\u0142 w Liceum Integracyjnym we Wroc\u0142awiu.<\/p><p>Artysta szczeg\u00f3lnie ceni sobie wolno\u015b\u0107, kt\u00f3r\u0105 oferuje mu jazda na rowerze: niebieskim z koszykiem z ty\u0142u. M\u00f3wi: \u201erower to niezale\u017cno\u015b\u0107 \u2013 sam wybieram tras\u0119 i w ka\u017cdym momencie mog\u0119 zmieni\u0107 kierunek\u201d. Planuje podr\u00f3\u017c na Jagodno, aby zobaczy\u0107 miejsce s\u0142ynnej kolejki do urn wyborczych, w kt\u00f3rej w 2023 roku mieszka\u0144cy oddawali g\u0142osy a\u017c do 3 w nocy. Interesuj\u0105 go destynacje, w kt\u00f3rych wydarzy\u0142o si\u0119 co\u015b istotnego dla mieszka\u0144c\u00f3w Wroc\u0142awia.<\/p>\t\t\t\t\t\t\t\t<\/div>\n\t\t\t\t<\/div>\n\t\t\t\t\t<\/div>\n\t\t<\/div>\n\t\t\t\t\t<\/div>\n\t\t<\/section>\n\t\t\t\t<div class=\"elementor-element elementor-element-56f95c9 elementor-widget elementor-widget-spacer\" data-id=\"56f95c9\" data-element_type=\"widget\" data-e-type=\"widget\" data-widget_type=\"spacer.default\">\n\t\t\t\t<div class=\"elementor-widget-container\">\n\t\t\t\t\t\t\t<div class=\"elementor-spacer\">\n\t\t\t<div class=\"elementor-spacer-inner\"><\/div>\n\t\t<\/div>\n\t\t\t\t\t\t<\/div>\n\t\t\t\t<\/div>\n\t\t\t\t<div class=\"elementor-element elementor-element-f89be84 elementor-widget elementor-widget-text-editor\" data-id=\"f89be84\" data-element_type=\"widget\" data-e-type=\"widget\" data-widget_type=\"text-editor.default\">\n\t\t\t\t<div class=\"elementor-widget-container\">\n\t\t\t\t\t\t\t\t\t<p><span style=\"text-decoration: underline;\"><strong>W identyfikacji wizualnej wykorzystano prace Adriana Bargiela \u2013 zrealizowane pod opiek\u0105 artystyczn\u0105 Joanny Seku\u0142y. Projekt identyfikacji wizualnej stworzy\u0142a Marzena Wale\u0144ska.<\/strong><\/span><\/p>\t\t\t\t\t\t\t\t<\/div>\n\t\t\t\t<\/div>\n\t\t\t\t<div class=\"elementor-element elementor-element-6718982f elementor-widget elementor-widget-gallery\" data-id=\"6718982f\" data-element_type=\"widget\" data-e-type=\"widget\" data-settings=\"{&quot;gallery_layout&quot;:&quot;masonry&quot;,&quot;lazyload&quot;:&quot;yes&quot;,&quot;columns&quot;:4,&quot;columns_tablet&quot;:2,&quot;columns_mobile&quot;:1,&quot;gap&quot;:{&quot;unit&quot;:&quot;px&quot;,&quot;size&quot;:10,&quot;sizes&quot;:[]},&quot;gap_tablet&quot;:{&quot;unit&quot;:&quot;px&quot;,&quot;size&quot;:10,&quot;sizes&quot;:[]},&quot;gap_mobile&quot;:{&quot;unit&quot;:&quot;px&quot;,&quot;size&quot;:10,&quot;sizes&quot;:[]},&quot;link_to&quot;:&quot;file&quot;,&quot;overlay_background&quot;:&quot;yes&quot;,&quot;content_hover_animation&quot;:&quot;fade-in&quot;}\" data-widget_type=\"gallery.default\">\n\t\t\t\t<div class=\"elementor-widget-container\">\n\t\t\t\t\t\t\t<div class=\"elementor-gallery__container\">\n\t\t\t\t\t\t\t<a class=\"e-gallery-item elementor-gallery-item elementor-animated-content\" href=\"https:\/\/muzeumwspolczesne.pl\/wp-content\/uploads\/2024\/07\/DSC_2577.jpg\" data-elementor-open-lightbox=\"yes\" data-elementor-lightbox-slideshow=\"6718982f\" data-elementor-lightbox-title=\"fot. M. Kujda\" data-e-action-hash=\"#elementor-action%3Aaction%3Dlightbox%26settings%3DeyJpZCI6MzEwNTIsInVybCI6Imh0dHBzOlwvXC9tdXpldW13c3BvbGN6ZXNuZS5wbFwvd3AtY29udGVudFwvdXBsb2Fkc1wvMjAyNFwvMDdcL0RTQ18yNTc3LmpwZyIsInNsaWRlc2hvdyI6IjY3MTg5ODJmIn0%3D\">\n\t\t\t\t\t<div class=\"e-gallery-image elementor-gallery-item__image\" data-thumbnail=\"https:\/\/muzeumwspolczesne.pl\/wp-content\/uploads\/2024\/07\/DSC_2577-768x512.jpg\" data-width=\"768\" data-height=\"512\" aria-label=\"\" role=\"img\" ><\/div>\n\t\t\t\t\t\t\t\t\t\t\t<div class=\"elementor-gallery-item__overlay\"><\/div>\n\t\t\t\t\t\t\t\t\t\t\t\t\t\t<\/a>\n\t\t\t\t\t\t\t<a class=\"e-gallery-item elementor-gallery-item elementor-animated-content\" href=\"https:\/\/muzeumwspolczesne.pl\/wp-content\/uploads\/2024\/07\/DSC_2617.jpg\" data-elementor-open-lightbox=\"yes\" data-elementor-lightbox-slideshow=\"6718982f\" data-elementor-lightbox-title=\"fot. M. Kujda\" data-e-action-hash=\"#elementor-action%3Aaction%3Dlightbox%26settings%3DeyJpZCI6MzEwNTMsInVybCI6Imh0dHBzOlwvXC9tdXpldW13c3BvbGN6ZXNuZS5wbFwvd3AtY29udGVudFwvdXBsb2Fkc1wvMjAyNFwvMDdcL0RTQ18yNjE3LmpwZyIsInNsaWRlc2hvdyI6IjY3MTg5ODJmIn0%3D\">\n\t\t\t\t\t<div class=\"e-gallery-image elementor-gallery-item__image\" data-thumbnail=\"https:\/\/muzeumwspolczesne.pl\/wp-content\/uploads\/2024\/07\/DSC_2617-768x512.jpg\" data-width=\"768\" data-height=\"512\" aria-label=\"\" role=\"img\" ><\/div>\n\t\t\t\t\t\t\t\t\t\t\t<div class=\"elementor-gallery-item__overlay\"><\/div>\n\t\t\t\t\t\t\t\t\t\t\t\t\t\t<\/a>\n\t\t\t\t\t\t\t<a class=\"e-gallery-item elementor-gallery-item elementor-animated-content\" href=\"https:\/\/muzeumwspolczesne.pl\/wp-content\/uploads\/2024\/07\/DSC_2654.jpg\" data-elementor-open-lightbox=\"yes\" data-elementor-lightbox-slideshow=\"6718982f\" data-elementor-lightbox-title=\"fot. M. Kujda\" data-e-action-hash=\"#elementor-action%3Aaction%3Dlightbox%26settings%3DeyJpZCI6MzEwNTQsInVybCI6Imh0dHBzOlwvXC9tdXpldW13c3BvbGN6ZXNuZS5wbFwvd3AtY29udGVudFwvdXBsb2Fkc1wvMjAyNFwvMDdcL0RTQ18yNjU0LmpwZyIsInNsaWRlc2hvdyI6IjY3MTg5ODJmIn0%3D\">\n\t\t\t\t\t<div class=\"e-gallery-image elementor-gallery-item__image\" data-thumbnail=\"https:\/\/muzeumwspolczesne.pl\/wp-content\/uploads\/2024\/07\/DSC_2654-768x512.jpg\" data-width=\"768\" data-height=\"512\" aria-label=\"\" role=\"img\" ><\/div>\n\t\t\t\t\t\t\t\t\t\t\t<div class=\"elementor-gallery-item__overlay\"><\/div>\n\t\t\t\t\t\t\t\t\t\t\t\t\t\t<\/a>\n\t\t\t\t\t\t\t<a class=\"e-gallery-item elementor-gallery-item elementor-animated-content\" href=\"https:\/\/muzeumwspolczesne.pl\/wp-content\/uploads\/2024\/07\/DSC_2664.jpg\" data-elementor-open-lightbox=\"yes\" data-elementor-lightbox-slideshow=\"6718982f\" data-elementor-lightbox-title=\"fot. M. Kujda\" data-e-action-hash=\"#elementor-action%3Aaction%3Dlightbox%26settings%3DeyJpZCI6MzEwNTUsInVybCI6Imh0dHBzOlwvXC9tdXpldW13c3BvbGN6ZXNuZS5wbFwvd3AtY29udGVudFwvdXBsb2Fkc1wvMjAyNFwvMDdcL0RTQ18yNjY0LmpwZyIsInNsaWRlc2hvdyI6IjY3MTg5ODJmIn0%3D\">\n\t\t\t\t\t<div class=\"e-gallery-image elementor-gallery-item__image\" data-thumbnail=\"https:\/\/muzeumwspolczesne.pl\/wp-content\/uploads\/2024\/07\/DSC_2664-768x512.jpg\" data-width=\"768\" data-height=\"512\" aria-label=\"\" role=\"img\" ><\/div>\n\t\t\t\t\t\t\t\t\t\t\t<div class=\"elementor-gallery-item__overlay\"><\/div>\n\t\t\t\t\t\t\t\t\t\t\t\t\t\t<\/a>\n\t\t\t\t\t\t\t<a class=\"e-gallery-item elementor-gallery-item elementor-animated-content\" href=\"https:\/\/muzeumwspolczesne.pl\/wp-content\/uploads\/2024\/07\/DSC_6380-1.jpg\" data-elementor-open-lightbox=\"yes\" data-elementor-lightbox-slideshow=\"6718982f\" data-elementor-lightbox-title=\"fot. M. Kujda\" data-e-action-hash=\"#elementor-action%3Aaction%3Dlightbox%26settings%3DeyJpZCI6MzEwNTYsInVybCI6Imh0dHBzOlwvXC9tdXpldW13c3BvbGN6ZXNuZS5wbFwvd3AtY29udGVudFwvdXBsb2Fkc1wvMjAyNFwvMDdcL0RTQ182MzgwLTEuanBnIiwic2xpZGVzaG93IjoiNjcxODk4MmYifQ%3D%3D\">\n\t\t\t\t\t<div class=\"e-gallery-image elementor-gallery-item__image\" data-thumbnail=\"https:\/\/muzeumwspolczesne.pl\/wp-content\/uploads\/2024\/07\/DSC_6380-1-768x512.jpg\" data-width=\"768\" data-height=\"512\" aria-label=\"\" role=\"img\" ><\/div>\n\t\t\t\t\t\t\t\t\t\t\t<div class=\"elementor-gallery-item__overlay\"><\/div>\n\t\t\t\t\t\t\t\t\t\t\t\t\t\t<\/a>\n\t\t\t\t\t\t\t<a class=\"e-gallery-item elementor-gallery-item elementor-animated-content\" href=\"https:\/\/muzeumwspolczesne.pl\/wp-content\/uploads\/2024\/07\/DSC_6514.jpg\" data-elementor-open-lightbox=\"yes\" data-elementor-lightbox-slideshow=\"6718982f\" data-elementor-lightbox-title=\"fot. M. Kujda\" data-e-action-hash=\"#elementor-action%3Aaction%3Dlightbox%26settings%3DeyJpZCI6MzEwNTcsInVybCI6Imh0dHBzOlwvXC9tdXpldW13c3BvbGN6ZXNuZS5wbFwvd3AtY29udGVudFwvdXBsb2Fkc1wvMjAyNFwvMDdcL0RTQ182NTE0LmpwZyIsInNsaWRlc2hvdyI6IjY3MTg5ODJmIn0%3D\">\n\t\t\t\t\t<div class=\"e-gallery-image elementor-gallery-item__image\" data-thumbnail=\"https:\/\/muzeumwspolczesne.pl\/wp-content\/uploads\/2024\/07\/DSC_6514-768x512.jpg\" data-width=\"768\" data-height=\"512\" aria-label=\"\" role=\"img\" ><\/div>\n\t\t\t\t\t\t\t\t\t\t\t<div class=\"elementor-gallery-item__overlay\"><\/div>\n\t\t\t\t\t\t\t\t\t\t\t\t\t\t<\/a>\n\t\t\t\t\t\t\t<a class=\"e-gallery-item elementor-gallery-item elementor-animated-content\" href=\"https:\/\/muzeumwspolczesne.pl\/wp-content\/uploads\/2024\/07\/DSC_6623-1.jpg\" data-elementor-open-lightbox=\"yes\" data-elementor-lightbox-slideshow=\"6718982f\" data-elementor-lightbox-title=\"fot. M. Kujda\" data-e-action-hash=\"#elementor-action%3Aaction%3Dlightbox%26settings%3DeyJpZCI6MzEwNTgsInVybCI6Imh0dHBzOlwvXC9tdXpldW13c3BvbGN6ZXNuZS5wbFwvd3AtY29udGVudFwvdXBsb2Fkc1wvMjAyNFwvMDdcL0RTQ182NjIzLTEuanBnIiwic2xpZGVzaG93IjoiNjcxODk4MmYifQ%3D%3D\">\n\t\t\t\t\t<div class=\"e-gallery-image elementor-gallery-item__image\" data-thumbnail=\"https:\/\/muzeumwspolczesne.pl\/wp-content\/uploads\/2024\/07\/DSC_6623-1-768x512.jpg\" data-width=\"768\" data-height=\"512\" aria-label=\"\" role=\"img\" ><\/div>\n\t\t\t\t\t\t\t\t\t\t\t<div class=\"elementor-gallery-item__overlay\"><\/div>\n\t\t\t\t\t\t\t\t\t\t\t\t\t\t<\/a>\n\t\t\t\t\t\t\t<a class=\"e-gallery-item elementor-gallery-item elementor-animated-content\" href=\"https:\/\/muzeumwspolczesne.pl\/wp-content\/uploads\/2024\/07\/DSC_6625.jpg\" data-elementor-open-lightbox=\"yes\" data-elementor-lightbox-slideshow=\"6718982f\" data-elementor-lightbox-title=\"fot. M. Kujda\" data-e-action-hash=\"#elementor-action%3Aaction%3Dlightbox%26settings%3DeyJpZCI6MzEwNTksInVybCI6Imh0dHBzOlwvXC9tdXpldW13c3BvbGN6ZXNuZS5wbFwvd3AtY29udGVudFwvdXBsb2Fkc1wvMjAyNFwvMDdcL0RTQ182NjI1LmpwZyIsInNsaWRlc2hvdyI6IjY3MTg5ODJmIn0%3D\">\n\t\t\t\t\t<div class=\"e-gallery-image elementor-gallery-item__image\" data-thumbnail=\"https:\/\/muzeumwspolczesne.pl\/wp-content\/uploads\/2024\/07\/DSC_6625-768x512.jpg\" data-width=\"768\" data-height=\"512\" aria-label=\"\" role=\"img\" ><\/div>\n\t\t\t\t\t\t\t\t\t\t\t<div class=\"elementor-gallery-item__overlay\"><\/div>\n\t\t\t\t\t\t\t\t\t\t\t\t\t\t<\/a>\n\t\t\t\t\t<\/div>\n\t\t\t\t\t<\/div>\n\t\t\t\t<\/div>\n\t\t\t\t<div class=\"elementor-element elementor-element-5cc6e091 elementor-widget elementor-widget-spacer\" data-id=\"5cc6e091\" data-element_type=\"widget\" data-e-type=\"widget\" data-widget_type=\"spacer.default\">\n\t\t\t\t<div class=\"elementor-widget-container\">\n\t\t\t\t\t\t\t<div class=\"elementor-spacer\">\n\t\t\t<div class=\"elementor-spacer-inner\"><\/div>\n\t\t<\/div>\n\t\t\t\t\t\t<\/div>\n\t\t\t\t<\/div>\n\t\t\t\t<section class=\"elementor-section elementor-inner-section elementor-element elementor-element-231450b7 elementor-section-content-middle elementor-section-boxed elementor-section-height-default elementor-section-height-default\" data-id=\"231450b7\" data-element_type=\"section\" data-e-type=\"section\">\n\t\t\t\t\t\t<div class=\"elementor-container elementor-column-gap-default\">\n\t\t\t\t\t<div class=\"elementor-column elementor-col-50 elementor-inner-column elementor-element elementor-element-366300af\" data-id=\"366300af\" data-element_type=\"column\" data-e-type=\"column\">\n\t\t\t<div class=\"elementor-widget-wrap elementor-element-populated\">\n\t\t\t\t\t\t<div class=\"elementor-element elementor-element-226eea55 elementor-widget elementor-widget-image\" data-id=\"226eea55\" data-element_type=\"widget\" data-e-type=\"widget\" data-widget_type=\"image.default\">\n\t\t\t\t<div class=\"elementor-widget-container\">\n\t\t\t\t\t\t\t\t\t\t\t\t\t\t\t<img fetchpriority=\"high\" decoding=\"async\" width=\"1600\" height=\"450\" src=\"https:\/\/muzeumwspolczesne.pl\/wp-content\/uploads\/2023\/09\/05_znak_uproszczony_kolor_biale_tlo_RGB-01.png\" class=\"attachment-full size-full wp-image-28039\" alt=\"Logotyp Ministerstwa Kultury i Dziedzictwa Narodowego z orze\u0142kiem po lewej stronie napisu\" srcset=\"https:\/\/muzeumwspolczesne.pl\/wp-content\/uploads\/2023\/09\/05_znak_uproszczony_kolor_biale_tlo_RGB-01.png 1600w, https:\/\/muzeumwspolczesne.pl\/wp-content\/uploads\/2023\/09\/05_znak_uproszczony_kolor_biale_tlo_RGB-01-300x84.png 300w, https:\/\/muzeumwspolczesne.pl\/wp-content\/uploads\/2023\/09\/05_znak_uproszczony_kolor_biale_tlo_RGB-01-1024x288.png 1024w, https:\/\/muzeumwspolczesne.pl\/wp-content\/uploads\/2023\/09\/05_znak_uproszczony_kolor_biale_tlo_RGB-01-768x216.png 768w, https:\/\/muzeumwspolczesne.pl\/wp-content\/uploads\/2023\/09\/05_znak_uproszczony_kolor_biale_tlo_RGB-01-1536x432.png 1536w, https:\/\/muzeumwspolczesne.pl\/wp-content\/uploads\/2023\/09\/05_znak_uproszczony_kolor_biale_tlo_RGB-01-18x5.png 18w\" sizes=\"(max-width: 1600px) 100vw, 1600px\" \/>\t\t\t\t\t\t\t\t\t\t\t\t\t\t\t<\/div>\n\t\t\t\t<\/div>\n\t\t\t\t\t<\/div>\n\t\t<\/div>\n\t\t\t\t<div class=\"elementor-column elementor-col-50 elementor-inner-column elementor-element elementor-element-5b7e8c7b\" data-id=\"5b7e8c7b\" data-element_type=\"column\" data-e-type=\"column\">\n\t\t\t<div class=\"elementor-widget-wrap elementor-element-populated\">\n\t\t\t\t\t\t<div class=\"elementor-element elementor-element-73edd7d7 elementor-widget elementor-widget-text-editor\" data-id=\"73edd7d7\" data-element_type=\"widget\" data-e-type=\"widget\" data-widget_type=\"text-editor.default\">\n\t\t\t\t<div class=\"elementor-widget-container\">\n\t\t\t\t\t\t\t\t\t<p class=\" translation-block\">The <em>Starter without barriers<\/em> project was co-financed by the Minister of Culture and National Heritage from the Culture Promotion Fund \u2013 a state special-purpose fund.<\/p>\t\t\t\t\t\t\t\t<\/div>\n\t\t\t\t<\/div>\n\t\t\t\t\t<\/div>\n\t\t<\/div>\n\t\t\t\t\t<\/div>\n\t\t<\/section>\n\t\t\t\t<section class=\"elementor-section elementor-inner-section elementor-element elementor-element-5ae0007f elementor-section-boxed elementor-section-height-default elementor-section-height-default\" data-id=\"5ae0007f\" data-element_type=\"section\" data-e-type=\"section\" data-settings=\"{&quot;background_background&quot;:&quot;classic&quot;}\">\n\t\t\t\t\t\t<div class=\"elementor-container elementor-column-gap-default\">\n\t\t\t\t\t<div class=\"elementor-column elementor-col-100 elementor-inner-column elementor-element elementor-element-5066041\" data-id=\"5066041\" data-element_type=\"column\" data-e-type=\"column\">\n\t\t\t<div class=\"elementor-widget-wrap elementor-element-populated\">\n\t\t\t\t\t\t<div class=\"elementor-element elementor-element-4e839fe9 elementor-widget elementor-widget-text-editor\" data-id=\"4e839fe9\" data-element_type=\"widget\" data-e-type=\"widget\" data-widget_type=\"text-editor.default\">\n\t\t\t\t<div class=\"elementor-widget-container\">\n\t\t\t\t\t\t\t\t\t<p><strong style=\"color: var( --e-global-color-text ); background-color: var( --e-global-color-1543442 );\">Partnerzy:<\/strong><\/p><p><strong style=\"color: var( --e-global-color-text ); background-color: var( --e-global-color-1543442 );\">Fundacja Szansa Jeste\u015bmy Razem<\/strong><span style=\"color: var( --e-global-color-text ); background-color: var( --e-global-color-1543442 );\"> \u2013 za\u0142o\u017cona w 1992 roku przez niewidomych i ich widz\u0105cych przyjaci\u00f3\u0142. Jej dzia\u0142ania koncentruj\u0105 si\u0119 na wspieraniu os\u00f3b, kt\u00f3re straci\u0142y wzrok, a medycyna nie daj im nadziei na popraw\u0119 losu. W wielu krajach Europy i Ameryki P\u00f3\u0142nocnej niewidomi i niedowidz\u0105cy funkcjonuj\u0105 na poziomie niemal r\u00f3wnym osobom widz\u0105cym. Fundacja stara si\u0119 by tak by\u0142o i w Polsce. To organizacja, kt\u00f3ra doradza niewidomym i s\u0142abowidz\u0105cym, jak aktywnie \u017cy\u0107 i odnosi\u0107 sukcesy. Jej beneficjenci bior\u0105 udzia\u0142 w profesjonalnych szkoleniach i warsztatach, otrzymuj\u0105 niezb\u0119dne materia\u0142y szkoleniowe, jak chocia\u017cby podr\u0119czniki dotycz\u0105ce nowoczesnej rehabilitacji. (https:\/\/www.szansadlaniewidomych.org\/)<\/span><\/p><p><strong>Oddzia\u0142 Dzienny Psychiatryczny Rehabilitacyjny dla Dzieci i M\u0142odzie\u017cy II we Wroc\u0142awiu<\/strong> &#8211; plac\u00f3wka, do kt\u00f3rej przyjmowani s\u0105 pacjenci ze skierowaniem w wieku do 18 lat. W Oddziale s\u0105 zdiagnozowane i leczone dzieci m.in. ze specyficznymi zaburzeniami rozwoju mowy i j\u0119zyka oraz zaburzeniami rozwoju umiej\u0119tno\u015bci szkolnych, spektrum autyzmu, zaburzeniami zachowania i emocji, upo\u015bledzeniem umys\u0142owym, zaburzeniami od\u017cywiania zaburzeniami nerwicowymi, zaburzeniami nastroju, zaburzeniami psychotycznymi, schizofreni\u0105. Oddzia\u0142 oferuje diagnostyk\u0119, terapi\u0119 i psychoedukacj\u0119 psychiatryczn\u0105, psychologiczn\u0105, psychoterapeutyczn\u0105, \u015bci\u015ble wsp\u00f3\u0142pracuje z rodzicami pacjent\u00f3w, organizuje cykliczne spotkania psychoedukacyjne dla rodzin, przeprowadza diagnostyk\u0119 autyzmu, prowadzi opiek\u0119 pediatryczn\u0105, organizuje imprezy kulturalne dla podopiecznych. Podczas leczenia w oddziale szpitalnym dzieci i m\u0142odzie\u017c realizuj\u0105 obowi\u0105zek szkolny, lekcje i zaj\u0119cia wychowawcze organizuje Zesp\u00f3\u0142 Szk\u00f3\u0142 nr 17 we Wroc\u0142awiu. (https:\/\/www.szpital.wroc.pl\/)<\/p><p><strong>Fundacja Katarynka<\/strong> &#8211; tworzy dost\u0119pne wydarzenia, otwieraj\u0105c przestrze\u0144 kultury, sportu, kinematografii osobom niewidomym i nies\u0142ysz\u0105cym. Tworzy audiodeskrypcje i napisy do film\u00f3w, dostosowuje wystawy muzealne, organizuje cykliczne pokazy filmowe bez barier w Kinie Nowe Horyzonty we Wroc\u0142awiu oraz spacery z audiodeskrypcj\u0105 i t\u0142umaczeniem na PJM po najciekawszych zak\u0105tkach miasta. Prowadzi dzia\u0142alno\u015b\u0107 eksperck\u0105, wspieraj\u0105c i szkol\u0105c instytucje kultury, organizacje pozarz\u0105dowe i instytucje publiczne. (https:\/\/adapter.pl\/)<\/p><p><strong>Stowarzyszenie Bonitum<\/strong> &#8211; zrodzi\u0142o si\u0119 z zaanga\u017cowania rodzic\u00f3w dzieci z niepe\u0142nosprawno\u015bci\u0105 intelektualn\u0105, kt\u00f3rzy postanowili dzia\u0142a\u0107 na rzecz swoich doros\u0142ych dzieci. Skupia si\u0119 na przeciwdzia\u0142aniu wykluczeniu spo\u0142ecznemu oraz wspieraniu rozwoju os\u00f3b z niepe\u0142nosprawno\u015bci\u0105 intelektualn\u0105. Realizuje projekty aktywizacyjne, kt\u00f3re maj\u0105 na celu rozwijanie kompetencji osobistych i spo\u0142ecznych os\u00f3b z niepe\u0142nosprawno\u015bci\u0105 intelektualn\u0105. (https:\/\/bonitum.org\/)<\/p>\t\t\t\t\t\t\t\t<\/div>\n\t\t\t\t<\/div>\n\t\t\t\t\t<\/div>\n\t\t<\/div>\n\t\t\t\t\t<\/div>\n\t\t<\/section>\n\t\t\t\t\t<\/div>\n\t\t<\/div>\n\t\t\t\t\t<\/div>\n\t\t<\/section>\n\t\t\t\t<section class=\"elementor-section elementor-top-section elementor-element elementor-element-9ed9903 elementor-section-boxed elementor-section-height-default elementor-section-height-default\" data-id=\"9ed9903\" data-element_type=\"section\" data-e-type=\"section\">\n\t\t\t\t\t\t<div class=\"elementor-container elementor-column-gap-default\">\n\t\t\t\t\t<div class=\"elementor-column elementor-col-100 elementor-top-column elementor-element elementor-element-6683369\" data-id=\"6683369\" data-element_type=\"column\" data-e-type=\"column\">\n\t\t\t<div class=\"elementor-widget-wrap elementor-element-populated\">\n\t\t\t\t\t\t<div class=\"elementor-element elementor-element-648ff1c elementor-widget elementor-widget-spacer\" data-id=\"648ff1c\" data-element_type=\"widget\" data-e-type=\"widget\" data-widget_type=\"spacer.default\">\n\t\t\t\t<div class=\"elementor-widget-container\">\n\t\t\t\t\t\t\t<div class=\"elementor-spacer\">\n\t\t\t<div class=\"elementor-spacer-inner\"><\/div>\n\t\t<\/div>\n\t\t\t\t\t\t<\/div>\n\t\t\t\t<\/div>\n\t\t\t\t\t<\/div>\n\t\t<\/div>\n\t\t\t\t\t<\/div>\n\t\t<\/section>\n\t\t\t\t<section class=\"elementor-section elementor-top-section elementor-element elementor-element-1352d72 elementor-section-boxed elementor-section-height-default elementor-section-height-default\" data-id=\"1352d72\" data-element_type=\"section\" data-e-type=\"section\">\n\t\t\t\t\t\t<div class=\"elementor-container elementor-column-gap-default\">\n\t\t\t\t\t<div class=\"elementor-column elementor-col-100 elementor-top-column elementor-element elementor-element-6cafed6\" data-id=\"6cafed6\" data-element_type=\"column\" data-e-type=\"column\">\n\t\t\t<div class=\"elementor-widget-wrap elementor-element-populated\">\n\t\t\t\t\t\t<div class=\"elementor-element elementor-element-0797231 elementor-widget elementor-widget-image\" data-id=\"0797231\" data-element_type=\"widget\" data-e-type=\"widget\" data-widget_type=\"image.default\">\n\t\t\t\t<div class=\"elementor-widget-container\">\n\t\t\t\t\t\t\t\t\t\t\t\t\t\t\t<img decoding=\"async\" width=\"800\" height=\"400\" src=\"https:\/\/muzeumwspolczesne.pl\/wp-content\/uploads\/2024\/07\/Patronat-medialny-Rozrusznik-2.png\" class=\"attachment-large size-large wp-image-31153\" alt=\"\" srcset=\"https:\/\/muzeumwspolczesne.pl\/wp-content\/uploads\/2024\/07\/Patronat-medialny-Rozrusznik-2.png 945w, https:\/\/muzeumwspolczesne.pl\/wp-content\/uploads\/2024\/07\/Patronat-medialny-Rozrusznik-2-300x150.png 300w, https:\/\/muzeumwspolczesne.pl\/wp-content\/uploads\/2024\/07\/Patronat-medialny-Rozrusznik-2-768x384.png 768w, https:\/\/muzeumwspolczesne.pl\/wp-content\/uploads\/2024\/07\/Patronat-medialny-Rozrusznik-2-18x9.png 18w\" sizes=\"(max-width: 800px) 100vw, 800px\" \/>\t\t\t\t\t\t\t\t\t\t\t\t\t\t\t<\/div>\n\t\t\t\t<\/div>\n\t\t\t\t\t<\/div>\n\t\t<\/div>\n\t\t\t\t\t<\/div>\n\t\t<\/section>\n\t\t\t\t<section class=\"elementor-section elementor-top-section elementor-element elementor-element-7823aade elementor-section-full_width elementor-section-stretched elementor-section-height-default elementor-section-height-default\" data-id=\"7823aade\" data-element_type=\"section\" data-e-type=\"section\" data-settings=\"{&quot;stretch_section&quot;:&quot;section-stretched&quot;}\">\n\t\t\t\t\t\t<div class=\"elementor-container elementor-column-gap-wide\">\n\t\t\t\t\t<div class=\"elementor-column elementor-col-100 elementor-top-column elementor-element elementor-element-2aaf3b30\" data-id=\"2aaf3b30\" data-element_type=\"column\" data-e-type=\"column\">\n\t\t\t<div class=\"elementor-widget-wrap elementor-element-populated\">\n\t\t\t\t\t\t<section class=\"elementor-section elementor-inner-section elementor-element elementor-element-17050263 elementor-section-boxed elementor-section-height-default elementor-section-height-default\" data-id=\"17050263\" data-element_type=\"section\" data-e-type=\"section\" data-settings=\"{&quot;background_background&quot;:&quot;classic&quot;}\">\n\t\t\t\t\t\t<div class=\"elementor-container elementor-column-gap-default\">\n\t\t\t\t\t<div class=\"elementor-column elementor-col-100 elementor-inner-column elementor-element elementor-element-1537e7e6\" data-id=\"1537e7e6\" data-element_type=\"column\" data-e-type=\"column\">\n\t\t\t<div class=\"elementor-widget-wrap elementor-element-populated\">\n\t\t\t\t\t\t<div class=\"elementor-element elementor-element-5c4546ed elementor-widget elementor-widget-text-editor\" data-id=\"5c4546ed\" data-element_type=\"widget\" data-e-type=\"widget\" data-widget_type=\"text-editor.default\">\n\t\t\t\t<div class=\"elementor-widget-container\">\n\t\t\t\t\t\t\t\t\t<p><strong>Patronat medialny:<\/strong><\/p><ul><li>RADIO WROC\u0141AW (https:\/\/www.radiowroclaw.pl\/)<\/li><li>RADIO WROC\u0141AW KULTURA (https:\/\/www.radiowroclawkultura.pl\/)<\/li><li>RADIO RAM (https:\/\/radioram.pl\/)<\/li><li>WROC\u0141AWSKI PORTAL (https:\/\/www.wroclawskiportal.pl\/)<\/li><li>TVP3 WROC\u0141AW (https:\/\/wroclaw.tvp.pl\/)<\/li><\/ul>\t\t\t\t\t\t\t\t<\/div>\n\t\t\t\t<\/div>\n\t\t\t\t\t<\/div>\n\t\t<\/div>\n\t\t\t\t\t<\/div>\n\t\t<\/section>\n\t\t\t\t<div class=\"elementor-element elementor-element-73ddaff8 elementor-widget elementor-widget-spacer\" data-id=\"73ddaff8\" data-element_type=\"widget\" data-e-type=\"widget\" data-widget_type=\"spacer.default\">\n\t\t\t\t<div class=\"elementor-widget-container\">\n\t\t\t\t\t\t\t<div class=\"elementor-spacer\">\n\t\t\t<div class=\"elementor-spacer-inner\"><\/div>\n\t\t<\/div>\n\t\t\t\t\t\t<\/div>\n\t\t\t\t<\/div>\n\t\t\t\t\t<\/div>\n\t\t<\/div>\n\t\t\t\t\t<\/div>\n\t\t<\/section>\n\t\t\t\t<\/div>","protected":false},"excerpt":{"rendered":"<p>W Muzeum Wsp\u00f3\u0142czesnym Wroc\u0142aw \u017cyje projekt, kt\u00f3ry sta\u0142 si\u0119 symbolem prawdziwej integracji i odkrywania potencja\u0142u sztuki. \u201eRozruszniku bez barier\u201d to opowie\u015b\u0107 o sztuce, kt\u00f3ra przesuwa granice, otwiera nowe perspektywy i odkrywa, jak ograniczenia mog\u0105 wzbogaca\u0107 do\u015bwiadczenie. W sercu tego projektu le\u017cy niezwyk\u0142a idea: sztuka nie powinna by\u0107 zarezerwowana tylko dla wybranych. MWW od lat anga\u017cuje [&hellip;]<\/p>\n","protected":false},"author":5,"featured_media":31184,"parent":0,"template":"","meta":{"footnotes":""},"kategorie-edukacja":[27,30],"class_list":["post-31048","edukacja","type-edukacja","status-publish","has-post-thumbnail","hentry","kategorie-edukacja-bez-barier","kategorie-edukacja-niepelnosprawni"],"_links":{"self":[{"href":"https:\/\/muzeumwspolczesne.pl\/en\/wp-json\/wp\/v2\/edukacja\/31048","targetHints":{"allow":["GET"]}}],"collection":[{"href":"https:\/\/muzeumwspolczesne.pl\/en\/wp-json\/wp\/v2\/edukacja"}],"about":[{"href":"https:\/\/muzeumwspolczesne.pl\/en\/wp-json\/wp\/v2\/types\/edukacja"}],"author":[{"embeddable":true,"href":"https:\/\/muzeumwspolczesne.pl\/en\/wp-json\/wp\/v2\/users\/5"}],"version-history":[{"count":31,"href":"https:\/\/muzeumwspolczesne.pl\/en\/wp-json\/wp\/v2\/edukacja\/31048\/revisions"}],"predecessor-version":[{"id":31396,"href":"https:\/\/muzeumwspolczesne.pl\/en\/wp-json\/wp\/v2\/edukacja\/31048\/revisions\/31396"}],"wp:featuredmedia":[{"embeddable":true,"href":"https:\/\/muzeumwspolczesne.pl\/en\/wp-json\/wp\/v2\/media\/31184"}],"wp:attachment":[{"href":"https:\/\/muzeumwspolczesne.pl\/en\/wp-json\/wp\/v2\/media?parent=31048"}],"wp:term":[{"taxonomy":"kategorie-edukacja","embeddable":true,"href":"https:\/\/muzeumwspolczesne.pl\/en\/wp-json\/wp\/v2\/kategorie-edukacja?post=31048"}],"curies":[{"name":"wp","href":"https:\/\/api.w.org\/{rel}","templated":true}]}}