{"id":32212,"date":"2024-11-28T15:16:54","date_gmt":"2024-11-28T15:16:54","guid":{"rendered":"https:\/\/muzeumwspolczesne.pl\/?post_type=edukacja&#038;p=32212"},"modified":"2025-07-17T11:46:04","modified_gmt":"2025-07-17T11:46:04","slug":"muzeum-otwarte-oprowadzanie-w-pjm-5","status":"publish","type":"edukacja","link":"https:\/\/muzeumwspolczesne.pl\/en\/zapowiedzi\/muzeum-otwarte-oprowadzanie-w-pjm-5\/","title":{"rendered":"Muzeum otwarte. Oprowadzanie w PJM"},"content":{"rendered":"\t\t<div data-elementor-type=\"wp-post\" data-elementor-id=\"32212\" class=\"elementor elementor-32212\" data-elementor-post-type=\"edukacja\">\n\t\t\t\t\t\t<section class=\"elementor-section elementor-top-section elementor-element elementor-element-ec26062 elementor-section-boxed elementor-section-height-default elementor-section-height-default\" data-id=\"ec26062\" data-element_type=\"section\">\n\t\t\t\t\t\t<div class=\"elementor-container elementor-column-gap-default\">\n\t\t\t\t\t<div class=\"elementor-column elementor-col-100 elementor-top-column elementor-element elementor-element-d706ab8\" data-id=\"d706ab8\" data-element_type=\"column\">\n\t\t\t<div class=\"elementor-widget-wrap elementor-element-populated\">\n\t\t\t\t\t\t<div class=\"elementor-element elementor-element-b50eaf4 elementor-widget elementor-widget-text-editor\" data-id=\"b50eaf4\" data-element_type=\"widget\" data-widget_type=\"text-editor.default\">\n\t\t\t\t<div class=\"elementor-widget-container\">\n\t\t\t\t\t\t\t\t\t<p><span style=\"font-weight: 400;\">Zapraszamy do Muzeum Wsp\u00f3\u0142czesnego Wroc\u0142aw przy placu Strzegomskim 2 we Wroc\u0142awiu, na oprowadzanie po wystawie \u201eDr\u00f3\u017cd\u017c, Opa\u0142ka, Winiarski. Granica\u201d, z t\u0142umaczeniem na PJM. Wydarzenie jest bezp\u0142atne i odb\u0119dzie si\u0119 5 grudnia o godzinie 17:00. Spotykamy si\u0119 przy kasie Muzeum.<\/span><\/p><p><span style=\"font-weight: 400;\">\u00a0<\/span><\/p><p><span style=\"font-weight: 400;\">Stanis\u0142aw Dr\u00f3\u017cd\u017c, Roman Opa\u0142ka i Ryszard Winiarski to wybitni polscy arty\u015bci. Wszyscy trzej zajmowali si\u0119 sztuk\u0105 konceptualn\u0105. Tak\u0105, w kt\u00f3rej pomys\u0142 artysty jest kluczowy. Idea jest wa\u017cniejsza nawet od wykonanego dzie\u0142a \u2013 przedmiotu. Ich tw\u00f3rczo\u015b\u0107 mia\u0142a charakter przede wszystkim intelektualny, a nie plastyczny. Stanis\u0142aw Dr\u00f3\u017cd\u017c tworzy\u0142 poezj\u0119 konkretn\u0105. Jest to rodzaj sztuki, gdzie tekst uk\u0142ada si\u0119 jednocze\u015bnie w jaki\u015b kszta\u0142t. Na przyk\u0142ad s\u0142owa: b\u0119dzie, b\u0119dzie, b\u0119dzie, jest, by\u0142o, by\u0142o, by\u0142o\u2026 s\u0105 powi\u0119kszone lub zmniejszone tak, aby stworzy\u0107 kszta\u0142t klepsydry. W ten spos\u00f3b artysta eksperymentowa\u0142 z tradycyjn\u0105 form\u0105 wiersza.<\/span><\/p><p><span style=\"font-weight: 400;\">Roman Opa\u0142ka, przez wiele lat tworzy\u0142 prace \u201eliczone\u201d. Na p\u0142\u00f3tnach zapisywa\u0142 liczby, kt\u00f3re uk\u0142adaj\u0105 si\u0119 we wz\u00f3r. Wz\u00f3r ten to odliczanie czasu: minuty, dni, miesi\u0105ce, lata. Artysta liczy\u0142, ile dni \u017cyje na \u015bwiecie i rozwa\u017ca\u0142, ile mu zosta\u0142o \u2013 kiedy liczenie si\u0119 sko\u0144czy?<\/span><\/p><p><span style=\"font-weight: 400;\">Ryszard Winiarski zastanawia\u0142 si\u0119 nad przypadkiem w naszym \u015bwiecie i w sztuce. Jego pomys\u0142 polega\u0142 na tym, aby losowa\u0107 np. kostk\u0105 do gry: kt\u00f3r\u0105 cz\u0119\u015b\u0107 p\u0142\u00f3tna zamaluje czarn\u0105 farb\u0105, a kt\u00f3r\u0105 pozostawi bia\u0142\u0105. Czy w ten spos\u00f3b jego prace zosta\u0142y stworzone przez przypadek? A mo\u017ce jego decyzja o tym, \u017ceby \u201ezagra\u0107\u201d stworzy\u0142a jak\u0105\u015b regu\u0142\u0119?<\/span><\/p><p><span style=\"font-weight: 400;\">Po raz pierwszy w Muzeum Wsp\u00f3\u0142czesnym Wroc\u0142aw prace Dr\u00f3\u017cd\u017ca, Opa\u0142ki i Winiarskiego spotykaj\u0105 si\u0119 na wystawie po\u015bwi\u0119conej ich tw\u00f3rczo\u015bci.<\/span><\/p><p><span style=\"font-weight: 400;\">Zapraszamy wszystkie osoby nies\u0142ysz\u0105ce, s\u0142abo s\u0142ysz\u0105ce oraz s\u0142ysz\u0105ce na oprowadzanie Sylwii Owczarek. T\u0142umaczy\u0107 b\u0119dzie El\u017cbieta Resler.<\/span><\/p><p><span style=\"font-weight: 400;\">Na filmie poni\u017cej, t\u0142umaczka El\u017cbieta Resler miga zaproszenie na wydarzenie:<\/span><\/p>\t\t\t\t\t\t\t\t<\/div>\n\t\t\t\t<\/div>\n\t\t\t\t\t<\/div>\n\t\t<\/div>\n\t\t\t\t\t<\/div>\n\t\t<\/section>\n\t\t\t\t<section class=\"elementor-section elementor-top-section elementor-element elementor-element-5d5db63 elementor-section-boxed elementor-section-height-default elementor-section-height-default\" data-id=\"5d5db63\" data-element_type=\"section\">\n\t\t\t\t\t\t<div class=\"elementor-container elementor-column-gap-default\">\n\t\t\t\t\t<div class=\"elementor-column elementor-col-100 elementor-top-column elementor-element elementor-element-4198d54\" data-id=\"4198d54\" data-element_type=\"column\" data-settings=\"{&quot;background_background&quot;:&quot;classic&quot;}\">\n\t\t\t<div class=\"elementor-widget-wrap elementor-element-populated\">\n\t\t\t\t\t\t<div class=\"elementor-element elementor-element-6ac3630 elementor-widget elementor-widget-text-editor\" data-id=\"6ac3630\" data-element_type=\"widget\" data-widget_type=\"text-editor.default\">\n\t\t\t\t<div class=\"elementor-widget-container\">\n\t\t\t\t\t\t\t\t\t<p>Lorem ipsum dolor sit amet, consectetur adipiscing elit. Ut elit tellus, luctus nec ullamcorper mattis, pulvinar dapibus leo.<\/p>\t\t\t\t\t\t\t\t<\/div>\n\t\t\t\t<\/div>\n\t\t\t\t\t<\/div>\n\t\t<\/div>\n\t\t\t\t\t<\/div>\n\t\t<\/section>\n\t\t\t\t<section class=\"elementor-section elementor-top-section elementor-element elementor-element-749ea3d elementor-section-boxed elementor-section-height-default elementor-section-height-default\" data-id=\"749ea3d\" data-element_type=\"section\">\n\t\t\t\t\t\t<div class=\"elementor-container elementor-column-gap-default\">\n\t\t\t\t\t<div class=\"elementor-column elementor-col-100 elementor-top-column elementor-element elementor-element-cf87e8d\" data-id=\"cf87e8d\" data-element_type=\"column\">\n\t\t\t<div class=\"elementor-widget-wrap elementor-element-populated\">\n\t\t\t\t\t\t<div class=\"elementor-element elementor-element-cc8a7b4 elementor-widget elementor-widget-video\" data-id=\"cc8a7b4\" data-element_type=\"widget\" data-settings=\"{&quot;video_type&quot;:&quot;hosted&quot;,&quot;controls&quot;:&quot;yes&quot;}\" data-widget_type=\"video.default\">\n\t\t\t\t<div class=\"elementor-widget-container\">\n\t\t\t\t\t\t\t<div class=\"e-hosted-video elementor-wrapper elementor-open-inline\">\n\t\t\t\t\t<video class=\"elementor-video\" src=\"https:\/\/muzeumwspolczesne.pl\/wp-content\/uploads\/2024\/11\/pjm_5.12.mp4\" controls=\"\" preload=\"metadata\" controlsList=\"nodownload\"><\/video>\n\t\t\t\t<\/div>\n\t\t\t\t\t\t<\/div>\n\t\t\t\t<\/div>\n\t\t\t\t\t<\/div>\n\t\t<\/div>\n\t\t\t\t\t<\/div>\n\t\t<\/section>\n\t\t\t\t<section class=\"elementor-section elementor-top-section elementor-element elementor-element-00e2d14 elementor-section-boxed elementor-section-height-default elementor-section-height-default\" data-id=\"00e2d14\" data-element_type=\"section\">\n\t\t\t\t\t\t<div class=\"elementor-container elementor-column-gap-default\">\n\t\t\t\t\t<div class=\"elementor-column elementor-col-100 elementor-top-column elementor-element elementor-element-1985436\" data-id=\"1985436\" data-element_type=\"column\">\n\t\t\t<div class=\"elementor-widget-wrap elementor-element-populated\">\n\t\t\t\t\t\t<div class=\"elementor-element elementor-element-2999e59 elementor-widget elementor-widget-gallery\" data-id=\"2999e59\" data-element_type=\"widget\" data-settings=\"{&quot;lazyload&quot;:&quot;yes&quot;,&quot;gallery_layout&quot;:&quot;grid&quot;,&quot;columns&quot;:4,&quot;columns_tablet&quot;:2,&quot;columns_mobile&quot;:1,&quot;gap&quot;:{&quot;unit&quot;:&quot;px&quot;,&quot;size&quot;:10,&quot;sizes&quot;:[]},&quot;gap_tablet&quot;:{&quot;unit&quot;:&quot;px&quot;,&quot;size&quot;:10,&quot;sizes&quot;:[]},&quot;gap_mobile&quot;:{&quot;unit&quot;:&quot;px&quot;,&quot;size&quot;:10,&quot;sizes&quot;:[]},&quot;link_to&quot;:&quot;file&quot;,&quot;aspect_ratio&quot;:&quot;3:2&quot;,&quot;overlay_background&quot;:&quot;yes&quot;,&quot;content_hover_animation&quot;:&quot;fade-in&quot;}\" data-widget_type=\"gallery.default\">\n\t\t\t\t<div class=\"elementor-widget-container\">\n\t\t\t\t\t\t\t<div class=\"elementor-gallery__container\">\n\t\t\t\t\t\t\t<a class=\"e-gallery-item elementor-gallery-item elementor-animated-content\" href=\"https:\/\/muzeumwspolczesne.pl\/wp-content\/uploads\/2024\/12\/IMG_20241206_101243-scaled.jpg\" data-elementor-open-lightbox=\"yes\" data-elementor-lightbox-slideshow=\"2999e59\" data-elementor-lightbox-title=\"IMG_20241206_101243\" data-e-action-hash=\"#elementor-action%3Aaction%3Dlightbox%26settings%3DeyJpZCI6MzIzNDMsInVybCI6Imh0dHBzOlwvXC9tdXpldW13c3BvbGN6ZXNuZS5wbFwvd3AtY29udGVudFwvdXBsb2Fkc1wvMjAyNFwvMTJcL0lNR18yMDI0MTIwNl8xMDEyNDMtc2NhbGVkLmpwZyIsInNsaWRlc2hvdyI6IjI5OTllNTkifQ%3D%3D\">\n\t\t\t\t\t<div class=\"e-gallery-image elementor-gallery-item__image\" data-thumbnail=\"https:\/\/muzeumwspolczesne.pl\/wp-content\/uploads\/2024\/12\/IMG_20241206_101243-300x169.jpg\" data-width=\"300\" data-height=\"169\" aria-label=\"\" role=\"img\" ><\/div>\n\t\t\t\t\t\t\t\t\t\t\t<div class=\"elementor-gallery-item__overlay\"><\/div>\n\t\t\t\t\t\t\t\t\t\t\t\t\t\t<\/a>\n\t\t\t\t\t\t\t<a class=\"e-gallery-item elementor-gallery-item elementor-animated-content\" href=\"https:\/\/muzeumwspolczesne.pl\/wp-content\/uploads\/2024\/12\/IMG_20241206_101545-scaled.jpg\" data-elementor-open-lightbox=\"yes\" data-elementor-lightbox-slideshow=\"2999e59\" data-elementor-lightbox-title=\"IMG_20241206_101545\" data-e-action-hash=\"#elementor-action%3Aaction%3Dlightbox%26settings%3DeyJpZCI6MzIzNDQsInVybCI6Imh0dHBzOlwvXC9tdXpldW13c3BvbGN6ZXNuZS5wbFwvd3AtY29udGVudFwvdXBsb2Fkc1wvMjAyNFwvMTJcL0lNR18yMDI0MTIwNl8xMDE1NDUtc2NhbGVkLmpwZyIsInNsaWRlc2hvdyI6IjI5OTllNTkifQ%3D%3D\">\n\t\t\t\t\t<div class=\"e-gallery-image elementor-gallery-item__image\" data-thumbnail=\"https:\/\/muzeumwspolczesne.pl\/wp-content\/uploads\/2024\/12\/IMG_20241206_101545-300x169.jpg\" data-width=\"300\" data-height=\"169\" aria-label=\"\" role=\"img\" ><\/div>\n\t\t\t\t\t\t\t\t\t\t\t<div class=\"elementor-gallery-item__overlay\"><\/div>\n\t\t\t\t\t\t\t\t\t\t\t\t\t\t<\/a>\n\t\t\t\t\t\t\t<a class=\"e-gallery-item elementor-gallery-item elementor-animated-content\" href=\"https:\/\/muzeumwspolczesne.pl\/wp-content\/uploads\/2024\/12\/IMG_20241206_102302-scaled.jpg\" data-elementor-open-lightbox=\"yes\" data-elementor-lightbox-slideshow=\"2999e59\" data-elementor-lightbox-title=\"IMG_20241206_102302\" data-e-action-hash=\"#elementor-action%3Aaction%3Dlightbox%26settings%3DeyJpZCI6MzIzNDUsInVybCI6Imh0dHBzOlwvXC9tdXpldW13c3BvbGN6ZXNuZS5wbFwvd3AtY29udGVudFwvdXBsb2Fkc1wvMjAyNFwvMTJcL0lNR18yMDI0MTIwNl8xMDIzMDItc2NhbGVkLmpwZyIsInNsaWRlc2hvdyI6IjI5OTllNTkifQ%3D%3D\">\n\t\t\t\t\t<div class=\"e-gallery-image elementor-gallery-item__image\" data-thumbnail=\"https:\/\/muzeumwspolczesne.pl\/wp-content\/uploads\/2024\/12\/IMG_20241206_102302-300x169.jpg\" data-width=\"300\" data-height=\"169\" aria-label=\"\" role=\"img\" ><\/div>\n\t\t\t\t\t\t\t\t\t\t\t<div class=\"elementor-gallery-item__overlay\"><\/div>\n\t\t\t\t\t\t\t\t\t\t\t\t\t\t<\/a>\n\t\t\t\t\t\t\t<a class=\"e-gallery-item elementor-gallery-item elementor-animated-content\" href=\"https:\/\/muzeumwspolczesne.pl\/wp-content\/uploads\/2024\/12\/IMG_20241206_102905-scaled.jpg\" data-elementor-open-lightbox=\"yes\" data-elementor-lightbox-slideshow=\"2999e59\" data-elementor-lightbox-title=\"IMG_20241206_102905\" data-e-action-hash=\"#elementor-action%3Aaction%3Dlightbox%26settings%3DeyJpZCI6MzIzNDYsInVybCI6Imh0dHBzOlwvXC9tdXpldW13c3BvbGN6ZXNuZS5wbFwvd3AtY29udGVudFwvdXBsb2Fkc1wvMjAyNFwvMTJcL0lNR18yMDI0MTIwNl8xMDI5MDUtc2NhbGVkLmpwZyIsInNsaWRlc2hvdyI6IjI5OTllNTkifQ%3D%3D\">\n\t\t\t\t\t<div class=\"e-gallery-image elementor-gallery-item__image\" data-thumbnail=\"https:\/\/muzeumwspolczesne.pl\/wp-content\/uploads\/2024\/12\/IMG_20241206_102905-300x169.jpg\" data-width=\"300\" data-height=\"169\" aria-label=\"\" role=\"img\" ><\/div>\n\t\t\t\t\t\t\t\t\t\t\t<div class=\"elementor-gallery-item__overlay\"><\/div>\n\t\t\t\t\t\t\t\t\t\t\t\t\t\t<\/a>\n\t\t\t\t\t\t\t<a class=\"e-gallery-item elementor-gallery-item elementor-animated-content\" href=\"https:\/\/muzeumwspolczesne.pl\/wp-content\/uploads\/2024\/12\/IMG_20241206_102859-1-scaled.jpg\" data-elementor-open-lightbox=\"yes\" data-elementor-lightbox-slideshow=\"2999e59\" data-elementor-lightbox-title=\"IMG_20241206_102859\" data-e-action-hash=\"#elementor-action%3Aaction%3Dlightbox%26settings%3DeyJpZCI6MzIzNDcsInVybCI6Imh0dHBzOlwvXC9tdXpldW13c3BvbGN6ZXNuZS5wbFwvd3AtY29udGVudFwvdXBsb2Fkc1wvMjAyNFwvMTJcL0lNR18yMDI0MTIwNl8xMDI4NTktMS1zY2FsZWQuanBnIiwic2xpZGVzaG93IjoiMjk5OWU1OSJ9\">\n\t\t\t\t\t<div class=\"e-gallery-image elementor-gallery-item__image\" data-thumbnail=\"https:\/\/muzeumwspolczesne.pl\/wp-content\/uploads\/2024\/12\/IMG_20241206_102859-1-300x169.jpg\" data-width=\"300\" data-height=\"169\" aria-label=\"\" role=\"img\" ><\/div>\n\t\t\t\t\t\t\t\t\t\t\t<div class=\"elementor-gallery-item__overlay\"><\/div>\n\t\t\t\t\t\t\t\t\t\t\t\t\t\t<\/a>\n\t\t\t\t\t\t\t<a class=\"e-gallery-item elementor-gallery-item elementor-animated-content\" href=\"https:\/\/muzeumwspolczesne.pl\/wp-content\/uploads\/2024\/12\/IMG_20241206_103052-scaled.jpg\" data-elementor-open-lightbox=\"yes\" data-elementor-lightbox-slideshow=\"2999e59\" data-elementor-lightbox-title=\"IMG_20241206_103052\" data-e-action-hash=\"#elementor-action%3Aaction%3Dlightbox%26settings%3DeyJpZCI6MzIzNDgsInVybCI6Imh0dHBzOlwvXC9tdXpldW13c3BvbGN6ZXNuZS5wbFwvd3AtY29udGVudFwvdXBsb2Fkc1wvMjAyNFwvMTJcL0lNR18yMDI0MTIwNl8xMDMwNTItc2NhbGVkLmpwZyIsInNsaWRlc2hvdyI6IjI5OTllNTkifQ%3D%3D\">\n\t\t\t\t\t<div class=\"e-gallery-image elementor-gallery-item__image\" data-thumbnail=\"https:\/\/muzeumwspolczesne.pl\/wp-content\/uploads\/2024\/12\/IMG_20241206_103052-169x300.jpg\" data-width=\"169\" data-height=\"300\" aria-label=\"\" role=\"img\" ><\/div>\n\t\t\t\t\t\t\t\t\t\t\t<div class=\"elementor-gallery-item__overlay\"><\/div>\n\t\t\t\t\t\t\t\t\t\t\t\t\t\t<\/a>\n\t\t\t\t\t\t\t<a class=\"e-gallery-item elementor-gallery-item elementor-animated-content\" href=\"https:\/\/muzeumwspolczesne.pl\/wp-content\/uploads\/2024\/12\/IMG_20241206_102642-scaled.jpg\" data-elementor-open-lightbox=\"yes\" data-elementor-lightbox-slideshow=\"2999e59\" data-elementor-lightbox-title=\"IMG_20241206_102642\" data-e-action-hash=\"#elementor-action%3Aaction%3Dlightbox%26settings%3DeyJpZCI6MzIzNDksInVybCI6Imh0dHBzOlwvXC9tdXpldW13c3BvbGN6ZXNuZS5wbFwvd3AtY29udGVudFwvdXBsb2Fkc1wvMjAyNFwvMTJcL0lNR18yMDI0MTIwNl8xMDI2NDItc2NhbGVkLmpwZyIsInNsaWRlc2hvdyI6IjI5OTllNTkifQ%3D%3D\">\n\t\t\t\t\t<div class=\"e-gallery-image elementor-gallery-item__image\" data-thumbnail=\"https:\/\/muzeumwspolczesne.pl\/wp-content\/uploads\/2024\/12\/IMG_20241206_102642-300x169.jpg\" data-width=\"300\" data-height=\"169\" aria-label=\"\" role=\"img\" ><\/div>\n\t\t\t\t\t\t\t\t\t\t\t<div class=\"elementor-gallery-item__overlay\"><\/div>\n\t\t\t\t\t\t\t\t\t\t\t\t\t\t<\/a>\n\t\t\t\t\t\t\t<a class=\"e-gallery-item elementor-gallery-item elementor-animated-content\" href=\"https:\/\/muzeumwspolczesne.pl\/wp-content\/uploads\/2024\/12\/IMG_20241206_101433-scaled.jpg\" data-elementor-open-lightbox=\"yes\" data-elementor-lightbox-slideshow=\"2999e59\" data-elementor-lightbox-title=\"IMG_20241206_101433\" data-e-action-hash=\"#elementor-action%3Aaction%3Dlightbox%26settings%3DeyJpZCI6MzIzNTAsInVybCI6Imh0dHBzOlwvXC9tdXpldW13c3BvbGN6ZXNuZS5wbFwvd3AtY29udGVudFwvdXBsb2Fkc1wvMjAyNFwvMTJcL0lNR18yMDI0MTIwNl8xMDE0MzMtc2NhbGVkLmpwZyIsInNsaWRlc2hvdyI6IjI5OTllNTkifQ%3D%3D\">\n\t\t\t\t\t<div class=\"e-gallery-image elementor-gallery-item__image\" data-thumbnail=\"https:\/\/muzeumwspolczesne.pl\/wp-content\/uploads\/2024\/12\/IMG_20241206_101433-300x169.jpg\" data-width=\"300\" data-height=\"169\" aria-label=\"\" role=\"img\" ><\/div>\n\t\t\t\t\t\t\t\t\t\t\t<div class=\"elementor-gallery-item__overlay\"><\/div>\n\t\t\t\t\t\t\t\t\t\t\t\t\t\t<\/a>\n\t\t\t\t\t<\/div>\n\t\t\t\t\t<\/div>\n\t\t\t\t<\/div>\n\t\t\t\t<section class=\"elementor-section elementor-inner-section elementor-element elementor-element-62da807 elementor-section-boxed elementor-section-height-default elementor-section-height-default\" data-id=\"62da807\" data-element_type=\"section\">\n\t\t\t\t\t\t<div class=\"elementor-container elementor-column-gap-default\">\n\t\t\t\t\t<div class=\"elementor-column elementor-col-50 elementor-inner-column elementor-element elementor-element-427ca12\" data-id=\"427ca12\" data-element_type=\"column\">\n\t\t\t<div class=\"elementor-widget-wrap elementor-element-populated\">\n\t\t\t\t\t\t<div class=\"elementor-element elementor-element-aa783ed elementor-widget elementor-widget-image\" data-id=\"aa783ed\" data-element_type=\"widget\" data-widget_type=\"image.default\">\n\t\t\t\t<div class=\"elementor-widget-container\">\n\t\t\t\t\t\t\t\t\t\t\t\t\t\t\t<img decoding=\"async\" width=\"300\" height=\"84\" src=\"https:\/\/muzeumwspolczesne.pl\/wp-content\/uploads\/2023\/09\/05_znak_uproszczony_kolor_biale_tlo_RGB-01-300x84.png\" class=\"attachment-medium size-medium wp-image-28039\" alt=\"Logotyp Ministerstwa Kultury i Dziedzictwa Narodowego z orze\u0142kiem po lewej stronie napisu\" srcset=\"https:\/\/muzeumwspolczesne.pl\/wp-content\/uploads\/2023\/09\/05_znak_uproszczony_kolor_biale_tlo_RGB-01-300x84.png 300w, https:\/\/muzeumwspolczesne.pl\/wp-content\/uploads\/2023\/09\/05_znak_uproszczony_kolor_biale_tlo_RGB-01-1024x288.png 1024w, https:\/\/muzeumwspolczesne.pl\/wp-content\/uploads\/2023\/09\/05_znak_uproszczony_kolor_biale_tlo_RGB-01-768x216.png 768w, https:\/\/muzeumwspolczesne.pl\/wp-content\/uploads\/2023\/09\/05_znak_uproszczony_kolor_biale_tlo_RGB-01-1536x432.png 1536w, https:\/\/muzeumwspolczesne.pl\/wp-content\/uploads\/2023\/09\/05_znak_uproszczony_kolor_biale_tlo_RGB-01-18x5.png 18w, https:\/\/muzeumwspolczesne.pl\/wp-content\/uploads\/2023\/09\/05_znak_uproszczony_kolor_biale_tlo_RGB-01.png 1600w\" sizes=\"(max-width: 300px) 100vw, 300px\" \/>\t\t\t\t\t\t\t\t\t\t\t\t\t\t\t<\/div>\n\t\t\t\t<\/div>\n\t\t\t\t\t<\/div>\n\t\t<\/div>\n\t\t\t\t<div class=\"elementor-column elementor-col-50 elementor-inner-column elementor-element elementor-element-64700cf\" data-id=\"64700cf\" data-element_type=\"column\">\n\t\t\t<div class=\"elementor-widget-wrap elementor-element-populated\">\n\t\t\t\t\t\t<div class=\"elementor-element elementor-element-7d37e1f elementor-widget elementor-widget-text-editor\" data-id=\"7d37e1f\" data-element_type=\"widget\" data-widget_type=\"text-editor.default\">\n\t\t\t\t<div class=\"elementor-widget-container\">\n\t\t\t\t\t\t\t\t\t<p>Projekt\u00a0<em>Rozrusznik bez barier<\/em>\u00a0dofinansowano ze \u015brodk\u00f3w Ministra Kultury i Dziedzictwa Narodowego pochodz\u0105cych z Funduszu Promocji Kultury \u2013 pa\u0144stwowego funduszu celowego.<\/p>\t\t\t\t\t\t\t\t<\/div>\n\t\t\t\t<\/div>\n\t\t\t\t\t<\/div>\n\t\t<\/div>\n\t\t\t\t\t<\/div>\n\t\t<\/section>\n\t\t\t\t\t<\/div>\n\t\t<\/div>\n\t\t\t\t\t<\/div>\n\t\t<\/section>\n\t\t\t\t<section class=\"elementor-section elementor-top-section elementor-element elementor-element-1e50fe1 elementor-section-boxed elementor-section-height-default elementor-section-height-default\" data-id=\"1e50fe1\" data-element_type=\"section\">\n\t\t\t\t\t\t<div class=\"elementor-container elementor-column-gap-default\">\n\t\t\t\t\t<div class=\"elementor-column elementor-col-100 elementor-top-column elementor-element elementor-element-e107418\" data-id=\"e107418\" data-element_type=\"column\">\n\t\t\t<div class=\"elementor-widget-wrap elementor-element-populated\">\n\t\t\t\t\t\t<section class=\"elementor-section elementor-inner-section elementor-element elementor-element-65f22f6 elementor-section-boxed elementor-section-height-default elementor-section-height-default\" data-id=\"65f22f6\" data-element_type=\"section\">\n\t\t\t\t\t\t<div class=\"elementor-container elementor-column-gap-default\">\n\t\t\t\t\t<div class=\"elementor-column elementor-col-50 elementor-inner-column elementor-element elementor-element-b61c348\" data-id=\"b61c348\" data-element_type=\"column\">\n\t\t\t<div class=\"elementor-widget-wrap elementor-element-populated\">\n\t\t\t\t\t\t<div class=\"elementor-element elementor-element-1dc15bd elementor-widget elementor-widget-image\" data-id=\"1dc15bd\" data-element_type=\"widget\" data-widget_type=\"image.default\">\n\t\t\t\t<div class=\"elementor-widget-container\">\n\t\t\t\t\t\t\t\t\t\t\t\t\t\t\t<img decoding=\"async\" width=\"150\" height=\"150\" src=\"https:\/\/muzeumwspolczesne.pl\/wp-content\/uploads\/2025\/02\/Struktura360-KulturaDostepna-lifting-LOGO-kolor-16-150x150.jpg\" class=\"attachment-thumbnail size-thumbnail wp-image-32709\" alt=\"\" \/>\t\t\t\t\t\t\t\t\t\t\t\t\t\t\t<\/div>\n\t\t\t\t<\/div>\n\t\t\t\t\t<\/div>\n\t\t<\/div>\n\t\t\t\t<div class=\"elementor-column elementor-col-50 elementor-inner-column elementor-element elementor-element-2ace688\" data-id=\"2ace688\" data-element_type=\"column\">\n\t\t\t<div class=\"elementor-widget-wrap\">\n\t\t\t\t\t\t\t<\/div>\n\t\t<\/div>\n\t\t\t\t\t<\/div>\n\t\t<\/section>\n\t\t\t\t\t<\/div>\n\t\t<\/div>\n\t\t\t\t\t<\/div>\n\t\t<\/section>\n\t\t\t\t<\/div>\n\t\t","protected":false},"excerpt":{"rendered":"<p>Zapraszamy do Muzeum Wsp\u00f3\u0142czesnego Wroc\u0142aw przy placu Strzegomskim 2 we Wroc\u0142awiu, na oprowadzanie po wystawie \u201eDr\u00f3\u017cd\u017c, Opa\u0142ka, Winiarski. Granica\u201d, z t\u0142umaczeniem na PJM. Wydarzenie jest bezp\u0142atne i odb\u0119dzie si\u0119 5 grudnia o godzinie 17:00. Spotykamy si\u0119 przy kasie Muzeum. \u00a0 Stanis\u0142aw Dr\u00f3\u017cd\u017c, Roman Opa\u0142ka i Ryszard Winiarski to wybitni polscy arty\u015bci. Wszyscy trzej zajmowali si\u0119 [&hellip;]<\/p>\n","protected":false},"author":9,"featured_media":32204,"parent":0,"template":"","meta":{"footnotes":""},"kategorie-edukacja":[27,30],"class_list":["post-32212","edukacja","type-edukacja","status-publish","has-post-thumbnail","hentry","kategorie-edukacja-bez-barier","kategorie-edukacja-niepelnosprawni"],"_links":{"self":[{"href":"https:\/\/muzeumwspolczesne.pl\/en\/wp-json\/wp\/v2\/edukacja\/32212","targetHints":{"allow":["GET"]}}],"collection":[{"href":"https:\/\/muzeumwspolczesne.pl\/en\/wp-json\/wp\/v2\/edukacja"}],"about":[{"href":"https:\/\/muzeumwspolczesne.pl\/en\/wp-json\/wp\/v2\/types\/edukacja"}],"author":[{"embeddable":true,"href":"https:\/\/muzeumwspolczesne.pl\/en\/wp-json\/wp\/v2\/users\/9"}],"version-history":[{"count":13,"href":"https:\/\/muzeumwspolczesne.pl\/en\/wp-json\/wp\/v2\/edukacja\/32212\/revisions"}],"predecessor-version":[{"id":32712,"href":"https:\/\/muzeumwspolczesne.pl\/en\/wp-json\/wp\/v2\/edukacja\/32212\/revisions\/32712"}],"wp:featuredmedia":[{"embeddable":true,"href":"https:\/\/muzeumwspolczesne.pl\/en\/wp-json\/wp\/v2\/media\/32204"}],"wp:attachment":[{"href":"https:\/\/muzeumwspolczesne.pl\/en\/wp-json\/wp\/v2\/media?parent=32212"}],"wp:term":[{"taxonomy":"kategorie-edukacja","embeddable":true,"href":"https:\/\/muzeumwspolczesne.pl\/en\/wp-json\/wp\/v2\/kategorie-edukacja?post=32212"}],"curies":[{"name":"wp","href":"https:\/\/api.w.org\/{rel}","templated":true}]}}