{"id":21155,"date":"2022-01-10T16:24:00","date_gmt":"2022-01-10T16:24:00","guid":{"rendered":"https:\/\/muzeumwspolczesne.pl\/?post_type=wydarzenia&#038;p=21155"},"modified":"2024-01-18T15:04:02","modified_gmt":"2024-01-18T15:04:02","slug":"online-wspolne-ogladanie-wystawy-kamy-sokolnickiej-blask","status":"publish","type":"wydarzenia","link":"https:\/\/muzeumwspolczesne.pl\/en\/wydarzenia\/online-wspolne-ogladanie-wystawy-kamy-sokolnickiej-blask\/","title":{"rendered":"ONLINE \/ WSP\u00d3LNE OGL\u0104DANIE WYSTAWY KAMY SOKOLNICKIEJ \u201eBLASK\u201d"},"content":{"rendered":"\t\t<div data-elementor-type=\"wp-post\" data-elementor-id=\"21155\" class=\"elementor elementor-21155\" data-elementor-post-type=\"wydarzenia\">\n\t\t\t\t\t\t<section class=\"elementor-section elementor-top-section elementor-element elementor-element-72c67a8 elementor-section-boxed elementor-section-height-default elementor-section-height-default\" data-id=\"72c67a8\" data-element_type=\"section\">\n\t\t\t\t\t\t<div class=\"elementor-container elementor-column-gap-default\">\n\t\t\t\t\t<div class=\"elementor-column elementor-col-100 elementor-top-column elementor-element elementor-element-9c89719\" data-id=\"9c89719\" data-element_type=\"column\">\n\t\t\t<div class=\"elementor-widget-wrap elementor-element-populated\">\n\t\t\t\t\t\t<div class=\"elementor-element elementor-element-aa593a0 elementor-widget elementor-widget-text-editor\" data-id=\"aa593a0\" data-element_type=\"widget\" data-widget_type=\"text-editor.default\">\n\t\t\t\t<div class=\"elementor-widget-container\">\n\t\t\t\t\t\t\t\t\t<p>Kama Sokolnicka w najnowszym projekcie odnosi si\u0119 do wieloznaczno\u015bci poj\u0119cia blasku. Kojarz\u0105ce si\u0119 w pierwszej kolejno\u015bci mocne jaskrawe \u015bwiat\u0142o lub \u015bwiat\u0142o odbite zwi\u0105zane jest tutaj z oddzia\u0142ywaniem energii s\u0142onecznej na \u017cycie naszej planety. Blask mo\u017ce by\u0107 u\u017cywany do okre\u015blenia \u201e\u015bwietno\u015bci\u201d, \u201ewspania\u0142o\u015bci\u201d podmiotu i przedmiotu, istot \u017cywych, zjawisk i proces\u00f3w obecnych w naturze. Emanowanie \u201ewewn\u0119trznym blaskiem\u201d oznacza stan, w kt\u00f3rym jest si\u0119 w zgodzie ze sob\u0105, jest si\u0119 \u015bwiadomym swoich mocnych stron, ale tak\u017ce ogranicze\u0144. Wreszcie nazwa\u0107 nim mo\u017cna przejaw czego\u015b, przeb\u0142ysk przysz\u0142o\u015bci i refleks przesz\u0142o\u015bci.<\/p><p>Prace Kamy Sokolnickiej to znaczeniowe konstelacje z\u0142o\u017cone z punkt\u00f3w, kt\u00f3re prowokuj\u0105 kolejne skojarzenia i odniesienia. W trakcie \u201eWsp\u00f3lnego ogl\u0105dania\u201d spojrzymy na wybrane dzie\u0142a na wystawie okiem kuratorki wystawy \u2013 Joanny Koby\u0142t, geolo\u017cki \u2013 Roksany Knapik, historyczki sztuki \u2013 Joanny Soko\u0142owskiej oraz pracownika MWW \u2013 Jana Kozuba. Ka\u017cda z zaproszonych os\u00f3b opowie o tym, co najbardziej porusza j\u0105 w tw\u00f3rczo\u015bci Kamy Sokolnickiej.<\/p><p>Od 10 stycznia do 7 lutego w ka\u017cdy kolejny poniedzia\u0142ek o godz. 11.00 zapraszamy na premierowe pokazy film\u00f3w na muzealnym <a href=\"https:\/\/www.facebook.com\/MuzeumWspolczesne\/\">Facebooku<\/a>i kanale <a href=\"https:\/\/www.youtube.com\/muzeumwspolczesne\/\">YouTube<\/a>.<\/p><hr \/><p>Wst\u0119p. O wystawie <em>Blask<\/em> Kamy Sokolnickiej<\/p><p><iframe title=\"YouTube video player\" src=\"https:\/\/www.youtube.com\/embed\/5aPq10_Fr6I\" width=\"350\" height=\"196\" frameborder=\"0\" allowfullscreen=\"allowfullscreen\" data-mce-fragment=\"1\"><\/iframe><\/p><hr \/><p>Joanna Koby\u0142t opowiada o pracy \u201eHeralds of a New Order\u201d Kamy Sokolnickiej<\/p><p><iframe title=\"YouTube video player\" src=\"https:\/\/www.youtube.com\/embed\/Afes9lpZzNo\" width=\"350\" height=\"196\" frameborder=\"0\" allowfullscreen=\"allowfullscreen\" data-mce-fragment=\"1\"><\/iframe><\/p><hr \/><p>Roksana Knapik opowiada o pracy \u201eCrystal Stranglers\u201d Kamy Sokolnickiej<\/p><p><iframe title=\"YouTube video player\" src=\"https:\/\/www.youtube.com\/embed\/YLvuRlK9uW0\" width=\"350\" height=\"196\" frameborder=\"0\" allowfullscreen=\"allowfullscreen\" data-mce-fragment=\"1\"><\/iframe><\/p><hr \/><p>Joanna Soko\u0142owska opowiada o pracy \u201eUrania propitia\u201d Kamy Sokolnickiej<\/p><p><iframe title=\"YouTube video player\" src=\"https:\/\/www.youtube.com\/embed\/YIaeioN7EzM\" width=\"350\" height=\"196\" frameborder=\"0\" allowfullscreen=\"allowfullscreen\" data-mce-fragment=\"1\"><\/iframe><\/p><hr \/><p>Jan Kozub opowiada o pracy \u201eDeath Valley, 52\u00b0C\u201d Kamy Sokolnickiej<\/p><p><iframe title=\"YouTube video player\" src=\"https:\/\/www.youtube.com\/embed\/8nFaD14O9po\" width=\"350\" height=\"196\" frameborder=\"0\" allowfullscreen=\"allowfullscreen\" data-mce-fragment=\"1\"><\/iframe><\/p>\t\t\t\t\t\t\t\t<\/div>\n\t\t\t\t<\/div>\n\t\t\t\t\t<\/div>\n\t\t<\/div>\n\t\t\t\t\t<\/div>\n\t\t<\/section>\n\t\t\t\t<\/div>\n\t\t","protected":false},"excerpt":{"rendered":"<p>Kama Sokolnicka w najnowszym projekcie odnosi si\u0119 do wieloznaczno\u015bci poj\u0119cia blasku. Kojarz\u0105ce si\u0119 w pierwszej kolejno\u015bci mocne jaskrawe \u015bwiat\u0142o lub \u015bwiat\u0142o odbite zwi\u0105zane jest tutaj z oddzia\u0142ywaniem energii s\u0142onecznej na \u017cycie naszej planety. Blask mo\u017ce by\u0107 u\u017cywany do okre\u015blenia \u201e\u015bwietno\u015bci\u201d, \u201ewspania\u0142o\u015bci\u201d podmiotu i przedmiotu, istot \u017cywych, zjawisk i proces\u00f3w obecnych w naturze. Emanowanie \u201ewewn\u0119trznym blaskiem\u201d [&hellip;]<\/p>\n","protected":false},"author":6,"featured_media":21156,"template":"","format":"standard","kategorie-wydarzen":[47],"class_list":["post-21155","wydarzenia","type-wydarzenia","status-publish","format-standard","has-post-thumbnail","hentry","kategorie-wydarzen-oprowadzanie"],"_links":{"self":[{"href":"https:\/\/muzeumwspolczesne.pl\/en\/wp-json\/wp\/v2\/wydarzenia\/21155","targetHints":{"allow":["GET"]}}],"collection":[{"href":"https:\/\/muzeumwspolczesne.pl\/en\/wp-json\/wp\/v2\/wydarzenia"}],"about":[{"href":"https:\/\/muzeumwspolczesne.pl\/en\/wp-json\/wp\/v2\/types\/wydarzenia"}],"author":[{"embeddable":true,"href":"https:\/\/muzeumwspolczesne.pl\/en\/wp-json\/wp\/v2\/users\/6"}],"version-history":[{"count":4,"href":"https:\/\/muzeumwspolczesne.pl\/en\/wp-json\/wp\/v2\/wydarzenia\/21155\/revisions"}],"predecessor-version":[{"id":21160,"href":"https:\/\/muzeumwspolczesne.pl\/en\/wp-json\/wp\/v2\/wydarzenia\/21155\/revisions\/21160"}],"wp:featuredmedia":[{"embeddable":true,"href":"https:\/\/muzeumwspolczesne.pl\/en\/wp-json\/wp\/v2\/media\/21156"}],"wp:attachment":[{"href":"https:\/\/muzeumwspolczesne.pl\/en\/wp-json\/wp\/v2\/media?parent=21155"}],"wp:term":[{"taxonomy":"kategorie-wydarzen","embeddable":true,"href":"https:\/\/muzeumwspolczesne.pl\/en\/wp-json\/wp\/v2\/kategorie-wydarzen?post=21155"}],"curies":[{"name":"wp","href":"https:\/\/api.w.org\/{rel}","templated":true}]}}