{"id":25068,"date":"2012-01-20T17:28:00","date_gmt":"2012-01-20T17:28:00","guid":{"rendered":"https:\/\/muzeumwspolczesne.pl\/?post_type=wydarzenia&#038;p=25068"},"modified":"2024-01-24T17:28:59","modified_gmt":"2024-01-24T17:28:59","slug":"otwarcie-samoobslugowego-muzeum-rita-baum-numer-do-zabawy-koncert","status":"publish","type":"wydarzenia","link":"https:\/\/muzeumwspolczesne.pl\/en\/wydarzenia\/otwarcie-samoobslugowego-muzeum-rita-baum-numer-do-zabawy-koncert\/","title":{"rendered":"OTWARCIE SAMOOBS\u0141UGOWEGO MUZEUM \u2014 RITA BAUM NUMER DO ZABAWY \u2014 KONCERT"},"content":{"rendered":"<div data-elementor-type=\"wp-post\" data-elementor-id=\"25068\" class=\"elementor elementor-25068\" data-elementor-post-type=\"wydarzenia\">\n\t\t\t\t\t\t<section class=\"elementor-section elementor-top-section elementor-element elementor-element-2362de7 elementor-section-boxed elementor-section-height-default elementor-section-height-default\" data-id=\"2362de7\" data-element_type=\"section\" data-e-type=\"section\">\n\t\t\t\t\t\t<div class=\"elementor-container elementor-column-gap-default\">\n\t\t\t\t\t<div class=\"elementor-column elementor-col-100 elementor-top-column elementor-element elementor-element-5c897cb\" data-id=\"5c897cb\" data-element_type=\"column\" data-e-type=\"column\">\n\t\t\t<div class=\"elementor-widget-wrap elementor-element-populated\">\n\t\t\t\t\t\t<div class=\"elementor-element elementor-element-7e958e9 elementor-widget elementor-widget-text-editor\" data-id=\"7e958e9\" data-element_type=\"widget\" data-e-type=\"widget\" data-widget_type=\"text-editor.default\">\n\t\t\t\t<div class=\"elementor-widget-container\">\n\t\t\t\t\t\t\t\t\t<p>Zach\u0119camy wszystkich do uczestnictwa w mi\u0119dzypokoleniowej imprezie z okazji otwarcia interaktywnej instalacji Samoobs\u0142ugowego Muzeum po\u0142\u0105czonego z promocj\u0105 nowego wydania Rity Baum \u2013 Rita Kids.<\/p><p>Samoobs\u0142ugowe Muzeum to \u201einstalacja do budowania \u015bwiat\u00f3w\u201d. Na panoramicznej powierzchni (o szeroko\u015bci 32 m) rozmieszczone s\u0105 setki fotograficznych cytat\u00f3w z otaczaj\u0105cej nas rzeczywisto\u015bci \u2013 setki element\u00f3w obrazu. Ka\u017cdy z element\u00f3w jest ruchomy i mo\u017ce zosta\u0107 przeklejony z miejsca na miejsce. Przemieszczaj\u0105c cz\u0119\u015bci kola\u017cu, mo\u017cemy utworzy\u0107 niezliczon\u0105 ilo\u015b\u0107 wizualnych kompozycji. Ten wielkoformatowy interaktywny obraz jest przeznaczony dla wszystkich. Mo\u017ce by\u0107 kreowany przez ka\u017cdego go\u015bcia odwiedzaj\u0105cego Muzeum Wsp\u00f3\u0142czesne Wroc\u0142aw. Manipulowanie olbrzymim kola\u017cem mo\u017ce mie\u0107 charakter nieskr\u0119powanej zabawy, ale jednocze\u015bnie zmusza do refleksji nad struktur\u0105 dzie\u0142a wizualnego; nad istot\u0105 obrazu. Dwuwymiarowy kola\u017c umo\u017cliwia zestawienia wizualne, kt\u00f3re w przestrzeni tr\u00f3jwymiarowej nie mog\u0142yby zaistnie\u0107.\u00a0 Ods\u0142ona Samoobs\u0142ugowego Muzeum trwa do 23 kwietnia.<\/p><p>Podczas imprezy odb\u0119dzie si\u0119 koncert, zagra Kwartet smyczkowy Espectro, kt\u00f3ry tworz\u0105 Oliwia Kimbar \u2013 skrzypce, Magdalena Stolarczyk \u2013 skrzypce, Karolina Janik \u2013 alt\u00f3wka, Klaudyna W\u0105siewicz \u2013 wiolonczela. Studentki Wroc\u0142awskiej Akademii Muzycznej \u0142\u0105cz\u0105 klasyczne d\u017awi\u0119ki z nowoczesnymi aran\u017cacjami i wykonaniami. Z w\u0142a\u015bciw\u0105 sobie \u017cywio\u0142owo\u015bci\u0105 graj\u0105 r\u00f3wnie\u017c muzyk\u0119 wsp\u00f3\u0142czesn\u0105 \u2013 jazz, blues, pop. Ich specjalno\u015bci\u0105 s\u0105 utwory muzyki filmowej. Podczas koncertu w schronie b\u0119d\u0105 r\u00f3wnie\u017c wykonywa\u0142y specjalnie przygotowane i zaaran\u017cowane utwory z bajek dla dzieci.<\/p>\t\t\t\t\t\t\t\t<\/div>\n\t\t\t\t<\/div>\n\t\t\t\t\t<\/div>\n\t\t<\/div>\n\t\t\t\t\t<\/div>\n\t\t<\/section>\n\t\t\t\t<section class=\"elementor-section elementor-top-section elementor-element elementor-element-47e5f28 elementor-section-boxed elementor-section-height-default elementor-section-height-default\" data-id=\"47e5f28\" data-element_type=\"section\" data-e-type=\"section\">\n\t\t\t\t\t\t<div class=\"elementor-container elementor-column-gap-default\">\n\t\t\t\t\t<div class=\"elementor-column elementor-col-100 elementor-top-column elementor-element elementor-element-833d2e5\" data-id=\"833d2e5\" data-element_type=\"column\" data-e-type=\"column\">\n\t\t\t<div class=\"elementor-widget-wrap elementor-element-populated\">\n\t\t\t\t\t\t<div class=\"elementor-element elementor-element-7073376 elementor-widget elementor-widget-gallery\" data-id=\"7073376\" data-element_type=\"widget\" data-e-type=\"widget\" data-settings=\"{&quot;lazyload&quot;:&quot;yes&quot;,&quot;gallery_layout&quot;:&quot;grid&quot;,&quot;columns&quot;:4,&quot;columns_tablet&quot;:2,&quot;columns_mobile&quot;:1,&quot;gap&quot;:{&quot;unit&quot;:&quot;px&quot;,&quot;size&quot;:10,&quot;sizes&quot;:[]},&quot;gap_tablet&quot;:{&quot;unit&quot;:&quot;px&quot;,&quot;size&quot;:10,&quot;sizes&quot;:[]},&quot;gap_mobile&quot;:{&quot;unit&quot;:&quot;px&quot;,&quot;size&quot;:10,&quot;sizes&quot;:[]},&quot;link_to&quot;:&quot;file&quot;,&quot;aspect_ratio&quot;:&quot;3:2&quot;,&quot;overlay_background&quot;:&quot;yes&quot;,&quot;content_hover_animation&quot;:&quot;fade-in&quot;}\" data-widget_type=\"gallery.default\">\n\t\t\t\t<div class=\"elementor-widget-container\">\n\t\t\t\t\t\t\t<div class=\"elementor-gallery__container\">\n\t\t\t\t\t\t\t<a class=\"e-gallery-item elementor-gallery-item elementor-animated-content\" href=\"https:\/\/muzeumwspolczesne.pl\/wp-content\/uploads\/2024\/01\/image-1122.jpeg\" data-elementor-open-lightbox=\"yes\" data-elementor-lightbox-slideshow=\"7073376\" data-elementor-lightbox-title=\"image\" data-e-action-hash=\"#elementor-action%3Aaction%3Dlightbox%26settings%3DeyJpZCI6MjUwNzEsInVybCI6Imh0dHBzOlwvXC9tdXpldW13c3BvbGN6ZXNuZS5wbFwvd3AtY29udGVudFwvdXBsb2Fkc1wvMjAyNFwvMDFcL2ltYWdlLTExMjIuanBlZyIsInNsaWRlc2hvdyI6IjcwNzMzNzYifQ%3D%3D\">\n\t\t\t\t\t<div class=\"e-gallery-image elementor-gallery-item__image\" data-thumbnail=\"https:\/\/muzeumwspolczesne.pl\/wp-content\/uploads\/2024\/01\/image-1122-300x196.jpeg\" data-width=\"300\" data-height=\"196\" aria-label=\"\" role=\"img\" ><\/div>\n\t\t\t\t\t\t\t\t\t\t\t<div class=\"elementor-gallery-item__overlay\"><\/div>\n\t\t\t\t\t\t\t\t\t\t\t\t\t\t<\/a>\n\t\t\t\t\t\t\t<a class=\"e-gallery-item elementor-gallery-item elementor-animated-content\" href=\"https:\/\/muzeumwspolczesne.pl\/wp-content\/uploads\/2024\/01\/image-1123.jpeg\" data-elementor-open-lightbox=\"yes\" data-elementor-lightbox-slideshow=\"7073376\" data-elementor-lightbox-title=\"image\" data-e-action-hash=\"#elementor-action%3Aaction%3Dlightbox%26settings%3DeyJpZCI6MjUwNzIsInVybCI6Imh0dHBzOlwvXC9tdXpldW13c3BvbGN6ZXNuZS5wbFwvd3AtY29udGVudFwvdXBsb2Fkc1wvMjAyNFwvMDFcL2ltYWdlLTExMjMuanBlZyIsInNsaWRlc2hvdyI6IjcwNzMzNzYifQ%3D%3D\">\n\t\t\t\t\t<div class=\"e-gallery-image elementor-gallery-item__image\" data-thumbnail=\"https:\/\/muzeumwspolczesne.pl\/wp-content\/uploads\/2024\/01\/image-1123-188x300.jpeg\" data-width=\"188\" data-height=\"300\" aria-label=\"\" role=\"img\" ><\/div>\n\t\t\t\t\t\t\t\t\t\t\t<div class=\"elementor-gallery-item__overlay\"><\/div>\n\t\t\t\t\t\t\t\t\t\t\t\t\t\t<\/a>\n\t\t\t\t\t\t\t<a class=\"e-gallery-item elementor-gallery-item elementor-animated-content\" href=\"https:\/\/muzeumwspolczesne.pl\/wp-content\/uploads\/2024\/01\/image-1124.jpeg\" data-elementor-open-lightbox=\"yes\" data-elementor-lightbox-slideshow=\"7073376\" data-elementor-lightbox-title=\"image\" data-e-action-hash=\"#elementor-action%3Aaction%3Dlightbox%26settings%3DeyJpZCI6MjUwNzMsInVybCI6Imh0dHBzOlwvXC9tdXpldW13c3BvbGN6ZXNuZS5wbFwvd3AtY29udGVudFwvdXBsb2Fkc1wvMjAyNFwvMDFcL2ltYWdlLTExMjQuanBlZyIsInNsaWRlc2hvdyI6IjcwNzMzNzYifQ%3D%3D\">\n\t\t\t\t\t<div class=\"e-gallery-image elementor-gallery-item__image\" data-thumbnail=\"https:\/\/muzeumwspolczesne.pl\/wp-content\/uploads\/2024\/01\/image-1124-297x300.jpeg\" data-width=\"297\" data-height=\"300\" aria-label=\"\" role=\"img\" ><\/div>\n\t\t\t\t\t\t\t\t\t\t\t<div class=\"elementor-gallery-item__overlay\"><\/div>\n\t\t\t\t\t\t\t\t\t\t\t\t\t\t<\/a>\n\t\t\t\t\t\t\t<a class=\"e-gallery-item elementor-gallery-item elementor-animated-content\" href=\"https:\/\/muzeumwspolczesne.pl\/wp-content\/uploads\/2024\/01\/image-1125.jpeg\" data-elementor-open-lightbox=\"yes\" data-elementor-lightbox-slideshow=\"7073376\" data-elementor-lightbox-title=\"image\" data-e-action-hash=\"#elementor-action%3Aaction%3Dlightbox%26settings%3DeyJpZCI6MjUwNzQsInVybCI6Imh0dHBzOlwvXC9tdXpldW13c3BvbGN6ZXNuZS5wbFwvd3AtY29udGVudFwvdXBsb2Fkc1wvMjAyNFwvMDFcL2ltYWdlLTExMjUuanBlZyIsInNsaWRlc2hvdyI6IjcwNzMzNzYifQ%3D%3D\">\n\t\t\t\t\t<div class=\"e-gallery-image elementor-gallery-item__image\" data-thumbnail=\"https:\/\/muzeumwspolczesne.pl\/wp-content\/uploads\/2024\/01\/image-1125-300x300.jpeg\" data-width=\"300\" data-height=\"300\" aria-label=\"\" role=\"img\" ><\/div>\n\t\t\t\t\t\t\t\t\t\t\t<div class=\"elementor-gallery-item__overlay\"><\/div>\n\t\t\t\t\t\t\t\t\t\t\t\t\t\t<\/a>\n\t\t\t\t\t\t\t<a class=\"e-gallery-item elementor-gallery-item elementor-animated-content\" href=\"https:\/\/muzeumwspolczesne.pl\/wp-content\/uploads\/2024\/01\/image-1126.jpeg\" data-elementor-open-lightbox=\"yes\" data-elementor-lightbox-slideshow=\"7073376\" data-elementor-lightbox-title=\"image\" data-e-action-hash=\"#elementor-action%3Aaction%3Dlightbox%26settings%3DeyJpZCI6MjUwNzUsInVybCI6Imh0dHBzOlwvXC9tdXpldW13c3BvbGN6ZXNuZS5wbFwvd3AtY29udGVudFwvdXBsb2Fkc1wvMjAyNFwvMDFcL2ltYWdlLTExMjYuanBlZyIsInNsaWRlc2hvdyI6IjcwNzMzNzYifQ%3D%3D\">\n\t\t\t\t\t<div class=\"e-gallery-image elementor-gallery-item__image\" data-thumbnail=\"https:\/\/muzeumwspolczesne.pl\/wp-content\/uploads\/2024\/01\/image-1126-300x204.jpeg\" data-width=\"300\" data-height=\"204\" aria-label=\"\" role=\"img\" ><\/div>\n\t\t\t\t\t\t\t\t\t\t\t<div class=\"elementor-gallery-item__overlay\"><\/div>\n\t\t\t\t\t\t\t\t\t\t\t\t\t\t<\/a>\n\t\t\t\t\t\t\t<a class=\"e-gallery-item elementor-gallery-item elementor-animated-content\" href=\"https:\/\/muzeumwspolczesne.pl\/wp-content\/uploads\/2024\/01\/image-1127.jpeg\" data-elementor-open-lightbox=\"yes\" data-elementor-lightbox-slideshow=\"7073376\" data-elementor-lightbox-title=\"image\" data-e-action-hash=\"#elementor-action%3Aaction%3Dlightbox%26settings%3DeyJpZCI6MjUwNzYsInVybCI6Imh0dHBzOlwvXC9tdXpldW13c3BvbGN6ZXNuZS5wbFwvd3AtY29udGVudFwvdXBsb2Fkc1wvMjAyNFwvMDFcL2ltYWdlLTExMjcuanBlZyIsInNsaWRlc2hvdyI6IjcwNzMzNzYifQ%3D%3D\">\n\t\t\t\t\t<div class=\"e-gallery-image elementor-gallery-item__image\" data-thumbnail=\"https:\/\/muzeumwspolczesne.pl\/wp-content\/uploads\/2024\/01\/image-1127-300x221.jpeg\" data-width=\"300\" data-height=\"221\" aria-label=\"\" role=\"img\" ><\/div>\n\t\t\t\t\t\t\t\t\t\t\t<div class=\"elementor-gallery-item__overlay\"><\/div>\n\t\t\t\t\t\t\t\t\t\t\t\t\t\t<\/a>\n\t\t\t\t\t<\/div>\n\t\t\t\t\t<\/div>\n\t\t\t\t<\/div>\n\t\t\t\t\t<\/div>\n\t\t<\/div>\n\t\t\t\t\t<\/div>\n\t\t<\/section>\n\t\t\t\t<section class=\"elementor-section elementor-top-section elementor-element elementor-element-59e7767 elementor-section-boxed elementor-section-height-default elementor-section-height-default\" data-id=\"59e7767\" data-element_type=\"section\" data-e-type=\"section\">\n\t\t\t\t\t\t<div class=\"elementor-container elementor-column-gap-default\">\n\t\t\t\t\t<div class=\"elementor-column elementor-col-100 elementor-top-column elementor-element elementor-element-e263ec9\" data-id=\"e263ec9\" data-element_type=\"column\" data-e-type=\"column\">\n\t\t\t<div class=\"elementor-widget-wrap elementor-element-populated\">\n\t\t\t\t\t\t<div class=\"elementor-element elementor-element-3e046c3 elementor-widget elementor-widget-text-editor\" data-id=\"3e046c3\" data-element_type=\"widget\" data-e-type=\"widget\" data-widget_type=\"text-editor.default\">\n\t\t\t\t<div class=\"elementor-widget-container\">\n\t\t\t\t\t\t\t\t\t<p><span style=\"letter-spacing: normal; font-family: BauPLRegular, sans-serif; font-size: 11px; background-color: rgb(251, 251, 251);\">Panoram\u0119 i jej komponenty opracowa\u0142a Patrycja Mastej, wsp\u00f3\u0142autorka &#8222;Interaktywnego Placu Zabaw&#8221; (produkcja Centrum Sztuki WRO) nagrodzonego kulturaln\u0105 nagrod\u0105 &#8222;Gazety Wyborczej&#8221; wARTo (2008).<\/span><br style=\"letter-spacing: normal; font-family: BauPLRegular, sans-serif; font-size: 11px;\"><br style=\"letter-spacing: normal; font-family: BauPLRegular, sans-serif; font-size: 11px;\"><span style=\"letter-spacing: normal; font-family: BauPLRegular, sans-serif; font-size: 11px; background-color: rgb(251, 251, 251);\">Pierwsza ods\u0142ona Samoobs\u0142ugowego Muzeum zosta\u0142a zbudowana z element\u00f3w graficznych, kt\u00f3re pos\u0142u\u017cy\u0142y autorce tak\u017ce do zilustrowania ostatniego, zimowego numeru czasopisma &#8222;Rita Baum&#8221; (Rita Kids &#8211; Numer do zabawy).<\/span><br><\/p>\t\t\t\t\t\t\t\t<\/div>\n\t\t\t\t<\/div>\n\t\t\t\t\t<\/div>\n\t\t<\/div>\n\t\t\t\t\t<\/div>\n\t\t<\/section>\n\t\t\t\t<\/div>","protected":false},"excerpt":{"rendered":"<p>Zach\u0119camy wszystkich do uczestnictwa w mi\u0119dzypokoleniowej imprezie z okazji otwarcia interaktywnej instalacji Samoobs\u0142ugowego Muzeum po\u0142\u0105czonego z promocj\u0105 nowego wydania Rity Baum \u2013 Rita Kids. Samoobs\u0142ugowe Muzeum to \u201einstalacja do budowania \u015bwiat\u00f3w\u201d. Na panoramicznej powierzchni (o szeroko\u015bci 32 m) rozmieszczone s\u0105 setki fotograficznych cytat\u00f3w z otaczaj\u0105cej nas rzeczywisto\u015bci \u2013 setki element\u00f3w obrazu. Ka\u017cdy z element\u00f3w jest [&hellip;]<\/p>\n","protected":false},"author":6,"featured_media":25069,"template":"","format":"standard","kategorie-wydarzen":[54],"class_list":["post-25068","wydarzenia","type-wydarzenia","status-publish","format-standard","has-post-thumbnail","hentry","kategorie-wydarzen-koncert"],"_links":{"self":[{"href":"https:\/\/muzeumwspolczesne.pl\/en\/wp-json\/wp\/v2\/wydarzenia\/25068","targetHints":{"allow":["GET"]}}],"collection":[{"href":"https:\/\/muzeumwspolczesne.pl\/en\/wp-json\/wp\/v2\/wydarzenia"}],"about":[{"href":"https:\/\/muzeumwspolczesne.pl\/en\/wp-json\/wp\/v2\/types\/wydarzenia"}],"author":[{"embeddable":true,"href":"https:\/\/muzeumwspolczesne.pl\/en\/wp-json\/wp\/v2\/users\/6"}],"version-history":[{"count":4,"href":"https:\/\/muzeumwspolczesne.pl\/en\/wp-json\/wp\/v2\/wydarzenia\/25068\/revisions"}],"predecessor-version":[{"id":25079,"href":"https:\/\/muzeumwspolczesne.pl\/en\/wp-json\/wp\/v2\/wydarzenia\/25068\/revisions\/25079"}],"wp:featuredmedia":[{"embeddable":true,"href":"https:\/\/muzeumwspolczesne.pl\/en\/wp-json\/wp\/v2\/media\/25069"}],"wp:attachment":[{"href":"https:\/\/muzeumwspolczesne.pl\/en\/wp-json\/wp\/v2\/media?parent=25068"}],"wp:term":[{"taxonomy":"kategorie-wydarzen","embeddable":true,"href":"https:\/\/muzeumwspolczesne.pl\/en\/wp-json\/wp\/v2\/kategorie-wydarzen?post=25068"}],"curies":[{"name":"wp","href":"https:\/\/api.w.org\/{rel}","templated":true}]}}