{"id":27680,"date":"2024-02-01T10:54:50","date_gmt":"2024-02-01T10:54:50","guid":{"rendered":"https:\/\/muzeumwspolczesne.pl\/?post_type=wydarzenia&#038;p=27680"},"modified":"2024-02-23T07:47:11","modified_gmt":"2024-02-23T07:47:11","slug":"piotr-c-kowalski-malarz-niekonsekwentny","status":"publish","type":"wydarzenia","link":"https:\/\/muzeumwspolczesne.pl\/en\/wydarzenia\/piotr-c-kowalski-malarz-niekonsekwentny\/","title":{"rendered":"PIOTR C. KOWALSKI. MALARZ (NIE)KONSEKWENTNY"},"content":{"rendered":"\t\t<div data-elementor-type=\"wp-post\" data-elementor-id=\"27680\" class=\"elementor elementor-27680\" data-elementor-post-type=\"wydarzenia\">\n\t\t\t\t\t\t<section class=\"elementor-section elementor-top-section elementor-element elementor-element-6e9792bd elementor-section-full_width elementor-section-stretched elementor-section-height-default elementor-section-height-default\" data-id=\"6e9792bd\" data-element_type=\"section\" data-e-type=\"section\" data-settings=\"{&quot;stretch_section&quot;:&quot;section-stretched&quot;}\">\n\t\t\t\t\t\t<div class=\"elementor-container elementor-column-gap-wide\">\n\t\t\t\t\t<div class=\"elementor-column elementor-col-33 elementor-top-column elementor-element elementor-element-212157df\" data-id=\"212157df\" data-element_type=\"column\" data-e-type=\"column\">\n\t\t\t<div class=\"elementor-widget-wrap elementor-element-populated\">\n\t\t\t\t\t\t<div class=\"elementor-element elementor-element-37c2d846 elementor-widget elementor-widget-gallery\" data-id=\"37c2d846\" data-element_type=\"widget\" data-e-type=\"widget\" data-settings=\"{&quot;columns&quot;:&quot;1&quot;,&quot;lazyload&quot;:&quot;yes&quot;,&quot;gallery_layout&quot;:&quot;grid&quot;,&quot;columns_tablet&quot;:2,&quot;columns_mobile&quot;:1,&quot;gap&quot;:{&quot;unit&quot;:&quot;px&quot;,&quot;size&quot;:10,&quot;sizes&quot;:[]},&quot;gap_tablet&quot;:{&quot;unit&quot;:&quot;px&quot;,&quot;size&quot;:10,&quot;sizes&quot;:[]},&quot;gap_mobile&quot;:{&quot;unit&quot;:&quot;px&quot;,&quot;size&quot;:10,&quot;sizes&quot;:[]},&quot;link_to&quot;:&quot;file&quot;,&quot;aspect_ratio&quot;:&quot;3:2&quot;,&quot;overlay_background&quot;:&quot;yes&quot;,&quot;content_hover_animation&quot;:&quot;fade-in&quot;}\" data-widget_type=\"gallery.default\">\n\t\t\t\t<div class=\"elementor-widget-container\">\n\t\t\t\t\t\t\t<div class=\"elementor-gallery__container\">\n\t\t\t\t\t\t\t<a class=\"e-gallery-item elementor-gallery-item elementor-animated-content\" href=\"https:\/\/muzeumwspolczesne.pl\/wp-content\/uploads\/2024\/02\/Piotr-C.-Kowalski-w-swojej-pracowni.jpg\" data-elementor-open-lightbox=\"yes\" data-elementor-lightbox-slideshow=\"37c2d846\" data-elementor-lightbox-title=\"Piotr C. Kowalski w swojej pracowni\" data-e-action-hash=\"#elementor-action%3Aaction%3Dlightbox%26settings%3DeyJpZCI6Mjc2ODcsInVybCI6Imh0dHBzOlwvXC9tdXpldW13c3BvbGN6ZXNuZS5wbFwvd3AtY29udGVudFwvdXBsb2Fkc1wvMjAyNFwvMDJcL1Bpb3RyLUMuLUtvd2Fsc2tpLXctc3dvamVqLXByYWNvd25pLmpwZyIsInNsaWRlc2hvdyI6IjM3YzJkODQ2In0%3D\">\n\t\t\t\t\t<div class=\"e-gallery-image elementor-gallery-item__image\" data-thumbnail=\"https:\/\/muzeumwspolczesne.pl\/wp-content\/uploads\/2024\/02\/Piotr-C.-Kowalski-w-swojej-pracowni-768x562.jpg\" data-width=\"768\" data-height=\"562\" aria-label=\"\" role=\"img\" ><\/div>\n\t\t\t\t\t\t\t\t\t\t\t<div class=\"elementor-gallery-item__overlay\"><\/div>\n\t\t\t\t\t\t\t\t\t\t\t\t\t\t<\/a>\n\t\t\t\t\t\t\t<a class=\"e-gallery-item elementor-gallery-item elementor-animated-content\" href=\"https:\/\/muzeumwspolczesne.pl\/wp-content\/uploads\/2024\/02\/Piotr-C.-Kowalski-Kredki-2012.bmp\" data-elementor-open-lightbox=\"yes\" data-elementor-lightbox-slideshow=\"37c2d846\" data-elementor-lightbox-title=\"Piotr C. Kowalski, Kredki, 2012\" data-e-action-hash=\"#elementor-action%3Aaction%3Dlightbox%26settings%3DeyJpZCI6Mjc2ODksInVybCI6Imh0dHBzOlwvXC9tdXpldW13c3BvbGN6ZXNuZS5wbFwvd3AtY29udGVudFwvdXBsb2Fkc1wvMjAyNFwvMDJcL1Bpb3RyLUMuLUtvd2Fsc2tpLUtyZWRraS0yMDEyLmJtcCIsInNsaWRlc2hvdyI6IjM3YzJkODQ2In0%3D\">\n\t\t\t\t\t<div class=\"e-gallery-image elementor-gallery-item__image\" data-thumbnail=\"https:\/\/muzeumwspolczesne.pl\/wp-content\/uploads\/2024\/02\/Piotr-C.-Kowalski-Kredki-2012-768x768.jpg\" data-width=\"768\" data-height=\"768\" aria-label=\"\" role=\"img\" ><\/div>\n\t\t\t\t\t\t\t\t\t\t\t<div class=\"elementor-gallery-item__overlay\"><\/div>\n\t\t\t\t\t\t\t\t\t\t\t\t\t\t<\/a>\n\t\t\t\t\t\t\t<a class=\"e-gallery-item elementor-gallery-item elementor-animated-content\" href=\"https:\/\/muzeumwspolczesne.pl\/wp-content\/uploads\/2024\/02\/Piotr-C.-Kowalski-Miniatury-jagodowe-2021-scaled.jpg\" data-elementor-open-lightbox=\"yes\" data-elementor-lightbox-slideshow=\"37c2d846\" data-elementor-lightbox-title=\"Piotr C. Kowalski, Miniatury jagodowe, 2021\" data-e-action-hash=\"#elementor-action%3Aaction%3Dlightbox%26settings%3DeyJpZCI6Mjc2OTAsInVybCI6Imh0dHBzOlwvXC9tdXpldW13c3BvbGN6ZXNuZS5wbFwvd3AtY29udGVudFwvdXBsb2Fkc1wvMjAyNFwvMDJcL1Bpb3RyLUMuLUtvd2Fsc2tpLU1pbmlhdHVyeS1qYWdvZG93ZS0yMDIxLXNjYWxlZC5qcGciLCJzbGlkZXNob3ciOiIzN2MyZDg0NiJ9\">\n\t\t\t\t\t<div class=\"e-gallery-image elementor-gallery-item__image\" data-thumbnail=\"https:\/\/muzeumwspolczesne.pl\/wp-content\/uploads\/2024\/02\/Piotr-C.-Kowalski-Miniatury-jagodowe-2021-768x576.jpg\" data-width=\"768\" data-height=\"576\" aria-label=\"\" role=\"img\" ><\/div>\n\t\t\t\t\t\t\t\t\t\t\t<div class=\"elementor-gallery-item__overlay\"><\/div>\n\t\t\t\t\t\t\t\t\t\t\t\t\t\t<\/a>\n\t\t\t\t\t\t\t<a class=\"e-gallery-item elementor-gallery-item elementor-animated-content\" href=\"https:\/\/muzeumwspolczesne.pl\/wp-content\/uploads\/2024\/02\/Piotr-C.-Kowalski-Rower-KANDS-2003-scaled.jpg\" data-elementor-open-lightbox=\"yes\" data-elementor-lightbox-slideshow=\"37c2d846\" data-elementor-lightbox-title=\"Piotr C. Kowalski, Rower KANDS, 2003\" data-e-action-hash=\"#elementor-action%3Aaction%3Dlightbox%26settings%3DeyJpZCI6Mjc2OTYsInVybCI6Imh0dHBzOlwvXC9tdXpldW13c3BvbGN6ZXNuZS5wbFwvd3AtY29udGVudFwvdXBsb2Fkc1wvMjAyNFwvMDJcL1Bpb3RyLUMuLUtvd2Fsc2tpLVJvd2VyLUtBTkRTLTIwMDMtc2NhbGVkLmpwZyIsInNsaWRlc2hvdyI6IjM3YzJkODQ2In0%3D\">\n\t\t\t\t\t<div class=\"e-gallery-image elementor-gallery-item__image\" data-thumbnail=\"https:\/\/muzeumwspolczesne.pl\/wp-content\/uploads\/2024\/02\/Piotr-C.-Kowalski-Rower-KANDS-2003-768x1562.jpg\" data-width=\"768\" data-height=\"1562\" aria-label=\"\" role=\"img\" ><\/div>\n\t\t\t\t\t\t\t\t\t\t\t<div class=\"elementor-gallery-item__overlay\"><\/div>\n\t\t\t\t\t\t\t\t\t\t\t\t\t\t<\/a>\n\t\t\t\t\t\t\t<a class=\"e-gallery-item elementor-gallery-item elementor-animated-content\" href=\"https:\/\/muzeumwspolczesne.pl\/wp-content\/uploads\/2024\/02\/Nr-3-scaled.jpg\" data-elementor-open-lightbox=\"yes\" data-elementor-lightbox-slideshow=\"37c2d846\" data-elementor-lightbox-title=\"qrf\" data-e-action-hash=\"#elementor-action%3Aaction%3Dlightbox%26settings%3DeyJpZCI6Mjc2OTEsInVybCI6Imh0dHBzOlwvXC9tdXpldW13c3BvbGN6ZXNuZS5wbFwvd3AtY29udGVudFwvdXBsb2Fkc1wvMjAyNFwvMDJcL05yLTMtc2NhbGVkLmpwZyIsInNsaWRlc2hvdyI6IjM3YzJkODQ2In0%3D\">\n\t\t\t\t\t<div class=\"e-gallery-image elementor-gallery-item__image\" data-thumbnail=\"https:\/\/muzeumwspolczesne.pl\/wp-content\/uploads\/2024\/02\/Nr-3-768x1298.jpg\" data-width=\"768\" data-height=\"1298\" aria-label=\"\" role=\"img\" ><\/div>\n\t\t\t\t\t\t\t\t\t\t\t<div class=\"elementor-gallery-item__overlay\"><\/div>\n\t\t\t\t\t\t\t\t\t\t\t\t\t\t<\/a>\n\t\t\t\t\t\t\t<a class=\"e-gallery-item elementor-gallery-item elementor-animated-content\" href=\"https:\/\/muzeumwspolczesne.pl\/wp-content\/uploads\/2024\/02\/foto-z-telefonu-4185-scaled.jpg\" data-elementor-open-lightbox=\"yes\" data-elementor-lightbox-slideshow=\"37c2d846\" data-elementor-lightbox-title=\"foto z telefonu 4185\" data-e-action-hash=\"#elementor-action%3Aaction%3Dlightbox%26settings%3DeyJpZCI6Mjc2ODgsInVybCI6Imh0dHBzOlwvXC9tdXpldW13c3BvbGN6ZXNuZS5wbFwvd3AtY29udGVudFwvdXBsb2Fkc1wvMjAyNFwvMDJcL2ZvdG8tei10ZWxlZm9udS00MTg1LXNjYWxlZC5qcGciLCJzbGlkZXNob3ciOiIzN2MyZDg0NiJ9\">\n\t\t\t\t\t<div class=\"e-gallery-image elementor-gallery-item__image\" data-thumbnail=\"https:\/\/muzeumwspolczesne.pl\/wp-content\/uploads\/2024\/02\/foto-z-telefonu-4185-768x576.jpg\" data-width=\"768\" data-height=\"576\" aria-label=\"\" role=\"img\" ><\/div>\n\t\t\t\t\t\t\t\t\t\t\t<div class=\"elementor-gallery-item__overlay\"><\/div>\n\t\t\t\t\t\t\t\t\t\t\t\t\t\t<\/a>\n\t\t\t\t\t\t\t<a class=\"e-gallery-item elementor-gallery-item elementor-animated-content\" href=\"https:\/\/muzeumwspolczesne.pl\/wp-content\/uploads\/2024\/02\/c-_MG_0028-b.jpg\" data-elementor-open-lightbox=\"yes\" data-elementor-lightbox-slideshow=\"37c2d846\" data-elementor-lightbox-title=\"c _MG_0028 b\" data-e-action-hash=\"#elementor-action%3Aaction%3Dlightbox%26settings%3DeyJpZCI6Mjc2ODYsInVybCI6Imh0dHBzOlwvXC9tdXpldW13c3BvbGN6ZXNuZS5wbFwvd3AtY29udGVudFwvdXBsb2Fkc1wvMjAyNFwvMDJcL2MtX01HXzAwMjgtYi5qcGciLCJzbGlkZXNob3ciOiIzN2MyZDg0NiJ9\">\n\t\t\t\t\t<div class=\"e-gallery-image elementor-gallery-item__image\" data-thumbnail=\"https:\/\/muzeumwspolczesne.pl\/wp-content\/uploads\/2024\/02\/c-_MG_0028-b-768x739.jpg\" data-width=\"768\" data-height=\"739\" aria-label=\"\" role=\"img\" ><\/div>\n\t\t\t\t\t\t\t\t\t\t\t<div class=\"elementor-gallery-item__overlay\"><\/div>\n\t\t\t\t\t\t\t\t\t\t\t\t\t\t<\/a>\n\t\t\t\t\t<\/div>\n\t\t\t\t\t<\/div>\n\t\t\t\t<\/div>\n\t\t\t\t\t<\/div>\n\t\t<\/div>\n\t\t\t\t<div class=\"elementor-column elementor-col-66 elementor-top-column elementor-element elementor-element-6ab4447e\" data-id=\"6ab4447e\" data-element_type=\"column\" data-e-type=\"column\">\n\t\t\t<div class=\"elementor-widget-wrap elementor-element-populated\">\n\t\t\t\t\t\t<div class=\"elementor-element elementor-element-6f86328 elementor-widget elementor-widget-text-editor\" data-id=\"6f86328\" data-element_type=\"widget\" data-e-type=\"widget\" data-widget_type=\"text-editor.default\">\n\t\t\t\t<div class=\"elementor-widget-container\">\n\t\t\t\t\t\t\t\t\t<p>22 lutego o 18:00 zapraszamy Pa\u0144stwa na uroczyste otwarcie wystawy Piotra C. Kowalskiego &#8211; jednego z najciekawszych i najbardziej rozpoznawalnych malarzy wsp\u00f3\u0142czesnych w Polsce.<\/p>\t\t\t\t\t\t\t\t<\/div>\n\t\t\t\t<\/div>\n\t\t\t\t<div class=\"elementor-element elementor-element-5a95a37e elementor-widget elementor-widget-text-editor\" data-id=\"5a95a37e\" data-element_type=\"widget\" data-e-type=\"widget\" data-widget_type=\"text-editor.default\">\n\t\t\t\t<div class=\"elementor-widget-container\">\n\t\t\t\t\t\t\t\t\t<p>Artysta z charakterystycznym dla siebie poczuciem humoru okre\u015bla sam siebie nast\u0119puj\u0105co:<\/p>\t\t\t\t\t\t\t\t<\/div>\n\t\t\t\t<\/div>\n\t\t\t\t<section class=\"elementor-section elementor-inner-section elementor-element elementor-element-1c559b33 elementor-section-boxed elementor-section-height-default elementor-section-height-default\" data-id=\"1c559b33\" data-element_type=\"section\" data-e-type=\"section\" data-settings=\"{&quot;background_background&quot;:&quot;classic&quot;}\">\n\t\t\t\t\t\t<div class=\"elementor-container elementor-column-gap-default\">\n\t\t\t\t\t<div class=\"elementor-column elementor-col-100 elementor-inner-column elementor-element elementor-element-6ae44d16\" data-id=\"6ae44d16\" data-element_type=\"column\" data-e-type=\"column\">\n\t\t\t<div class=\"elementor-widget-wrap elementor-element-populated\">\n\t\t\t\t\t\t<div class=\"elementor-element elementor-element-23dcca1 elementor-widget elementor-widget-text-editor\" data-id=\"23dcca1\" data-element_type=\"widget\" data-e-type=\"widget\" data-widget_type=\"text-editor.default\">\n\t\t\t\t<div class=\"elementor-widget-container\">\n\t\t\t\t\t\t\t\t\t<p><em>Autor obraz\u00f3w smacznych, bardzo smacznych i niesmacznych<br \/><\/em><em>obraz\u00f3w przej\u015bciowych, przejezdnych i przelotnych<br \/><\/em><em>obraz\u00f3w granicznych, przygranicznych i zagranicznych<br \/><\/em><em>obraz\u00f3w grzecznych i grzesznych czyli niegrzecznych<br \/><\/em><em>obraz\u00f3w malowanych w pe\u0142nym s\u0142o\u0144cu, w cieniu, bez cienia i bez cienia w\u0105tpliwo\u015bci<br \/><\/em><em>obraz\u00f3w malowanych w schroniskach, na szlaku i takich kt\u00f3re szlag by trafi\u0142<br \/><\/em><em>obraz\u00f3w malowanych bez ram, w ramach i w ramach przyja\u017ani<br \/><\/em><em>obraz\u00f3w malowanych na sztaludze, pod sztalug\u0105 i obok sztalugi\u00a0<\/em><em>obraz\u00f3w malowanych na wysokim i na niskim poziomie (Giewont i kopalnia miedzi Lubin)<br \/><\/em><em>obraz\u00f3w malowanych w pionie, w poziomie i pod k\u0105tem (ale odpowiednim), oczywi\u015bcie<br \/><\/em><em>obraz\u00f3w malowanych na ogniu<br \/><\/em><em>obraz\u00f3w malowanych na poczcie<br \/><\/em><em>obraz\u00f3w malowanych na wodzie i pod wod\u0105<br \/><\/em><em>obraz\u00f3w malowanych na gazie, co prawda niewielkim ale jednak<br \/><\/em><em>obraz\u00f3w podw\u0119dzonych<br \/><\/em><em>obraz\u00f3w plastikowych<br \/><\/em><em>obraz\u00f3w przer\u017cni\u0119tych i jeszcze nie przer\u017cni\u0119tych<br \/><\/em><em>obraz\u00f3w bobrych oraz bardzo bobrych<br \/><\/em><em>obraz\u00f3w wodnych i podwodnych<br \/><\/em><em>obraz\u00f3w malowanych szybko oraz bardzo szybko<br \/><\/em><em>obraz\u00f3w obrus\u00f3w<br \/><\/em><em>obraz\u00f3w malowanych wolno i takich, kt\u00f3rych zdawa\u0107 by si\u0119 mog\u0142o \u017ce nie wolno ich malowa\u0107<\/em><\/p>\t\t\t\t\t\t\t\t<\/div>\n\t\t\t\t<\/div>\n\t\t\t\t\t<\/div>\n\t\t<\/div>\n\t\t\t\t\t<\/div>\n\t\t<\/section>\n\t\t\t\t<div class=\"elementor-element elementor-element-3723a0c7 elementor-widget__width-initial elementor-widget elementor-widget-text-editor\" data-id=\"3723a0c7\" data-element_type=\"widget\" data-e-type=\"widget\" data-widget_type=\"text-editor.default\">\n\t\t\t\t<div class=\"elementor-widget-container\">\n\t\t\t\t\t\t\t\t\t<div class=\"elementor-element elementor-element-67f2d356 elementor-widget elementor-widget-text-editor\" data-id=\"67f2d356\" data-element_type=\"widget\" data-widget_type=\"text-editor.default\"><div class=\"elementor-widget-container\"><p>\u00a0<\/p><p>W swojej tw\u00f3rczo\u015bci Kowalski kieruje si\u0119 dewiz\u0105 Maxa Ernsta: \u201eObrazy mo\u017cna malowa\u0107 wszystkim, tak\u017ce farbami\u201d. W pocz\u0105tkowej fazie pokrywa\u0142 p\u0142\u00f3tna grubymi warstwami farby. Nak\u0142ada\u0142 j\u0105 impastowo lub wyciska\u0142 bezpo\u015brednio z tub, kreuj\u0105c abstrakcyjne formy przypominaj\u0105ce naje\u017cone struktury. Farb\u0119 nanosi\u0142 na powierzchnie malarskie lub przedmioty codziennego u\u017cytku w spos\u00f3b uporz\u0105dkowany, rytmiczny, wr\u0119cz obsesyjny, wype\u0142niaj\u0105c ka\u017cdy wolny centymetr kwadratowy. W latach 80. ubieg\u0142ego wieku zwr\u00f3ci\u0142 uwag\u0119 na marnuj\u0105cy si\u0119 potencja\u0142 obraz\u00f3w \u201emaluj\u0105cych si\u0119\u201d samoczynnie na pod\u0142odze jego w\u0142asnej pracowni. Poniewa\u017c bowiem tworzy\u0142 ekspresyjnie, cz\u0119\u015b\u0107 farby skapywa\u0142a na zabezpieczon\u0105 p\u0142\u00f3tnem posadzk\u0119. W ten spos\u00f3b zacz\u0119\u0142y powstawa\u0107 obrazy podw\u00f3jne \u2013 malowane na sztaludze i maluj\u0105ce si\u0119 pod ni\u0105. Jerzy Ludwi\u0144ski wskaza\u0142 w swoich notatkach: \u201eJest to malowanie p\u0119dzli, tub i sztalugi, malowanie samego malowania, KRONIKA procesu tw\u00f3rczego\u201d.<\/p><\/div><\/div><div class=\"elementor-element elementor-element-2fd8f9e9 elementor-widget elementor-widget-text-editor\" data-id=\"2fd8f9e9\" data-element_type=\"widget\" data-widget_type=\"text-editor.default\"><div class=\"elementor-widget-container\"><p>Znacz\u0105cym prze\u0142omem w tw\u00f3rczo\u015bci Kowalskiego by\u0142o powstanie tryptyku jagodowego\u00a0<em>Martwa<\/em><em>\u00a0natura<\/em>\u00a0w 1982 roku. Dzie\u0142o narodzi\u0142o si\u0119 na skutek przypadku. M\u00f3wi o tym s\u0142ynna ju\u017c anegdota: w trakcie zorganizowanego przez pozna\u0144ski ZPAP pleneru w Pora\u017cynie ko\u0142o Opalenicy artysta zbiera\u0142 jagody dla swojej kilkuletniej w\u00f3wczas c\u00f3rki. Wychodz\u0105c z lasu, zauwa\u017cy\u0142 ostrzegawcze tabliczki informuj\u0105ce o tym, \u017ce otaczaj\u0105cy go teren i owoce runa le\u015bnego s\u0105 zatrute. Jagody nienadaj\u0105ce si\u0119 do spo\u017cycia pos\u0142u\u017cy\u0142y do \u201enamalowania\u201d tryptyku. Ludwi\u0144ski, zaciekawiony technik\u0105 wykonania pracy, zwr\u00f3ci\u0142 uwag\u0119, \u017ce wykorzystane tak jagody nie s\u0105 owocami samymi w sobie, lecz ich \u015aLADAMI \u2013 co okaza\u0142o si\u0119 jednym z g\u0142\u00f3wnych impuls\u00f3w do zmian w tw\u00f3rczo\u015bci Kowalskiego.<\/p><\/div><\/div><div class=\"elementor-element elementor-element-52a096a elementor-widget elementor-widget-text-editor\" data-id=\"52a096a\" data-element_type=\"widget\" data-widget_type=\"text-editor.default\"><div class=\"elementor-widget-container\"><p>Malarz coraz cz\u0119\u015bciej rusza\u0142 w plener, a natura zacz\u0119\u0142a odgrywa\u0107 coraz wi\u0119ksz\u0105 rol\u0119 w procesie kreacji jego obraz\u00f3w. W 1996 roku tak podsumowa\u0142 ten etap tw\u00f3rczo\u015bci:<\/p><\/div><\/div><div class=\"elementor-element elementor-element-bbeeb4b elementor-widget elementor-widget-text-editor\" data-id=\"bbeeb4b\" data-element_type=\"widget\" data-widget_type=\"text-editor.default\"><div class=\"elementor-widget-container\"><blockquote><p><em>Dlaczego zacz\u0105\u0142em wychodzi\u0107 w plener? Dlatego, \u017ce malowa\u0142em obrazy. Malowa\u0142em je tam, gdzie wszyscy, czyli w pracowni, a im wi\u0119cej malowa\u0142em \u2013 tym wi\u0119cej ich mia\u0142em. Z czasem zape\u0142ni\u0142y moj\u0105 pracowni\u0119 do tego stopnia, \u017ce zabrak\u0142o w niej miejsca dla mnie i \u201euciek\u0142em\u201d z niej. Uciek\u0142em prosto do lasu, na \u0142\u0105k\u0119, nad morze, do kamienio\u0142om\u00f3w, do \u017cwirowni, by TAM malowa\u0107 to, co mnie otacza<\/em><\/p><\/blockquote><\/div><\/div><div class=\"elementor-element elementor-element-ff19ee2 elementor-widget elementor-widget-text-editor\" data-id=\"ff19ee2\" data-element_type=\"widget\" data-widget_type=\"text-editor.default\"><div class=\"elementor-widget-container\"><p>Natura sta\u0142a si\u0119 nie tylko \u017ar\u00f3d\u0142em niewyczerpanej inspiracji i g\u0142\u00f3wnym tematem dzie\u0142 Kowalskiego, ale r\u00f3wnie\u017c ich wsp\u00f3\u0142tw\u00f3rczyni\u0105. W latach 90. XX wieku coraz ch\u0119tniej si\u0119ga\u0142 on po materia\u0142y nieartystyczne. Zwa\u0142y farb zast\u0105pi\u0142 naturalnymi pigmentami \u2013 barwnikami zawartymi w jagodach, cebuli, wi\u015bniach, berberysie, jab\u0142kach, makach, igliwiu i mchu. Wed\u0142ug Ludwi\u0144skiego zabieg ten mo\u017cna przyr\u00f3wna\u0107 do tautologii.<\/p><p>Obrazy powstaj\u0105ce w plenerze by\u0142y wkopywane w ziemi\u0119 i wystawiane na dzia\u0142anie warunk\u00f3w atmosferycznych. Smagane wiatrem, deszczem i brudzone b\u0142otem. Tkanka malarska zrasta\u0142a si\u0119 z zastanym otoczeniem, czasami na kilka dni lub miesi\u0119cy. Artysta celowo nie utrwala\u0142 naturalnych pigment\u00f3w i nie przerywa\u0142 naturalnych proces\u00f3w, jakie zachodzi\u0142y w obrazach. Nie stara\u0142 si\u0119 ukaza\u0107 natury, wykona\u0107 kopii pejza\u017cu. Jego prace sta\u0142y si\u0119 pejza\u017cem \u2013 chocia\u017c mo\u017ce w\u0142a\u015bciwsze by\u0142oby stwierdzenie, \u017ce staj\u0105 si\u0119 nim, gdy\u017c ci\u0105gle znajduj\u0105 si\u0119 w procesie tw\u00f3rczym. Ludwi\u0144ski, charakteryzuj\u0105c ten etap kreacji, zauwa\u017ca:<\/p><\/div><\/div><div class=\"elementor-element elementor-element-18a6f5b elementor-widget elementor-widget-text-editor\" data-id=\"18a6f5b\" data-element_type=\"widget\" data-widget_type=\"text-editor.default\"><div class=\"elementor-widget-container\"><blockquote><p><em>Piotr C. Kowalski chcia\u0142by, \u017ceby sama natura prowadzi\u0142a go w\u0142asnymi drogami, pozostawiaj\u0105c na obrazach \u015blady samej siebie i \u017c\u0142obi\u0105c trakt wyobra\u017ani. Wtedy sam artysta sta\u0142by si\u0119 CZ\u0118\u015aCI\u0104 NATURY, a jego dzie\u0142o powstawa\u0142oby tak, jak rosn\u0105 grzyby, poziomki i jagody. [\u2026] Dzie\u0142o wyra\u017ca szacunek nie tylko do MIEJSCA, w kt\u00f3rym powsta\u0142o, lecz tak\u017ce do CZASU, w kt\u00f3rym uda\u0142o mu si\u0119 przetrwa\u0107.<\/em><\/p><\/blockquote><\/div><\/div><div class=\"elementor-element elementor-element-65f0202 elementor-widget elementor-widget-text-editor\" data-id=\"65f0202\" data-element_type=\"widget\" data-widget_type=\"text-editor.default\"><div class=\"elementor-widget-container\"><p>Lasy i \u0142\u0105ki nie by\u0142y jedynymi miejscami przygotowywania omawianych prac. U schy\u0142ku lat 90. XX wieku p\u0142\u00f3tna artysty \u201ezaw\u0119drowa\u0142y\u201d z jego pomoc\u0105 na miejskie ulice i skwery. \u201eMalowa\u0142y\u201d je przeje\u017cd\u017caj\u0105ce samochody, deptali przechodnie. Czasami oklejali oni je plakatami lub uzupe\u0142niali swoimi zapiskami. Nienabite na blejtram p\u0142\u00f3tna Kowalski rozk\u0142ada\u0142 w miejscach publicznych, by przechodz\u0105cy w\u0142asnymi butami odciskali \u015blady kostek brukowych, p\u0142ytek i studzienek kanalizacyjnych \u2013 tak jak czyni\u0105 dzieci na zaj\u0119ciach z plastyki, tworz\u0105c\u00a0<em>frottage<\/em>. Malarz konsekwentnie zmniejsza sw\u00f3j udzia\u0142 w kreowaniu dzie\u0142, ograniczaj\u0105c si\u0119 coraz cz\u0119\u015bciej do umieszczenia pustego podobrazia w przestrzeni, tak by natura \u201emalowa\u0142a\u201d natur\u0119.<\/p><p>Po roku 2000 w ramach propagowania ekologii i segregacji odpad\u00f3w artysta w\u0142\u0105czy\u0142 do swoich materia\u0142\u00f3w plastik. Odpady cywilizacyjne, ale i piasek czy muszle umieszcza\u0142 na obrazach przygotowywanych nad morzem, na pla\u017cy w G\u0105skach. W 2017 roku powsta\u0142y pierwsze p\u0142\u00f3tna wyklejane plastikowymi opakowaniami, wieszakami czy p\u0142ytami CD.<\/p><p>Kowalski poprzez swoje dzie\u0142a zdaje si\u0119 pyta\u0107 o granice i definicj\u0119 obrazu oraz o miejsce i rol\u0119 autora w procesie kreacji. Stopniowe wycofywanie si\u0119 z aktu tw\u00f3rczego, oddawanie pola naturze redefiniuje temat pejza\u017cu, jednego z klasycznych motyw\u00f3w w sztukach wizualnych. Widok krajobrazu w historii sztuki ukonstytuowa\u0142 si\u0119 szczeg\u00f3lnie za spraw\u0105 impresjonist\u00f3w, kt\u00f3rzy dzi\u0119ki rozwojowi fabrycznej produkcji farb syntetycznych mogli wyj\u015b\u0107 z pracowni w plener. W dzie\u0142ach Kowalskiego wida\u0107 kierunek odwrotny. Artysta powr\u00f3ci\u0142 do wykorzystywania substancji organicznych, tak jak czyniono w prehistorii. Tkanka malarska oraz tkanka natury stapiaj\u0105 si\u0119 w jeden organizm. Przywodzi to na my\u015bl idee\u00a0<strong>permakultury<\/strong>\u00a0oraz\u00a0<strong>naturokultury<\/strong>\u00a0Donny Haraway \u2013 badaczki postuluj\u0105cej odej\u015bcie od antagonistycznych, binarnych podzia\u0142\u00f3w owych dw\u00f3ch sfer rzeczywisto\u015bci.<\/p><p>Marcin Krasny, krytyk sztuki i kurator, w katalogu do wystawy indywidualnej Kowalskiego w Collegium Chemicum z 2016 roku stwierdzi\u0142, \u017ce niecz\u0119sto mo\u017cna pozna\u0107 tak nonszalanckiego artyst\u0119, kt\u00f3ry celowo wystawia swoje prace na dzia\u0142anie warunk\u00f3w atmosferycznych, zbija je razem ze sob\u0105 lub tworzy z nich parawany w mieszkaniu. Czy w tym szale\u0144stwie jest metoda? To pytanie do ka\u017cdego z nas.<\/p><p>Wystawa stanowi pierwsz\u0105 tak szerok\u0105 prezentacj\u0119 dzie\u0142 Piotra C. Kowalskiego we Wroc\u0142awiu. Eksponujemy prace z prywatnej kolekcji autora, zbior\u00f3w MWW oraz innych instytucji: Muzeum Sztuki w \u0141odzi, Muzeum Ziemi Lubuskiej w Zielonej G\u00f3rze i Fundacji Vox Artis z Poznania.<\/p><\/div><\/div>\t\t\t\t\t\t\t\t<\/div>\n\t\t\t\t<\/div>\n\t\t\t\t<div class=\"elementor-element elementor-element-70faed68 elementor-widget elementor-widget-text-editor\" data-id=\"70faed68\" data-element_type=\"widget\" data-e-type=\"widget\" data-widget_type=\"text-editor.default\">\n\t\t\t\t<div class=\"elementor-widget-container\">\n\t\t\t\t\t\t\t\t\t<p style=\"text-align: right\"><strong>Kuratorka: Sylwia Ko\u015bcielniak<\/strong><\/p>\t\t\t\t\t\t\t\t<\/div>\n\t\t\t\t<\/div>\n\t\t\t\t\t<\/div>\n\t\t<\/div>\n\t\t\t\t\t<\/div>\n\t\t<\/section>\n\t\t\t\t<section class=\"elementor-section elementor-top-section elementor-element elementor-element-321c58b elementor-section-boxed elementor-section-height-default elementor-section-height-default\" data-id=\"321c58b\" data-element_type=\"section\" data-e-type=\"section\">\n\t\t\t\t\t\t<div class=\"elementor-container elementor-column-gap-default\">\n\t\t\t\t\t<div class=\"elementor-column elementor-col-50 elementor-top-column elementor-element elementor-element-6d35446\" data-id=\"6d35446\" data-element_type=\"column\" data-e-type=\"column\">\n\t\t\t<div class=\"elementor-widget-wrap elementor-element-populated\">\n\t\t\t\t\t\t<div class=\"elementor-element elementor-element-0f8f623 elementor-widget__width-initial elementor-view-default elementor-widget elementor-widget-icon\" data-id=\"0f8f623\" data-element_type=\"widget\" data-e-type=\"widget\" data-widget_type=\"icon.default\">\n\t\t\t\t<div class=\"elementor-widget-container\">\n\t\t\t\t\t\t\t<div class=\"elementor-icon-wrapper\">\n\t\t\t<div class=\"elementor-icon\">\n\t\t\t<i aria-hidden=\"true\" class=\"xlwpf wppb-font-open-book-alt\"><\/i>\t\t\t<\/div>\n\t\t<\/div>\n\t\t\t\t\t\t<\/div>\n\t\t\t\t<\/div>\n\t\t\t\t\t<\/div>\n\t\t<\/div>\n\t\t\t\t<div class=\"elementor-column elementor-col-50 elementor-top-column elementor-element elementor-element-91a399f\" data-id=\"91a399f\" data-element_type=\"column\" data-e-type=\"column\">\n\t\t\t<div class=\"elementor-widget-wrap elementor-element-populated\">\n\t\t\t\t\t\t<div class=\"elementor-element elementor-element-2890d47 elementor-widget elementor-widget-text-editor\" data-id=\"2890d47\" data-element_type=\"widget\" data-e-type=\"widget\" data-widget_type=\"text-editor.default\">\n\t\t\t\t<div class=\"elementor-widget-container\">\n\t\t\t\t\t\t\t\t\t<p>\u00a0<\/p><p>\u00a0PROSTO O WYSTAWIE:\u00a0<a href=\"https:\/\/muzeumwspolczesne.pl\/wp-content\/uploads\/2024\/02\/Piotr-C.-Kowalski_prosto-o-wystawie.pdf\"><strong>kliknij tutaj<\/strong><\/a><\/p>\t\t\t\t\t\t\t\t<\/div>\n\t\t\t\t<\/div>\n\t\t\t\t\t<\/div>\n\t\t<\/div>\n\t\t\t\t\t<\/div>\n\t\t<\/section>\n\t\t\t\t<\/div>\n\t\t","protected":false},"excerpt":{"rendered":"<p>\/*! elementor-pro &#8211; v3.16.0 &#8211; 14-09-2023 *\/ .elementor-gallery__container{min-height:1px}.elementor-gallery-item{position:relative;overflow:hidden;display:block;text-decoration:none;border:solid var(&#8211;image-border-width) var(&#8211;image-border-color);border-radius:var(&#8211;image-border-radius)}.elementor-gallery-item__content,.elementor-gallery-item__overlay{height:100%;width:100%;position:absolute;top:0;left:0}.elementor-gallery-item__overlay{mix-blend-mode:var(&#8211;overlay-mix-blend-mode);transition-duration:var(&#8211;overlay-transition-duration);transition-property:mix-blend-mode,transform,opacity,background-color}.elementor-gallery-item__image.e-gallery-image{transition-duration:var(&#8211;image-transition-duration);transition-property:filter,transform}.elementor-gallery-item__content{display:flex;flex-direction:column;justify-content:var(&#8211;content-justify-content,center);align-items:center;text-align:var(&#8211;content-text-align);padding:var(&#8211;content-padding)}.elementor-gallery-item__content&gt;div{transition-duration:var(&#8211;content-transition-duration)}.elementor-gallery-item__content.elementor-gallery&#8211;sequenced-animation&gt;div:nth-child(2){transition-delay:calc(var(&#8211;content-transition-delay) \/ 3)}.elementor-gallery-item__content.elementor-gallery&#8211;sequenced-animation&gt;div:nth-child(3){transition-delay:calc(var(&#8211;content-transition-delay) \/ 3 * 2)}.elementor-gallery-item__content.elementor-gallery&#8211;sequenced-animation&gt;div:nth-child(4){transition-delay:calc(var(&#8211;content-transition-delay) \/ 3 * 3)}.elementor-gallery-item__description{color:var(&#8211;description-text-color,#fff);width:100%}.elementor-gallery-item__title{color:var(&#8211;title-text-color,#fff);font-weight:700;width:100%}.elementor-gallery__titles-container{display:flex;flex-wrap:wrap;justify-content:var(&#8211;titles-container-justify-content,center);margin-bottom:20px}.elementor-gallery__titles-container:not(.e&#8211;pointer-framed) .elementor-item:after,.elementor-gallery__titles-container:not(.e&#8211;pointer-framed) .elementor-item:before{background-color:var(&#8211;galleries-pointer-bg-color-hover)}.elementor-gallery__titles-container:not(.e&#8211;pointer-framed) .elementor-item.elementor-item-active:after,.elementor-gallery__titles-container:not(.e&#8211;pointer-framed) .elementor-item.elementor-item-active:before{background-color:var(&#8211;galleries-pointer-bg-color-active)}.elementor-gallery__titles-container.e&#8211;pointer-framed .elementor-item:before{border-color:var(&#8211;galleries-pointer-bg-color-hover);border-width:var(&#8211;galleries-pointer-border-width)}.elementor-gallery__titles-container.e&#8211;pointer-framed .elementor-item:after{border-color:var(&#8211;galleries-pointer-bg-color-hover)}.elementor-gallery__titles-container.e&#8211;pointer-framed .elementor-item.elementor-item-active:after,.elementor-gallery__titles-container.e&#8211;pointer-framed .elementor-item.elementor-item-active:before{border-color:var(&#8211;galleries-pointer-bg-color-active)}.elementor-gallery__titles-container.e&#8211;pointer-framed.e&#8211;animation-draw .elementor-item:before{border-left-width:var(&#8211;galleries-pointer-border-width);border-bottom-width:var(&#8211;galleries-pointer-border-width);border-right-width:0;border-top-width:0}.elementor-gallery__titles-container.e&#8211;pointer-framed.e&#8211;animation-draw .elementor-item:after{border-left-width:0;border-bottom-width:0;border-right-width:var(&#8211;galleries-pointer-border-width);border-top-width:var(&#8211;galleries-pointer-border-width)}.elementor-gallery__titles-container.e&#8211;pointer-framed.e&#8211;animation-corners .elementor-item:before{border-left-width:var(&#8211;galleries-pointer-border-width);border-bottom-width:0;border-right-width:0;border-top-width:var(&#8211;galleries-pointer-border-width)}.elementor-gallery__titles-container.e&#8211;pointer-framed.e&#8211;animation-corners .elementor-item:after{border-left-width:0;border-bottom-width:var(&#8211;galleries-pointer-border-width);border-right-width:var(&#8211;galleries-pointer-border-width);border-top-width:0}.elementor-gallery__titles-container .e&#8211;pointer-double-line .elementor-item:after,.elementor-gallery__titles-container .e&#8211;pointer-double-line .elementor-item:before,.elementor-gallery__titles-container .e&#8211;pointer-overline .elementor-item:before,.elementor-gallery__titles-container .e&#8211;pointer-underline .elementor-item:after{height:var(&#8211;galleries-pointer-border-width)}.elementor-gallery-title{&#8211;space-between:10px;cursor:pointer;color:#6d7882;font-weight:500;position:relative;padding:7px 14px;transition:all .3s}.elementor-gallery-title&#8211;active{color:#495157}.elementor-gallery-title:not(:last-child){margin-right:var(&#8211;space-between)}.elementor-gallery-item__title+.elementor-gallery-item__description{margin-top:var(&#8211;description-margin-top)}.e-gallery-item.elementor-gallery-item{transition-property:all}.e-gallery-item.elementor-animated-content .elementor-animated-item&#8211;enter-from-bottom,.e-gallery-item.elementor-animated-content .elementor-animated-item&#8211;enter-from-left,.e-gallery-item.elementor-animated-content .elementor-animated-item&#8211;enter-from-right,.e-gallery-item.elementor-animated-content .elementor-animated-item&#8211;enter-from-top,.e-gallery-item:focus .elementor-gallery__item-overlay-bg,.e-gallery-item:focus .elementor-gallery__item-overlay-content,.e-gallery-item:focus .elementor-gallery__item-overlay-content__description,.e-gallery-item:focus .elementor-gallery__item-overlay-content__title,.e-gallery-item:hover .elementor-gallery__item-overlay-bg,.e-gallery-item:hover .elementor-gallery__item-overlay-content,.e-gallery-item:hover .elementor-gallery__item-overlay-content__description,.e-gallery-item:hover .elementor-gallery__item-overlay-content__title{opacity:1}a.elementor-item.elementor-gallery-title{color:var(&#8211;galleries-title-color-normal)}a.elementor-item.elementor-gallery-title.elementor-item-active,a.elementor-item.elementor-gallery-title.highlighted,a.elementor-item.elementor-gallery-title:focus,a.elementor-item.elementor-gallery-title:hover{color:var(&#8211;galleries-title-color-hover)}a.elementor-item.elementor-gallery-title.elementor-item-active{color:var(&#8211;gallery-title-color-active)}.e-con-inner&gt;.elementor-widget-gallery,.e-con&gt;.elementor-widget-gallery{width:var(&#8211;container-widget-width);&#8211;flex-grow:var(&#8211;container-widget-flex-grow)} 22 [&hellip;]<\/p>\n","protected":false},"author":5,"featured_media":27681,"template":"","format":"standard","kategorie-wydarzen":[],"class_list":["post-27680","wydarzenia","type-wydarzenia","status-publish","format-standard","has-post-thumbnail","hentry"],"_links":{"self":[{"href":"https:\/\/muzeumwspolczesne.pl\/en\/wp-json\/wp\/v2\/wydarzenia\/27680","targetHints":{"allow":["GET"]}}],"collection":[{"href":"https:\/\/muzeumwspolczesne.pl\/en\/wp-json\/wp\/v2\/wydarzenia"}],"about":[{"href":"https:\/\/muzeumwspolczesne.pl\/en\/wp-json\/wp\/v2\/types\/wydarzenia"}],"author":[{"embeddable":true,"href":"https:\/\/muzeumwspolczesne.pl\/en\/wp-json\/wp\/v2\/users\/5"}],"version-history":[{"count":7,"href":"https:\/\/muzeumwspolczesne.pl\/en\/wp-json\/wp\/v2\/wydarzenia\/27680\/revisions"}],"predecessor-version":[{"id":27744,"href":"https:\/\/muzeumwspolczesne.pl\/en\/wp-json\/wp\/v2\/wydarzenia\/27680\/revisions\/27744"}],"wp:featuredmedia":[{"embeddable":true,"href":"https:\/\/muzeumwspolczesne.pl\/en\/wp-json\/wp\/v2\/media\/27681"}],"wp:attachment":[{"href":"https:\/\/muzeumwspolczesne.pl\/en\/wp-json\/wp\/v2\/media?parent=27680"}],"wp:term":[{"taxonomy":"kategorie-wydarzen","embeddable":true,"href":"https:\/\/muzeumwspolczesne.pl\/en\/wp-json\/wp\/v2\/kategorie-wydarzen?post=27680"}],"curies":[{"name":"wp","href":"https:\/\/api.w.org\/{rel}","templated":true}]}}