{"id":19755,"date":"2022-11-04T15:49:00","date_gmt":"2022-11-04T15:49:00","guid":{"rendered":"https:\/\/muzeumwspolczesne.pl\/?post_type=wystawy&#038;p=19755"},"modified":"2026-03-23T13:51:54","modified_gmt":"2026-03-23T13:51:54","slug":"nie-doskonaly-blad","status":"publish","type":"wystawy","link":"https:\/\/muzeumwspolczesne.pl\/en\/wystawy\/nie-doskonaly-blad\/","title":{"rendered":"\/NIE\/ DOSKONA\u0141Y B\u0141\u0104D"},"content":{"rendered":"\t\t<div data-elementor-type=\"wp-post\" data-elementor-id=\"19755\" class=\"elementor elementor-19755\" data-elementor-post-type=\"wystawy\">\n\t\t\t\t\t\t<section class=\"elementor-section elementor-top-section elementor-element elementor-element-d1f420e elementor-section-full_width elementor-section-stretched elementor-section-height-default elementor-section-height-default\" data-id=\"d1f420e\" data-element_type=\"section\" data-settings=\"{&quot;stretch_section&quot;:&quot;section-stretched&quot;}\">\n\t\t\t\t\t\t<div class=\"elementor-container elementor-column-gap-wide\">\n\t\t\t\t\t<div class=\"elementor-column elementor-col-33 elementor-top-column elementor-element elementor-element-baed4b\" data-id=\"baed4b\" data-element_type=\"column\">\n\t\t\t<div class=\"elementor-widget-wrap elementor-element-populated\">\n\t\t\t\t\t\t<div class=\"elementor-element elementor-element-415d48b elementor-widget elementor-widget-gallery\" data-id=\"415d48b\" data-element_type=\"widget\" data-settings=\"{&quot;gallery_layout&quot;:&quot;justified&quot;,&quot;ideal_row_height&quot;:{&quot;unit&quot;:&quot;px&quot;,&quot;size&quot;:246,&quot;sizes&quot;:[]},&quot;lazyload&quot;:&quot;yes&quot;,&quot;ideal_row_height_tablet&quot;:{&quot;unit&quot;:&quot;px&quot;,&quot;size&quot;:150,&quot;sizes&quot;:[]},&quot;ideal_row_height_mobile&quot;:{&quot;unit&quot;:&quot;px&quot;,&quot;size&quot;:150,&quot;sizes&quot;:[]},&quot;gap&quot;:{&quot;unit&quot;:&quot;px&quot;,&quot;size&quot;:10,&quot;sizes&quot;:[]},&quot;gap_tablet&quot;:{&quot;unit&quot;:&quot;px&quot;,&quot;size&quot;:10,&quot;sizes&quot;:[]},&quot;gap_mobile&quot;:{&quot;unit&quot;:&quot;px&quot;,&quot;size&quot;:10,&quot;sizes&quot;:[]},&quot;link_to&quot;:&quot;file&quot;,&quot;overlay_background&quot;:&quot;yes&quot;,&quot;content_hover_animation&quot;:&quot;fade-in&quot;}\" data-widget_type=\"gallery.default\">\n\t\t\t\t<div class=\"elementor-widget-container\">\n\t\t\t\t\t\t\t<div class=\"elementor-gallery__container\">\n\t\t\t\t\t\t\t<a class=\"e-gallery-item elementor-gallery-item elementor-animated-content\" href=\"https:\/\/muzeumwspolczesne.pl\/wp-content\/uploads\/2024\/01\/nie-doskonaly-blad-mww-20221201-7852-fot-s-kulawiak.jpg\" data-elementor-open-lightbox=\"yes\" data-elementor-lightbox-slideshow=\"415d48b\" data-elementor-lightbox-title=\"nie-doskonaly-blad-mww-20221201-7852-fot-s-kulawiak\" data-e-action-hash=\"#elementor-action%3Aaction%3Dlightbox%26settings%3DeyJpZCI6MTk3NjEsInVybCI6Imh0dHBzOlwvXC9tdXpldW13c3BvbGN6ZXNuZS5wbFwvd3AtY29udGVudFwvdXBsb2Fkc1wvMjAyNFwvMDFcL25pZS1kb3Nrb25hbHktYmxhZC1td3ctMjAyMjEyMDEtNzg1Mi1mb3Qtcy1rdWxhd2lhay5qcGciLCJzbGlkZXNob3ciOiI0MTVkNDhiIn0%3D\">\n\t\t\t\t\t<div class=\"e-gallery-image elementor-gallery-item__image\" data-thumbnail=\"https:\/\/muzeumwspolczesne.pl\/wp-content\/uploads\/2024\/01\/nie-doskonaly-blad-mww-20221201-7852-fot-s-kulawiak-768x506.jpg\" data-width=\"768\" data-height=\"506\" aria-label=\"\" role=\"img\" ><\/div>\n\t\t\t\t\t\t\t\t\t\t\t<div class=\"elementor-gallery-item__overlay\"><\/div>\n\t\t\t\t\t\t\t\t\t\t\t\t\t\t<\/a>\n\t\t\t\t\t\t\t<a class=\"e-gallery-item elementor-gallery-item elementor-animated-content\" href=\"https:\/\/muzeumwspolczesne.pl\/wp-content\/uploads\/2024\/01\/nie-doskonaly-blad-mww-20221201-7863-fot-s-kulawiak.jpg\" data-elementor-open-lightbox=\"yes\" data-elementor-lightbox-slideshow=\"415d48b\" data-elementor-lightbox-title=\"nie-doskonaly-blad-mww-20221201-7863-fot-s-kulawiak\" data-e-action-hash=\"#elementor-action%3Aaction%3Dlightbox%26settings%3DeyJpZCI6MTk3NjIsInVybCI6Imh0dHBzOlwvXC9tdXpldW13c3BvbGN6ZXNuZS5wbFwvd3AtY29udGVudFwvdXBsb2Fkc1wvMjAyNFwvMDFcL25pZS1kb3Nrb25hbHktYmxhZC1td3ctMjAyMjEyMDEtNzg2My1mb3Qtcy1rdWxhd2lhay5qcGciLCJzbGlkZXNob3ciOiI0MTVkNDhiIn0%3D\">\n\t\t\t\t\t<div class=\"e-gallery-image elementor-gallery-item__image\" data-thumbnail=\"https:\/\/muzeumwspolczesne.pl\/wp-content\/uploads\/2024\/01\/nie-doskonaly-blad-mww-20221201-7863-fot-s-kulawiak-768x505.jpg\" data-width=\"768\" data-height=\"505\" aria-label=\"\" role=\"img\" ><\/div>\n\t\t\t\t\t\t\t\t\t\t\t<div class=\"elementor-gallery-item__overlay\"><\/div>\n\t\t\t\t\t\t\t\t\t\t\t\t\t\t<\/a>\n\t\t\t\t\t\t\t<a class=\"e-gallery-item elementor-gallery-item elementor-animated-content\" href=\"https:\/\/muzeumwspolczesne.pl\/wp-content\/uploads\/2024\/01\/nie-doskonaly-blad-mww-20221201-7880-fot-s-kulawiak.jpg\" data-elementor-open-lightbox=\"yes\" data-elementor-lightbox-slideshow=\"415d48b\" data-elementor-lightbox-title=\"nie-doskonaly-blad-mww-20221201-7880-fot-s-kulawiak\" data-e-action-hash=\"#elementor-action%3Aaction%3Dlightbox%26settings%3DeyJpZCI6MTk3NjMsInVybCI6Imh0dHBzOlwvXC9tdXpldW13c3BvbGN6ZXNuZS5wbFwvd3AtY29udGVudFwvdXBsb2Fkc1wvMjAyNFwvMDFcL25pZS1kb3Nrb25hbHktYmxhZC1td3ctMjAyMjEyMDEtNzg4MC1mb3Qtcy1rdWxhd2lhay5qcGciLCJzbGlkZXNob3ciOiI0MTVkNDhiIn0%3D\">\n\t\t\t\t\t<div class=\"e-gallery-image elementor-gallery-item__image\" data-thumbnail=\"https:\/\/muzeumwspolczesne.pl\/wp-content\/uploads\/2024\/01\/nie-doskonaly-blad-mww-20221201-7880-fot-s-kulawiak-768x507.jpg\" data-width=\"768\" data-height=\"507\" aria-label=\"\" role=\"img\" ><\/div>\n\t\t\t\t\t\t\t\t\t\t\t<div class=\"elementor-gallery-item__overlay\"><\/div>\n\t\t\t\t\t\t\t\t\t\t\t\t\t\t<\/a>\n\t\t\t\t\t<\/div>\n\t\t\t\t\t<\/div>\n\t\t\t\t<\/div>\n\t\t\t\t\t<\/div>\n\t\t<\/div>\n\t\t\t\t<div class=\"elementor-column elementor-col-66 elementor-top-column elementor-element elementor-element-5ddbda58\" data-id=\"5ddbda58\" data-element_type=\"column\">\n\t\t\t<div class=\"elementor-widget-wrap elementor-element-populated\">\n\t\t\t\t\t\t<div class=\"elementor-element elementor-element-7717d28e elementor-widget elementor-widget-text-editor\" data-id=\"7717d28e\" data-element_type=\"widget\" data-widget_type=\"text-editor.default\">\n\t\t\t\t<div class=\"elementor-widget-container\">\n\t\t\t\t\t\t\t\t\t<p>Czy b\u0142\u0105d mo\u017ce by\u0107 \u017ar\u00f3d\u0142em inspiracji w sztuce fotografii? Czy zjawiska nast\u0119puj\u0105ce w spos\u00f3b niekontrolowany mog\u0105 wywo\u0142ywa\u0107 ciekawe, niepowtarzalne skojarzenia, kt\u00f3rych efektem s\u0105 dzia\u0142ania tw\u00f3rcze?<\/p>\t\t\t\t\t\t\t\t<\/div>\n\t\t\t\t<\/div>\n\t\t\t\t<div class=\"elementor-element elementor-element-6702ca21 elementor-widget elementor-widget-text-editor\" data-id=\"6702ca21\" data-element_type=\"widget\" data-widget_type=\"text-editor.default\">\n\t\t\t\t<div class=\"elementor-widget-container\">\n\t\t\t\t\t\t\t\t\t<p>Analiza b\u0142\u0119du, przyczyny i konsekwencji wynikaj\u0105cych z jego zaistnienia, rozszerza w istotny spos\u00f3b palet\u0119 \u015brodk\u00f3w ekspresji w wypowiedzi tw\u00f3rczej. Materia tzw. b\u0142\u0119du ma charakter wielow\u0105tkowy i wielop\u0142aszczyznowy: od techniki, poprzez zagadnienia filozoficzne. Ekspozycja nie koncentruje si\u0119 na dzia\u0142aniach wynikaj\u0105cych z automatyzmu b\u0142\u0119du, ale na pracach powsta\u0142ych w spos\u00f3b \u015bwiadomy<\/p>\t\t\t\t\t\t\t\t<\/div>\n\t\t\t\t<\/div>\n\t\t\t\t<div class=\"elementor-element elementor-element-67a98ea8 elementor-widget elementor-widget-text-editor\" data-id=\"67a98ea8\" data-element_type=\"widget\" data-widget_type=\"text-editor.default\">\n\t\t\t\t<div class=\"elementor-widget-container\">\n\t\t\t\t\t\t\t\t\t<p>Warsztaty maj\u0105 na celu stworzenie portretu d\u017awi\u0119ku z wykorzystaniem nowych technologii oraz abstrakcyjnych form kreacji. Jak w\u00a0<em>Wideodeszczu<\/em>\u00a0Ryszarda J\u0119drosia, gdzie kreacja artystyczna stanowi nowy obraz deszczu, dzieci stworz\u0105 w\u0142asny portret d\u017awi\u0119k\u00f3w \u2013 inspirowany z\u0142o\u017cono\u015bci\u0105 i wielowymiarowo\u015bci\u0105 brzmie\u0144.<\/p>\t\t\t\t\t\t\t\t<\/div>\n\t\t\t\t<\/div>\n\t\t\t\t<div class=\"elementor-element elementor-element-65316878 elementor-widget elementor-widget-text-editor\" data-id=\"65316878\" data-element_type=\"widget\" data-widget_type=\"text-editor.default\">\n\t\t\t\t<div class=\"elementor-widget-container\">\n\t\t\t\t\t\t\t\t\t<p>Na wystawie prezentujemy dzie\u0142a 70 artyst\u00f3w b\u0119d\u0105cych przedstawicielami zar\u00f3wno najm\u0142odszego, \u015bredniego, jak i starszego pokolenia tw\u00f3rc\u00f3w regionu dolno\u015bl\u0105skiego. Pluralizm postaw, konwencji, koncepcji artystycznych ujawnia z\u0142o\u017cono\u015bci i oryginalno\u015bci tego \u015brodowiska w 75. rocznic\u0119 powstania ZPAF.<\/p>\t\t\t\t\t\t\t\t<\/div>\n\t\t\t\t<\/div>\n\t\t\t\t<section class=\"elementor-section elementor-inner-section elementor-element elementor-element-1785d332 elementor-section-boxed elementor-section-height-default elementor-section-height-default\" data-id=\"1785d332\" data-element_type=\"section\" data-settings=\"{&quot;background_background&quot;:&quot;classic&quot;}\">\n\t\t\t\t\t\t<div class=\"elementor-container elementor-column-gap-default\">\n\t\t\t\t\t<div class=\"elementor-column elementor-col-100 elementor-inner-column elementor-element elementor-element-58c8a9b1\" data-id=\"58c8a9b1\" data-element_type=\"column\">\n\t\t\t<div class=\"elementor-widget-wrap elementor-element-populated\">\n\t\t\t\t\t\t<div class=\"elementor-element elementor-element-e9b5720 elementor-widget elementor-widget-text-editor\" data-id=\"e9b5720\" data-element_type=\"widget\" data-widget_type=\"text-editor.default\">\n\t\t\t\t<div class=\"elementor-widget-container\">\n\t\t\t\t\t\t\t\t\t<p><strong>Kurator projektu:<\/strong> Andrzej Dudek\u2013D\u00fcrer<\/p><p><strong>Wicekurator projektu:<\/strong> Marek Bu\u0142aj<\/p><p><strong>Arty\u015bci i artystki: <\/strong>Teresa ANNIUK \u2013 GULAK, Agnieszka ANTOSIEWICZ \u2013 MAS, Patrycja BASI\u0143SKA, Jaga BJE\u0143KOVA, Jan BORTKIEWICZ, Marek BU\u0141AJ, Czes\u0142aw CHWISZCZUK, Zdzis\u0142aw DADOS, Aleksandra DEKORNE, S\u0142awoj DUBIEL, Andrzej DUDEK \u2013 D\u00dcRER, Alek FIGURA, Tomasz Fronckiewicz, Grzegorz GAJOS, Ewa GNUS, Barbara G\u00d3RNIAK, Antoni A. GRUNER, Waldemar GRZELAK, Zenon HARASYM, Kazimierz HELEBRANDT, Mariusz HERTMANN, Roman HLAWACZ, Daria ILOW, Pawe\u0142 JANCZARUK, Tomasz JOD\u0141OWSKI, Szymon KACZMARCZYK, Sebastian KALI\u0143SKI, Piotr KOMOROWSKI, Ryszard KOPCZYNSKI, Grzegorz KOSMALA, Krzysztof KOWALSKI, Piotr KUCIA, Krzysztof KUCZY\u0143SKI, Stanis\u0142aw KULAWIAK, Jacek Bogus\u0142aw LALAK, Katarzyna LASKUS, Lila LEN, Adam LESISZ, J\u00f3zef LIG\u0118ZA, Marek LIKSZTET, Jaros\u0142aw MAJCHER, Halina MARDU\u0141A, Ewa MARTYNISZYN, Marek MARUSZAK, Stanis\u0142aw MICHALSKI, Tomasz MIELECH, S\u0142awomir MIELNIK, Krzysztof MILLER, Janusz MONIATOWICZ, Janusz MUSIA\u0141, Piotr Maciej NOWAK, Mateusz PALKA, Micha\u0142 PIETRZAK, Przemek PIWOWAR, Magda PODSIAD\u0141Y, Wojciech POTOCKI NEPROSTI, Tadeusz Piotr PROCIAK, Wac\u0142aw ROPIECKI, Andrzej RUTYNA, Krzysztof SAJ, Grzegorz SAWA-BORYS\u0141AWSKI. Maciej STAWI\u0143SKI, Maciej STOBIERSKI, Rafa\u0142 K.WARZECHA, Marek WESO\u0141OWSKI, Aneta WI\u0118CEK-ZAB\u0141OTNA, Marcin WIKTORSKI, Jerzy WOJTOWICZ, Iwona WOJTYCZA \u2013 FRONCKIEWICZ, Waldemar ZIELI\u0143SKI<\/p><div>\u00a0<\/div>\t\t\t\t\t\t\t\t<\/div>\n\t\t\t\t<\/div>\n\t\t\t\t\t<\/div>\n\t\t<\/div>\n\t\t\t\t\t<\/div>\n\t\t<\/section>\n\t\t\t\t<div class=\"elementor-element elementor-element-7e4f95ac elementor-widget elementor-widget-spacer\" data-id=\"7e4f95ac\" data-element_type=\"widget\" data-widget_type=\"spacer.default\">\n\t\t\t\t<div class=\"elementor-widget-container\">\n\t\t\t\t\t\t\t<div class=\"elementor-spacer\">\n\t\t\t<div class=\"elementor-spacer-inner\"><\/div>\n\t\t<\/div>\n\t\t\t\t\t\t<\/div>\n\t\t\t\t<\/div>\n\t\t\t\t\t<\/div>\n\t\t<\/div>\n\t\t\t\t\t<\/div>\n\t\t<\/section>\n\t\t\t\t<\/div>\n\t\t","protected":false},"excerpt":{"rendered":"<p>Czy b\u0142\u0105d mo\u017ce by\u0107 \u017ar\u00f3d\u0142em inspiracji w sztuce fotografii? Czy zjawiska nast\u0119puj\u0105ce w spos\u00f3b niekontrolowany mog\u0105 wywo\u0142ywa\u0107 ciekawe, niepowtarzalne skojarzenia, kt\u00f3rych efektem s\u0105 dzia\u0142ania tw\u00f3rcze? Analiza b\u0142\u0119du, przyczyny i konsekwencji wynikaj\u0105cych z jego zaistnienia, rozszerza w istotny spos\u00f3b palet\u0119 \u015brodk\u00f3w ekspresji w wypowiedzi tw\u00f3rczej. Materia tzw. b\u0142\u0119du ma charakter wielow\u0105tkowy i wielop\u0142aszczyznowy: od techniki, poprzez [&hellip;]<\/p>\n","protected":false},"author":5,"featured_media":19756,"parent":0,"template":"","format":"standard","meta":[],"kategorie-wystaw":[37],"class_list":["post-19755","wystawy","type-wystawy","status-publish","format-standard","has-post-thumbnail","hentry","kategorie-wystaw-archiwalne"],"_links":{"self":[{"href":"https:\/\/muzeumwspolczesne.pl\/en\/wp-json\/wp\/v2\/wystawy\/19755","targetHints":{"allow":["GET"]}}],"collection":[{"href":"https:\/\/muzeumwspolczesne.pl\/en\/wp-json\/wp\/v2\/wystawy"}],"about":[{"href":"https:\/\/muzeumwspolczesne.pl\/en\/wp-json\/wp\/v2\/types\/wystawy"}],"author":[{"embeddable":true,"href":"https:\/\/muzeumwspolczesne.pl\/en\/wp-json\/wp\/v2\/users\/5"}],"version-history":[{"count":13,"href":"https:\/\/muzeumwspolczesne.pl\/en\/wp-json\/wp\/v2\/wystawy\/19755\/revisions"}],"predecessor-version":[{"id":35973,"href":"https:\/\/muzeumwspolczesne.pl\/en\/wp-json\/wp\/v2\/wystawy\/19755\/revisions\/35973"}],"wp:featuredmedia":[{"embeddable":true,"href":"https:\/\/muzeumwspolczesne.pl\/en\/wp-json\/wp\/v2\/media\/19756"}],"wp:attachment":[{"href":"https:\/\/muzeumwspolczesne.pl\/en\/wp-json\/wp\/v2\/media?parent=19755"}],"wp:term":[{"taxonomy":"kategorie-wystaw","embeddable":true,"href":"https:\/\/muzeumwspolczesne.pl\/en\/wp-json\/wp\/v2\/kategorie-wystaw?post=19755"}],"curies":[{"name":"wp","href":"https:\/\/api.w.org\/{rel}","templated":true}]}}